{"id":37328,"date":"2023-02-24T14:13:20","date_gmt":"2023-02-24T13:13:20","guid":{"rendered":"https:\/\/adc.cat\/activitat\/taller-presencial-ponemos-en-practica-contar-raciones-i\/"},"modified":"2023-03-02T10:54:50","modified_gmt":"2023-03-02T09:54:50","slug":"taller-presencial-ponemos-en-practica-contar-raciones-i","status":"publish","type":"tribe_events","link":"https:\/\/adc.cat\/es\/activitat\/taller-presencial-ponemos-en-practica-contar-raciones-i\/","title":{"rendered":"Taller presencial: Ponemos en pr\u00e1ctica contar raciones I"},"content":{"rendered":"<p>[et_pb_section][et_pb_row][et_pb_column type=\u00bb4_4&#8243;][et_pb_text]<\/p>\n<p><span style=\"white-space: pre-wrap;\">Pondremos en pr\u00e1ctica contar raciones de hidratos de carbono mediante din\u00e1micas, aprenderemos a utilizar las apps que nos ayudan a este c\u00e1lculo, leeremos hashtags, aprenderemos a utilizar las mesas y familiarizarnos con ellas&#8230;. <strong>Ven y aprende practicando! <\/strong><br \/>\n<\/span><\/p>\n<p><span style=\"white-space: pre-wrap;\"><strong>D\u00f3nde?<\/strong>\u00a0 A la delegaci\u00f3n ADC Anoia <\/span><\/p>\n<p><span style=\"white-space: pre-wrap;\">Centro Civic Norte Igualada (C\/ Sant Mart\u00ed de Tous, 6) <\/span><\/p>\n<p><span style=\"white-space: pre-wrap;\"><strong>Fecha:<\/strong> Jueves 9 de marzo <\/span><\/p>\n<p><span style=\"white-space: pre-wrap;\"><strong>Hora:<\/strong> a las 11.00 horas. <\/span><\/p>\n<p><span style=\"white-space: pre-wrap;\"><strong>Formadora:<\/strong> Esther Maldonado, agente y formadora en diabetes. <\/span><\/p>\n<p><span style=\"white-space: pre-wrap;\">Actividad abierta a todo el mundo. \u00a0 <\/span><\/p>\n<p><span style=\"white-space: pre-wrap;\">El mismo taller se impartir\u00e1 el 30 de marzo a las 18:00h. \u00a0<\/span><\/p>\n<p style=\"text-align: center;\"><a href='https:\/\/adc.playoffinformatica.com\/activitat\/279\/Taller-presencial:-Posem-en-practica-el-comptatge-de-racions-a-Igualada-I\/' class='big-button bigblue' target=\"_blank\">Inscripci\u00f3n<\/a><\/p>\n<p>En caso de querer m\u00e1s informaci\u00f3n o necesitar anular, trucar a escribir a 656 69 56 01 o bien escribir al adcanoia@adc.cat .<\/p>\n<p><span style=\"white-space: pre-wrap;\">\u00a1Gracias! <\/span><\/p>\n<p><span style=\"white-space: pre-wrap;\">Organiza ADC L&#8217; Anoia<\/span><\/p>\n<p>[\/et_pb_text][\/et_pb_column][\/et_pb_row][\/et_pb_section]<\/p>\n","protected":false},"excerpt":{"rendered":"<p>Pondremos en pr\u00e1ctica contar raciones de hidratos de carbono mediante din\u00e1micas, aprenderemos a utilizar las apps que nos ayudan a este c\u00e1lculo, leeremos hashtags, aprenderemos a utilizar las mesas y familiarizarnos con ellas&#8230;.<\/p>\n","protected":false},"author":2,"featured_media":37390,"template":"","meta":{"_et_pb_use_builder":"","_et_pb_old_content":"","_et_gb_content_width":"","_tribe_events_status":"","_tribe_events_status_reason":"","footnotes":""},"tags":[],"tribe_events_cat":[107],"class_list":["post-37328","tribe_events","type-tribe_events","status-publish","has-post-thumbnail","hentry","tribe_events_cat-anoia-es","cat_anoia-es"],"yoast_head":"<!-- This site is optimized with the Yoast SEO plugin v27.4 - https:\/\/yoast.com\/product\/yoast-seo-wordpress\/ -->\n<title>Taller presencial: Ponemos en pr\u00e1ctica contar raciones I - ADC \u2013 Associaci\u00f3 de Diabetis de Catalunya<\/title>\n<meta name=\"description\" content=\"Pondremos en pr\u00e1ctica contar raciones de hidratos de carbono mediante din\u00e1micas, aprenderemos a utilizar las apps que nos ayudan a este c\u00e1lculo, leeremos hashtags, aprenderemos a utilizar las mesas y familiarizarnos con ellas....\" \/>\n<meta name=\"robots\" content=\"index, follow, max-snippet:-1, max-image-preview:large, max-video-preview:-1\" \/>\n<link rel=\"canonical\" href=\"https:\/\/adc.cat\/es\/activitat\/taller-presencial-ponemos-en-practica-contar-raciones-i\/\" \/>\n<meta property=\"og:locale\" content=\"es_ES\" \/>\n<meta property=\"og:type\" content=\"article\" \/>\n<meta property=\"og:title\" content=\"Taller presencial: Ponemos en pr\u00e1ctica contar raciones I - ADC \u2013 Associaci\u00f3 de Diabetis de Catalunya\" \/>\n<meta property=\"og:description\" content=\"Pondremos en pr\u00e1ctica contar raciones de hidratos de carbono mediante din\u00e1micas, aprenderemos a utilizar las apps que nos ayudan a este c\u00e1lculo, leeremos hashtags, aprenderemos a utilizar las mesas y familiarizarnos con ellas....\" \/>\n<meta property=\"og:url\" content=\"https:\/\/adc.cat\/es\/activitat\/taller-presencial-ponemos-en-practica-contar-raciones-i\/\" \/>\n<meta property=\"og:site_name\" content=\"ADC \u2013 Associaci\u00f3 de Diabetis de Catalunya\" \/>\n<meta property=\"article:publisher\" content=\"https:\/\/www.facebook.com\/ADC.CAT\/\" \/>\n<meta property=\"article:modified_time\" content=\"2023-03-02T09:54:50+00:00\" \/>\n<meta property=\"og:image\" content=\"https:\/\/adc.cat\/wp-content\/uploads\/2023\/02\/01-i-05_racions-igualada-1-1024x683.jpg\" \/>\n\t<meta property=\"og:image:width\" content=\"1024\" \/>\n\t<meta property=\"og:image:height\" content=\"683\" \/>\n\t<meta property=\"og:image:type\" content=\"image\/jpeg\" \/>\n<meta name=\"twitter:card\" content=\"summary_large_image\" \/>\n<meta name=\"twitter:title\" content=\"Taller presencial: Ponemos en pr\u00e1ctica contar raciones I - ADC \u2013 Associaci\u00f3 de Diabetis de Catalunya\" \/>\n<meta name=\"twitter:description\" content=\"Pondremos en pr\u00e1ctica contar raciones de hidratos de carbono mediante din\u00e1micas, aprenderemos a utilizar las apps que nos ayudan a este c\u00e1lculo, leeremos hashtags, aprenderemos a utilizar las mesas y familiarizarnos con ellas....\" \/>\n<meta name=\"twitter:image\" content=\"https:\/\/adc.cat\/wp-content\/uploads\/2023\/02\/01-i-05_racions-igualada-1.jpg\" \/>\n<meta name=\"twitter:site\" content=\"@ADC_CAT\" \/>\n<meta name=\"twitter:label1\" content=\"Tiempo de lectura\" \/>\n\t<meta name=\"twitter:data1\" content=\"1 minuto\" \/>\n<script type=\"application\/ld+json\" class=\"yoast-schema-graph\">{\"@context\":\"https:\\\/\\\/schema.org\",\"@graph\":[{\"@type\":\"WebPage\",\"@id\":\"https:\\\/\\\/adc.cat\\\/es\\\/activitat\\\/taller-presencial-ponemos-en-practica-contar-raciones-i\\\/\",\"url\":\"https:\\\/\\\/adc.cat\\\/es\\\/activitat\\\/taller-presencial-ponemos-en-practica-contar-raciones-i\\\/\",\"name\":\"Taller presencial: Ponemos en pr\u00e1ctica contar raciones I - ADC \u2013 Associaci\u00f3 de Diabetis de Catalunya\",\"isPartOf\":{\"@id\":\"https:\\\/\\\/adc.cat\\\/es\\\/#website\"},\"primaryImageOfPage\":{\"@id\":\"https:\\\/\\\/adc.cat\\\/es\\\/activitat\\\/taller-presencial-ponemos-en-practica-contar-raciones-i\\\/#primaryimage\"},\"image\":{\"@id\":\"https:\\\/\\\/adc.cat\\\/es\\\/activitat\\\/taller-presencial-ponemos-en-practica-contar-raciones-i\\\/#primaryimage\"},\"thumbnailUrl\":\"https:\\\/\\\/adc.cat\\\/wp-content\\\/uploads\\\/2023\\\/02\\\/01-i-05_racions-igualada-1.jpg\",\"datePublished\":\"2023-02-24T13:13:20+00:00\",\"dateModified\":\"2023-03-02T09:54:50+00:00\",\"description\":\"Pondremos en pr\u00e1ctica contar raciones de hidratos de carbono mediante din\u00e1micas, aprenderemos a utilizar las apps que nos ayudan a este c\u00e1lculo, leeremos hashtags, aprenderemos a utilizar las mesas y familiarizarnos con ellas....\",\"breadcrumb\":{\"@id\":\"https:\\\/\\\/adc.cat\\\/es\\\/activitat\\\/taller-presencial-ponemos-en-practica-contar-raciones-i\\\/#breadcrumb\"},\"inLanguage\":\"es\",\"potentialAction\":[{\"@type\":\"ReadAction\",\"target\":[\"https:\\\/\\\/adc.cat\\\/es\\\/activitat\\\/taller-presencial-ponemos-en-practica-contar-raciones-i\\\/\"]}]},{\"@type\":\"ImageObject\",\"inLanguage\":\"es\",\"@id\":\"https:\\\/\\\/adc.cat\\\/es\\\/activitat\\\/taller-presencial-ponemos-en-practica-contar-raciones-i\\\/#primaryimage\",\"url\":\"https:\\\/\\\/adc.cat\\\/wp-content\\\/uploads\\\/2023\\\/02\\\/01-i-05_racions-igualada-1.jpg\",\"contentUrl\":\"https:\\\/\\\/adc.cat\\\/wp-content\\\/uploads\\\/2023\\\/02\\\/01-i-05_racions-igualada-1.jpg\",\"width\":2560,\"height\":1707},{\"@type\":\"BreadcrumbList\",\"@id\":\"https:\\\/\\\/adc.cat\\\/es\\\/activitat\\\/taller-presencial-ponemos-en-practica-contar-raciones-i\\\/#breadcrumb\",\"itemListElement\":[{\"@type\":\"ListItem\",\"position\":1,\"name\":\"Portada\",\"item\":\"https:\\\/\\\/adc.cat\\\/es\\\/\"},{\"@type\":\"ListItem\",\"position\":2,\"name\":\"Eventos\",\"item\":\"https:\\\/\\\/adc.cat\\\/es\\\/activitats\\\/\"},{\"@type\":\"ListItem\",\"position\":3,\"name\":\"Taller presencial: Ponemos en pr\u00e1ctica contar raciones I\"}]},{\"@type\":\"WebSite\",\"@id\":\"https:\\\/\\\/adc.cat\\\/es\\\/#website\",\"url\":\"https:\\\/\\\/adc.cat\\\/es\\\/\",\"name\":\"ADC \u2013 Associaci\u00f3 de Diabetis de Catalunya\",\"description\":\"L&#039;ADC representa els pacients amb diabetis de Catalunya. Els nostres objectius: informar, aconsellar, ajudar i defensar les persones amb diabetis i promoure la sensibilitzaci\u00f3 de la resta de la societat\",\"publisher\":{\"@id\":\"https:\\\/\\\/adc.cat\\\/es\\\/#organization\"},\"potentialAction\":[{\"@type\":\"SearchAction\",\"target\":{\"@type\":\"EntryPoint\",\"urlTemplate\":\"https:\\\/\\\/adc.cat\\\/es\\\/?s={search_term_string}\"},\"query-input\":{\"@type\":\"PropertyValueSpecification\",\"valueRequired\":true,\"valueName\":\"search_term_string\"}}],\"inLanguage\":\"es\"},{\"@type\":\"Organization\",\"@id\":\"https:\\\/\\\/adc.cat\\\/es\\\/#organization\",\"name\":\"Associaci\u00f3 de Diabetis de Catalunya\",\"url\":\"https:\\\/\\\/adc.cat\\\/es\\\/\",\"logo\":{\"@type\":\"ImageObject\",\"inLanguage\":\"es\",\"@id\":\"https:\\\/\\\/adc.cat\\\/es\\\/#\\\/schema\\\/logo\\\/image\\\/\",\"url\":\"https:\\\/\\\/adc.cat\\\/wp-content\\\/uploads\\\/2022\\\/01\\\/associacio_de_diabetis_catalunya.png\",\"contentUrl\":\"https:\\\/\\\/adc.cat\\\/wp-content\\\/uploads\\\/2022\\\/01\\\/associacio_de_diabetis_catalunya.png\",\"width\":512,\"height\":239,\"caption\":\"Associaci\u00f3 de Diabetis de Catalunya\"},\"image\":{\"@id\":\"https:\\\/\\\/adc.cat\\\/es\\\/#\\\/schema\\\/logo\\\/image\\\/\"},\"sameAs\":[\"https:\\\/\\\/www.facebook.com\\\/ADC.CAT\\\/\",\"https:\\\/\\\/x.com\\\/ADC_CAT\",\"https:\\\/\\\/www.instagram.com\\\/adc_cat\\\/\",\"https:\\\/\\\/www.linkedin.com\\\/company\\\/associacio-de-diabetis-de-catalunya\",\"https:\\\/\\\/www.youtube.com\\\/channel\\\/UC7BiJMxG_5sHYUhMAlevAWA\"]}]}<\/script>\n<!-- \/ Yoast SEO plugin. -->","yoast_head_json":{"title":"Taller presencial: Ponemos en pr\u00e1ctica contar raciones I - ADC \u2013 Associaci\u00f3 de Diabetis de Catalunya","description":"Pondremos en pr\u00e1ctica contar raciones de hidratos de carbono mediante din\u00e1micas, aprenderemos a utilizar las apps que nos ayudan a este c\u00e1lculo, leeremos hashtags, aprenderemos a utilizar las mesas y familiarizarnos con ellas....","robots":{"index":"index","follow":"follow","max-snippet":"max-snippet:-1","max-image-preview":"max-image-preview:large","max-video-preview":"max-video-preview:-1"},"canonical":"https:\/\/adc.cat\/es\/activitat\/taller-presencial-ponemos-en-practica-contar-raciones-i\/","og_locale":"es_ES","og_type":"article","og_title":"Taller presencial: Ponemos en pr\u00e1ctica contar raciones I - ADC \u2013 Associaci\u00f3 de Diabetis de Catalunya","og_description":"Pondremos en pr\u00e1ctica contar raciones de hidratos de carbono mediante din\u00e1micas, aprenderemos a utilizar las apps que nos ayudan a este c\u00e1lculo, leeremos hashtags, aprenderemos a utilizar las mesas y familiarizarnos con ellas....","og_url":"https:\/\/adc.cat\/es\/activitat\/taller-presencial-ponemos-en-practica-contar-raciones-i\/","og_site_name":"ADC \u2013 Associaci\u00f3 de Diabetis de Catalunya","article_publisher":"https:\/\/www.facebook.com\/ADC.CAT\/","article_modified_time":"2023-03-02T09:54:50+00:00","og_image":[{"width":1024,"height":683,"url":"https:\/\/adc.cat\/wp-content\/uploads\/2023\/02\/01-i-05_racions-igualada-1-1024x683.jpg","type":"image\/jpeg"}],"twitter_card":"summary_large_image","twitter_title":"Taller presencial: Ponemos en pr\u00e1ctica contar raciones I - ADC \u2013 Associaci\u00f3 de Diabetis de Catalunya","twitter_description":"Pondremos en pr\u00e1ctica contar raciones de hidratos de carbono mediante din\u00e1micas, aprenderemos a utilizar las apps que nos ayudan a este c\u00e1lculo, leeremos hashtags, aprenderemos a utilizar las mesas y familiarizarnos con ellas....","twitter_image":"https:\/\/adc.cat\/wp-content\/uploads\/2023\/02\/01-i-05_racions-igualada-1.jpg","twitter_site":"@ADC_CAT","twitter_misc":{"Tiempo de lectura":"1 minuto"},"schema":{"@context":"https:\/\/schema.org","@graph":[{"@type":"WebPage","@id":"https:\/\/adc.cat\/es\/activitat\/taller-presencial-ponemos-en-practica-contar-raciones-i\/","url":"https:\/\/adc.cat\/es\/activitat\/taller-presencial-ponemos-en-practica-contar-raciones-i\/","name":"Taller presencial: Ponemos en pr\u00e1ctica contar raciones I - ADC \u2013 Associaci\u00f3 de Diabetis de Catalunya","isPartOf":{"@id":"https:\/\/adc.cat\/es\/#website"},"primaryImageOfPage":{"@id":"https:\/\/adc.cat\/es\/activitat\/taller-presencial-ponemos-en-practica-contar-raciones-i\/#primaryimage"},"image":{"@id":"https:\/\/adc.cat\/es\/activitat\/taller-presencial-ponemos-en-practica-contar-raciones-i\/#primaryimage"},"thumbnailUrl":"https:\/\/adc.cat\/wp-content\/uploads\/2023\/02\/01-i-05_racions-igualada-1.jpg","datePublished":"2023-02-24T13:13:20+00:00","dateModified":"2023-03-02T09:54:50+00:00","description":"Pondremos en pr\u00e1ctica contar raciones de hidratos de carbono mediante din\u00e1micas, aprenderemos a utilizar las apps que nos ayudan a este c\u00e1lculo, leeremos hashtags, aprenderemos a utilizar las mesas y familiarizarnos con ellas....","breadcrumb":{"@id":"https:\/\/adc.cat\/es\/activitat\/taller-presencial-ponemos-en-practica-contar-raciones-i\/#breadcrumb"},"inLanguage":"es","potentialAction":[{"@type":"ReadAction","target":["https:\/\/adc.cat\/es\/activitat\/taller-presencial-ponemos-en-practica-contar-raciones-i\/"]}]},{"@type":"ImageObject","inLanguage":"es","@id":"https:\/\/adc.cat\/es\/activitat\/taller-presencial-ponemos-en-practica-contar-raciones-i\/#primaryimage","url":"https:\/\/adc.cat\/wp-content\/uploads\/2023\/02\/01-i-05_racions-igualada-1.jpg","contentUrl":"https:\/\/adc.cat\/wp-content\/uploads\/2023\/02\/01-i-05_racions-igualada-1.jpg","width":2560,"height":1707},{"@type":"BreadcrumbList","@id":"https:\/\/adc.cat\/es\/activitat\/taller-presencial-ponemos-en-practica-contar-raciones-i\/#breadcrumb","itemListElement":[{"@type":"ListItem","position":1,"name":"Portada","item":"https:\/\/adc.cat\/es\/"},{"@type":"ListItem","position":2,"name":"Eventos","item":"https:\/\/adc.cat\/es\/activitats\/"},{"@type":"ListItem","position":3,"name":"Taller presencial: Ponemos en pr\u00e1ctica contar raciones I"}]},{"@type":"WebSite","@id":"https:\/\/adc.cat\/es\/#website","url":"https:\/\/adc.cat\/es\/","name":"ADC \u2013 Associaci\u00f3 de Diabetis de Catalunya","description":"L&#039;ADC representa els pacients amb diabetis de Catalunya. Els nostres objectius: informar, aconsellar, ajudar i defensar les persones amb diabetis i promoure la sensibilitzaci\u00f3 de la resta de la societat","publisher":{"@id":"https:\/\/adc.cat\/es\/#organization"},"potentialAction":[{"@type":"SearchAction","target":{"@type":"EntryPoint","urlTemplate":"https:\/\/adc.cat\/es\/?s={search_term_string}"},"query-input":{"@type":"PropertyValueSpecification","valueRequired":true,"valueName":"search_term_string"}}],"inLanguage":"es"},{"@type":"Organization","@id":"https:\/\/adc.cat\/es\/#organization","name":"Associaci\u00f3 de Diabetis de Catalunya","url":"https:\/\/adc.cat\/es\/","logo":{"@type":"ImageObject","inLanguage":"es","@id":"https:\/\/adc.cat\/es\/#\/schema\/logo\/image\/","url":"https:\/\/adc.cat\/wp-content\/uploads\/2022\/01\/associacio_de_diabetis_catalunya.png","contentUrl":"https:\/\/adc.cat\/wp-content\/uploads\/2022\/01\/associacio_de_diabetis_catalunya.png","width":512,"height":239,"caption":"Associaci\u00f3 de Diabetis de Catalunya"},"image":{"@id":"https:\/\/adc.cat\/es\/#\/schema\/logo\/image\/"},"sameAs":["https:\/\/www.facebook.com\/ADC.CAT\/","https:\/\/x.com\/ADC_CAT","https:\/\/www.instagram.com\/adc_cat\/","https:\/\/www.linkedin.com\/company\/associacio-de-diabetis-de-catalunya","https:\/\/www.youtube.com\/channel\/UC7BiJMxG_5sHYUhMAlevAWA"]}]}},"_links":{"self":[{"href":"https:\/\/adc.cat\/es\/wp-json\/wp\/v2\/tribe_events\/37328","targetHints":{"allow":["GET"]}}],"collection":[{"href":"https:\/\/adc.cat\/es\/wp-json\/wp\/v2\/tribe_events"}],"about":[{"href":"https:\/\/adc.cat\/es\/wp-json\/wp\/v2\/types\/tribe_events"}],"author":[{"embeddable":true,"href":"https:\/\/adc.cat\/es\/wp-json\/wp\/v2\/users\/2"}],"version-history":[{"count":6,"href":"https:\/\/adc.cat\/es\/wp-json\/wp\/v2\/tribe_events\/37328\/revisions"}],"predecessor-version":[{"id":37340,"href":"https:\/\/adc.cat\/es\/wp-json\/wp\/v2\/tribe_events\/37328\/revisions\/37340"}],"wp:featuredmedia":[{"embeddable":true,"href":"https:\/\/adc.cat\/es\/wp-json\/wp\/v2\/media\/37390"}],"wp:attachment":[{"href":"https:\/\/adc.cat\/es\/wp-json\/wp\/v2\/media?parent=37328"}],"wp:term":[{"taxonomy":"post_tag","embeddable":true,"href":"https:\/\/adc.cat\/es\/wp-json\/wp\/v2\/tags?post=37328"},{"taxonomy":"tribe_events_cat","embeddable":true,"href":"https:\/\/adc.cat\/es\/wp-json\/wp\/v2\/tribe_events_cat?post=37328"}],"curies":[{"name":"wp","href":"https:\/\/api.w.org\/{rel}","templated":true}]}}