{"id":39296,"date":"2023-05-16T10:54:43","date_gmt":"2023-05-16T08:54:43","guid":{"rendered":"https:\/\/adc.cat\/?post_type=tribe_events&#038;p=39296"},"modified":"2023-05-23T13:17:37","modified_gmt":"2023-05-23T11:17:37","slug":"herramientas-para-dirigir-tu-vida","status":"publish","type":"tribe_events","link":"https:\/\/adc.cat\/es\/activitat\/herramientas-para-dirigir-tu-vida\/","title":{"rendered":"Herramientas para dirigir tu vida"},"content":{"rendered":"<p>[et_pb_section][et_pb_row][et_pb_column type=\u00bb4_4&#8243;][et_pb_text]<\/p>\n<p>Un taller breve estrat\u00e9gico para empezar a tomar conciencia de tu situaci\u00f3n actual y tener claro hacia donde quieres dirigir tu vida. \u00a1<strong>Ven y reflexiona sobre estas preguntas planteadas!<\/strong><\/p>\n<ul>\n<li>\u00bfC\u00f3mo estamos en la actualidad?<\/li>\n<li>T\u00e9cnica de autoan\u00e1lisis de las varias \u00e1reas que componen nuestra vida<\/li>\n<li>T\u00e9cnicas de visualizaci\u00f3n positiva<\/li>\n<li>La percepci\u00f3n de la realidad: La relaci\u00f3n cuerpo \u2013 mente \u2013 emociones<\/li>\n<li>Los sentimientos<\/li>\n<li>\u00bfLa realidad es una construcci\u00f3n social?<\/li>\n<li>Acontecimiento y sentido dado.<\/li>\n<li>Los conflictos que tenemos en nuestra vida.<\/li>\n<\/ul>\n<p>&nbsp;<\/p>\n<p>\ud83d\udccd <strong>\u00bfD\u00f3nde?<\/strong> ADC Servicios Centrales<\/p>\n<p>delegaci\u00f3n ADC Barcelona (C\/ Consejo de Ciento, 143 1.\u00ba 3.\u00aa)<\/p>\n<p>\ud83d\uddd3\ufe0f<strong> Fecha:<\/strong> Viernes 9 de junio<\/p>\n<p>\ud83d\udd56 <strong>Hora:<\/strong> a las 18:00<\/p>\n<p>\ud83d\udde3\ufe0f <strong>Moderado por el equipo de la ADC<\/strong>: Sandra Canudas, gerente de ADC y psicoterapeuta.<\/p>\n<p>Taller abierto al p\u00fablico. Gratuita para socios, no socios: <span class=\"hiddenGrammarError\">5\u20ac<\/span>.<\/p>\n<p style=\"text-align: center;\"><a href='https:\/\/adc.playoffinformatica.com\/activitat\/307\/taller:-Herramientas-para-dirigirla-tuya-vida-en-Barcelona\/' class='big-button bigblue' target=\"_blank\">Inscripci\u00f3n<\/a><\/p>\n<p>Si ya te has registrado y no puedes venir a esta actividad, av\u00edsanos para dejar tu plaza libre a adcbarcelona@adc.cat o 93 451 34 06.<\/p>\n<p>\u00a1Gracias! Organiza: ADC Barcelona<\/p>\n<p>[\/et_pb_text][\/et_pb_column][\/et_pb_row][\/et_pb_section]<\/p>\n","protected":false},"excerpt":{"rendered":"<p>Un taller breve estrat\u00e9gico para empezar a tomar conciencia de tu situaci\u00f3n actual y tener claro hacia donde quieres dirigir tu vida. C\u00f3mo estamos en la actualidad?, t\u00e9cnica de autoan\u00e1lisis de las varias \u00e1reas que componen nuestra vida, t\u00e9cnicas de  visualizaci\u00f3n positiva, la percepci\u00f3n de la realidad: La relaci\u00f3n cuerpo \u2013 mente \u2013 emociones, los sentimientos, la realidad  es una construcci\u00f3n social?, acontecimiento y sentido dado, los conflictos que tenemos en nuestra vida&#8230; Ven y reflexionemos sobre estas preguntas planteadas!<\/p>\n","protected":false},"author":2,"featured_media":39297,"template":"","meta":{"_et_pb_use_builder":"","_et_pb_old_content":"","_et_gb_content_width":"","_tribe_events_status":"","_tribe_events_status_reason":"","footnotes":""},"tags":[],"tribe_events_cat":[69],"class_list":["post-39296","tribe_events","type-tribe_events","status-publish","has-post-thumbnail","hentry","tribe_events_cat-barcelona-es","cat_barcelona-es"],"yoast_head":"<!-- This site is optimized with the Yoast SEO plugin v27.4 - https:\/\/yoast.com\/product\/yoast-seo-wordpress\/ -->\n<title>Herramientas para dirigir tu vida - ADC \u2013 Associaci\u00f3 de Diabetis de Catalunya<\/title>\n<meta name=\"description\" content=\"Un taller breve estrat\u00e9gico para empezar a tomar conciencia de tu situaci\u00f3n actual y tener claro hacia donde quieres dirigir tu vida. C\u00f3mo estamos en la actualidad?, t\u00e9cnica de autoan\u00e1lisis de las varias \u00e1reas que componen nuestra vida, t\u00e9cnicas de visualizaci\u00f3n positiva, la percepci\u00f3n de la realidad: La relaci\u00f3n cuerpo \u2013 mente \u2013 emociones, los sentimientos, la realidad es una construcci\u00f3n social?, acontecimiento y sentido dado, los conflictos que tenemos en nuestra vida... Ven y reflexionemos sobre estas preguntas planteadas!\" \/>\n<meta name=\"robots\" content=\"index, follow, max-snippet:-1, max-image-preview:large, max-video-preview:-1\" \/>\n<link rel=\"canonical\" href=\"https:\/\/adc.cat\/es\/activitat\/herramientas-para-dirigir-tu-vida\/\" \/>\n<meta property=\"og:locale\" content=\"es_ES\" \/>\n<meta property=\"og:type\" content=\"article\" \/>\n<meta property=\"og:title\" content=\"Herramientas para dirigir tu vida - ADC \u2013 Associaci\u00f3 de Diabetis de Catalunya\" \/>\n<meta property=\"og:description\" content=\"Un taller breve estrat\u00e9gico para empezar a tomar conciencia de tu situaci\u00f3n actual y tener claro hacia donde quieres dirigir tu vida. C\u00f3mo estamos en la actualidad?, t\u00e9cnica de autoan\u00e1lisis de las varias \u00e1reas que componen nuestra vida, t\u00e9cnicas de visualizaci\u00f3n positiva, la percepci\u00f3n de la realidad: La relaci\u00f3n cuerpo \u2013 mente \u2013 emociones, los sentimientos, la realidad es una construcci\u00f3n social?, acontecimiento y sentido dado, los conflictos que tenemos en nuestra vida... Ven y reflexionemos sobre estas preguntas planteadas!\" \/>\n<meta property=\"og:url\" content=\"https:\/\/adc.cat\/es\/activitat\/herramientas-para-dirigir-tu-vida\/\" \/>\n<meta property=\"og:site_name\" content=\"ADC \u2013 Associaci\u00f3 de Diabetis de Catalunya\" \/>\n<meta property=\"article:publisher\" content=\"https:\/\/www.facebook.com\/ADC.CAT\/\" \/>\n<meta property=\"article:modified_time\" content=\"2023-05-23T11:17:37+00:00\" \/>\n<meta property=\"og:image\" content=\"https:\/\/adc.cat\/wp-content\/uploads\/2023\/03\/web-3-1024x683.jpg\" \/>\n<meta name=\"twitter:card\" content=\"summary_large_image\" \/>\n<meta name=\"twitter:title\" content=\"Herramientas para dirigir tu vida - ADC \u2013 Associaci\u00f3 de Diabetis de Catalunya\" \/>\n<meta name=\"twitter:description\" content=\"Un taller breve estrat\u00e9gico para empezar a tomar conciencia de tu situaci\u00f3n actual y tener claro hacia donde quieres dirigir tu vida. C\u00f3mo estamos en la actualidad?, t\u00e9cnica de autoan\u00e1lisis de las varias \u00e1reas que componen nuestra vida, t\u00e9cnicas de visualizaci\u00f3n positiva, la percepci\u00f3n de la realidad: La relaci\u00f3n cuerpo \u2013 mente \u2013 emociones, los sentimientos, la realidad es una construcci\u00f3n social?, acontecimiento y sentido dado, los conflictos que tenemos en nuestra vida... Ven y reflexionemos sobre estas preguntas planteadas!\" \/>\n<meta name=\"twitter:image\" content=\"https:\/\/adc.cat\/wp-content\/uploads\/2023\/03\/web-3-1024x683.jpg\" \/>\n<meta name=\"twitter:site\" content=\"@ADC_CAT\" \/>\n<meta name=\"twitter:label1\" content=\"Tiempo de lectura\" \/>\n\t<meta name=\"twitter:data1\" content=\"1 minuto\" \/>\n<script type=\"application\/ld+json\" class=\"yoast-schema-graph\">{\"@context\":\"https:\\\/\\\/schema.org\",\"@graph\":[{\"@type\":\"WebPage\",\"@id\":\"https:\\\/\\\/adc.cat\\\/es\\\/activitat\\\/herramientas-para-dirigir-tu-vida\\\/\",\"url\":\"https:\\\/\\\/adc.cat\\\/es\\\/activitat\\\/herramientas-para-dirigir-tu-vida\\\/\",\"name\":\"Herramientas para dirigir tu vida - ADC \u2013 Associaci\u00f3 de Diabetis de Catalunya\",\"isPartOf\":{\"@id\":\"https:\\\/\\\/adc.cat\\\/es\\\/#website\"},\"primaryImageOfPage\":{\"@id\":\"https:\\\/\\\/adc.cat\\\/es\\\/activitat\\\/herramientas-para-dirigir-tu-vida\\\/#primaryimage\"},\"image\":{\"@id\":\"https:\\\/\\\/adc.cat\\\/es\\\/activitat\\\/herramientas-para-dirigir-tu-vida\\\/#primaryimage\"},\"thumbnailUrl\":\"https:\\\/\\\/adc.cat\\\/wp-content\\\/uploads\\\/2023\\\/05\\\/portada-web-1.jpg\",\"datePublished\":\"2023-05-16T08:54:43+00:00\",\"dateModified\":\"2023-05-23T11:17:37+00:00\",\"description\":\"Un taller breve estrat\u00e9gico para empezar a tomar conciencia de tu situaci\u00f3n actual y tener claro hacia donde quieres dirigir tu vida. C\u00f3mo estamos en la actualidad?, t\u00e9cnica de autoan\u00e1lisis de las varias \u00e1reas que componen nuestra vida, t\u00e9cnicas de visualizaci\u00f3n positiva, la percepci\u00f3n de la realidad: La relaci\u00f3n cuerpo \u2013 mente \u2013 emociones, los sentimientos, la realidad es una construcci\u00f3n social?, acontecimiento y sentido dado, los conflictos que tenemos en nuestra vida... Ven y reflexionemos sobre estas preguntas planteadas!\",\"breadcrumb\":{\"@id\":\"https:\\\/\\\/adc.cat\\\/es\\\/activitat\\\/herramientas-para-dirigir-tu-vida\\\/#breadcrumb\"},\"inLanguage\":\"es\",\"potentialAction\":[{\"@type\":\"ReadAction\",\"target\":[\"https:\\\/\\\/adc.cat\\\/es\\\/activitat\\\/herramientas-para-dirigir-tu-vida\\\/\"]}]},{\"@type\":\"ImageObject\",\"inLanguage\":\"es\",\"@id\":\"https:\\\/\\\/adc.cat\\\/es\\\/activitat\\\/herramientas-para-dirigir-tu-vida\\\/#primaryimage\",\"url\":\"https:\\\/\\\/adc.cat\\\/wp-content\\\/uploads\\\/2023\\\/05\\\/portada-web-1.jpg\",\"contentUrl\":\"https:\\\/\\\/adc.cat\\\/wp-content\\\/uploads\\\/2023\\\/05\\\/portada-web-1.jpg\",\"width\":2532,\"height\":1688},{\"@type\":\"BreadcrumbList\",\"@id\":\"https:\\\/\\\/adc.cat\\\/es\\\/activitat\\\/herramientas-para-dirigir-tu-vida\\\/#breadcrumb\",\"itemListElement\":[{\"@type\":\"ListItem\",\"position\":1,\"name\":\"Portada\",\"item\":\"https:\\\/\\\/adc.cat\\\/es\\\/\"},{\"@type\":\"ListItem\",\"position\":2,\"name\":\"Eventos\",\"item\":\"https:\\\/\\\/adc.cat\\\/es\\\/activitats\\\/\"},{\"@type\":\"ListItem\",\"position\":3,\"name\":\"Herramientas para dirigir tu vida\"}]},{\"@type\":\"WebSite\",\"@id\":\"https:\\\/\\\/adc.cat\\\/es\\\/#website\",\"url\":\"https:\\\/\\\/adc.cat\\\/es\\\/\",\"name\":\"ADC \u2013 Associaci\u00f3 de Diabetis de Catalunya\",\"description\":\"L&#039;ADC representa els pacients amb diabetis de Catalunya. Els nostres objectius: informar, aconsellar, ajudar i defensar les persones amb diabetis i promoure la sensibilitzaci\u00f3 de la resta de la societat\",\"publisher\":{\"@id\":\"https:\\\/\\\/adc.cat\\\/es\\\/#organization\"},\"potentialAction\":[{\"@type\":\"SearchAction\",\"target\":{\"@type\":\"EntryPoint\",\"urlTemplate\":\"https:\\\/\\\/adc.cat\\\/es\\\/?s={search_term_string}\"},\"query-input\":{\"@type\":\"PropertyValueSpecification\",\"valueRequired\":true,\"valueName\":\"search_term_string\"}}],\"inLanguage\":\"es\"},{\"@type\":\"Organization\",\"@id\":\"https:\\\/\\\/adc.cat\\\/es\\\/#organization\",\"name\":\"Associaci\u00f3 de Diabetis de Catalunya\",\"url\":\"https:\\\/\\\/adc.cat\\\/es\\\/\",\"logo\":{\"@type\":\"ImageObject\",\"inLanguage\":\"es\",\"@id\":\"https:\\\/\\\/adc.cat\\\/es\\\/#\\\/schema\\\/logo\\\/image\\\/\",\"url\":\"https:\\\/\\\/adc.cat\\\/wp-content\\\/uploads\\\/2022\\\/01\\\/associacio_de_diabetis_catalunya.png\",\"contentUrl\":\"https:\\\/\\\/adc.cat\\\/wp-content\\\/uploads\\\/2022\\\/01\\\/associacio_de_diabetis_catalunya.png\",\"width\":512,\"height\":239,\"caption\":\"Associaci\u00f3 de Diabetis de Catalunya\"},\"image\":{\"@id\":\"https:\\\/\\\/adc.cat\\\/es\\\/#\\\/schema\\\/logo\\\/image\\\/\"},\"sameAs\":[\"https:\\\/\\\/www.facebook.com\\\/ADC.CAT\\\/\",\"https:\\\/\\\/x.com\\\/ADC_CAT\",\"https:\\\/\\\/www.instagram.com\\\/adc_cat\\\/\",\"https:\\\/\\\/www.linkedin.com\\\/company\\\/associacio-de-diabetis-de-catalunya\",\"https:\\\/\\\/www.youtube.com\\\/channel\\\/UC7BiJMxG_5sHYUhMAlevAWA\"]}]}<\/script>\n<!-- \/ Yoast SEO plugin. -->","yoast_head_json":{"title":"Herramientas para dirigir tu vida - ADC \u2013 Associaci\u00f3 de Diabetis de Catalunya","description":"Un taller breve estrat\u00e9gico para empezar a tomar conciencia de tu situaci\u00f3n actual y tener claro hacia donde quieres dirigir tu vida. C\u00f3mo estamos en la actualidad?, t\u00e9cnica de autoan\u00e1lisis de las varias \u00e1reas que componen nuestra vida, t\u00e9cnicas de visualizaci\u00f3n positiva, la percepci\u00f3n de la realidad: La relaci\u00f3n cuerpo \u2013 mente \u2013 emociones, los sentimientos, la realidad es una construcci\u00f3n social?, acontecimiento y sentido dado, los conflictos que tenemos en nuestra vida... Ven y reflexionemos sobre estas preguntas planteadas!","robots":{"index":"index","follow":"follow","max-snippet":"max-snippet:-1","max-image-preview":"max-image-preview:large","max-video-preview":"max-video-preview:-1"},"canonical":"https:\/\/adc.cat\/es\/activitat\/herramientas-para-dirigir-tu-vida\/","og_locale":"es_ES","og_type":"article","og_title":"Herramientas para dirigir tu vida - ADC \u2013 Associaci\u00f3 de Diabetis de Catalunya","og_description":"Un taller breve estrat\u00e9gico para empezar a tomar conciencia de tu situaci\u00f3n actual y tener claro hacia donde quieres dirigir tu vida. C\u00f3mo estamos en la actualidad?, t\u00e9cnica de autoan\u00e1lisis de las varias \u00e1reas que componen nuestra vida, t\u00e9cnicas de visualizaci\u00f3n positiva, la percepci\u00f3n de la realidad: La relaci\u00f3n cuerpo \u2013 mente \u2013 emociones, los sentimientos, la realidad es una construcci\u00f3n social?, acontecimiento y sentido dado, los conflictos que tenemos en nuestra vida... Ven y reflexionemos sobre estas preguntas planteadas!","og_url":"https:\/\/adc.cat\/es\/activitat\/herramientas-para-dirigir-tu-vida\/","og_site_name":"ADC \u2013 Associaci\u00f3 de Diabetis de Catalunya","article_publisher":"https:\/\/www.facebook.com\/ADC.CAT\/","article_modified_time":"2023-05-23T11:17:37+00:00","og_image":[{"url":"https:\/\/adc.cat\/wp-content\/uploads\/2023\/03\/web-3-1024x683.jpg","type":"","width":"","height":""}],"twitter_card":"summary_large_image","twitter_title":"Herramientas para dirigir tu vida - ADC \u2013 Associaci\u00f3 de Diabetis de Catalunya","twitter_description":"Un taller breve estrat\u00e9gico para empezar a tomar conciencia de tu situaci\u00f3n actual y tener claro hacia donde quieres dirigir tu vida. C\u00f3mo estamos en la actualidad?, t\u00e9cnica de autoan\u00e1lisis de las varias \u00e1reas que componen nuestra vida, t\u00e9cnicas de visualizaci\u00f3n positiva, la percepci\u00f3n de la realidad: La relaci\u00f3n cuerpo \u2013 mente \u2013 emociones, los sentimientos, la realidad es una construcci\u00f3n social?, acontecimiento y sentido dado, los conflictos que tenemos en nuestra vida... Ven y reflexionemos sobre estas preguntas planteadas!","twitter_image":"https:\/\/adc.cat\/wp-content\/uploads\/2023\/03\/web-3-1024x683.jpg","twitter_site":"@ADC_CAT","twitter_misc":{"Tiempo de lectura":"1 minuto"},"schema":{"@context":"https:\/\/schema.org","@graph":[{"@type":"WebPage","@id":"https:\/\/adc.cat\/es\/activitat\/herramientas-para-dirigir-tu-vida\/","url":"https:\/\/adc.cat\/es\/activitat\/herramientas-para-dirigir-tu-vida\/","name":"Herramientas para dirigir tu vida - ADC \u2013 Associaci\u00f3 de Diabetis de Catalunya","isPartOf":{"@id":"https:\/\/adc.cat\/es\/#website"},"primaryImageOfPage":{"@id":"https:\/\/adc.cat\/es\/activitat\/herramientas-para-dirigir-tu-vida\/#primaryimage"},"image":{"@id":"https:\/\/adc.cat\/es\/activitat\/herramientas-para-dirigir-tu-vida\/#primaryimage"},"thumbnailUrl":"https:\/\/adc.cat\/wp-content\/uploads\/2023\/05\/portada-web-1.jpg","datePublished":"2023-05-16T08:54:43+00:00","dateModified":"2023-05-23T11:17:37+00:00","description":"Un taller breve estrat\u00e9gico para empezar a tomar conciencia de tu situaci\u00f3n actual y tener claro hacia donde quieres dirigir tu vida. C\u00f3mo estamos en la actualidad?, t\u00e9cnica de autoan\u00e1lisis de las varias \u00e1reas que componen nuestra vida, t\u00e9cnicas de visualizaci\u00f3n positiva, la percepci\u00f3n de la realidad: La relaci\u00f3n cuerpo \u2013 mente \u2013 emociones, los sentimientos, la realidad es una construcci\u00f3n social?, acontecimiento y sentido dado, los conflictos que tenemos en nuestra vida... Ven y reflexionemos sobre estas preguntas planteadas!","breadcrumb":{"@id":"https:\/\/adc.cat\/es\/activitat\/herramientas-para-dirigir-tu-vida\/#breadcrumb"},"inLanguage":"es","potentialAction":[{"@type":"ReadAction","target":["https:\/\/adc.cat\/es\/activitat\/herramientas-para-dirigir-tu-vida\/"]}]},{"@type":"ImageObject","inLanguage":"es","@id":"https:\/\/adc.cat\/es\/activitat\/herramientas-para-dirigir-tu-vida\/#primaryimage","url":"https:\/\/adc.cat\/wp-content\/uploads\/2023\/05\/portada-web-1.jpg","contentUrl":"https:\/\/adc.cat\/wp-content\/uploads\/2023\/05\/portada-web-1.jpg","width":2532,"height":1688},{"@type":"BreadcrumbList","@id":"https:\/\/adc.cat\/es\/activitat\/herramientas-para-dirigir-tu-vida\/#breadcrumb","itemListElement":[{"@type":"ListItem","position":1,"name":"Portada","item":"https:\/\/adc.cat\/es\/"},{"@type":"ListItem","position":2,"name":"Eventos","item":"https:\/\/adc.cat\/es\/activitats\/"},{"@type":"ListItem","position":3,"name":"Herramientas para dirigir tu vida"}]},{"@type":"WebSite","@id":"https:\/\/adc.cat\/es\/#website","url":"https:\/\/adc.cat\/es\/","name":"ADC \u2013 Associaci\u00f3 de Diabetis de Catalunya","description":"L&#039;ADC representa els pacients amb diabetis de Catalunya. Els nostres objectius: informar, aconsellar, ajudar i defensar les persones amb diabetis i promoure la sensibilitzaci\u00f3 de la resta de la societat","publisher":{"@id":"https:\/\/adc.cat\/es\/#organization"},"potentialAction":[{"@type":"SearchAction","target":{"@type":"EntryPoint","urlTemplate":"https:\/\/adc.cat\/es\/?s={search_term_string}"},"query-input":{"@type":"PropertyValueSpecification","valueRequired":true,"valueName":"search_term_string"}}],"inLanguage":"es"},{"@type":"Organization","@id":"https:\/\/adc.cat\/es\/#organization","name":"Associaci\u00f3 de Diabetis de Catalunya","url":"https:\/\/adc.cat\/es\/","logo":{"@type":"ImageObject","inLanguage":"es","@id":"https:\/\/adc.cat\/es\/#\/schema\/logo\/image\/","url":"https:\/\/adc.cat\/wp-content\/uploads\/2022\/01\/associacio_de_diabetis_catalunya.png","contentUrl":"https:\/\/adc.cat\/wp-content\/uploads\/2022\/01\/associacio_de_diabetis_catalunya.png","width":512,"height":239,"caption":"Associaci\u00f3 de Diabetis de Catalunya"},"image":{"@id":"https:\/\/adc.cat\/es\/#\/schema\/logo\/image\/"},"sameAs":["https:\/\/www.facebook.com\/ADC.CAT\/","https:\/\/x.com\/ADC_CAT","https:\/\/www.instagram.com\/adc_cat\/","https:\/\/www.linkedin.com\/company\/associacio-de-diabetis-de-catalunya","https:\/\/www.youtube.com\/channel\/UC7BiJMxG_5sHYUhMAlevAWA"]}]}},"_links":{"self":[{"href":"https:\/\/adc.cat\/es\/wp-json\/wp\/v2\/tribe_events\/39296","targetHints":{"allow":["GET"]}}],"collection":[{"href":"https:\/\/adc.cat\/es\/wp-json\/wp\/v2\/tribe_events"}],"about":[{"href":"https:\/\/adc.cat\/es\/wp-json\/wp\/v2\/types\/tribe_events"}],"author":[{"embeddable":true,"href":"https:\/\/adc.cat\/es\/wp-json\/wp\/v2\/users\/2"}],"version-history":[{"count":7,"href":"https:\/\/adc.cat\/es\/wp-json\/wp\/v2\/tribe_events\/39296\/revisions"}],"predecessor-version":[{"id":39448,"href":"https:\/\/adc.cat\/es\/wp-json\/wp\/v2\/tribe_events\/39296\/revisions\/39448"}],"wp:featuredmedia":[{"embeddable":true,"href":"https:\/\/adc.cat\/es\/wp-json\/wp\/v2\/media\/39297"}],"wp:attachment":[{"href":"https:\/\/adc.cat\/es\/wp-json\/wp\/v2\/media?parent=39296"}],"wp:term":[{"taxonomy":"post_tag","embeddable":true,"href":"https:\/\/adc.cat\/es\/wp-json\/wp\/v2\/tags?post=39296"},{"taxonomy":"tribe_events_cat","embeddable":true,"href":"https:\/\/adc.cat\/es\/wp-json\/wp\/v2\/tribe_events_cat?post=39296"}],"curies":[{"name":"wp","href":"https:\/\/api.w.org\/{rel}","templated":true}]}}