{"id":39426,"date":"2023-05-22T14:01:45","date_gmt":"2023-05-22T12:01:45","guid":{"rendered":"https:\/\/adc.cat\/activitat\/taller-mensual-ponemos-en-practica-el-conteo-de-raciones-2\/"},"modified":"2023-05-22T14:04:54","modified_gmt":"2023-05-22T12:04:54","slug":"taller-mensual-ponemos-en-practica-el-conteo-de-raciones-2","status":"publish","type":"tribe_events","link":"https:\/\/adc.cat\/es\/activitat\/taller-mensual-ponemos-en-practica-el-conteo-de-raciones-2\/","title":{"rendered":"Taller mensual: Ponemos en pr\u00e1ctica el conteo de raciones"},"content":{"rendered":"<p>[et_pb_section][et_pb_row][et_pb_column type=\u00bb4_4&#8243;][et_pb_text]<\/p>\n<div class=\"et_pb_column et_pb_column_4_4 et_pb_column_0  et_pb_css_mix_blend_mode_passthrough et-last-child\">\n<div class=\"et_pb_module et_pb_text et_pb_text_0  et_pb_text_align_left et_pb_bg_layout_light\">\n<div class=\"et_pb_text_inner\">\n<p>Pondremos en pr\u00e1ctica el conteo de raciones mediante din\u00e1micas, aprenderemos a utilizar las apps que nos ayudan a este c\u00e1lculo, leeremos hashtags, aprenderemos a utilizar las mesas y familiarizarnos con ellas\u2026. \u00a1<strong>Ven y aprende practicando!<\/strong><\/p>\n<p><strong><img decoding=\"async\" class=\"emoji\" role=\"img\" draggable=\"false\" src=\"https:\/\/s.w.org\/images\/core\/emoji\/14.0.0\/svg\/1f4cd.svg\" alt=\"\ud83d\udccd\" \/> \u00bfD\u00f3nde? <\/strong>En la delegaci\u00f3n ADC Anoia<br \/>\nCentro Civic Norte Igualada (C\/ Sant Mart\u00ed de Tous, 6)<\/p>\n<p><strong><img decoding=\"async\" class=\"emoji\" role=\"img\" draggable=\"false\" src=\"https:\/\/s.w.org\/images\/core\/emoji\/14.0.0\/svg\/1f5d3.svg\" alt=\"\ud83d\uddd3\ufe0f\" \/> Fecha<\/strong>: Jueves 29 de junio<\/p>\n<p><strong><img decoding=\"async\" class=\"emoji\" role=\"img\" draggable=\"false\" src=\"https:\/\/s.w.org\/images\/core\/emoji\/14.0.0\/svg\/1f556.svg\" alt=\"\ud83d\udd56\" \/> Hora<\/strong>: a las 18.00 horas.<\/p>\n<p><strong><img decoding=\"async\" class=\"emoji\" role=\"img\" draggable=\"false\" src=\"https:\/\/s.w.org\/images\/core\/emoji\/14.0.0\/svg\/1f5e3.svg\" alt=\"\ud83d\udde3\ufe0f\" \/> Formadora<\/strong>: Esther Maldonado, agente y formadora en diabetes.<\/p>\n<p><span class=\"d2edcug0 hpfvmrgz qv66sw1b c1et5uql lr9zc1uh a8c37x1j fe6kdd0r mau55g9w c8b282yb keod5gw0 nxhoafnm aigsh9s9 d3f4x2em iv3no6db jq4qci2q a3bd9o3v b1v8xokw oo9gr5id hzawbc8m\" dir=\"auto\"><span class=\"x193iq5w xeuugli x13faqbe x1vvkbs x1xmvt09 x1lliihq x1s928wv xhkezso x1gmr53x x1cpjm7i x1fgarty x1943h6x xudqn12 x3x7a5m x6prxxf xvq8zen xo1l8bm xzsf02u x1yc453h\" dir=\"auto\">Actividad abierta a todo el mundo<\/span>. <\/span><\/p>\n<\/div>\n<\/div>\n<\/div>\n<p style=\"text-align: center;\"><a href='https:\/\/adc.playoffinformatica.com\/activitat\/309\/Taller-presencial:-Posem-en-practica-el-comptatge-de-racions-a-Igualada\/' class='big-button bigblue' target=\"_blank\">Inscripci\u00f3n<\/a><\/p>\n<p>En caso de querer m\u00e1s informaci\u00f3n o necesitar anular, trucar a escribir a 656 69 56 01 o bien escribir al <a href=\"mailto:adc@adc.cat\">adcanoia@adc.cat <\/a>.<\/p>\n<p>\u00a1Gracias!<\/p>\n<p><span class=\"d2edcug0 hpfvmrgz qv66sw1b c1et5uql lr9zc1uh a8c37x1j fe6kdd0r mau55g9w c8b282yb keod5gw0 nxhoafnm aigsh9s9 d3f4x2em iv3no6db jq4qci2q a3bd9o3v b1v8xokw oo9gr5id hzawbc8m\" dir=\"auto\">Organiza <strong>ADC La Anoia<\/strong><\/span><\/p>\n<p>[\/et_pb_text][\/et_pb_column][\/et_pb_row][\/et_pb_section]<\/p>\n","protected":false},"excerpt":{"rendered":"<p>Pondremos en pr\u00e1ctica el conteo de raciones mediante din\u00e1micas, aprenderemos a utilizar las apps que nos ayudan a este c\u00e1lculo, leeremos hashtags, aprenderemos a utilizar las mesas y familiarizarnos con ellas\u2026. Ven y aprende practicante!<\/p>\n","protected":false},"author":2,"featured_media":39427,"template":"","meta":{"_et_pb_use_builder":"","_et_pb_old_content":"","_et_gb_content_width":"","_tribe_events_status":"","_tribe_events_status_reason":"","footnotes":""},"tags":[],"tribe_events_cat":[107],"class_list":["post-39426","tribe_events","type-tribe_events","status-publish","has-post-thumbnail","hentry","tribe_events_cat-anoia-es","cat_anoia-es"],"yoast_head":"<!-- This site is optimized with the Yoast SEO plugin v27.4 - https:\/\/yoast.com\/product\/yoast-seo-wordpress\/ -->\n<title>Taller mensual: Ponemos en pr\u00e1ctica el conteo de raciones - ADC \u2013 Associaci\u00f3 de Diabetis de Catalunya<\/title>\n<meta name=\"description\" content=\"Pondremos en pr\u00e1ctica el conteo de raciones mediante din\u00e1micas, aprenderemos a utilizar las apps que nos ayudan a este c\u00e1lculo, leeremos hashtags, aprenderemos a utilizar las mesas y familiarizarnos con ellas\u2026. Ven y aprende practicante!\" \/>\n<meta name=\"robots\" content=\"index, follow, max-snippet:-1, max-image-preview:large, max-video-preview:-1\" \/>\n<link rel=\"canonical\" href=\"https:\/\/adc.cat\/es\/activitat\/taller-mensual-ponemos-en-practica-el-conteo-de-raciones-2\/\" \/>\n<meta property=\"og:locale\" content=\"es_ES\" \/>\n<meta property=\"og:type\" content=\"article\" \/>\n<meta property=\"og:title\" content=\"Taller mensual: Ponemos en pr\u00e1ctica el conteo de raciones - ADC \u2013 Associaci\u00f3 de Diabetis de Catalunya\" \/>\n<meta property=\"og:description\" content=\"Pondremos en pr\u00e1ctica el conteo de raciones mediante din\u00e1micas, aprenderemos a utilizar las apps que nos ayudan a este c\u00e1lculo, leeremos hashtags, aprenderemos a utilizar las mesas y familiarizarnos con ellas\u2026. Ven y aprende practicante!\" \/>\n<meta property=\"og:url\" content=\"https:\/\/adc.cat\/es\/activitat\/taller-mensual-ponemos-en-practica-el-conteo-de-raciones-2\/\" \/>\n<meta property=\"og:site_name\" content=\"ADC \u2013 Associaci\u00f3 de Diabetis de Catalunya\" \/>\n<meta property=\"article:publisher\" content=\"https:\/\/www.facebook.com\/ADC.CAT\/\" \/>\n<meta property=\"article:modified_time\" content=\"2023-05-22T12:04:54+00:00\" \/>\n<meta property=\"og:image\" content=\"https:\/\/adc.cat\/wp-content\/uploads\/2023\/05\/06_29-web-1024x683.jpg\" \/>\n<meta name=\"twitter:card\" content=\"summary_large_image\" \/>\n<meta name=\"twitter:title\" content=\"Taller mensual: Ponemos en pr\u00e1ctica el conteo de raciones - ADC \u2013 Associaci\u00f3 de Diabetis de Catalunya\" \/>\n<meta name=\"twitter:description\" content=\"Pondremos en pr\u00e1ctica el conteo de raciones mediante din\u00e1micas, aprenderemos a utilizar las apps que nos ayudan a este c\u00e1lculo, leeremos hashtags, aprenderemos a utilizar las mesas y familiarizarnos con ellas\u2026. Ven y aprende practicante!\" \/>\n<meta name=\"twitter:image\" content=\"https:\/\/adc.cat\/wp-content\/uploads\/2023\/05\/06_29-web-1024x683.jpg\" \/>\n<meta name=\"twitter:site\" content=\"@ADC_CAT\" \/>\n<meta name=\"twitter:label1\" content=\"Tiempo de lectura\" \/>\n\t<meta name=\"twitter:data1\" content=\"2 minutos\" \/>\n<script type=\"application\/ld+json\" class=\"yoast-schema-graph\">{\"@context\":\"https:\\\/\\\/schema.org\",\"@graph\":[{\"@type\":\"WebPage\",\"@id\":\"https:\\\/\\\/adc.cat\\\/es\\\/activitat\\\/taller-mensual-ponemos-en-practica-el-conteo-de-raciones-2\\\/\",\"url\":\"https:\\\/\\\/adc.cat\\\/es\\\/activitat\\\/taller-mensual-ponemos-en-practica-el-conteo-de-raciones-2\\\/\",\"name\":\"Taller mensual: Ponemos en pr\u00e1ctica el conteo de raciones - ADC \u2013 Associaci\u00f3 de Diabetis de Catalunya\",\"isPartOf\":{\"@id\":\"https:\\\/\\\/adc.cat\\\/es\\\/#website\"},\"primaryImageOfPage\":{\"@id\":\"https:\\\/\\\/adc.cat\\\/es\\\/activitat\\\/taller-mensual-ponemos-en-practica-el-conteo-de-raciones-2\\\/#primaryimage\"},\"image\":{\"@id\":\"https:\\\/\\\/adc.cat\\\/es\\\/activitat\\\/taller-mensual-ponemos-en-practica-el-conteo-de-raciones-2\\\/#primaryimage\"},\"thumbnailUrl\":\"https:\\\/\\\/adc.cat\\\/wp-content\\\/uploads\\\/2023\\\/05\\\/06_29-web.jpg\",\"datePublished\":\"2023-05-22T12:01:45+00:00\",\"dateModified\":\"2023-05-22T12:04:54+00:00\",\"description\":\"Pondremos en pr\u00e1ctica el conteo de raciones mediante din\u00e1micas, aprenderemos a utilizar las apps que nos ayudan a este c\u00e1lculo, leeremos hashtags, aprenderemos a utilizar las mesas y familiarizarnos con ellas\u2026. Ven y aprende practicante!\",\"breadcrumb\":{\"@id\":\"https:\\\/\\\/adc.cat\\\/es\\\/activitat\\\/taller-mensual-ponemos-en-practica-el-conteo-de-raciones-2\\\/#breadcrumb\"},\"inLanguage\":\"es\",\"potentialAction\":[{\"@type\":\"ReadAction\",\"target\":[\"https:\\\/\\\/adc.cat\\\/es\\\/activitat\\\/taller-mensual-ponemos-en-practica-el-conteo-de-raciones-2\\\/\"]}]},{\"@type\":\"ImageObject\",\"inLanguage\":\"es\",\"@id\":\"https:\\\/\\\/adc.cat\\\/es\\\/activitat\\\/taller-mensual-ponemos-en-practica-el-conteo-de-raciones-2\\\/#primaryimage\",\"url\":\"https:\\\/\\\/adc.cat\\\/wp-content\\\/uploads\\\/2023\\\/05\\\/06_29-web.jpg\",\"contentUrl\":\"https:\\\/\\\/adc.cat\\\/wp-content\\\/uploads\\\/2023\\\/05\\\/06_29-web.jpg\",\"width\":2560,\"height\":1707},{\"@type\":\"BreadcrumbList\",\"@id\":\"https:\\\/\\\/adc.cat\\\/es\\\/activitat\\\/taller-mensual-ponemos-en-practica-el-conteo-de-raciones-2\\\/#breadcrumb\",\"itemListElement\":[{\"@type\":\"ListItem\",\"position\":1,\"name\":\"Portada\",\"item\":\"https:\\\/\\\/adc.cat\\\/es\\\/\"},{\"@type\":\"ListItem\",\"position\":2,\"name\":\"Eventos\",\"item\":\"https:\\\/\\\/adc.cat\\\/es\\\/activitats\\\/\"},{\"@type\":\"ListItem\",\"position\":3,\"name\":\"Taller mensual: Ponemos en pr\u00e1ctica el conteo de raciones\"}]},{\"@type\":\"WebSite\",\"@id\":\"https:\\\/\\\/adc.cat\\\/es\\\/#website\",\"url\":\"https:\\\/\\\/adc.cat\\\/es\\\/\",\"name\":\"ADC \u2013 Associaci\u00f3 de Diabetis de Catalunya\",\"description\":\"L&#039;ADC representa els pacients amb diabetis de Catalunya. Els nostres objectius: informar, aconsellar, ajudar i defensar les persones amb diabetis i promoure la sensibilitzaci\u00f3 de la resta de la societat\",\"publisher\":{\"@id\":\"https:\\\/\\\/adc.cat\\\/es\\\/#organization\"},\"potentialAction\":[{\"@type\":\"SearchAction\",\"target\":{\"@type\":\"EntryPoint\",\"urlTemplate\":\"https:\\\/\\\/adc.cat\\\/es\\\/?s={search_term_string}\"},\"query-input\":{\"@type\":\"PropertyValueSpecification\",\"valueRequired\":true,\"valueName\":\"search_term_string\"}}],\"inLanguage\":\"es\"},{\"@type\":\"Organization\",\"@id\":\"https:\\\/\\\/adc.cat\\\/es\\\/#organization\",\"name\":\"Associaci\u00f3 de Diabetis de Catalunya\",\"url\":\"https:\\\/\\\/adc.cat\\\/es\\\/\",\"logo\":{\"@type\":\"ImageObject\",\"inLanguage\":\"es\",\"@id\":\"https:\\\/\\\/adc.cat\\\/es\\\/#\\\/schema\\\/logo\\\/image\\\/\",\"url\":\"https:\\\/\\\/adc.cat\\\/wp-content\\\/uploads\\\/2022\\\/01\\\/associacio_de_diabetis_catalunya.png\",\"contentUrl\":\"https:\\\/\\\/adc.cat\\\/wp-content\\\/uploads\\\/2022\\\/01\\\/associacio_de_diabetis_catalunya.png\",\"width\":512,\"height\":239,\"caption\":\"Associaci\u00f3 de Diabetis de Catalunya\"},\"image\":{\"@id\":\"https:\\\/\\\/adc.cat\\\/es\\\/#\\\/schema\\\/logo\\\/image\\\/\"},\"sameAs\":[\"https:\\\/\\\/www.facebook.com\\\/ADC.CAT\\\/\",\"https:\\\/\\\/x.com\\\/ADC_CAT\",\"https:\\\/\\\/www.instagram.com\\\/adc_cat\\\/\",\"https:\\\/\\\/www.linkedin.com\\\/company\\\/associacio-de-diabetis-de-catalunya\",\"https:\\\/\\\/www.youtube.com\\\/channel\\\/UC7BiJMxG_5sHYUhMAlevAWA\"]}]}<\/script>\n<!-- \/ Yoast SEO plugin. -->","yoast_head_json":{"title":"Taller mensual: Ponemos en pr\u00e1ctica el conteo de raciones - ADC \u2013 Associaci\u00f3 de Diabetis de Catalunya","description":"Pondremos en pr\u00e1ctica el conteo de raciones mediante din\u00e1micas, aprenderemos a utilizar las apps que nos ayudan a este c\u00e1lculo, leeremos hashtags, aprenderemos a utilizar las mesas y familiarizarnos con ellas\u2026. Ven y aprende practicante!","robots":{"index":"index","follow":"follow","max-snippet":"max-snippet:-1","max-image-preview":"max-image-preview:large","max-video-preview":"max-video-preview:-1"},"canonical":"https:\/\/adc.cat\/es\/activitat\/taller-mensual-ponemos-en-practica-el-conteo-de-raciones-2\/","og_locale":"es_ES","og_type":"article","og_title":"Taller mensual: Ponemos en pr\u00e1ctica el conteo de raciones - ADC \u2013 Associaci\u00f3 de Diabetis de Catalunya","og_description":"Pondremos en pr\u00e1ctica el conteo de raciones mediante din\u00e1micas, aprenderemos a utilizar las apps que nos ayudan a este c\u00e1lculo, leeremos hashtags, aprenderemos a utilizar las mesas y familiarizarnos con ellas\u2026. Ven y aprende practicante!","og_url":"https:\/\/adc.cat\/es\/activitat\/taller-mensual-ponemos-en-practica-el-conteo-de-raciones-2\/","og_site_name":"ADC \u2013 Associaci\u00f3 de Diabetis de Catalunya","article_publisher":"https:\/\/www.facebook.com\/ADC.CAT\/","article_modified_time":"2023-05-22T12:04:54+00:00","og_image":[{"url":"https:\/\/adc.cat\/wp-content\/uploads\/2023\/05\/06_29-web-1024x683.jpg","type":"","width":"","height":""}],"twitter_card":"summary_large_image","twitter_title":"Taller mensual: Ponemos en pr\u00e1ctica el conteo de raciones - ADC \u2013 Associaci\u00f3 de Diabetis de Catalunya","twitter_description":"Pondremos en pr\u00e1ctica el conteo de raciones mediante din\u00e1micas, aprenderemos a utilizar las apps que nos ayudan a este c\u00e1lculo, leeremos hashtags, aprenderemos a utilizar las mesas y familiarizarnos con ellas\u2026. Ven y aprende practicante!","twitter_image":"https:\/\/adc.cat\/wp-content\/uploads\/2023\/05\/06_29-web-1024x683.jpg","twitter_site":"@ADC_CAT","twitter_misc":{"Tiempo de lectura":"2 minutos"},"schema":{"@context":"https:\/\/schema.org","@graph":[{"@type":"WebPage","@id":"https:\/\/adc.cat\/es\/activitat\/taller-mensual-ponemos-en-practica-el-conteo-de-raciones-2\/","url":"https:\/\/adc.cat\/es\/activitat\/taller-mensual-ponemos-en-practica-el-conteo-de-raciones-2\/","name":"Taller mensual: Ponemos en pr\u00e1ctica el conteo de raciones - ADC \u2013 Associaci\u00f3 de Diabetis de Catalunya","isPartOf":{"@id":"https:\/\/adc.cat\/es\/#website"},"primaryImageOfPage":{"@id":"https:\/\/adc.cat\/es\/activitat\/taller-mensual-ponemos-en-practica-el-conteo-de-raciones-2\/#primaryimage"},"image":{"@id":"https:\/\/adc.cat\/es\/activitat\/taller-mensual-ponemos-en-practica-el-conteo-de-raciones-2\/#primaryimage"},"thumbnailUrl":"https:\/\/adc.cat\/wp-content\/uploads\/2023\/05\/06_29-web.jpg","datePublished":"2023-05-22T12:01:45+00:00","dateModified":"2023-05-22T12:04:54+00:00","description":"Pondremos en pr\u00e1ctica el conteo de raciones mediante din\u00e1micas, aprenderemos a utilizar las apps que nos ayudan a este c\u00e1lculo, leeremos hashtags, aprenderemos a utilizar las mesas y familiarizarnos con ellas\u2026. Ven y aprende practicante!","breadcrumb":{"@id":"https:\/\/adc.cat\/es\/activitat\/taller-mensual-ponemos-en-practica-el-conteo-de-raciones-2\/#breadcrumb"},"inLanguage":"es","potentialAction":[{"@type":"ReadAction","target":["https:\/\/adc.cat\/es\/activitat\/taller-mensual-ponemos-en-practica-el-conteo-de-raciones-2\/"]}]},{"@type":"ImageObject","inLanguage":"es","@id":"https:\/\/adc.cat\/es\/activitat\/taller-mensual-ponemos-en-practica-el-conteo-de-raciones-2\/#primaryimage","url":"https:\/\/adc.cat\/wp-content\/uploads\/2023\/05\/06_29-web.jpg","contentUrl":"https:\/\/adc.cat\/wp-content\/uploads\/2023\/05\/06_29-web.jpg","width":2560,"height":1707},{"@type":"BreadcrumbList","@id":"https:\/\/adc.cat\/es\/activitat\/taller-mensual-ponemos-en-practica-el-conteo-de-raciones-2\/#breadcrumb","itemListElement":[{"@type":"ListItem","position":1,"name":"Portada","item":"https:\/\/adc.cat\/es\/"},{"@type":"ListItem","position":2,"name":"Eventos","item":"https:\/\/adc.cat\/es\/activitats\/"},{"@type":"ListItem","position":3,"name":"Taller mensual: Ponemos en pr\u00e1ctica el conteo de raciones"}]},{"@type":"WebSite","@id":"https:\/\/adc.cat\/es\/#website","url":"https:\/\/adc.cat\/es\/","name":"ADC \u2013 Associaci\u00f3 de Diabetis de Catalunya","description":"L&#039;ADC representa els pacients amb diabetis de Catalunya. Els nostres objectius: informar, aconsellar, ajudar i defensar les persones amb diabetis i promoure la sensibilitzaci\u00f3 de la resta de la societat","publisher":{"@id":"https:\/\/adc.cat\/es\/#organization"},"potentialAction":[{"@type":"SearchAction","target":{"@type":"EntryPoint","urlTemplate":"https:\/\/adc.cat\/es\/?s={search_term_string}"},"query-input":{"@type":"PropertyValueSpecification","valueRequired":true,"valueName":"search_term_string"}}],"inLanguage":"es"},{"@type":"Organization","@id":"https:\/\/adc.cat\/es\/#organization","name":"Associaci\u00f3 de Diabetis de Catalunya","url":"https:\/\/adc.cat\/es\/","logo":{"@type":"ImageObject","inLanguage":"es","@id":"https:\/\/adc.cat\/es\/#\/schema\/logo\/image\/","url":"https:\/\/adc.cat\/wp-content\/uploads\/2022\/01\/associacio_de_diabetis_catalunya.png","contentUrl":"https:\/\/adc.cat\/wp-content\/uploads\/2022\/01\/associacio_de_diabetis_catalunya.png","width":512,"height":239,"caption":"Associaci\u00f3 de Diabetis de Catalunya"},"image":{"@id":"https:\/\/adc.cat\/es\/#\/schema\/logo\/image\/"},"sameAs":["https:\/\/www.facebook.com\/ADC.CAT\/","https:\/\/x.com\/ADC_CAT","https:\/\/www.instagram.com\/adc_cat\/","https:\/\/www.linkedin.com\/company\/associacio-de-diabetis-de-catalunya","https:\/\/www.youtube.com\/channel\/UC7BiJMxG_5sHYUhMAlevAWA"]}]}},"_links":{"self":[{"href":"https:\/\/adc.cat\/es\/wp-json\/wp\/v2\/tribe_events\/39426","targetHints":{"allow":["GET"]}}],"collection":[{"href":"https:\/\/adc.cat\/es\/wp-json\/wp\/v2\/tribe_events"}],"about":[{"href":"https:\/\/adc.cat\/es\/wp-json\/wp\/v2\/types\/tribe_events"}],"author":[{"embeddable":true,"href":"https:\/\/adc.cat\/es\/wp-json\/wp\/v2\/users\/2"}],"version-history":[{"count":4,"href":"https:\/\/adc.cat\/es\/wp-json\/wp\/v2\/tribe_events\/39426\/revisions"}],"predecessor-version":[{"id":39431,"href":"https:\/\/adc.cat\/es\/wp-json\/wp\/v2\/tribe_events\/39426\/revisions\/39431"}],"wp:featuredmedia":[{"embeddable":true,"href":"https:\/\/adc.cat\/es\/wp-json\/wp\/v2\/media\/39427"}],"wp:attachment":[{"href":"https:\/\/adc.cat\/es\/wp-json\/wp\/v2\/media?parent=39426"}],"wp:term":[{"taxonomy":"post_tag","embeddable":true,"href":"https:\/\/adc.cat\/es\/wp-json\/wp\/v2\/tags?post=39426"},{"taxonomy":"tribe_events_cat","embeddable":true,"href":"https:\/\/adc.cat\/es\/wp-json\/wp\/v2\/tribe_events_cat?post=39426"}],"curies":[{"name":"wp","href":"https:\/\/api.w.org\/{rel}","templated":true}]}}