{"id":39439,"date":"2023-05-30T09:29:48","date_gmt":"2023-05-30T07:29:48","guid":{"rendered":"https:\/\/adc.cat\/?post_type=tribe_events&#038;p=39439"},"modified":"2023-05-30T10:56:54","modified_gmt":"2023-05-30T08:56:54","slug":"taller-mensual-que-hay-que-tener-en-cuenta-cuando-marchamos-de-viaje-con-diabetes","status":"publish","type":"tribe_events","link":"https:\/\/adc.cat\/es\/activitat\/taller-mensual-que-hay-que-tener-en-cuenta-cuando-marchamos-de-viaje-con-diabetes\/","title":{"rendered":"Taller mensual: \u00bfqu\u00e9 hay que tener en cuenta cuando nos vamos de viaje con diabetes?"},"content":{"rendered":"<p>[et_pb_section][et_pb_row][et_pb_column type=\u00bb4_4&#8243;][et_pb_text]<\/p>\n<p>\u00bfSabes que tienes que llevar a la mochila diabetil? \u00bfCu\u00e1les son los requisitos b\u00e1sicos, y no tan b\u00e1sicos, a tener en cuenta? \u00bfSabes cu\u00e1l es el certificado m\u00e9dico para llevar cuando marchamos en un vuelo? \u00a1Ven y defin\u00e1moslo entre todos y todas!<\/p>\n<p><img decoding=\"async\" class=\"emoji\" role=\"img\" draggable=\"false\" src=\"https:\/\/s.w.org\/images\/core\/emoji\/14.0.0\/svg\/1f4cd.svg\" alt=\"\ud83d\udccd\" \/> \u00bf<strong>D\u00f3nde<\/strong>? A la delegaci\u00f3n ADC Anoia<br \/>\nCentro Civic Norte Igualada (C\/ Sant Mart\u00ed de Tous, 6)<\/p>\n<p><img decoding=\"async\" class=\"emoji\" role=\"img\" draggable=\"false\" src=\"https:\/\/s.w.org\/images\/core\/emoji\/14.0.0\/svg\/1f5d3.svg\" alt=\"\ud83d\uddd3\ufe0f\" \/> <strong>Fecha<\/strong>: Jueves 22 de junio<\/p>\n<p><img decoding=\"async\" class=\"emoji\" role=\"img\" draggable=\"false\" src=\"https:\/\/s.w.org\/images\/core\/emoji\/14.0.0\/svg\/1f556.svg\" alt=\"\ud83d\udd56\" \/> <strong>Hora<\/strong>: a las 18.00 horas.<\/p>\n<p><img decoding=\"async\" class=\"emoji\" role=\"img\" draggable=\"false\" src=\"https:\/\/s.w.org\/images\/core\/emoji\/14.0.0\/svg\/1f5e3.svg\" alt=\"\ud83d\udde3\ufe0f\" \/> <strong>Formadora<\/strong>: Esther Maldonado, agente y formadora en diabetes.<\/p>\n<p>Actividad abierta a todo el mundo.<\/p>\n<p>&nbsp;<\/p>\n<p>&nbsp;<\/p>\n<p style=\"text-align: center;\"><a href='https:\/\/adc.playoffinformatica.com\/activitat\/310\/Taller-presencial:-que-cal-tenir-en-compte-quan-marxem-de-viatge-amb-diabetis\/' class='big-button bigblue' target=\"_blank\">Inscripci\u00f3n<\/a><\/p>\n<p>&nbsp;<\/p>\n<p>En caso de volver m\u00e1s informaci\u00f3n o necesitar anular, llamar a 656 69 56 01 o bien escriure al <a href=\"mailto:adc@adc.cat\">adcanoia@adc.cat <\/a>.<\/p>\n<p>\u00a1Gracias!<\/p>\n<p><span class=\"d2edcug0 hpfvmrgz qv66sw1b c1et5uql lr9zc1uh a8c37x1j fe6kdd0r mau55g9w c8b282yb keod5gw0 nxhoafnm aigsh9s9 d3f4x2em iv3no6db jq4qci2q a3bd9o3v b1v8xokw oo9gr5id hzawbc8m\" dir=\"auto\">Organiza <strong>ADC L&#8217; Anoia<\/strong><\/span><\/p>\n<p>[\/et_pb_text][\/et_pb_column][\/et_pb_row][\/et_pb_section]<\/p>\n","protected":false},"excerpt":{"rendered":"<p>\u00bfSabes que tienes que llevar en la mochila con diabetes? \u00bfCu\u00e1les son los requisitos b\u00e1sicos, y no tan b\u00e1sicos, a tener en cuenta? \u00bfSabes cu\u00e1l es el certificado m\u00e9dico para llevar cuando marchamos en un vuelo? \u00a1Ven y defin\u00e1moslo entre todos y todas!<\/p>\n","protected":false},"author":2,"featured_media":39440,"template":"","meta":{"_et_pb_use_builder":"","_et_pb_old_content":"","_et_gb_content_width":"","_tribe_events_status":"","_tribe_events_status_reason":"","footnotes":""},"tags":[],"tribe_events_cat":[107],"class_list":["post-39439","tribe_events","type-tribe_events","status-publish","has-post-thumbnail","hentry","tribe_events_cat-anoia-es","cat_anoia-es"],"yoast_head":"<!-- This site is optimized with the Yoast SEO plugin v27.4 - https:\/\/yoast.com\/product\/yoast-seo-wordpress\/ -->\n<title>Taller mensual: \u00bfqu\u00e9 hay que tener en cuenta cuando nos vamos de viaje con diabetes? - ADC \u2013 Associaci\u00f3 de Diabetis de Catalunya<\/title>\n<meta name=\"description\" content=\"\u00bfSabes que tienes que llevar en la mochila con diabetes? \u00bfCu\u00e1les son los requisitos b\u00e1sicos, y no tan b\u00e1sicos, a tener en cuenta? \u00bfSabes cu\u00e1l es el certificado m\u00e9dico para llevar cuando marchamos en un vuelo? \u00a1Ven y defin\u00e1moslo entre todos y todas!\" \/>\n<meta name=\"robots\" content=\"index, follow, max-snippet:-1, max-image-preview:large, max-video-preview:-1\" \/>\n<link rel=\"canonical\" href=\"https:\/\/adc.cat\/es\/activitat\/taller-mensual-que-hay-que-tener-en-cuenta-cuando-marchamos-de-viaje-con-diabetes\/\" \/>\n<meta property=\"og:locale\" content=\"es_ES\" \/>\n<meta property=\"og:type\" content=\"article\" \/>\n<meta property=\"og:title\" content=\"Taller mensual: \u00bfqu\u00e9 hay que tener en cuenta cuando nos vamos de viaje con diabetes? - ADC \u2013 Associaci\u00f3 de Diabetis de Catalunya\" \/>\n<meta property=\"og:description\" content=\"\u00bfSabes que tienes que llevar en la mochila con diabetes? \u00bfCu\u00e1les son los requisitos b\u00e1sicos, y no tan b\u00e1sicos, a tener en cuenta? \u00bfSabes cu\u00e1l es el certificado m\u00e9dico para llevar cuando marchamos en un vuelo? \u00a1Ven y defin\u00e1moslo entre todos y todas!\" \/>\n<meta property=\"og:url\" content=\"https:\/\/adc.cat\/es\/activitat\/taller-mensual-que-hay-que-tener-en-cuenta-cuando-marchamos-de-viaje-con-diabetes\/\" \/>\n<meta property=\"og:site_name\" content=\"ADC \u2013 Associaci\u00f3 de Diabetis de Catalunya\" \/>\n<meta property=\"article:publisher\" content=\"https:\/\/www.facebook.com\/ADC.CAT\/\" \/>\n<meta property=\"article:modified_time\" content=\"2023-05-30T08:56:54+00:00\" \/>\n<meta property=\"og:image\" content=\"https:\/\/adc.cat\/wp-content\/uploads\/2023\/05\/06_XX-web1-1024x683.jpg\" \/>\n<meta name=\"twitter:card\" content=\"summary_large_image\" \/>\n<meta name=\"twitter:title\" content=\"Taller mensual: \u00bfqu\u00e9 hay que tener en cuenta cuando nos vamos de viaje con diabetes? - ADC \u2013 Associaci\u00f3 de Diabetis de Catalunya\" \/>\n<meta name=\"twitter:description\" content=\"\u00bfSabes que tienes que llevar en la mochila con diabetes? \u00bfCu\u00e1les son los requisitos b\u00e1sicos, y no tan b\u00e1sicos, a tener en cuenta? \u00bfSabes cu\u00e1l es el certificado m\u00e9dico para llevar cuando marchamos en un vuelo? \u00a1Ven y defin\u00e1moslo entre todos y todas!\" \/>\n<meta name=\"twitter:image\" content=\"https:\/\/adc.cat\/wp-content\/uploads\/2023\/05\/06_XX-web1-1024x683.jpg\" \/>\n<meta name=\"twitter:site\" content=\"@ADC_CAT\" \/>\n<meta name=\"twitter:label1\" content=\"Tiempo de lectura\" \/>\n\t<meta name=\"twitter:data1\" content=\"2 minutos\" \/>\n<script type=\"application\/ld+json\" class=\"yoast-schema-graph\">{\"@context\":\"https:\\\/\\\/schema.org\",\"@graph\":[{\"@type\":\"WebPage\",\"@id\":\"https:\\\/\\\/adc.cat\\\/es\\\/activitat\\\/taller-mensual-que-hay-que-tener-en-cuenta-cuando-marchamos-de-viaje-con-diabetes\\\/\",\"url\":\"https:\\\/\\\/adc.cat\\\/es\\\/activitat\\\/taller-mensual-que-hay-que-tener-en-cuenta-cuando-marchamos-de-viaje-con-diabetes\\\/\",\"name\":\"Taller mensual: \u00bfqu\u00e9 hay que tener en cuenta cuando nos vamos de viaje con diabetes? - ADC \u2013 Associaci\u00f3 de Diabetis de Catalunya\",\"isPartOf\":{\"@id\":\"https:\\\/\\\/adc.cat\\\/es\\\/#website\"},\"primaryImageOfPage\":{\"@id\":\"https:\\\/\\\/adc.cat\\\/es\\\/activitat\\\/taller-mensual-que-hay-que-tener-en-cuenta-cuando-marchamos-de-viaje-con-diabetes\\\/#primaryimage\"},\"image\":{\"@id\":\"https:\\\/\\\/adc.cat\\\/es\\\/activitat\\\/taller-mensual-que-hay-que-tener-en-cuenta-cuando-marchamos-de-viaje-con-diabetes\\\/#primaryimage\"},\"thumbnailUrl\":\"https:\\\/\\\/adc.cat\\\/wp-content\\\/uploads\\\/2023\\\/05\\\/06_XX-web1.jpg\",\"datePublished\":\"2023-05-30T07:29:48+00:00\",\"dateModified\":\"2023-05-30T08:56:54+00:00\",\"description\":\"\u00bfSabes que tienes que llevar en la mochila con diabetes? \u00bfCu\u00e1les son los requisitos b\u00e1sicos, y no tan b\u00e1sicos, a tener en cuenta? \u00bfSabes cu\u00e1l es el certificado m\u00e9dico para llevar cuando marchamos en un vuelo? \u00a1Ven y defin\u00e1moslo entre todos y todas!\",\"breadcrumb\":{\"@id\":\"https:\\\/\\\/adc.cat\\\/es\\\/activitat\\\/taller-mensual-que-hay-que-tener-en-cuenta-cuando-marchamos-de-viaje-con-diabetes\\\/#breadcrumb\"},\"inLanguage\":\"es\",\"potentialAction\":[{\"@type\":\"ReadAction\",\"target\":[\"https:\\\/\\\/adc.cat\\\/es\\\/activitat\\\/taller-mensual-que-hay-que-tener-en-cuenta-cuando-marchamos-de-viaje-con-diabetes\\\/\"]}]},{\"@type\":\"ImageObject\",\"inLanguage\":\"es\",\"@id\":\"https:\\\/\\\/adc.cat\\\/es\\\/activitat\\\/taller-mensual-que-hay-que-tener-en-cuenta-cuando-marchamos-de-viaje-con-diabetes\\\/#primaryimage\",\"url\":\"https:\\\/\\\/adc.cat\\\/wp-content\\\/uploads\\\/2023\\\/05\\\/06_XX-web1.jpg\",\"contentUrl\":\"https:\\\/\\\/adc.cat\\\/wp-content\\\/uploads\\\/2023\\\/05\\\/06_XX-web1.jpg\",\"width\":2560,\"height\":1707},{\"@type\":\"BreadcrumbList\",\"@id\":\"https:\\\/\\\/adc.cat\\\/es\\\/activitat\\\/taller-mensual-que-hay-que-tener-en-cuenta-cuando-marchamos-de-viaje-con-diabetes\\\/#breadcrumb\",\"itemListElement\":[{\"@type\":\"ListItem\",\"position\":1,\"name\":\"Portada\",\"item\":\"https:\\\/\\\/adc.cat\\\/es\\\/\"},{\"@type\":\"ListItem\",\"position\":2,\"name\":\"Eventos\",\"item\":\"https:\\\/\\\/adc.cat\\\/es\\\/activitats\\\/\"},{\"@type\":\"ListItem\",\"position\":3,\"name\":\"Taller mensual: \u00bfqu\u00e9 hay que tener en cuenta cuando nos vamos de viaje con diabetes?\"}]},{\"@type\":\"WebSite\",\"@id\":\"https:\\\/\\\/adc.cat\\\/es\\\/#website\",\"url\":\"https:\\\/\\\/adc.cat\\\/es\\\/\",\"name\":\"ADC \u2013 Associaci\u00f3 de Diabetis de Catalunya\",\"description\":\"L&#039;ADC representa els pacients amb diabetis de Catalunya. Els nostres objectius: informar, aconsellar, ajudar i defensar les persones amb diabetis i promoure la sensibilitzaci\u00f3 de la resta de la societat\",\"publisher\":{\"@id\":\"https:\\\/\\\/adc.cat\\\/es\\\/#organization\"},\"potentialAction\":[{\"@type\":\"SearchAction\",\"target\":{\"@type\":\"EntryPoint\",\"urlTemplate\":\"https:\\\/\\\/adc.cat\\\/es\\\/?s={search_term_string}\"},\"query-input\":{\"@type\":\"PropertyValueSpecification\",\"valueRequired\":true,\"valueName\":\"search_term_string\"}}],\"inLanguage\":\"es\"},{\"@type\":\"Organization\",\"@id\":\"https:\\\/\\\/adc.cat\\\/es\\\/#organization\",\"name\":\"Associaci\u00f3 de Diabetis de Catalunya\",\"url\":\"https:\\\/\\\/adc.cat\\\/es\\\/\",\"logo\":{\"@type\":\"ImageObject\",\"inLanguage\":\"es\",\"@id\":\"https:\\\/\\\/adc.cat\\\/es\\\/#\\\/schema\\\/logo\\\/image\\\/\",\"url\":\"https:\\\/\\\/adc.cat\\\/wp-content\\\/uploads\\\/2022\\\/01\\\/associacio_de_diabetis_catalunya.png\",\"contentUrl\":\"https:\\\/\\\/adc.cat\\\/wp-content\\\/uploads\\\/2022\\\/01\\\/associacio_de_diabetis_catalunya.png\",\"width\":512,\"height\":239,\"caption\":\"Associaci\u00f3 de Diabetis de Catalunya\"},\"image\":{\"@id\":\"https:\\\/\\\/adc.cat\\\/es\\\/#\\\/schema\\\/logo\\\/image\\\/\"},\"sameAs\":[\"https:\\\/\\\/www.facebook.com\\\/ADC.CAT\\\/\",\"https:\\\/\\\/x.com\\\/ADC_CAT\",\"https:\\\/\\\/www.instagram.com\\\/adc_cat\\\/\",\"https:\\\/\\\/www.linkedin.com\\\/company\\\/associacio-de-diabetis-de-catalunya\",\"https:\\\/\\\/www.youtube.com\\\/channel\\\/UC7BiJMxG_5sHYUhMAlevAWA\"]}]}<\/script>\n<!-- \/ Yoast SEO plugin. -->","yoast_head_json":{"title":"Taller mensual: \u00bfqu\u00e9 hay que tener en cuenta cuando nos vamos de viaje con diabetes? - ADC \u2013 Associaci\u00f3 de Diabetis de Catalunya","description":"\u00bfSabes que tienes que llevar en la mochila con diabetes? \u00bfCu\u00e1les son los requisitos b\u00e1sicos, y no tan b\u00e1sicos, a tener en cuenta? \u00bfSabes cu\u00e1l es el certificado m\u00e9dico para llevar cuando marchamos en un vuelo? \u00a1Ven y defin\u00e1moslo entre todos y todas!","robots":{"index":"index","follow":"follow","max-snippet":"max-snippet:-1","max-image-preview":"max-image-preview:large","max-video-preview":"max-video-preview:-1"},"canonical":"https:\/\/adc.cat\/es\/activitat\/taller-mensual-que-hay-que-tener-en-cuenta-cuando-marchamos-de-viaje-con-diabetes\/","og_locale":"es_ES","og_type":"article","og_title":"Taller mensual: \u00bfqu\u00e9 hay que tener en cuenta cuando nos vamos de viaje con diabetes? - ADC \u2013 Associaci\u00f3 de Diabetis de Catalunya","og_description":"\u00bfSabes que tienes que llevar en la mochila con diabetes? \u00bfCu\u00e1les son los requisitos b\u00e1sicos, y no tan b\u00e1sicos, a tener en cuenta? \u00bfSabes cu\u00e1l es el certificado m\u00e9dico para llevar cuando marchamos en un vuelo? \u00a1Ven y defin\u00e1moslo entre todos y todas!","og_url":"https:\/\/adc.cat\/es\/activitat\/taller-mensual-que-hay-que-tener-en-cuenta-cuando-marchamos-de-viaje-con-diabetes\/","og_site_name":"ADC \u2013 Associaci\u00f3 de Diabetis de Catalunya","article_publisher":"https:\/\/www.facebook.com\/ADC.CAT\/","article_modified_time":"2023-05-30T08:56:54+00:00","og_image":[{"url":"https:\/\/adc.cat\/wp-content\/uploads\/2023\/05\/06_XX-web1-1024x683.jpg","type":"","width":"","height":""}],"twitter_card":"summary_large_image","twitter_title":"Taller mensual: \u00bfqu\u00e9 hay que tener en cuenta cuando nos vamos de viaje con diabetes? - ADC \u2013 Associaci\u00f3 de Diabetis de Catalunya","twitter_description":"\u00bfSabes que tienes que llevar en la mochila con diabetes? \u00bfCu\u00e1les son los requisitos b\u00e1sicos, y no tan b\u00e1sicos, a tener en cuenta? \u00bfSabes cu\u00e1l es el certificado m\u00e9dico para llevar cuando marchamos en un vuelo? \u00a1Ven y defin\u00e1moslo entre todos y todas!","twitter_image":"https:\/\/adc.cat\/wp-content\/uploads\/2023\/05\/06_XX-web1-1024x683.jpg","twitter_site":"@ADC_CAT","twitter_misc":{"Tiempo de lectura":"2 minutos"},"schema":{"@context":"https:\/\/schema.org","@graph":[{"@type":"WebPage","@id":"https:\/\/adc.cat\/es\/activitat\/taller-mensual-que-hay-que-tener-en-cuenta-cuando-marchamos-de-viaje-con-diabetes\/","url":"https:\/\/adc.cat\/es\/activitat\/taller-mensual-que-hay-que-tener-en-cuenta-cuando-marchamos-de-viaje-con-diabetes\/","name":"Taller mensual: \u00bfqu\u00e9 hay que tener en cuenta cuando nos vamos de viaje con diabetes? - ADC \u2013 Associaci\u00f3 de Diabetis de Catalunya","isPartOf":{"@id":"https:\/\/adc.cat\/es\/#website"},"primaryImageOfPage":{"@id":"https:\/\/adc.cat\/es\/activitat\/taller-mensual-que-hay-que-tener-en-cuenta-cuando-marchamos-de-viaje-con-diabetes\/#primaryimage"},"image":{"@id":"https:\/\/adc.cat\/es\/activitat\/taller-mensual-que-hay-que-tener-en-cuenta-cuando-marchamos-de-viaje-con-diabetes\/#primaryimage"},"thumbnailUrl":"https:\/\/adc.cat\/wp-content\/uploads\/2023\/05\/06_XX-web1.jpg","datePublished":"2023-05-30T07:29:48+00:00","dateModified":"2023-05-30T08:56:54+00:00","description":"\u00bfSabes que tienes que llevar en la mochila con diabetes? \u00bfCu\u00e1les son los requisitos b\u00e1sicos, y no tan b\u00e1sicos, a tener en cuenta? \u00bfSabes cu\u00e1l es el certificado m\u00e9dico para llevar cuando marchamos en un vuelo? \u00a1Ven y defin\u00e1moslo entre todos y todas!","breadcrumb":{"@id":"https:\/\/adc.cat\/es\/activitat\/taller-mensual-que-hay-que-tener-en-cuenta-cuando-marchamos-de-viaje-con-diabetes\/#breadcrumb"},"inLanguage":"es","potentialAction":[{"@type":"ReadAction","target":["https:\/\/adc.cat\/es\/activitat\/taller-mensual-que-hay-que-tener-en-cuenta-cuando-marchamos-de-viaje-con-diabetes\/"]}]},{"@type":"ImageObject","inLanguage":"es","@id":"https:\/\/adc.cat\/es\/activitat\/taller-mensual-que-hay-que-tener-en-cuenta-cuando-marchamos-de-viaje-con-diabetes\/#primaryimage","url":"https:\/\/adc.cat\/wp-content\/uploads\/2023\/05\/06_XX-web1.jpg","contentUrl":"https:\/\/adc.cat\/wp-content\/uploads\/2023\/05\/06_XX-web1.jpg","width":2560,"height":1707},{"@type":"BreadcrumbList","@id":"https:\/\/adc.cat\/es\/activitat\/taller-mensual-que-hay-que-tener-en-cuenta-cuando-marchamos-de-viaje-con-diabetes\/#breadcrumb","itemListElement":[{"@type":"ListItem","position":1,"name":"Portada","item":"https:\/\/adc.cat\/es\/"},{"@type":"ListItem","position":2,"name":"Eventos","item":"https:\/\/adc.cat\/es\/activitats\/"},{"@type":"ListItem","position":3,"name":"Taller mensual: \u00bfqu\u00e9 hay que tener en cuenta cuando nos vamos de viaje con diabetes?"}]},{"@type":"WebSite","@id":"https:\/\/adc.cat\/es\/#website","url":"https:\/\/adc.cat\/es\/","name":"ADC \u2013 Associaci\u00f3 de Diabetis de Catalunya","description":"L&#039;ADC representa els pacients amb diabetis de Catalunya. Els nostres objectius: informar, aconsellar, ajudar i defensar les persones amb diabetis i promoure la sensibilitzaci\u00f3 de la resta de la societat","publisher":{"@id":"https:\/\/adc.cat\/es\/#organization"},"potentialAction":[{"@type":"SearchAction","target":{"@type":"EntryPoint","urlTemplate":"https:\/\/adc.cat\/es\/?s={search_term_string}"},"query-input":{"@type":"PropertyValueSpecification","valueRequired":true,"valueName":"search_term_string"}}],"inLanguage":"es"},{"@type":"Organization","@id":"https:\/\/adc.cat\/es\/#organization","name":"Associaci\u00f3 de Diabetis de Catalunya","url":"https:\/\/adc.cat\/es\/","logo":{"@type":"ImageObject","inLanguage":"es","@id":"https:\/\/adc.cat\/es\/#\/schema\/logo\/image\/","url":"https:\/\/adc.cat\/wp-content\/uploads\/2022\/01\/associacio_de_diabetis_catalunya.png","contentUrl":"https:\/\/adc.cat\/wp-content\/uploads\/2022\/01\/associacio_de_diabetis_catalunya.png","width":512,"height":239,"caption":"Associaci\u00f3 de Diabetis de Catalunya"},"image":{"@id":"https:\/\/adc.cat\/es\/#\/schema\/logo\/image\/"},"sameAs":["https:\/\/www.facebook.com\/ADC.CAT\/","https:\/\/x.com\/ADC_CAT","https:\/\/www.instagram.com\/adc_cat\/","https:\/\/www.linkedin.com\/company\/associacio-de-diabetis-de-catalunya","https:\/\/www.youtube.com\/channel\/UC7BiJMxG_5sHYUhMAlevAWA"]}]}},"_links":{"self":[{"href":"https:\/\/adc.cat\/es\/wp-json\/wp\/v2\/tribe_events\/39439","targetHints":{"allow":["GET"]}}],"collection":[{"href":"https:\/\/adc.cat\/es\/wp-json\/wp\/v2\/tribe_events"}],"about":[{"href":"https:\/\/adc.cat\/es\/wp-json\/wp\/v2\/types\/tribe_events"}],"author":[{"embeddable":true,"href":"https:\/\/adc.cat\/es\/wp-json\/wp\/v2\/users\/2"}],"version-history":[{"count":11,"href":"https:\/\/adc.cat\/es\/wp-json\/wp\/v2\/tribe_events\/39439\/revisions"}],"predecessor-version":[{"id":39522,"href":"https:\/\/adc.cat\/es\/wp-json\/wp\/v2\/tribe_events\/39439\/revisions\/39522"}],"wp:featuredmedia":[{"embeddable":true,"href":"https:\/\/adc.cat\/es\/wp-json\/wp\/v2\/media\/39440"}],"wp:attachment":[{"href":"https:\/\/adc.cat\/es\/wp-json\/wp\/v2\/media?parent=39439"}],"wp:term":[{"taxonomy":"post_tag","embeddable":true,"href":"https:\/\/adc.cat\/es\/wp-json\/wp\/v2\/tags?post=39439"},{"taxonomy":"tribe_events_cat","embeddable":true,"href":"https:\/\/adc.cat\/es\/wp-json\/wp\/v2\/tribe_events_cat?post=39439"}],"curies":[{"name":"wp","href":"https:\/\/api.w.org\/{rel}","templated":true}]}}