{"id":41060,"date":"2023-11-27T11:09:38","date_gmt":"2023-11-27T10:09:38","guid":{"rendered":"https:\/\/adc.cat\/activitat\/%f0%9f%8d%bd%ef%b8%8f-charla-alimentacion-e-indice-glucemico-%f0%9f%8d%bd%ef%b8%8f\/"},"modified":"2023-12-05T14:00:38","modified_gmt":"2023-12-05T13:00:38","slug":"charla-alimentacion-e-indice-glucemico","status":"publish","type":"tribe_events","link":"https:\/\/adc.cat\/es\/activitat\/charla-alimentacion-e-indice-glucemico\/","title":{"rendered":"\ud83c\udf7d\ufe0f Charla alimentaci\u00f3n e \u00edndice gluc\u00e9mico \ud83c\udf7d\ufe0f"},"content":{"rendered":"<p>[et_pb_section][et_pb_row][et_pb_column type=\u00bb4_4&#8243;][et_pb_text]<\/p>\n<div class=\"flex flex-grow flex-col max-w-full gap-3 gizmo:gap-0\">\n<div class=\"min-h-[20px] text-message flex flex-col items-start gap-3 whitespace-pre-wrap break-words [.text-message+&amp;]:mt-5 overflow-x-auto\" data-message-author-role=\"assistant\" data-message-id=\"4511cf7b-1f38-48ed-89ae-8baa75f0d87d\">\n<div class=\"markdown prose w-full break-words dark:prose-invert light\">\n<p>Entender el \u00edndice gluc\u00e9mico es clave en la gesti\u00f3n de la diabetes, nos permite ajustar la pauta y escoger alimentos que ayuden a mantener los niveles de az\u00facar en sangre m\u00e1s estables, mejorar el control gluc\u00e9mico y encontrarnos mejor. Una alimentaci\u00f3n consciente, focalizada en el \u00edndice gluc\u00e9mico de los alimentos, puede ser una herramienta poderosa por las personas con diabetes, puesto que influye directamente en como el cuerpo procesa los az\u00facares y en la gesti\u00f3n de los niveles de glucosa en sangre. Ven y aprende todos los trucos de la mano de Sara, dietista experta en diabetes.<\/p>\n<p>&nbsp;<\/p>\n<\/div>\n<\/div>\n<\/div>\n<p>\ud83d\udccd <b>\u00bfD\u00f3nde?<\/b> En el ADC l&#8217;Hospitalet, Casal Cultural Sant Josep<\/p>\n<p>C\/ Avenida Isabel La Cat\u00f3lica, n32, bajos, L\u2019Hospitalet de Llobregat (Barcelona)<\/p>\n<p>\ud83d\uddd3\ufe0f <b>Fecha<\/b>: Martes 12 de diciembre<\/p>\n<p>\ud83d\udd56 <b>Hora<\/b>: de las 16.30 hasta las 18.00<\/p>\n<p>\ud83d\udde3\ufe0f \u00a0a cargo de sra. Sara Gallego de Att. al pacient de la ADC y dietista experta en diabetes<\/p>\n<p>&nbsp;<\/p>\n<p><span class=\"d2edcug0 hpfvmrgz qv66sw1b c1et5uql lr9zc1uh a8c37x1j fe6kdd0r mau55g9w c8b282yb keod5gw0 nxhoafnm aigsh9s9 d3f4x2em iv3no6db jq4qci2q a3bd9o3v b1v8xokw oo9gr5id hzawbc8m\" dir=\"auto\">Actividad abierta a todo el mundo.<\/span><\/p>\n<p style=\"text-align: center;\"><a href='https:\/\/adc.playoffinformatica.com\/activitat\/336\/Xerrada-d-alimentacio-i-index-glucemic\/' class='big-button bigblue' target=\"_blank\">Inscripci\u00f3n<\/a><\/p>\n<p>&nbsp;<\/p>\n<p>Si ya te has registrado y no puedes venir a esta actividad, av\u00edsanos para dejar tu plaza libre a 648 791 029 \/ 609 45 65 63 o adclhospitalet@adc.cat. \u00a1Gracias!<\/p>\n<p><span class=\"d2edcug0 hpfvmrgz qv66sw1b c1et5uql lr9zc1uh a8c37x1j fe6kdd0r mau55g9w c8b282yb keod5gw0 nxhoafnm aigsh9s9 d3f4x2em iv3no6db jq4qci2q a3bd9o3v b1v8xokw oo9gr5id hzawbc8m\" dir=\"auto\">Organiza: ADC l&#8217;Hospitalet<br \/>\n<\/span><\/p>\n<p>[\/et_pb_text][\/et_pb_column][\/et_pb_row][\/et_pb_section]<\/p>\n","protected":false},"excerpt":{"rendered":"<p>Com afectar la diabetis al nostre cos?, la informaci\u00f3 ens permet cuidar-nos i tenir una millor qualitat de vida! Vine, comparteix les teves experi\u00e8ncies i apr\u00e8n resolent els teus dubtes!\ud83d\udca5<\/p>\n","protected":false},"author":2,"featured_media":41061,"template":"","meta":{"_et_pb_use_builder":"","_et_pb_old_content":"","_et_gb_content_width":"","_tribe_events_status":"","_tribe_events_status_reason":"","footnotes":""},"tags":[],"tribe_events_cat":[105],"class_list":["post-41060","tribe_events","type-tribe_events","status-publish","has-post-thumbnail","hentry","tribe_events_cat-lhospitalet-es","cat_lhospitalet-es"],"yoast_head":"<!-- This site is optimized with the Yoast SEO plugin v27.4 - https:\/\/yoast.com\/product\/yoast-seo-wordpress\/ -->\n<title>\ud83c\udf7d\ufe0f Charla alimentaci\u00f3n e \u00edndice gluc\u00e9mico \ud83c\udf7d\ufe0f - ADC \u2013 Associaci\u00f3 de Diabetis de Catalunya<\/title>\n<meta name=\"description\" content=\"Entender el \u00edndice gluc\u00e9mico es clave en la gesti\u00f3n de la diabetes, nos permite ajustar la pauta y escoger alimentos que ayuden a mantener los niveles de az\u00facar en sangre m\u00e1s estables, mejorar el control gluc\u00e9mico y encontrarnos mejor. Una alimentaci\u00f3n consciente, focalizada en el \u00edndice gluc\u00e9mico de los alimentos, puede ser una herramienta poderosa por las personas con diabetes, puesto que influye directamente en como el cuerpo procesa los az\u00facares y en la gesti\u00f3n de los niveles de glucosa en sangre. Ven y aprende todos los trucos de la mano de Sara, dietista experta en diabetes.\" \/>\n<meta name=\"robots\" content=\"index, follow, max-snippet:-1, max-image-preview:large, max-video-preview:-1\" \/>\n<link rel=\"canonical\" href=\"https:\/\/adc.cat\/es\/activitat\/charla-alimentacion-e-indice-glucemico\/\" \/>\n<meta property=\"og:locale\" content=\"es_ES\" \/>\n<meta property=\"og:type\" content=\"article\" \/>\n<meta property=\"og:title\" content=\"\ud83c\udf7d\ufe0f Charla alimentaci\u00f3n e \u00edndice gluc\u00e9mico \ud83c\udf7d\ufe0f - ADC \u2013 Associaci\u00f3 de Diabetis de Catalunya\" \/>\n<meta property=\"og:description\" content=\"Entender el \u00edndice gluc\u00e9mico es clave en la gesti\u00f3n de la diabetes, nos permite ajustar la pauta y escoger alimentos que ayuden a mantener los niveles de az\u00facar en sangre m\u00e1s estables, mejorar el control gluc\u00e9mico y encontrarnos mejor. Una alimentaci\u00f3n consciente, focalizada en el \u00edndice gluc\u00e9mico de los alimentos, puede ser una herramienta poderosa por las personas con diabetes, puesto que influye directamente en como el cuerpo procesa los az\u00facares y en la gesti\u00f3n de los niveles de glucosa en sangre. Ven y aprende todos los trucos de la mano de Sara, dietista experta en diabetes.\" \/>\n<meta property=\"og:url\" content=\"https:\/\/adc.cat\/es\/activitat\/charla-alimentacion-e-indice-glucemico\/\" \/>\n<meta property=\"og:site_name\" content=\"ADC \u2013 Associaci\u00f3 de Diabetis de Catalunya\" \/>\n<meta property=\"article:publisher\" content=\"https:\/\/www.facebook.com\/ADC.CAT\/\" \/>\n<meta property=\"article:modified_time\" content=\"2023-12-05T13:00:38+00:00\" \/>\n<meta property=\"og:image\" content=\"https:\/\/adc.cat\/wp-content\/uploads\/2023\/11\/web9-1024x683.jpg\" \/>\n<meta name=\"twitter:card\" content=\"summary_large_image\" \/>\n<meta name=\"twitter:title\" content=\"\ud83c\udf7d\ufe0f Charla alimentaci\u00f3n e \u00edndice gluc\u00e9mico \ud83c\udf7d\ufe0f - ADC \u2013 Associaci\u00f3 de Diabetis de Catalunya\" \/>\n<meta name=\"twitter:description\" content=\"Entender el \u00edndice gluc\u00e9mico es clave en la gesti\u00f3n de la diabetes, nos permite ajustar la pauta y escoger alimentos que ayuden a mantener los niveles de az\u00facar en sangre m\u00e1s estables, mejorar el control gluc\u00e9mico y encontrarnos mejor. Una alimentaci\u00f3n consciente, focalizada en el \u00edndice gluc\u00e9mico de los alimentos, puede ser una herramienta poderosa por las personas con diabetes, puesto que influye directamente en como el cuerpo procesa los az\u00facares y en la gesti\u00f3n de los niveles de glucosa en sangre. Ven y aprende todos los trucos de la mano de Sara, dietista experta en diabetes.\" \/>\n<meta name=\"twitter:image\" content=\"https:\/\/adc.cat\/wp-content\/uploads\/2023\/11\/web9-1024x683.jpg\" \/>\n<meta name=\"twitter:site\" content=\"@ADC_CAT\" \/>\n<meta name=\"twitter:label1\" content=\"Tiempo de lectura\" \/>\n\t<meta name=\"twitter:data1\" content=\"2 minutos\" \/>\n<script type=\"application\/ld+json\" class=\"yoast-schema-graph\">{\"@context\":\"https:\\\/\\\/schema.org\",\"@graph\":[{\"@type\":\"WebPage\",\"@id\":\"https:\\\/\\\/adc.cat\\\/es\\\/activitat\\\/charla-alimentacion-e-indice-glucemico\\\/\",\"url\":\"https:\\\/\\\/adc.cat\\\/es\\\/activitat\\\/charla-alimentacion-e-indice-glucemico\\\/\",\"name\":\"\ud83c\udf7d\ufe0f Charla alimentaci\u00f3n e \u00edndice gluc\u00e9mico \ud83c\udf7d\ufe0f - ADC \u2013 Associaci\u00f3 de Diabetis de Catalunya\",\"isPartOf\":{\"@id\":\"https:\\\/\\\/adc.cat\\\/es\\\/#website\"},\"primaryImageOfPage\":{\"@id\":\"https:\\\/\\\/adc.cat\\\/es\\\/activitat\\\/charla-alimentacion-e-indice-glucemico\\\/#primaryimage\"},\"image\":{\"@id\":\"https:\\\/\\\/adc.cat\\\/es\\\/activitat\\\/charla-alimentacion-e-indice-glucemico\\\/#primaryimage\"},\"thumbnailUrl\":\"https:\\\/\\\/adc.cat\\\/wp-content\\\/uploads\\\/2023\\\/11\\\/web9-scaled.jpg\",\"datePublished\":\"2023-11-27T10:09:38+00:00\",\"dateModified\":\"2023-12-05T13:00:38+00:00\",\"description\":\"Entender el \u00edndice gluc\u00e9mico es clave en la gesti\u00f3n de la diabetes, nos permite ajustar la pauta y escoger alimentos que ayuden a mantener los niveles de az\u00facar en sangre m\u00e1s estables, mejorar el control gluc\u00e9mico y encontrarnos mejor. Una alimentaci\u00f3n consciente, focalizada en el \u00edndice gluc\u00e9mico de los alimentos, puede ser una herramienta poderosa por las personas con diabetes, puesto que influye directamente en como el cuerpo procesa los az\u00facares y en la gesti\u00f3n de los niveles de glucosa en sangre. Ven y aprende todos los trucos de la mano de Sara, dietista experta en diabetes.\",\"breadcrumb\":{\"@id\":\"https:\\\/\\\/adc.cat\\\/es\\\/activitat\\\/charla-alimentacion-e-indice-glucemico\\\/#breadcrumb\"},\"inLanguage\":\"es\",\"potentialAction\":[{\"@type\":\"ReadAction\",\"target\":[\"https:\\\/\\\/adc.cat\\\/es\\\/activitat\\\/charla-alimentacion-e-indice-glucemico\\\/\"]}]},{\"@type\":\"ImageObject\",\"inLanguage\":\"es\",\"@id\":\"https:\\\/\\\/adc.cat\\\/es\\\/activitat\\\/charla-alimentacion-e-indice-glucemico\\\/#primaryimage\",\"url\":\"https:\\\/\\\/adc.cat\\\/wp-content\\\/uploads\\\/2023\\\/11\\\/web9-scaled.jpg\",\"contentUrl\":\"https:\\\/\\\/adc.cat\\\/wp-content\\\/uploads\\\/2023\\\/11\\\/web9-scaled.jpg\",\"width\":2560,\"height\":1707},{\"@type\":\"BreadcrumbList\",\"@id\":\"https:\\\/\\\/adc.cat\\\/es\\\/activitat\\\/charla-alimentacion-e-indice-glucemico\\\/#breadcrumb\",\"itemListElement\":[{\"@type\":\"ListItem\",\"position\":1,\"name\":\"Portada\",\"item\":\"https:\\\/\\\/adc.cat\\\/es\\\/\"},{\"@type\":\"ListItem\",\"position\":2,\"name\":\"Eventos\",\"item\":\"https:\\\/\\\/adc.cat\\\/es\\\/activitats\\\/\"},{\"@type\":\"ListItem\",\"position\":3,\"name\":\"\ud83c\udf7d\ufe0f Charla alimentaci\u00f3n e \u00edndice gluc\u00e9mico \ud83c\udf7d\ufe0f\"}]},{\"@type\":\"WebSite\",\"@id\":\"https:\\\/\\\/adc.cat\\\/es\\\/#website\",\"url\":\"https:\\\/\\\/adc.cat\\\/es\\\/\",\"name\":\"ADC \u2013 Associaci\u00f3 de Diabetis de Catalunya\",\"description\":\"L&#039;ADC representa els pacients amb diabetis de Catalunya. Els nostres objectius: informar, aconsellar, ajudar i defensar les persones amb diabetis i promoure la sensibilitzaci\u00f3 de la resta de la societat\",\"publisher\":{\"@id\":\"https:\\\/\\\/adc.cat\\\/es\\\/#organization\"},\"potentialAction\":[{\"@type\":\"SearchAction\",\"target\":{\"@type\":\"EntryPoint\",\"urlTemplate\":\"https:\\\/\\\/adc.cat\\\/es\\\/?s={search_term_string}\"},\"query-input\":{\"@type\":\"PropertyValueSpecification\",\"valueRequired\":true,\"valueName\":\"search_term_string\"}}],\"inLanguage\":\"es\"},{\"@type\":\"Organization\",\"@id\":\"https:\\\/\\\/adc.cat\\\/es\\\/#organization\",\"name\":\"Associaci\u00f3 de Diabetis de Catalunya\",\"url\":\"https:\\\/\\\/adc.cat\\\/es\\\/\",\"logo\":{\"@type\":\"ImageObject\",\"inLanguage\":\"es\",\"@id\":\"https:\\\/\\\/adc.cat\\\/es\\\/#\\\/schema\\\/logo\\\/image\\\/\",\"url\":\"https:\\\/\\\/adc.cat\\\/wp-content\\\/uploads\\\/2022\\\/01\\\/associacio_de_diabetis_catalunya.png\",\"contentUrl\":\"https:\\\/\\\/adc.cat\\\/wp-content\\\/uploads\\\/2022\\\/01\\\/associacio_de_diabetis_catalunya.png\",\"width\":512,\"height\":239,\"caption\":\"Associaci\u00f3 de Diabetis de Catalunya\"},\"image\":{\"@id\":\"https:\\\/\\\/adc.cat\\\/es\\\/#\\\/schema\\\/logo\\\/image\\\/\"},\"sameAs\":[\"https:\\\/\\\/www.facebook.com\\\/ADC.CAT\\\/\",\"https:\\\/\\\/x.com\\\/ADC_CAT\",\"https:\\\/\\\/www.instagram.com\\\/adc_cat\\\/\",\"https:\\\/\\\/www.linkedin.com\\\/company\\\/associacio-de-diabetis-de-catalunya\",\"https:\\\/\\\/www.youtube.com\\\/channel\\\/UC7BiJMxG_5sHYUhMAlevAWA\"]}]}<\/script>\n<!-- \/ Yoast SEO plugin. -->","yoast_head_json":{"title":"\ud83c\udf7d\ufe0f Charla alimentaci\u00f3n e \u00edndice gluc\u00e9mico \ud83c\udf7d\ufe0f - ADC \u2013 Associaci\u00f3 de Diabetis de Catalunya","description":"Entender el \u00edndice gluc\u00e9mico es clave en la gesti\u00f3n de la diabetes, nos permite ajustar la pauta y escoger alimentos que ayuden a mantener los niveles de az\u00facar en sangre m\u00e1s estables, mejorar el control gluc\u00e9mico y encontrarnos mejor. Una alimentaci\u00f3n consciente, focalizada en el \u00edndice gluc\u00e9mico de los alimentos, puede ser una herramienta poderosa por las personas con diabetes, puesto que influye directamente en como el cuerpo procesa los az\u00facares y en la gesti\u00f3n de los niveles de glucosa en sangre. Ven y aprende todos los trucos de la mano de Sara, dietista experta en diabetes.","robots":{"index":"index","follow":"follow","max-snippet":"max-snippet:-1","max-image-preview":"max-image-preview:large","max-video-preview":"max-video-preview:-1"},"canonical":"https:\/\/adc.cat\/es\/activitat\/charla-alimentacion-e-indice-glucemico\/","og_locale":"es_ES","og_type":"article","og_title":"\ud83c\udf7d\ufe0f Charla alimentaci\u00f3n e \u00edndice gluc\u00e9mico \ud83c\udf7d\ufe0f - ADC \u2013 Associaci\u00f3 de Diabetis de Catalunya","og_description":"Entender el \u00edndice gluc\u00e9mico es clave en la gesti\u00f3n de la diabetes, nos permite ajustar la pauta y escoger alimentos que ayuden a mantener los niveles de az\u00facar en sangre m\u00e1s estables, mejorar el control gluc\u00e9mico y encontrarnos mejor. Una alimentaci\u00f3n consciente, focalizada en el \u00edndice gluc\u00e9mico de los alimentos, puede ser una herramienta poderosa por las personas con diabetes, puesto que influye directamente en como el cuerpo procesa los az\u00facares y en la gesti\u00f3n de los niveles de glucosa en sangre. Ven y aprende todos los trucos de la mano de Sara, dietista experta en diabetes.","og_url":"https:\/\/adc.cat\/es\/activitat\/charla-alimentacion-e-indice-glucemico\/","og_site_name":"ADC \u2013 Associaci\u00f3 de Diabetis de Catalunya","article_publisher":"https:\/\/www.facebook.com\/ADC.CAT\/","article_modified_time":"2023-12-05T13:00:38+00:00","og_image":[{"url":"https:\/\/adc.cat\/wp-content\/uploads\/2023\/11\/web9-1024x683.jpg","type":"","width":"","height":""}],"twitter_card":"summary_large_image","twitter_title":"\ud83c\udf7d\ufe0f Charla alimentaci\u00f3n e \u00edndice gluc\u00e9mico \ud83c\udf7d\ufe0f - ADC \u2013 Associaci\u00f3 de Diabetis de Catalunya","twitter_description":"Entender el \u00edndice gluc\u00e9mico es clave en la gesti\u00f3n de la diabetes, nos permite ajustar la pauta y escoger alimentos que ayuden a mantener los niveles de az\u00facar en sangre m\u00e1s estables, mejorar el control gluc\u00e9mico y encontrarnos mejor. Una alimentaci\u00f3n consciente, focalizada en el \u00edndice gluc\u00e9mico de los alimentos, puede ser una herramienta poderosa por las personas con diabetes, puesto que influye directamente en como el cuerpo procesa los az\u00facares y en la gesti\u00f3n de los niveles de glucosa en sangre. Ven y aprende todos los trucos de la mano de Sara, dietista experta en diabetes.","twitter_image":"https:\/\/adc.cat\/wp-content\/uploads\/2023\/11\/web9-1024x683.jpg","twitter_site":"@ADC_CAT","twitter_misc":{"Tiempo de lectura":"2 minutos"},"schema":{"@context":"https:\/\/schema.org","@graph":[{"@type":"WebPage","@id":"https:\/\/adc.cat\/es\/activitat\/charla-alimentacion-e-indice-glucemico\/","url":"https:\/\/adc.cat\/es\/activitat\/charla-alimentacion-e-indice-glucemico\/","name":"\ud83c\udf7d\ufe0f Charla alimentaci\u00f3n e \u00edndice gluc\u00e9mico \ud83c\udf7d\ufe0f - ADC \u2013 Associaci\u00f3 de Diabetis de Catalunya","isPartOf":{"@id":"https:\/\/adc.cat\/es\/#website"},"primaryImageOfPage":{"@id":"https:\/\/adc.cat\/es\/activitat\/charla-alimentacion-e-indice-glucemico\/#primaryimage"},"image":{"@id":"https:\/\/adc.cat\/es\/activitat\/charla-alimentacion-e-indice-glucemico\/#primaryimage"},"thumbnailUrl":"https:\/\/adc.cat\/wp-content\/uploads\/2023\/11\/web9-scaled.jpg","datePublished":"2023-11-27T10:09:38+00:00","dateModified":"2023-12-05T13:00:38+00:00","description":"Entender el \u00edndice gluc\u00e9mico es clave en la gesti\u00f3n de la diabetes, nos permite ajustar la pauta y escoger alimentos que ayuden a mantener los niveles de az\u00facar en sangre m\u00e1s estables, mejorar el control gluc\u00e9mico y encontrarnos mejor. Una alimentaci\u00f3n consciente, focalizada en el \u00edndice gluc\u00e9mico de los alimentos, puede ser una herramienta poderosa por las personas con diabetes, puesto que influye directamente en como el cuerpo procesa los az\u00facares y en la gesti\u00f3n de los niveles de glucosa en sangre. Ven y aprende todos los trucos de la mano de Sara, dietista experta en diabetes.","breadcrumb":{"@id":"https:\/\/adc.cat\/es\/activitat\/charla-alimentacion-e-indice-glucemico\/#breadcrumb"},"inLanguage":"es","potentialAction":[{"@type":"ReadAction","target":["https:\/\/adc.cat\/es\/activitat\/charla-alimentacion-e-indice-glucemico\/"]}]},{"@type":"ImageObject","inLanguage":"es","@id":"https:\/\/adc.cat\/es\/activitat\/charla-alimentacion-e-indice-glucemico\/#primaryimage","url":"https:\/\/adc.cat\/wp-content\/uploads\/2023\/11\/web9-scaled.jpg","contentUrl":"https:\/\/adc.cat\/wp-content\/uploads\/2023\/11\/web9-scaled.jpg","width":2560,"height":1707},{"@type":"BreadcrumbList","@id":"https:\/\/adc.cat\/es\/activitat\/charla-alimentacion-e-indice-glucemico\/#breadcrumb","itemListElement":[{"@type":"ListItem","position":1,"name":"Portada","item":"https:\/\/adc.cat\/es\/"},{"@type":"ListItem","position":2,"name":"Eventos","item":"https:\/\/adc.cat\/es\/activitats\/"},{"@type":"ListItem","position":3,"name":"\ud83c\udf7d\ufe0f Charla alimentaci\u00f3n e \u00edndice gluc\u00e9mico \ud83c\udf7d\ufe0f"}]},{"@type":"WebSite","@id":"https:\/\/adc.cat\/es\/#website","url":"https:\/\/adc.cat\/es\/","name":"ADC \u2013 Associaci\u00f3 de Diabetis de Catalunya","description":"L&#039;ADC representa els pacients amb diabetis de Catalunya. Els nostres objectius: informar, aconsellar, ajudar i defensar les persones amb diabetis i promoure la sensibilitzaci\u00f3 de la resta de la societat","publisher":{"@id":"https:\/\/adc.cat\/es\/#organization"},"potentialAction":[{"@type":"SearchAction","target":{"@type":"EntryPoint","urlTemplate":"https:\/\/adc.cat\/es\/?s={search_term_string}"},"query-input":{"@type":"PropertyValueSpecification","valueRequired":true,"valueName":"search_term_string"}}],"inLanguage":"es"},{"@type":"Organization","@id":"https:\/\/adc.cat\/es\/#organization","name":"Associaci\u00f3 de Diabetis de Catalunya","url":"https:\/\/adc.cat\/es\/","logo":{"@type":"ImageObject","inLanguage":"es","@id":"https:\/\/adc.cat\/es\/#\/schema\/logo\/image\/","url":"https:\/\/adc.cat\/wp-content\/uploads\/2022\/01\/associacio_de_diabetis_catalunya.png","contentUrl":"https:\/\/adc.cat\/wp-content\/uploads\/2022\/01\/associacio_de_diabetis_catalunya.png","width":512,"height":239,"caption":"Associaci\u00f3 de Diabetis de Catalunya"},"image":{"@id":"https:\/\/adc.cat\/es\/#\/schema\/logo\/image\/"},"sameAs":["https:\/\/www.facebook.com\/ADC.CAT\/","https:\/\/x.com\/ADC_CAT","https:\/\/www.instagram.com\/adc_cat\/","https:\/\/www.linkedin.com\/company\/associacio-de-diabetis-de-catalunya","https:\/\/www.youtube.com\/channel\/UC7BiJMxG_5sHYUhMAlevAWA"]}]}},"_links":{"self":[{"href":"https:\/\/adc.cat\/es\/wp-json\/wp\/v2\/tribe_events\/41060","targetHints":{"allow":["GET"]}}],"collection":[{"href":"https:\/\/adc.cat\/es\/wp-json\/wp\/v2\/tribe_events"}],"about":[{"href":"https:\/\/adc.cat\/es\/wp-json\/wp\/v2\/types\/tribe_events"}],"author":[{"embeddable":true,"href":"https:\/\/adc.cat\/es\/wp-json\/wp\/v2\/users\/2"}],"version-history":[{"count":6,"href":"https:\/\/adc.cat\/es\/wp-json\/wp\/v2\/tribe_events\/41060\/revisions"}],"predecessor-version":[{"id":41109,"href":"https:\/\/adc.cat\/es\/wp-json\/wp\/v2\/tribe_events\/41060\/revisions\/41109"}],"wp:featuredmedia":[{"embeddable":true,"href":"https:\/\/adc.cat\/es\/wp-json\/wp\/v2\/media\/41061"}],"wp:attachment":[{"href":"https:\/\/adc.cat\/es\/wp-json\/wp\/v2\/media?parent=41060"}],"wp:term":[{"taxonomy":"post_tag","embeddable":true,"href":"https:\/\/adc.cat\/es\/wp-json\/wp\/v2\/tags?post=41060"},{"taxonomy":"tribe_events_cat","embeddable":true,"href":"https:\/\/adc.cat\/es\/wp-json\/wp\/v2\/tribe_events_cat?post=41060"}],"curies":[{"name":"wp","href":"https:\/\/api.w.org\/{rel}","templated":true}]}}