{"id":41071,"date":"2023-11-26T18:00:26","date_gmt":"2023-11-26T17:00:26","guid":{"rendered":"https:\/\/adc.cat\/activitat\/%f0%9f%91%a8%f0%9f%8f%bb%f0%9f%a6%b1-la-menopausia-y-la-diabetes-%f0%9f%91%a9%f0%9f%8f%bc%f0%9f%a6%b3\/"},"modified":"2023-11-27T11:31:10","modified_gmt":"2023-11-27T10:31:10","slug":"la-menopausia-y-la-diabete","status":"publish","type":"tribe_events","link":"https:\/\/adc.cat\/es\/activitat\/la-menopausia-y-la-diabete\/","title":{"rendered":"\ud83d\udc68\ud83c\udffb\u200d\ud83e\uddb1 La menopausia y la diabetes \ud83d\udc69\ud83c\udffc\u200d\ud83e\uddb3"},"content":{"rendered":"<p>[et_pb_section][et_pb_row][et_pb_column type=\u00bb4_4&#8243;][et_pb_text]<\/p>\n<p>La menopausia y la diabetes son realidades de la vida de la mujer con diabetes que, al converger, requieren un enfoque integral de cura para gestionar los cambios hormonales y el control gluc\u00e9mico. Estos hechos destacan la importancia de una atenci\u00f3n m\u00e9dica personalizada que aborde tanto las transformaciones hormonales como los retos espec\u00edficos.<\/p>\n<p>Ven, resuelve dudas y escucha la experiencia de mano de profesionales.<\/p>\n<p><img decoding=\"async\" class=\"emoji\" role=\"img\" draggable=\"false\" src=\"https:\/\/s.w.org\/images\/core\/emoji\/14.0.0\/svg\/1f4cd.svg\" alt=\"\ud83d\udccd\" \/> D\u00f3nde? A ADC Servicios Centrales<\/p>\n<p>Delegaci\u00f3n ADC Barcelona (C\/ Consejo de Ciento, 143 1.\u00ba 3.\u00aa)<\/p>\n<p><img decoding=\"async\" class=\"emoji\" role=\"img\" draggable=\"false\" src=\"https:\/\/s.w.org\/images\/core\/emoji\/14.0.0\/svg\/1f5d3.svg\" alt=\"\ud83d\uddd3\ufe0f\" \/> Fecha: Martes 12 de diciembre<\/p>\n<p><img decoding=\"async\" class=\"emoji\" role=\"img\" draggable=\"false\" src=\"https:\/\/s.w.org\/images\/core\/emoji\/14.0.0\/svg\/1f556.svg\" alt=\"\ud83d\udd56\" \/> Hora: a las 18.00 horas hasta las 19.30<\/p>\n<p><img decoding=\"async\" class=\"emoji\" role=\"img\" draggable=\"false\" src=\"https:\/\/s.w.org\/images\/core\/emoji\/14.0.0\/svg\/1f5e3.svg\" alt=\"\ud83d\udde3\ufe0f\" \/> a cargo de sra. Marta Ros, dietista-nutricionista experta en diabetes<\/p>\n<p>Inscr\u00edbete en el link.<\/p>\n<p>&nbsp;<\/p>\n<p style=\"text-align: center;\"><a href='https:\/\/adc.playoffinformatica.com\/activitat\/335\/La-menopausia-en-la-diabetis\/' class='big-button bigblue' target=\"_blank\">Inscripci\u00f3n<\/a><\/p>\n<p>&nbsp;<\/p>\n<p>M\u00e1s informaci\u00f3n <span class=\"fe5nidar khvhiq1o r5qsrrlp i5tg98hk f9ovudaz przvwfww gx1rr48f gfz4du6o r7fjleex nz2484kf svot0ezm dcnh1tix sxl192xd t3g6t33p\"><span class=\"mpj7bzys xzlurrtv\">\ud83d\udce9<\/span><\/span> <a href=\"mailto:adcgirona@adc.cat\">adc@adc.cat<\/a>. <span class=\"fe5nidar khvhiq1o r5qsrrlp i5tg98hk f9ovudaz przvwfww gx1rr48f gfz4du6o r7fjleex nz2484kf svot0ezm dcnh1tix sxl192xd t3g6t33p\"><span class=\"mpj7bzys xzlurrtv\">\ud83d\udcde<\/span><\/span>Tel. 934513406.<\/p>\n<p>Organitzado por: Serveis Centrals de l&#8217;ADC.<\/p>\n<p>&nbsp;<\/p>\n<p>[\/et_pb_text][\/et_pb_column][\/et_pb_row][\/et_pb_section]<\/p>\n","protected":false},"excerpt":{"rendered":"<p>La menopausia y la diabetes son realidades de la vida de la mujer con diabetes que, al converger, requieren un enfoque integral de cura para gestionar los cambios hormonales y el control gluc\u00e9mico. Estos hechos destacan la importancia de una atenci\u00f3n m\u00e9dica personalizada que aborde tanto las transformaciones hormonales como los retos espec\u00edficos.<\/p>\n","protected":false},"author":2,"featured_media":41063,"template":"","meta":{"_et_pb_use_builder":"","_et_pb_old_content":"","_et_gb_content_width":"","_tribe_events_status":"","_tribe_events_status_reason":"","footnotes":""},"tags":[],"tribe_events_cat":[69],"class_list":["post-41071","tribe_events","type-tribe_events","status-publish","has-post-thumbnail","hentry","tribe_events_cat-barcelona-es","cat_barcelona-es"],"yoast_head":"<!-- This site is optimized with the Yoast SEO plugin v27.4 - https:\/\/yoast.com\/product\/yoast-seo-wordpress\/ -->\n<title>\ud83d\udc68\ud83c\udffb\u200d\ud83e\uddb1 La menopausia y la diabetes \ud83d\udc69\ud83c\udffc\u200d\ud83e\uddb3 - ADC \u2013 Associaci\u00f3 de Diabetis de Catalunya<\/title>\n<meta name=\"description\" content=\"La menopausia y la diabetes son realidades de la vida de la mujer con diabetes que, al converger, requieren un enfoque integral de cura para gestionar los cambios hormonales y el control gluc\u00e9mico. Estos hechos destacan la importancia de una atenci\u00f3n m\u00e9dica personalizada que aborde tanto las transformaciones hormonales como los retos espec\u00edficos.\" \/>\n<meta name=\"robots\" content=\"index, follow, max-snippet:-1, max-image-preview:large, max-video-preview:-1\" \/>\n<link rel=\"canonical\" href=\"https:\/\/adc.cat\/es\/activitat\/la-menopausia-y-la-diabete\/\" \/>\n<meta property=\"og:locale\" content=\"es_ES\" \/>\n<meta property=\"og:type\" content=\"article\" \/>\n<meta property=\"og:title\" content=\"\ud83d\udc68\ud83c\udffb\u200d\ud83e\uddb1 La menopausia y la diabetes \ud83d\udc69\ud83c\udffc\u200d\ud83e\uddb3 - ADC \u2013 Associaci\u00f3 de Diabetis de Catalunya\" \/>\n<meta property=\"og:description\" content=\"La menopausia y la diabetes son realidades de la vida de la mujer con diabetes que, al converger, requieren un enfoque integral de cura para gestionar los cambios hormonales y el control gluc\u00e9mico. Estos hechos destacan la importancia de una atenci\u00f3n m\u00e9dica personalizada que aborde tanto las transformaciones hormonales como los retos espec\u00edficos.\" \/>\n<meta property=\"og:url\" content=\"https:\/\/adc.cat\/es\/activitat\/la-menopausia-y-la-diabete\/\" \/>\n<meta property=\"og:site_name\" content=\"ADC \u2013 Associaci\u00f3 de Diabetis de Catalunya\" \/>\n<meta property=\"article:publisher\" content=\"https:\/\/www.facebook.com\/ADC.CAT\/\" \/>\n<meta property=\"article:modified_time\" content=\"2023-11-27T10:31:10+00:00\" \/>\n<meta property=\"og:image\" content=\"https:\/\/adc.cat\/wp-content\/uploads\/2023\/11\/web8-1024x683.jpg\" \/>\n<meta name=\"twitter:card\" content=\"summary_large_image\" \/>\n<meta name=\"twitter:title\" content=\"\ud83d\udc68\ud83c\udffb\u200d\ud83e\uddb1 La menopausia y la diabetes \ud83d\udc69\ud83c\udffc\u200d\ud83e\uddb3 - ADC \u2013 Associaci\u00f3 de Diabetis de Catalunya\" \/>\n<meta name=\"twitter:description\" content=\"La menopausia y la diabetes son realidades de la vida de la mujer con diabetes que, al converger, requieren un enfoque integral de cura para gestionar los cambios hormonales y el control gluc\u00e9mico. Estos hechos destacan la importancia de una atenci\u00f3n m\u00e9dica personalizada que aborde tanto las transformaciones hormonales como los retos espec\u00edficos.\" \/>\n<meta name=\"twitter:image\" content=\"https:\/\/adc.cat\/wp-content\/uploads\/2023\/11\/web8-1024x683.jpg\" \/>\n<meta name=\"twitter:site\" content=\"@ADC_CAT\" \/>\n<meta name=\"twitter:label1\" content=\"Tiempo de lectura\" \/>\n\t<meta name=\"twitter:data1\" content=\"2 minutos\" \/>\n<script type=\"application\/ld+json\" class=\"yoast-schema-graph\">{\"@context\":\"https:\\\/\\\/schema.org\",\"@graph\":[{\"@type\":\"WebPage\",\"@id\":\"https:\\\/\\\/adc.cat\\\/es\\\/activitat\\\/la-menopausia-y-la-diabete\\\/\",\"url\":\"https:\\\/\\\/adc.cat\\\/es\\\/activitat\\\/la-menopausia-y-la-diabete\\\/\",\"name\":\"\ud83d\udc68\ud83c\udffb\u200d\ud83e\uddb1 La menopausia y la diabetes \ud83d\udc69\ud83c\udffc\u200d\ud83e\uddb3 - ADC \u2013 Associaci\u00f3 de Diabetis de Catalunya\",\"isPartOf\":{\"@id\":\"https:\\\/\\\/adc.cat\\\/es\\\/#website\"},\"primaryImageOfPage\":{\"@id\":\"https:\\\/\\\/adc.cat\\\/es\\\/activitat\\\/la-menopausia-y-la-diabete\\\/#primaryimage\"},\"image\":{\"@id\":\"https:\\\/\\\/adc.cat\\\/es\\\/activitat\\\/la-menopausia-y-la-diabete\\\/#primaryimage\"},\"thumbnailUrl\":\"https:\\\/\\\/adc.cat\\\/wp-content\\\/uploads\\\/2023\\\/11\\\/web8-scaled.jpg\",\"datePublished\":\"2023-11-26T17:00:26+00:00\",\"dateModified\":\"2023-11-27T10:31:10+00:00\",\"description\":\"La menopausia y la diabetes son realidades de la vida de la mujer con diabetes que, al converger, requieren un enfoque integral de cura para gestionar los cambios hormonales y el control gluc\u00e9mico. Estos hechos destacan la importancia de una atenci\u00f3n m\u00e9dica personalizada que aborde tanto las transformaciones hormonales como los retos espec\u00edficos.\",\"breadcrumb\":{\"@id\":\"https:\\\/\\\/adc.cat\\\/es\\\/activitat\\\/la-menopausia-y-la-diabete\\\/#breadcrumb\"},\"inLanguage\":\"es\",\"potentialAction\":[{\"@type\":\"ReadAction\",\"target\":[\"https:\\\/\\\/adc.cat\\\/es\\\/activitat\\\/la-menopausia-y-la-diabete\\\/\"]}]},{\"@type\":\"ImageObject\",\"inLanguage\":\"es\",\"@id\":\"https:\\\/\\\/adc.cat\\\/es\\\/activitat\\\/la-menopausia-y-la-diabete\\\/#primaryimage\",\"url\":\"https:\\\/\\\/adc.cat\\\/wp-content\\\/uploads\\\/2023\\\/11\\\/web8-scaled.jpg\",\"contentUrl\":\"https:\\\/\\\/adc.cat\\\/wp-content\\\/uploads\\\/2023\\\/11\\\/web8-scaled.jpg\",\"width\":2560,\"height\":1707},{\"@type\":\"BreadcrumbList\",\"@id\":\"https:\\\/\\\/adc.cat\\\/es\\\/activitat\\\/la-menopausia-y-la-diabete\\\/#breadcrumb\",\"itemListElement\":[{\"@type\":\"ListItem\",\"position\":1,\"name\":\"Portada\",\"item\":\"https:\\\/\\\/adc.cat\\\/es\\\/\"},{\"@type\":\"ListItem\",\"position\":2,\"name\":\"Eventos\",\"item\":\"https:\\\/\\\/adc.cat\\\/es\\\/activitats\\\/\"},{\"@type\":\"ListItem\",\"position\":3,\"name\":\"\ud83d\udc68\ud83c\udffb\u200d\ud83e\uddb1 La menopausia y la diabetes \ud83d\udc69\ud83c\udffc\u200d\ud83e\uddb3\"}]},{\"@type\":\"WebSite\",\"@id\":\"https:\\\/\\\/adc.cat\\\/es\\\/#website\",\"url\":\"https:\\\/\\\/adc.cat\\\/es\\\/\",\"name\":\"ADC \u2013 Associaci\u00f3 de Diabetis de Catalunya\",\"description\":\"L&#039;ADC representa els pacients amb diabetis de Catalunya. Els nostres objectius: informar, aconsellar, ajudar i defensar les persones amb diabetis i promoure la sensibilitzaci\u00f3 de la resta de la societat\",\"publisher\":{\"@id\":\"https:\\\/\\\/adc.cat\\\/es\\\/#organization\"},\"potentialAction\":[{\"@type\":\"SearchAction\",\"target\":{\"@type\":\"EntryPoint\",\"urlTemplate\":\"https:\\\/\\\/adc.cat\\\/es\\\/?s={search_term_string}\"},\"query-input\":{\"@type\":\"PropertyValueSpecification\",\"valueRequired\":true,\"valueName\":\"search_term_string\"}}],\"inLanguage\":\"es\"},{\"@type\":\"Organization\",\"@id\":\"https:\\\/\\\/adc.cat\\\/es\\\/#organization\",\"name\":\"Associaci\u00f3 de Diabetis de Catalunya\",\"url\":\"https:\\\/\\\/adc.cat\\\/es\\\/\",\"logo\":{\"@type\":\"ImageObject\",\"inLanguage\":\"es\",\"@id\":\"https:\\\/\\\/adc.cat\\\/es\\\/#\\\/schema\\\/logo\\\/image\\\/\",\"url\":\"https:\\\/\\\/adc.cat\\\/wp-content\\\/uploads\\\/2022\\\/01\\\/associacio_de_diabetis_catalunya.png\",\"contentUrl\":\"https:\\\/\\\/adc.cat\\\/wp-content\\\/uploads\\\/2022\\\/01\\\/associacio_de_diabetis_catalunya.png\",\"width\":512,\"height\":239,\"caption\":\"Associaci\u00f3 de Diabetis de Catalunya\"},\"image\":{\"@id\":\"https:\\\/\\\/adc.cat\\\/es\\\/#\\\/schema\\\/logo\\\/image\\\/\"},\"sameAs\":[\"https:\\\/\\\/www.facebook.com\\\/ADC.CAT\\\/\",\"https:\\\/\\\/x.com\\\/ADC_CAT\",\"https:\\\/\\\/www.instagram.com\\\/adc_cat\\\/\",\"https:\\\/\\\/www.linkedin.com\\\/company\\\/associacio-de-diabetis-de-catalunya\",\"https:\\\/\\\/www.youtube.com\\\/channel\\\/UC7BiJMxG_5sHYUhMAlevAWA\"]}]}<\/script>\n<!-- \/ Yoast SEO plugin. -->","yoast_head_json":{"title":"\ud83d\udc68\ud83c\udffb\u200d\ud83e\uddb1 La menopausia y la diabetes \ud83d\udc69\ud83c\udffc\u200d\ud83e\uddb3 - ADC \u2013 Associaci\u00f3 de Diabetis de Catalunya","description":"La menopausia y la diabetes son realidades de la vida de la mujer con diabetes que, al converger, requieren un enfoque integral de cura para gestionar los cambios hormonales y el control gluc\u00e9mico. Estos hechos destacan la importancia de una atenci\u00f3n m\u00e9dica personalizada que aborde tanto las transformaciones hormonales como los retos espec\u00edficos.","robots":{"index":"index","follow":"follow","max-snippet":"max-snippet:-1","max-image-preview":"max-image-preview:large","max-video-preview":"max-video-preview:-1"},"canonical":"https:\/\/adc.cat\/es\/activitat\/la-menopausia-y-la-diabete\/","og_locale":"es_ES","og_type":"article","og_title":"\ud83d\udc68\ud83c\udffb\u200d\ud83e\uddb1 La menopausia y la diabetes \ud83d\udc69\ud83c\udffc\u200d\ud83e\uddb3 - ADC \u2013 Associaci\u00f3 de Diabetis de Catalunya","og_description":"La menopausia y la diabetes son realidades de la vida de la mujer con diabetes que, al converger, requieren un enfoque integral de cura para gestionar los cambios hormonales y el control gluc\u00e9mico. Estos hechos destacan la importancia de una atenci\u00f3n m\u00e9dica personalizada que aborde tanto las transformaciones hormonales como los retos espec\u00edficos.","og_url":"https:\/\/adc.cat\/es\/activitat\/la-menopausia-y-la-diabete\/","og_site_name":"ADC \u2013 Associaci\u00f3 de Diabetis de Catalunya","article_publisher":"https:\/\/www.facebook.com\/ADC.CAT\/","article_modified_time":"2023-11-27T10:31:10+00:00","og_image":[{"url":"https:\/\/adc.cat\/wp-content\/uploads\/2023\/11\/web8-1024x683.jpg","type":"","width":"","height":""}],"twitter_card":"summary_large_image","twitter_title":"\ud83d\udc68\ud83c\udffb\u200d\ud83e\uddb1 La menopausia y la diabetes \ud83d\udc69\ud83c\udffc\u200d\ud83e\uddb3 - ADC \u2013 Associaci\u00f3 de Diabetis de Catalunya","twitter_description":"La menopausia y la diabetes son realidades de la vida de la mujer con diabetes que, al converger, requieren un enfoque integral de cura para gestionar los cambios hormonales y el control gluc\u00e9mico. Estos hechos destacan la importancia de una atenci\u00f3n m\u00e9dica personalizada que aborde tanto las transformaciones hormonales como los retos espec\u00edficos.","twitter_image":"https:\/\/adc.cat\/wp-content\/uploads\/2023\/11\/web8-1024x683.jpg","twitter_site":"@ADC_CAT","twitter_misc":{"Tiempo de lectura":"2 minutos"},"schema":{"@context":"https:\/\/schema.org","@graph":[{"@type":"WebPage","@id":"https:\/\/adc.cat\/es\/activitat\/la-menopausia-y-la-diabete\/","url":"https:\/\/adc.cat\/es\/activitat\/la-menopausia-y-la-diabete\/","name":"\ud83d\udc68\ud83c\udffb\u200d\ud83e\uddb1 La menopausia y la diabetes \ud83d\udc69\ud83c\udffc\u200d\ud83e\uddb3 - ADC \u2013 Associaci\u00f3 de Diabetis de Catalunya","isPartOf":{"@id":"https:\/\/adc.cat\/es\/#website"},"primaryImageOfPage":{"@id":"https:\/\/adc.cat\/es\/activitat\/la-menopausia-y-la-diabete\/#primaryimage"},"image":{"@id":"https:\/\/adc.cat\/es\/activitat\/la-menopausia-y-la-diabete\/#primaryimage"},"thumbnailUrl":"https:\/\/adc.cat\/wp-content\/uploads\/2023\/11\/web8-scaled.jpg","datePublished":"2023-11-26T17:00:26+00:00","dateModified":"2023-11-27T10:31:10+00:00","description":"La menopausia y la diabetes son realidades de la vida de la mujer con diabetes que, al converger, requieren un enfoque integral de cura para gestionar los cambios hormonales y el control gluc\u00e9mico. Estos hechos destacan la importancia de una atenci\u00f3n m\u00e9dica personalizada que aborde tanto las transformaciones hormonales como los retos espec\u00edficos.","breadcrumb":{"@id":"https:\/\/adc.cat\/es\/activitat\/la-menopausia-y-la-diabete\/#breadcrumb"},"inLanguage":"es","potentialAction":[{"@type":"ReadAction","target":["https:\/\/adc.cat\/es\/activitat\/la-menopausia-y-la-diabete\/"]}]},{"@type":"ImageObject","inLanguage":"es","@id":"https:\/\/adc.cat\/es\/activitat\/la-menopausia-y-la-diabete\/#primaryimage","url":"https:\/\/adc.cat\/wp-content\/uploads\/2023\/11\/web8-scaled.jpg","contentUrl":"https:\/\/adc.cat\/wp-content\/uploads\/2023\/11\/web8-scaled.jpg","width":2560,"height":1707},{"@type":"BreadcrumbList","@id":"https:\/\/adc.cat\/es\/activitat\/la-menopausia-y-la-diabete\/#breadcrumb","itemListElement":[{"@type":"ListItem","position":1,"name":"Portada","item":"https:\/\/adc.cat\/es\/"},{"@type":"ListItem","position":2,"name":"Eventos","item":"https:\/\/adc.cat\/es\/activitats\/"},{"@type":"ListItem","position":3,"name":"\ud83d\udc68\ud83c\udffb\u200d\ud83e\uddb1 La menopausia y la diabetes \ud83d\udc69\ud83c\udffc\u200d\ud83e\uddb3"}]},{"@type":"WebSite","@id":"https:\/\/adc.cat\/es\/#website","url":"https:\/\/adc.cat\/es\/","name":"ADC \u2013 Associaci\u00f3 de Diabetis de Catalunya","description":"L&#039;ADC representa els pacients amb diabetis de Catalunya. Els nostres objectius: informar, aconsellar, ajudar i defensar les persones amb diabetis i promoure la sensibilitzaci\u00f3 de la resta de la societat","publisher":{"@id":"https:\/\/adc.cat\/es\/#organization"},"potentialAction":[{"@type":"SearchAction","target":{"@type":"EntryPoint","urlTemplate":"https:\/\/adc.cat\/es\/?s={search_term_string}"},"query-input":{"@type":"PropertyValueSpecification","valueRequired":true,"valueName":"search_term_string"}}],"inLanguage":"es"},{"@type":"Organization","@id":"https:\/\/adc.cat\/es\/#organization","name":"Associaci\u00f3 de Diabetis de Catalunya","url":"https:\/\/adc.cat\/es\/","logo":{"@type":"ImageObject","inLanguage":"es","@id":"https:\/\/adc.cat\/es\/#\/schema\/logo\/image\/","url":"https:\/\/adc.cat\/wp-content\/uploads\/2022\/01\/associacio_de_diabetis_catalunya.png","contentUrl":"https:\/\/adc.cat\/wp-content\/uploads\/2022\/01\/associacio_de_diabetis_catalunya.png","width":512,"height":239,"caption":"Associaci\u00f3 de Diabetis de Catalunya"},"image":{"@id":"https:\/\/adc.cat\/es\/#\/schema\/logo\/image\/"},"sameAs":["https:\/\/www.facebook.com\/ADC.CAT\/","https:\/\/x.com\/ADC_CAT","https:\/\/www.instagram.com\/adc_cat\/","https:\/\/www.linkedin.com\/company\/associacio-de-diabetis-de-catalunya","https:\/\/www.youtube.com\/channel\/UC7BiJMxG_5sHYUhMAlevAWA"]}]}},"_links":{"self":[{"href":"https:\/\/adc.cat\/es\/wp-json\/wp\/v2\/tribe_events\/41071","targetHints":{"allow":["GET"]}}],"collection":[{"href":"https:\/\/adc.cat\/es\/wp-json\/wp\/v2\/tribe_events"}],"about":[{"href":"https:\/\/adc.cat\/es\/wp-json\/wp\/v2\/types\/tribe_events"}],"author":[{"embeddable":true,"href":"https:\/\/adc.cat\/es\/wp-json\/wp\/v2\/users\/2"}],"version-history":[{"count":3,"href":"https:\/\/adc.cat\/es\/wp-json\/wp\/v2\/tribe_events\/41071\/revisions"}],"predecessor-version":[{"id":41074,"href":"https:\/\/adc.cat\/es\/wp-json\/wp\/v2\/tribe_events\/41071\/revisions\/41074"}],"wp:featuredmedia":[{"embeddable":true,"href":"https:\/\/adc.cat\/es\/wp-json\/wp\/v2\/media\/41063"}],"wp:attachment":[{"href":"https:\/\/adc.cat\/es\/wp-json\/wp\/v2\/media?parent=41071"}],"wp:term":[{"taxonomy":"post_tag","embeddable":true,"href":"https:\/\/adc.cat\/es\/wp-json\/wp\/v2\/tags?post=41071"},{"taxonomy":"tribe_events_cat","embeddable":true,"href":"https:\/\/adc.cat\/es\/wp-json\/wp\/v2\/tribe_events_cat?post=41071"}],"curies":[{"name":"wp","href":"https:\/\/api.w.org\/{rel}","templated":true}]}}