{"id":41446,"date":"2024-01-15T14:05:24","date_gmt":"2024-01-15T13:05:24","guid":{"rendered":"https:\/\/adc.cat\/activitat\/%f0%9f%92%9ccharla-las-desigualdades-de-genero-factor-de-riesgo-en-la-salud-mental-de-las-mujeres%f0%9f%92%9c\/"},"modified":"2024-02-05T13:32:35","modified_gmt":"2024-02-05T12:32:35","slug":"charla-las-desigualdades-de-genero-factor-de-riesgo-en-la-salud-mental-de-las-mujeres","status":"publish","type":"tribe_events","link":"https:\/\/adc.cat\/es\/activitat\/charla-las-desigualdades-de-genero-factor-de-riesgo-en-la-salud-mental-de-las-mujeres\/","title":{"rendered":"Charla: Las desigualdades de g\u00e9nero, factor de riesgo en la salud mental de las mujeres"},"content":{"rendered":"<p>[et_pb_section][et_pb_row][et_pb_column type=\u00bb4_4&#8243;][et_pb_text]<\/p>\n<p>Las enfermeras de Barcelona abren un nuevo servicio de promoci\u00f3n de la salud con el Aula de Salud S\u00e9nior, la nueva actividad impulsada por el programa \u201cExpertas 65\u201d, un espacio divulgativo de la salud dirigido a ciudadanos y ciudadanas s\u00e9niors, donde las enfermeras expertas jubiladas abordar\u00e1n temas de actualidad de la salud. La cuarta de las actividades ser\u00e1 el 16 de abril del 2024.<\/p>\n<p>El Colegio Oficial de Enfermeras y Enfermeros de Barcelona (COIB) ha impulsado, a trav\u00e9s del programa \u201cExpertas 65\u201d, el Aula de Salud S\u00e9nior para promover el envejecimiento activo y saludable de los ciudadanos s\u00e9niors, proporcionando informaci\u00f3n sobre los h\u00e1bitos saludables, los recursos sanitarios, los adelantos en la atenci\u00f3n social y sanitaria, etc. Lo COIB busca as\u00ed la manera de contar con el saber y la experiencia que ha adquirido las personas s\u00e9niors durante su trayectoria laboral y as\u00ed, optimizar el talento de las enfermeras jubiladas, puesto que serian ellas las protagonistas de todas estas actividades. Todas las charlas ser\u00e1n \ud83d\udccd al COIB (C\/Subidas 350, Barcelona), en horario por la ma\u00f1ana, \ud83d\udd56 de 11:00h a 12:30h y de inscripci\u00f3n completamente gratuitas. Para inscribiros, solo ten\u00e9is que facilitarnos vuestros datos y a qu\u00e9 charla querr\u00e9is asistir a trav\u00e9s del correo expertes65@coib.cat<\/p>\n<p>CUARTA ACTIVIDAD DEL PROGRAMA \u00abEXPERTAS 65&#8243; : \ud83d\uddd3\ufe0f 16 de abril: \u201cLas desigualdades de g\u00e9nero, factor de riesgo en la salud mental de las mujeres\u00bb<br \/>\ud83d\udde3\ufe0f Dra. Assumpta Rigol, Enfermera especialista en Salud Mental y Antrop\u00f3loga. M\u00e1ster en psiquiatr\u00eda social. Experta en g\u00e9nero y salud y varias modalidades de intervenci\u00f3n terap\u00e9utica.<\/p>\n<p>Organiza COIB (Colegio Oficial de Enfermeras y enfermeros de Barcelona), con el apoyo del ADC.<\/p>\n<p>[\/et_pb_text][\/et_pb_column][\/et_pb_row][\/et_pb_section]<\/p>\n","protected":false},"excerpt":{"rendered":"<p>Diu la teva! Trobada presencial per a adults amb diabetis tipus 1, tipus 2 o LADA. Espai per veure\u2019ns i poder compartir experi\u00e8ncies, viv\u00e8ncies, dubtes i tamb\u00e9 angoixes. \ud83d\udca5<\/p>\n","protected":false},"author":2,"featured_media":41438,"template":"","meta":{"_et_pb_use_builder":"","_et_pb_old_content":"","_et_gb_content_width":"","_tribe_events_status":"","_tribe_events_status_reason":"","footnotes":""},"tags":[],"tribe_events_cat":[69],"class_list":["post-41446","tribe_events","type-tribe_events","status-publish","has-post-thumbnail","hentry","tribe_events_cat-barcelona-es","cat_barcelona-es"],"yoast_head":"<!-- This site is optimized with the Yoast SEO plugin v27.4 - https:\/\/yoast.com\/product\/yoast-seo-wordpress\/ -->\n<title>Charla: Las desigualdades de g\u00e9nero, factor de riesgo en la salud mental de las mujeres - ADC \u2013 Associaci\u00f3 de Diabetis de Catalunya<\/title>\n<meta name=\"description\" content=\"Diu la teva! Trobada presencial per a adults amb diabetis tipus 1, tipus 2 o LADA. Espai per veure\u2019ns i poder compartir experi\u00e8ncies, viv\u00e8ncies, dubtes i tamb\u00e9 angoixes. \ud83d\udca5\" \/>\n<meta name=\"robots\" content=\"index, follow, max-snippet:-1, max-image-preview:large, max-video-preview:-1\" \/>\n<link rel=\"canonical\" href=\"https:\/\/adc.cat\/es\/activitat\/charla-las-desigualdades-de-genero-factor-de-riesgo-en-la-salud-mental-de-las-mujeres\/\" \/>\n<meta property=\"og:locale\" content=\"es_ES\" \/>\n<meta property=\"og:type\" content=\"article\" \/>\n<meta property=\"og:title\" content=\"Charla: Las desigualdades de g\u00e9nero, factor de riesgo en la salud mental de las mujeres - ADC \u2013 Associaci\u00f3 de Diabetis de Catalunya\" \/>\n<meta property=\"og:description\" content=\"Diu la teva! Trobada presencial per a adults amb diabetis tipus 1, tipus 2 o LADA. Espai per veure\u2019ns i poder compartir experi\u00e8ncies, viv\u00e8ncies, dubtes i tamb\u00e9 angoixes. \ud83d\udca5\" \/>\n<meta property=\"og:url\" content=\"https:\/\/adc.cat\/es\/activitat\/charla-las-desigualdades-de-genero-factor-de-riesgo-en-la-salud-mental-de-las-mujeres\/\" \/>\n<meta property=\"og:site_name\" content=\"ADC \u2013 Associaci\u00f3 de Diabetis de Catalunya\" \/>\n<meta property=\"article:publisher\" content=\"https:\/\/www.facebook.com\/ADC.CAT\/\" \/>\n<meta property=\"article:modified_time\" content=\"2024-02-05T12:32:35+00:00\" \/>\n<meta property=\"og:image\" content=\"https:\/\/adc.cat\/wp-content\/uploads\/2023\/09\/web-1-1024x699.jpg\" \/>\n<meta name=\"twitter:card\" content=\"summary_large_image\" \/>\n<meta name=\"twitter:title\" content=\"Charla: Las desigualdades de g\u00e9nero, factor de riesgo en la salud mental de las mujeres - ADC \u2013 Associaci\u00f3 de Diabetis de Catalunya\" \/>\n<meta name=\"twitter:description\" content=\"Diu la teva! Trobada presencial per a adults amb diabetis tipus 1, tipus 2 o LADA. Espai per veure\u2019ns i poder compartir experi\u00e8ncies, viv\u00e8ncies, dubtes i tamb\u00e9 angoixes. \ud83d\udca5\" \/>\n<meta name=\"twitter:image\" content=\"https:\/\/adc.cat\/wp-content\/uploads\/2023\/09\/web-1-1024x699.jpg\" \/>\n<meta name=\"twitter:site\" content=\"@ADC_CAT\" \/>\n<meta name=\"twitter:label1\" content=\"Tiempo de lectura\" \/>\n\t<meta name=\"twitter:data1\" content=\"2 minutos\" \/>\n<script type=\"application\/ld+json\" class=\"yoast-schema-graph\">{\"@context\":\"https:\\\/\\\/schema.org\",\"@graph\":[{\"@type\":\"WebPage\",\"@id\":\"https:\\\/\\\/adc.cat\\\/es\\\/activitat\\\/charla-las-desigualdades-de-genero-factor-de-riesgo-en-la-salud-mental-de-las-mujeres\\\/\",\"url\":\"https:\\\/\\\/adc.cat\\\/es\\\/activitat\\\/charla-las-desigualdades-de-genero-factor-de-riesgo-en-la-salud-mental-de-las-mujeres\\\/\",\"name\":\"Charla: Las desigualdades de g\u00e9nero, factor de riesgo en la salud mental de las mujeres - ADC \u2013 Associaci\u00f3 de Diabetis de Catalunya\",\"isPartOf\":{\"@id\":\"https:\\\/\\\/adc.cat\\\/es\\\/#website\"},\"primaryImageOfPage\":{\"@id\":\"https:\\\/\\\/adc.cat\\\/es\\\/activitat\\\/charla-las-desigualdades-de-genero-factor-de-riesgo-en-la-salud-mental-de-las-mujeres\\\/#primaryimage\"},\"image\":{\"@id\":\"https:\\\/\\\/adc.cat\\\/es\\\/activitat\\\/charla-las-desigualdades-de-genero-factor-de-riesgo-en-la-salud-mental-de-las-mujeres\\\/#primaryimage\"},\"thumbnailUrl\":\"https:\\\/\\\/adc.cat\\\/wp-content\\\/uploads\\\/2024\\\/01\\\/genere.jpg\",\"datePublished\":\"2024-01-15T13:05:24+00:00\",\"dateModified\":\"2024-02-05T12:32:35+00:00\",\"description\":\"Diu la teva! Trobada presencial per a adults amb diabetis tipus 1, tipus 2 o LADA. Espai per veure\u2019ns i poder compartir experi\u00e8ncies, viv\u00e8ncies, dubtes i tamb\u00e9 angoixes. \ud83d\udca5\",\"breadcrumb\":{\"@id\":\"https:\\\/\\\/adc.cat\\\/es\\\/activitat\\\/charla-las-desigualdades-de-genero-factor-de-riesgo-en-la-salud-mental-de-las-mujeres\\\/#breadcrumb\"},\"inLanguage\":\"es\",\"potentialAction\":[{\"@type\":\"ReadAction\",\"target\":[\"https:\\\/\\\/adc.cat\\\/es\\\/activitat\\\/charla-las-desigualdades-de-genero-factor-de-riesgo-en-la-salud-mental-de-las-mujeres\\\/\"]}]},{\"@type\":\"ImageObject\",\"inLanguage\":\"es\",\"@id\":\"https:\\\/\\\/adc.cat\\\/es\\\/activitat\\\/charla-las-desigualdades-de-genero-factor-de-riesgo-en-la-salud-mental-de-las-mujeres\\\/#primaryimage\",\"url\":\"https:\\\/\\\/adc.cat\\\/wp-content\\\/uploads\\\/2024\\\/01\\\/genere.jpg\",\"contentUrl\":\"https:\\\/\\\/adc.cat\\\/wp-content\\\/uploads\\\/2024\\\/01\\\/genere.jpg\",\"width\":2498,\"height\":1668},{\"@type\":\"BreadcrumbList\",\"@id\":\"https:\\\/\\\/adc.cat\\\/es\\\/activitat\\\/charla-las-desigualdades-de-genero-factor-de-riesgo-en-la-salud-mental-de-las-mujeres\\\/#breadcrumb\",\"itemListElement\":[{\"@type\":\"ListItem\",\"position\":1,\"name\":\"Portada\",\"item\":\"https:\\\/\\\/adc.cat\\\/es\\\/\"},{\"@type\":\"ListItem\",\"position\":2,\"name\":\"Eventos\",\"item\":\"https:\\\/\\\/adc.cat\\\/es\\\/activitats\\\/\"},{\"@type\":\"ListItem\",\"position\":3,\"name\":\"Charla: Las desigualdades de g\u00e9nero, factor de riesgo en la salud mental de las mujeres\"}]},{\"@type\":\"WebSite\",\"@id\":\"https:\\\/\\\/adc.cat\\\/es\\\/#website\",\"url\":\"https:\\\/\\\/adc.cat\\\/es\\\/\",\"name\":\"ADC \u2013 Associaci\u00f3 de Diabetis de Catalunya\",\"description\":\"L&#039;ADC representa els pacients amb diabetis de Catalunya. Els nostres objectius: informar, aconsellar, ajudar i defensar les persones amb diabetis i promoure la sensibilitzaci\u00f3 de la resta de la societat\",\"publisher\":{\"@id\":\"https:\\\/\\\/adc.cat\\\/es\\\/#organization\"},\"potentialAction\":[{\"@type\":\"SearchAction\",\"target\":{\"@type\":\"EntryPoint\",\"urlTemplate\":\"https:\\\/\\\/adc.cat\\\/es\\\/?s={search_term_string}\"},\"query-input\":{\"@type\":\"PropertyValueSpecification\",\"valueRequired\":true,\"valueName\":\"search_term_string\"}}],\"inLanguage\":\"es\"},{\"@type\":\"Organization\",\"@id\":\"https:\\\/\\\/adc.cat\\\/es\\\/#organization\",\"name\":\"Associaci\u00f3 de Diabetis de Catalunya\",\"url\":\"https:\\\/\\\/adc.cat\\\/es\\\/\",\"logo\":{\"@type\":\"ImageObject\",\"inLanguage\":\"es\",\"@id\":\"https:\\\/\\\/adc.cat\\\/es\\\/#\\\/schema\\\/logo\\\/image\\\/\",\"url\":\"https:\\\/\\\/adc.cat\\\/wp-content\\\/uploads\\\/2022\\\/01\\\/associacio_de_diabetis_catalunya.png\",\"contentUrl\":\"https:\\\/\\\/adc.cat\\\/wp-content\\\/uploads\\\/2022\\\/01\\\/associacio_de_diabetis_catalunya.png\",\"width\":512,\"height\":239,\"caption\":\"Associaci\u00f3 de Diabetis de Catalunya\"},\"image\":{\"@id\":\"https:\\\/\\\/adc.cat\\\/es\\\/#\\\/schema\\\/logo\\\/image\\\/\"},\"sameAs\":[\"https:\\\/\\\/www.facebook.com\\\/ADC.CAT\\\/\",\"https:\\\/\\\/x.com\\\/ADC_CAT\",\"https:\\\/\\\/www.instagram.com\\\/adc_cat\\\/\",\"https:\\\/\\\/www.linkedin.com\\\/company\\\/associacio-de-diabetis-de-catalunya\",\"https:\\\/\\\/www.youtube.com\\\/channel\\\/UC7BiJMxG_5sHYUhMAlevAWA\"]}]}<\/script>\n<!-- \/ Yoast SEO plugin. -->","yoast_head_json":{"title":"Charla: Las desigualdades de g\u00e9nero, factor de riesgo en la salud mental de las mujeres - ADC \u2013 Associaci\u00f3 de Diabetis de Catalunya","description":"Diu la teva! Trobada presencial per a adults amb diabetis tipus 1, tipus 2 o LADA. Espai per veure\u2019ns i poder compartir experi\u00e8ncies, viv\u00e8ncies, dubtes i tamb\u00e9 angoixes. \ud83d\udca5","robots":{"index":"index","follow":"follow","max-snippet":"max-snippet:-1","max-image-preview":"max-image-preview:large","max-video-preview":"max-video-preview:-1"},"canonical":"https:\/\/adc.cat\/es\/activitat\/charla-las-desigualdades-de-genero-factor-de-riesgo-en-la-salud-mental-de-las-mujeres\/","og_locale":"es_ES","og_type":"article","og_title":"Charla: Las desigualdades de g\u00e9nero, factor de riesgo en la salud mental de las mujeres - ADC \u2013 Associaci\u00f3 de Diabetis de Catalunya","og_description":"Diu la teva! Trobada presencial per a adults amb diabetis tipus 1, tipus 2 o LADA. Espai per veure\u2019ns i poder compartir experi\u00e8ncies, viv\u00e8ncies, dubtes i tamb\u00e9 angoixes. \ud83d\udca5","og_url":"https:\/\/adc.cat\/es\/activitat\/charla-las-desigualdades-de-genero-factor-de-riesgo-en-la-salud-mental-de-las-mujeres\/","og_site_name":"ADC \u2013 Associaci\u00f3 de Diabetis de Catalunya","article_publisher":"https:\/\/www.facebook.com\/ADC.CAT\/","article_modified_time":"2024-02-05T12:32:35+00:00","og_image":[{"url":"https:\/\/adc.cat\/wp-content\/uploads\/2023\/09\/web-1-1024x699.jpg","type":"","width":"","height":""}],"twitter_card":"summary_large_image","twitter_title":"Charla: Las desigualdades de g\u00e9nero, factor de riesgo en la salud mental de las mujeres - ADC \u2013 Associaci\u00f3 de Diabetis de Catalunya","twitter_description":"Diu la teva! Trobada presencial per a adults amb diabetis tipus 1, tipus 2 o LADA. Espai per veure\u2019ns i poder compartir experi\u00e8ncies, viv\u00e8ncies, dubtes i tamb\u00e9 angoixes. \ud83d\udca5","twitter_image":"https:\/\/adc.cat\/wp-content\/uploads\/2023\/09\/web-1-1024x699.jpg","twitter_site":"@ADC_CAT","twitter_misc":{"Tiempo de lectura":"2 minutos"},"schema":{"@context":"https:\/\/schema.org","@graph":[{"@type":"WebPage","@id":"https:\/\/adc.cat\/es\/activitat\/charla-las-desigualdades-de-genero-factor-de-riesgo-en-la-salud-mental-de-las-mujeres\/","url":"https:\/\/adc.cat\/es\/activitat\/charla-las-desigualdades-de-genero-factor-de-riesgo-en-la-salud-mental-de-las-mujeres\/","name":"Charla: Las desigualdades de g\u00e9nero, factor de riesgo en la salud mental de las mujeres - ADC \u2013 Associaci\u00f3 de Diabetis de Catalunya","isPartOf":{"@id":"https:\/\/adc.cat\/es\/#website"},"primaryImageOfPage":{"@id":"https:\/\/adc.cat\/es\/activitat\/charla-las-desigualdades-de-genero-factor-de-riesgo-en-la-salud-mental-de-las-mujeres\/#primaryimage"},"image":{"@id":"https:\/\/adc.cat\/es\/activitat\/charla-las-desigualdades-de-genero-factor-de-riesgo-en-la-salud-mental-de-las-mujeres\/#primaryimage"},"thumbnailUrl":"https:\/\/adc.cat\/wp-content\/uploads\/2024\/01\/genere.jpg","datePublished":"2024-01-15T13:05:24+00:00","dateModified":"2024-02-05T12:32:35+00:00","description":"Diu la teva! Trobada presencial per a adults amb diabetis tipus 1, tipus 2 o LADA. Espai per veure\u2019ns i poder compartir experi\u00e8ncies, viv\u00e8ncies, dubtes i tamb\u00e9 angoixes. \ud83d\udca5","breadcrumb":{"@id":"https:\/\/adc.cat\/es\/activitat\/charla-las-desigualdades-de-genero-factor-de-riesgo-en-la-salud-mental-de-las-mujeres\/#breadcrumb"},"inLanguage":"es","potentialAction":[{"@type":"ReadAction","target":["https:\/\/adc.cat\/es\/activitat\/charla-las-desigualdades-de-genero-factor-de-riesgo-en-la-salud-mental-de-las-mujeres\/"]}]},{"@type":"ImageObject","inLanguage":"es","@id":"https:\/\/adc.cat\/es\/activitat\/charla-las-desigualdades-de-genero-factor-de-riesgo-en-la-salud-mental-de-las-mujeres\/#primaryimage","url":"https:\/\/adc.cat\/wp-content\/uploads\/2024\/01\/genere.jpg","contentUrl":"https:\/\/adc.cat\/wp-content\/uploads\/2024\/01\/genere.jpg","width":2498,"height":1668},{"@type":"BreadcrumbList","@id":"https:\/\/adc.cat\/es\/activitat\/charla-las-desigualdades-de-genero-factor-de-riesgo-en-la-salud-mental-de-las-mujeres\/#breadcrumb","itemListElement":[{"@type":"ListItem","position":1,"name":"Portada","item":"https:\/\/adc.cat\/es\/"},{"@type":"ListItem","position":2,"name":"Eventos","item":"https:\/\/adc.cat\/es\/activitats\/"},{"@type":"ListItem","position":3,"name":"Charla: Las desigualdades de g\u00e9nero, factor de riesgo en la salud mental de las mujeres"}]},{"@type":"WebSite","@id":"https:\/\/adc.cat\/es\/#website","url":"https:\/\/adc.cat\/es\/","name":"ADC \u2013 Associaci\u00f3 de Diabetis de Catalunya","description":"L&#039;ADC representa els pacients amb diabetis de Catalunya. Els nostres objectius: informar, aconsellar, ajudar i defensar les persones amb diabetis i promoure la sensibilitzaci\u00f3 de la resta de la societat","publisher":{"@id":"https:\/\/adc.cat\/es\/#organization"},"potentialAction":[{"@type":"SearchAction","target":{"@type":"EntryPoint","urlTemplate":"https:\/\/adc.cat\/es\/?s={search_term_string}"},"query-input":{"@type":"PropertyValueSpecification","valueRequired":true,"valueName":"search_term_string"}}],"inLanguage":"es"},{"@type":"Organization","@id":"https:\/\/adc.cat\/es\/#organization","name":"Associaci\u00f3 de Diabetis de Catalunya","url":"https:\/\/adc.cat\/es\/","logo":{"@type":"ImageObject","inLanguage":"es","@id":"https:\/\/adc.cat\/es\/#\/schema\/logo\/image\/","url":"https:\/\/adc.cat\/wp-content\/uploads\/2022\/01\/associacio_de_diabetis_catalunya.png","contentUrl":"https:\/\/adc.cat\/wp-content\/uploads\/2022\/01\/associacio_de_diabetis_catalunya.png","width":512,"height":239,"caption":"Associaci\u00f3 de Diabetis de Catalunya"},"image":{"@id":"https:\/\/adc.cat\/es\/#\/schema\/logo\/image\/"},"sameAs":["https:\/\/www.facebook.com\/ADC.CAT\/","https:\/\/x.com\/ADC_CAT","https:\/\/www.instagram.com\/adc_cat\/","https:\/\/www.linkedin.com\/company\/associacio-de-diabetis-de-catalunya","https:\/\/www.youtube.com\/channel\/UC7BiJMxG_5sHYUhMAlevAWA"]}]}},"_links":{"self":[{"href":"https:\/\/adc.cat\/es\/wp-json\/wp\/v2\/tribe_events\/41446","targetHints":{"allow":["GET"]}}],"collection":[{"href":"https:\/\/adc.cat\/es\/wp-json\/wp\/v2\/tribe_events"}],"about":[{"href":"https:\/\/adc.cat\/es\/wp-json\/wp\/v2\/types\/tribe_events"}],"author":[{"embeddable":true,"href":"https:\/\/adc.cat\/es\/wp-json\/wp\/v2\/users\/2"}],"version-history":[{"count":3,"href":"https:\/\/adc.cat\/es\/wp-json\/wp\/v2\/tribe_events\/41446\/revisions"}],"predecessor-version":[{"id":42061,"href":"https:\/\/adc.cat\/es\/wp-json\/wp\/v2\/tribe_events\/41446\/revisions\/42061"}],"wp:featuredmedia":[{"embeddable":true,"href":"https:\/\/adc.cat\/es\/wp-json\/wp\/v2\/media\/41438"}],"wp:attachment":[{"href":"https:\/\/adc.cat\/es\/wp-json\/wp\/v2\/media?parent=41446"}],"wp:term":[{"taxonomy":"post_tag","embeddable":true,"href":"https:\/\/adc.cat\/es\/wp-json\/wp\/v2\/tags?post=41446"},{"taxonomy":"tribe_events_cat","embeddable":true,"href":"https:\/\/adc.cat\/es\/wp-json\/wp\/v2\/tribe_events_cat?post=41446"}],"curies":[{"name":"wp","href":"https:\/\/api.w.org\/{rel}","templated":true}]}}