{"id":41889,"date":"2024-01-29T12:00:08","date_gmt":"2024-01-29T11:00:08","guid":{"rendered":"https:\/\/adc.cat\/?post_type=tribe_events&#038;p=41889"},"modified":"2024-02-05T13:31:19","modified_gmt":"2024-02-05T12:31:19","slug":"taller-reclamacion-tratamiento-diabetes","status":"publish","type":"tribe_events","link":"https:\/\/adc.cat\/es\/activitat\/taller-reclamacion-tratamiento-diabetes\/","title":{"rendered":"Taller: Como, Cuando y Por qu\u00e9 Hacer una Reclamaci\u00f3n sobre el tratamiento de la diabetes!"},"content":{"rendered":"<p>[et_pb_section][et_pb_row][et_pb_column type=\u00bb4_4&#8243;][et_pb_text]<\/p>\n<p>Es un placer invitaros a nuestro pr\u00f3ximo taller especial, centrado en como gestionar las raciones en d\u00edas especiales como los d\u00edas de enfermedad y cumplea\u00f1os. Esta sesi\u00f3n pr\u00e1ctica os proporcionar\u00e1 herramientas y estrategias para mantener un control \u00f3ptimo de vuestra dieta, incluso en momentos fuera de la rutina habitual.<\/p>\n<p><strong>\u00bfQu\u00e9 podemos esperar?<\/strong><\/p>\n<p><img decoding=\"async\" class=\"emoji\" role=\"img\" draggable=\"false\" src=\"https:\/\/s.w.org\/images\/core\/emoji\/14.0.0\/svg\/1f37d.svg\" alt=\"\ud83c\udf7d\ufe0f\" \/> <strong>Gesti\u00f3n Nutricional:<\/strong> Aprenderemos t\u00e9cnicas pr\u00e1cticas para contar raciones y adaptar nuestra dieta en situaciones especiales, como por ejemplo enfermedades o celebraciones.<br \/>\n<img decoding=\"async\" class=\"emoji\" role=\"img\" draggable=\"false\" src=\"https:\/\/s.w.org\/images\/core\/emoji\/14.0.0\/svg\/1f389.svg\" alt=\"\ud83c\udf89\" \/> <strong>Celebra con Salud:<\/strong> Descubriremos maneras de disfrutar de d\u00edas de cumplea\u00f1os y otros acontecimientos con opciones saludables, manteniendo el control de los niveles de az\u00facar.<br \/>\n<img decoding=\"async\" class=\"emoji\" role=\"img\" draggable=\"false\" src=\"https:\/\/s.w.org\/images\/core\/emoji\/14.0.0\/svg\/1f91d.svg\" alt=\"\ud83e\udd1d\" \/> <strong>Comunidad y Apoyo:<\/strong> Conecta con otros miembros de la comunidad con diabetes, comparte experiencias y encuentra apoyo mutuo en este viaje de gesti\u00f3n de la diabetes.<\/p>\n<p><strong>Datos del taller:<\/strong><\/p>\n<p><b>\ud83d\udccd \u00bfD\u00f3nde?\u00a0<\/b> A la delegaci\u00f3 ADC Anoia: Centre Civic Nord Igualada<\/p>\n<p>C\/ Sant Mart\u00ed de Tous, 6<\/p>\n<p><b>\ud83d\uddd3\ufe0f Dia<\/b>: Jueves 15 de febrero<\/p>\n<p><b>\ud83d\udd56 Hora<\/b>: a les 19.15 hores<\/p>\n<p><b>\ud83d\udde3\ufe0f Formadora<\/b>: Esther Maldonado, agent y formadora en diabetes.<\/p>\n<p>&nbsp;<\/p>\n<p><span class=\"d2edcug0 hpfvmrgz qv66sw1b c1et5uql lr9zc1uh a8c37x1j fe6kdd0r mau55g9w c8b282yb keod5gw0 nxhoafnm aigsh9s9 d3f4x2em iv3no6db jq4qci2q a3bd9o3v b1v8xokw oo9gr5id hzawbc8m\" dir=\"auto\"><span class=\"x193iq5w xeuugli x13faqbe x1vvkbs x1xmvt09 x1lliihq x1s928wv xhkezso x1gmr53x x1cpjm7i x1fgarty x1943h6x xudqn12 x3x7a5m x6prxxf xvq8zen xo1l8bm xzsf02u x1yc453h\" dir=\"auto\">Actividad abierta a todo el mundo<\/span>.<\/span><\/p>\n<p style=\"text-align: center;\"><a href='https:\/\/adc.playoffinformatica.com\/activitat\/344\/Com-Quan-i-Per-que-Fer-una-Reclamacio-sobre-el-tractament-de-la-diabetis\/' class='big-button bigblue' target=\"_blank\">Inscripci\u00f3<\/a><\/p>\n<p>\u00a0En caso de querer m\u00e1s informaci\u00f3n o necesitar anular, llama a 656 69 56 01 o manda mail a <a href=\"mailto:adc@adc.cat\">adcanoia@adc.cat <\/a>.<\/p>\n<p>\u00a1Gracias! <span class=\"d2edcug0 hpfvmrgz qv66sw1b c1et5uql lr9zc1uh a8c37x1j fe6kdd0r mau55g9w c8b282yb keod5gw0 nxhoafnm aigsh9s9 d3f4x2em iv3no6db jq4qci2q a3bd9o3v b1v8xokw oo9gr5id hzawbc8m\" dir=\"auto\">Organiza <strong>ADC L&#8217; Anoia<\/strong><\/span><\/p>\n<p>[\/et_pb_text][\/et_pb_column][\/et_pb_row][\/et_pb_section]<\/p>\n","protected":false},"excerpt":{"rendered":"<p> \ud83c\udf1f Taller: Como, Cuando y Por qu\u00e9 Hacer una Reclamaci\u00f3n sobre el tratamiento de la diabetes! \ud83c\udf1f<\/p>\n","protected":false},"author":2,"featured_media":41862,"template":"","meta":{"_et_pb_use_builder":"","_et_pb_old_content":"","_et_gb_content_width":"","_tribe_events_status":"","_tribe_events_status_reason":"","footnotes":""},"tags":[],"tribe_events_cat":[107],"class_list":["post-41889","tribe_events","type-tribe_events","status-publish","has-post-thumbnail","hentry","tribe_events_cat-anoia-es","cat_anoia-es"],"yoast_head":"<!-- This site is optimized with the Yoast SEO plugin v27.4 - https:\/\/yoast.com\/product\/yoast-seo-wordpress\/ -->\n<title>Taller: Como, Cuando y Por qu\u00e9 Hacer una Reclamaci\u00f3n sobre el tratamiento de la diabetes! - ADC \u2013 Associaci\u00f3 de Diabetis de Catalunya<\/title>\n<meta name=\"description\" content=\"taller especial, centrado en como gestionar las raciones en d\u00edas especiales como los d\u00edas de enfermedad y cumplea\u00f1os. Esta sesi\u00f3n pr\u00e1ctica os proporcionar\u00e1 herramientas y estrategias para mantener un control \u00f3ptimo de vuestra dieta, incluso en momentos fuera de la rutina habitual.\" \/>\n<meta name=\"robots\" content=\"index, follow, max-snippet:-1, max-image-preview:large, max-video-preview:-1\" \/>\n<link rel=\"canonical\" href=\"https:\/\/adc.cat\/es\/activitat\/taller-reclamacion-tratamiento-diabetes\/\" \/>\n<meta property=\"og:locale\" content=\"es_ES\" \/>\n<meta property=\"og:type\" content=\"article\" \/>\n<meta property=\"og:title\" content=\"Taller: Como, Cuando y Por qu\u00e9 Hacer una Reclamaci\u00f3n sobre el tratamiento de la diabetes! - ADC \u2013 Associaci\u00f3 de Diabetis de Catalunya\" \/>\n<meta property=\"og:description\" content=\"\ud83c\udf1f Taller: Como, Cuando y Por qu\u00e9 Hacer una Reclamaci\u00f3n sobre el tratamiento de la diabetes! \ud83c\udf1f\" \/>\n<meta property=\"og:url\" content=\"https:\/\/adc.cat\/es\/activitat\/taller-reclamacion-tratamiento-diabetes\/\" \/>\n<meta property=\"og:site_name\" content=\"ADC \u2013 Associaci\u00f3 de Diabetis de Catalunya\" \/>\n<meta property=\"article:publisher\" content=\"https:\/\/www.facebook.com\/ADC.CAT\/\" \/>\n<meta property=\"article:modified_time\" content=\"2024-02-05T12:31:19+00:00\" \/>\n<meta property=\"og:image\" content=\"https:\/\/adc.cat\/wp-content\/uploads\/2023\/10\/anoia-nadal-1024x683.jpg\" \/>\n<meta name=\"twitter:card\" content=\"summary_large_image\" \/>\n<meta name=\"twitter:title\" content=\"Taller: Como, Cuando y Por qu\u00e9 Hacer una Reclamaci\u00f3n sobre el tratamiento de la diabetes! - ADC \u2013 Associaci\u00f3 de Diabetis de Catalunya\" \/>\n<meta name=\"twitter:description\" content=\"\ud83c\udf1f Taller: Como, Cuando y Por qu\u00e9 Hacer una Reclamaci\u00f3n sobre el tratamiento de la diabetes! \ud83c\udf1f\" \/>\n<meta name=\"twitter:image\" content=\"https:\/\/adc.cat\/wp-content\/uploads\/2023\/10\/anoia-nadal-1024x683.jpg\" \/>\n<meta name=\"twitter:site\" content=\"@ADC_CAT\" \/>\n<meta name=\"twitter:label1\" content=\"Tiempo de lectura\" \/>\n\t<meta name=\"twitter:data1\" content=\"2 minutos\" \/>\n<script type=\"application\/ld+json\" class=\"yoast-schema-graph\">{\"@context\":\"https:\\\/\\\/schema.org\",\"@graph\":[{\"@type\":\"WebPage\",\"@id\":\"https:\\\/\\\/adc.cat\\\/es\\\/activitat\\\/taller-reclamacion-tratamiento-diabetes\\\/\",\"url\":\"https:\\\/\\\/adc.cat\\\/es\\\/activitat\\\/taller-reclamacion-tratamiento-diabetes\\\/\",\"name\":\"Taller: Como, Cuando y Por qu\u00e9 Hacer una Reclamaci\u00f3n sobre el tratamiento de la diabetes! - ADC \u2013 Associaci\u00f3 de Diabetis de Catalunya\",\"isPartOf\":{\"@id\":\"https:\\\/\\\/adc.cat\\\/es\\\/#website\"},\"primaryImageOfPage\":{\"@id\":\"https:\\\/\\\/adc.cat\\\/es\\\/activitat\\\/taller-reclamacion-tratamiento-diabetes\\\/#primaryimage\"},\"image\":{\"@id\":\"https:\\\/\\\/adc.cat\\\/es\\\/activitat\\\/taller-reclamacion-tratamiento-diabetes\\\/#primaryimage\"},\"thumbnailUrl\":\"https:\\\/\\\/adc.cat\\\/wp-content\\\/uploads\\\/2024\\\/01\\\/web-cumple-scaled.jpg\",\"datePublished\":\"2024-01-29T11:00:08+00:00\",\"dateModified\":\"2024-02-05T12:31:19+00:00\",\"description\":\"taller especial, centrado en como gestionar las raciones en d\u00edas especiales como los d\u00edas de enfermedad y cumplea\u00f1os. Esta sesi\u00f3n pr\u00e1ctica os proporcionar\u00e1 herramientas y estrategias para mantener un control \u00f3ptimo de vuestra dieta, incluso en momentos fuera de la rutina habitual.\",\"breadcrumb\":{\"@id\":\"https:\\\/\\\/adc.cat\\\/es\\\/activitat\\\/taller-reclamacion-tratamiento-diabetes\\\/#breadcrumb\"},\"inLanguage\":\"es\",\"potentialAction\":[{\"@type\":\"ReadAction\",\"target\":[\"https:\\\/\\\/adc.cat\\\/es\\\/activitat\\\/taller-reclamacion-tratamiento-diabetes\\\/\"]}]},{\"@type\":\"ImageObject\",\"inLanguage\":\"es\",\"@id\":\"https:\\\/\\\/adc.cat\\\/es\\\/activitat\\\/taller-reclamacion-tratamiento-diabetes\\\/#primaryimage\",\"url\":\"https:\\\/\\\/adc.cat\\\/wp-content\\\/uploads\\\/2024\\\/01\\\/web-cumple-scaled.jpg\",\"contentUrl\":\"https:\\\/\\\/adc.cat\\\/wp-content\\\/uploads\\\/2024\\\/01\\\/web-cumple-scaled.jpg\",\"width\":2560,\"height\":1707},{\"@type\":\"BreadcrumbList\",\"@id\":\"https:\\\/\\\/adc.cat\\\/es\\\/activitat\\\/taller-reclamacion-tratamiento-diabetes\\\/#breadcrumb\",\"itemListElement\":[{\"@type\":\"ListItem\",\"position\":1,\"name\":\"Portada\",\"item\":\"https:\\\/\\\/adc.cat\\\/es\\\/\"},{\"@type\":\"ListItem\",\"position\":2,\"name\":\"Eventos\",\"item\":\"https:\\\/\\\/adc.cat\\\/es\\\/activitats\\\/\"},{\"@type\":\"ListItem\",\"position\":3,\"name\":\"Taller: Como, Cuando y Por qu\u00e9 Hacer una Reclamaci\u00f3n sobre el tratamiento de la diabetes!\"}]},{\"@type\":\"WebSite\",\"@id\":\"https:\\\/\\\/adc.cat\\\/es\\\/#website\",\"url\":\"https:\\\/\\\/adc.cat\\\/es\\\/\",\"name\":\"ADC \u2013 Associaci\u00f3 de Diabetis de Catalunya\",\"description\":\"L&#039;ADC representa els pacients amb diabetis de Catalunya. Els nostres objectius: informar, aconsellar, ajudar i defensar les persones amb diabetis i promoure la sensibilitzaci\u00f3 de la resta de la societat\",\"publisher\":{\"@id\":\"https:\\\/\\\/adc.cat\\\/es\\\/#organization\"},\"potentialAction\":[{\"@type\":\"SearchAction\",\"target\":{\"@type\":\"EntryPoint\",\"urlTemplate\":\"https:\\\/\\\/adc.cat\\\/es\\\/?s={search_term_string}\"},\"query-input\":{\"@type\":\"PropertyValueSpecification\",\"valueRequired\":true,\"valueName\":\"search_term_string\"}}],\"inLanguage\":\"es\"},{\"@type\":\"Organization\",\"@id\":\"https:\\\/\\\/adc.cat\\\/es\\\/#organization\",\"name\":\"Associaci\u00f3 de Diabetis de Catalunya\",\"url\":\"https:\\\/\\\/adc.cat\\\/es\\\/\",\"logo\":{\"@type\":\"ImageObject\",\"inLanguage\":\"es\",\"@id\":\"https:\\\/\\\/adc.cat\\\/es\\\/#\\\/schema\\\/logo\\\/image\\\/\",\"url\":\"https:\\\/\\\/adc.cat\\\/wp-content\\\/uploads\\\/2022\\\/01\\\/associacio_de_diabetis_catalunya.png\",\"contentUrl\":\"https:\\\/\\\/adc.cat\\\/wp-content\\\/uploads\\\/2022\\\/01\\\/associacio_de_diabetis_catalunya.png\",\"width\":512,\"height\":239,\"caption\":\"Associaci\u00f3 de Diabetis de Catalunya\"},\"image\":{\"@id\":\"https:\\\/\\\/adc.cat\\\/es\\\/#\\\/schema\\\/logo\\\/image\\\/\"},\"sameAs\":[\"https:\\\/\\\/www.facebook.com\\\/ADC.CAT\\\/\",\"https:\\\/\\\/x.com\\\/ADC_CAT\",\"https:\\\/\\\/www.instagram.com\\\/adc_cat\\\/\",\"https:\\\/\\\/www.linkedin.com\\\/company\\\/associacio-de-diabetis-de-catalunya\",\"https:\\\/\\\/www.youtube.com\\\/channel\\\/UC7BiJMxG_5sHYUhMAlevAWA\"]}]}<\/script>\n<!-- \/ Yoast SEO plugin. -->","yoast_head_json":{"title":"Taller: Como, Cuando y Por qu\u00e9 Hacer una Reclamaci\u00f3n sobre el tratamiento de la diabetes! - ADC \u2013 Associaci\u00f3 de Diabetis de Catalunya","description":"taller especial, centrado en como gestionar las raciones en d\u00edas especiales como los d\u00edas de enfermedad y cumplea\u00f1os. Esta sesi\u00f3n pr\u00e1ctica os proporcionar\u00e1 herramientas y estrategias para mantener un control \u00f3ptimo de vuestra dieta, incluso en momentos fuera de la rutina habitual.","robots":{"index":"index","follow":"follow","max-snippet":"max-snippet:-1","max-image-preview":"max-image-preview:large","max-video-preview":"max-video-preview:-1"},"canonical":"https:\/\/adc.cat\/es\/activitat\/taller-reclamacion-tratamiento-diabetes\/","og_locale":"es_ES","og_type":"article","og_title":"Taller: Como, Cuando y Por qu\u00e9 Hacer una Reclamaci\u00f3n sobre el tratamiento de la diabetes! - ADC \u2013 Associaci\u00f3 de Diabetis de Catalunya","og_description":"\ud83c\udf1f Taller: Como, Cuando y Por qu\u00e9 Hacer una Reclamaci\u00f3n sobre el tratamiento de la diabetes! \ud83c\udf1f","og_url":"https:\/\/adc.cat\/es\/activitat\/taller-reclamacion-tratamiento-diabetes\/","og_site_name":"ADC \u2013 Associaci\u00f3 de Diabetis de Catalunya","article_publisher":"https:\/\/www.facebook.com\/ADC.CAT\/","article_modified_time":"2024-02-05T12:31:19+00:00","og_image":[{"url":"https:\/\/adc.cat\/wp-content\/uploads\/2023\/10\/anoia-nadal-1024x683.jpg","type":"","width":"","height":""}],"twitter_card":"summary_large_image","twitter_title":"Taller: Como, Cuando y Por qu\u00e9 Hacer una Reclamaci\u00f3n sobre el tratamiento de la diabetes! - ADC \u2013 Associaci\u00f3 de Diabetis de Catalunya","twitter_description":"\ud83c\udf1f Taller: Como, Cuando y Por qu\u00e9 Hacer una Reclamaci\u00f3n sobre el tratamiento de la diabetes! \ud83c\udf1f","twitter_image":"https:\/\/adc.cat\/wp-content\/uploads\/2023\/10\/anoia-nadal-1024x683.jpg","twitter_site":"@ADC_CAT","twitter_misc":{"Tiempo de lectura":"2 minutos"},"schema":{"@context":"https:\/\/schema.org","@graph":[{"@type":"WebPage","@id":"https:\/\/adc.cat\/es\/activitat\/taller-reclamacion-tratamiento-diabetes\/","url":"https:\/\/adc.cat\/es\/activitat\/taller-reclamacion-tratamiento-diabetes\/","name":"Taller: Como, Cuando y Por qu\u00e9 Hacer una Reclamaci\u00f3n sobre el tratamiento de la diabetes! - ADC \u2013 Associaci\u00f3 de Diabetis de Catalunya","isPartOf":{"@id":"https:\/\/adc.cat\/es\/#website"},"primaryImageOfPage":{"@id":"https:\/\/adc.cat\/es\/activitat\/taller-reclamacion-tratamiento-diabetes\/#primaryimage"},"image":{"@id":"https:\/\/adc.cat\/es\/activitat\/taller-reclamacion-tratamiento-diabetes\/#primaryimage"},"thumbnailUrl":"https:\/\/adc.cat\/wp-content\/uploads\/2024\/01\/web-cumple-scaled.jpg","datePublished":"2024-01-29T11:00:08+00:00","dateModified":"2024-02-05T12:31:19+00:00","description":"taller especial, centrado en como gestionar las raciones en d\u00edas especiales como los d\u00edas de enfermedad y cumplea\u00f1os. Esta sesi\u00f3n pr\u00e1ctica os proporcionar\u00e1 herramientas y estrategias para mantener un control \u00f3ptimo de vuestra dieta, incluso en momentos fuera de la rutina habitual.","breadcrumb":{"@id":"https:\/\/adc.cat\/es\/activitat\/taller-reclamacion-tratamiento-diabetes\/#breadcrumb"},"inLanguage":"es","potentialAction":[{"@type":"ReadAction","target":["https:\/\/adc.cat\/es\/activitat\/taller-reclamacion-tratamiento-diabetes\/"]}]},{"@type":"ImageObject","inLanguage":"es","@id":"https:\/\/adc.cat\/es\/activitat\/taller-reclamacion-tratamiento-diabetes\/#primaryimage","url":"https:\/\/adc.cat\/wp-content\/uploads\/2024\/01\/web-cumple-scaled.jpg","contentUrl":"https:\/\/adc.cat\/wp-content\/uploads\/2024\/01\/web-cumple-scaled.jpg","width":2560,"height":1707},{"@type":"BreadcrumbList","@id":"https:\/\/adc.cat\/es\/activitat\/taller-reclamacion-tratamiento-diabetes\/#breadcrumb","itemListElement":[{"@type":"ListItem","position":1,"name":"Portada","item":"https:\/\/adc.cat\/es\/"},{"@type":"ListItem","position":2,"name":"Eventos","item":"https:\/\/adc.cat\/es\/activitats\/"},{"@type":"ListItem","position":3,"name":"Taller: Como, Cuando y Por qu\u00e9 Hacer una Reclamaci\u00f3n sobre el tratamiento de la diabetes!"}]},{"@type":"WebSite","@id":"https:\/\/adc.cat\/es\/#website","url":"https:\/\/adc.cat\/es\/","name":"ADC \u2013 Associaci\u00f3 de Diabetis de Catalunya","description":"L&#039;ADC representa els pacients amb diabetis de Catalunya. Els nostres objectius: informar, aconsellar, ajudar i defensar les persones amb diabetis i promoure la sensibilitzaci\u00f3 de la resta de la societat","publisher":{"@id":"https:\/\/adc.cat\/es\/#organization"},"potentialAction":[{"@type":"SearchAction","target":{"@type":"EntryPoint","urlTemplate":"https:\/\/adc.cat\/es\/?s={search_term_string}"},"query-input":{"@type":"PropertyValueSpecification","valueRequired":true,"valueName":"search_term_string"}}],"inLanguage":"es"},{"@type":"Organization","@id":"https:\/\/adc.cat\/es\/#organization","name":"Associaci\u00f3 de Diabetis de Catalunya","url":"https:\/\/adc.cat\/es\/","logo":{"@type":"ImageObject","inLanguage":"es","@id":"https:\/\/adc.cat\/es\/#\/schema\/logo\/image\/","url":"https:\/\/adc.cat\/wp-content\/uploads\/2022\/01\/associacio_de_diabetis_catalunya.png","contentUrl":"https:\/\/adc.cat\/wp-content\/uploads\/2022\/01\/associacio_de_diabetis_catalunya.png","width":512,"height":239,"caption":"Associaci\u00f3 de Diabetis de Catalunya"},"image":{"@id":"https:\/\/adc.cat\/es\/#\/schema\/logo\/image\/"},"sameAs":["https:\/\/www.facebook.com\/ADC.CAT\/","https:\/\/x.com\/ADC_CAT","https:\/\/www.instagram.com\/adc_cat\/","https:\/\/www.linkedin.com\/company\/associacio-de-diabetis-de-catalunya","https:\/\/www.youtube.com\/channel\/UC7BiJMxG_5sHYUhMAlevAWA"]}]}},"_links":{"self":[{"href":"https:\/\/adc.cat\/es\/wp-json\/wp\/v2\/tribe_events\/41889","targetHints":{"allow":["GET"]}}],"collection":[{"href":"https:\/\/adc.cat\/es\/wp-json\/wp\/v2\/tribe_events"}],"about":[{"href":"https:\/\/adc.cat\/es\/wp-json\/wp\/v2\/types\/tribe_events"}],"author":[{"embeddable":true,"href":"https:\/\/adc.cat\/es\/wp-json\/wp\/v2\/users\/2"}],"version-history":[{"count":9,"href":"https:\/\/adc.cat\/es\/wp-json\/wp\/v2\/tribe_events\/41889\/revisions"}],"predecessor-version":[{"id":42054,"href":"https:\/\/adc.cat\/es\/wp-json\/wp\/v2\/tribe_events\/41889\/revisions\/42054"}],"wp:featuredmedia":[{"embeddable":true,"href":"https:\/\/adc.cat\/es\/wp-json\/wp\/v2\/media\/41862"}],"wp:attachment":[{"href":"https:\/\/adc.cat\/es\/wp-json\/wp\/v2\/media?parent=41889"}],"wp:term":[{"taxonomy":"post_tag","embeddable":true,"href":"https:\/\/adc.cat\/es\/wp-json\/wp\/v2\/tags?post=41889"},{"taxonomy":"tribe_events_cat","embeddable":true,"href":"https:\/\/adc.cat\/es\/wp-json\/wp\/v2\/tribe_events_cat?post=41889"}],"curies":[{"name":"wp","href":"https:\/\/api.w.org\/{rel}","templated":true}]}}