{"id":42703,"date":"2024-03-01T14:02:36","date_gmt":"2024-03-01T13:02:36","guid":{"rendered":"https:\/\/adc.cat\/activitat\/gestionamos-las-emociones-y-la-diabetes-en-igualada\/"},"modified":"2024-03-05T08:55:55","modified_gmt":"2024-03-05T07:55:55","slug":"gestionamos-las-emociones-y-la-diabetes-en-igualada","status":"publish","type":"tribe_events","link":"https:\/\/adc.cat\/es\/activitat\/gestionamos-las-emociones-y-la-diabetes-en-igualada\/","title":{"rendered":"Gestionamos las emociones y la diabetes en Igualada"},"content":{"rendered":"<p>[et_pb_section][et_pb_row][et_pb_column type=\u00bb4_4&#8243;][et_pb_text]<\/p>\n<div class=\"textarea-desti col-xs-12 col-sm-6\">\n<div class=\"form-control second-textarea\">Aprenderemos estrategias pr\u00e1cticas para identificar y manejar nuestras emociones de manera positiva, mejorando as\u00ed nuestra calidad de vida y nuestra convivencia con la diabetes. <img decoding=\"async\" class=\"emoji\" role=\"img\" draggable=\"false\" src=\"https:\/\/s.w.org\/images\/core\/emoji\/14.0.0\/svg\/1f308.svg\" alt=\"\ud83c\udf08\" \/><\/div>\n<\/div>\n<p><strong>Datos del taller:<\/strong><\/p>\n<p>\ud83d\udccd<strong> \u00bfD\u00f3nde?<\/strong>\u00a0 Centro C\u00edvico Nord<\/p>\n<p>C\/ Sant Mart\u00ed de Tous, 6 Igualada<\/p>\n<p>\ud83d\uddd3\ufe0f Fecha<strong>:<\/strong> Martes 12 de marzo<\/p>\n<p>\ud83d\udd56 <strong>Hora:<\/strong> a las 18.00 a 19.30 horas.<\/p>\n<p>\ud83d\udde3\ufe0f <strong>Moderado por :<\/strong><\/p>\n<p><strong>Laura Vidal i Estrada<\/strong>. Referente de Bienestar Emocional y comunitaria. CAP Igualada Urbano. Instituto Catal\u00e0 de la Salut. Gerencia Territorial Catalunya Central.<\/p>\n<p><strong>S\u00edlvia Soler i Moreno<\/strong>. Referente de Bienestar Emocional y comunitaria. CAP Igualada Nord. Consorci Sanitari de l\u2019Anoia.<\/p>\n<p style=\"text-align: center;\"><a href='https:\/\/adc.playoffinformatica.com\/activitat\/352\/Gestionem-les-emocions-i-la-diabetis\/' class='big-button bigblue' target=\"_blank\">Inscripci\u00f3n<\/a><\/p>\n<p>En caso de querer m\u00e1s informaci\u00f3n o necesitar anular, llama al 656 69 56 01 o bien escribe al <a href=\"mailto:adc@adc.cat\">adcanoia@adc.cat <\/a>.<\/p>\n<p>Gracias, o<span class=\"d2edcug0 hpfvmrgz qv66sw1b c1et5uql lr9zc1uh a8c37x1j fe6kdd0r mau55g9w c8b282yb keod5gw0 nxhoafnm aigsh9s9 d3f4x2em iv3no6db jq4qci2q a3bd9o3v b1v8xokw oo9gr5id hzawbc8m\" dir=\"auto\">rganiza <strong>ADC L&#8217; Anoia<\/strong><\/span><\/p>\n<p>[\/et_pb_text][\/et_pb_column][\/et_pb_row][\/et_pb_section]<\/p>\n","protected":false},"excerpt":{"rendered":"<p>Aprendrem estrat\u00e8gies pr\u00e0ctiques per a identificar i manejar les nostres emocions de manera positiva, millorant aix\u00ed la nostra qualitat de vida i la nostra conviv\u00e8ncia amb la diabetis.<\/p>\n","protected":false},"author":2,"featured_media":42705,"template":"","meta":{"_et_pb_use_builder":"","_et_pb_old_content":"","_et_gb_content_width":"","_tribe_events_status":"","_tribe_events_status_reason":"","footnotes":""},"tags":[],"tribe_events_cat":[107],"class_list":["post-42703","tribe_events","type-tribe_events","status-publish","has-post-thumbnail","hentry","tribe_events_cat-anoia-es","cat_anoia-es"],"yoast_head":"<!-- This site is optimized with the Yoast SEO plugin v27.4 - https:\/\/yoast.com\/product\/yoast-seo-wordpress\/ -->\n<title>Gestionamos las emociones y la diabetes en Igualada - ADC \u2013 Associaci\u00f3 de Diabetis de Catalunya<\/title>\n<meta name=\"description\" content=\"Aprendrem estrat\u00e8gies pr\u00e0ctiques per a identificar i manejar les nostres emocions de manera positiva, millorant aix\u00ed la nostra qualitat de vida i la nostra conviv\u00e8ncia amb la diabetis.\" \/>\n<meta name=\"robots\" content=\"index, follow, max-snippet:-1, max-image-preview:large, max-video-preview:-1\" \/>\n<link rel=\"canonical\" href=\"https:\/\/adc.cat\/es\/activitat\/gestionamos-las-emociones-y-la-diabetes-en-igualada\/\" \/>\n<meta property=\"og:locale\" content=\"es_ES\" \/>\n<meta property=\"og:type\" content=\"article\" \/>\n<meta property=\"og:title\" content=\"Gestionamos las emociones y la diabetes en Igualada - ADC \u2013 Associaci\u00f3 de Diabetis de Catalunya\" \/>\n<meta property=\"og:description\" content=\"Aprendrem estrat\u00e8gies pr\u00e0ctiques per a identificar i manejar les nostres emocions de manera positiva, millorant aix\u00ed la nostra qualitat de vida i la nostra conviv\u00e8ncia amb la diabetis.\" \/>\n<meta property=\"og:url\" content=\"https:\/\/adc.cat\/es\/activitat\/gestionamos-las-emociones-y-la-diabetes-en-igualada\/\" \/>\n<meta property=\"og:site_name\" content=\"ADC \u2013 Associaci\u00f3 de Diabetis de Catalunya\" \/>\n<meta property=\"article:publisher\" content=\"https:\/\/www.facebook.com\/ADC.CAT\/\" \/>\n<meta property=\"article:modified_time\" content=\"2024-03-05T07:55:55+00:00\" \/>\n<meta property=\"og:image\" content=\"https:\/\/adc.cat\/wp-content\/uploads\/2023\/10\/anoia-nadal-1024x683.jpg\" \/>\n<meta name=\"twitter:card\" content=\"summary_large_image\" \/>\n<meta name=\"twitter:title\" content=\"Gestionamos las emociones y la diabetes en Igualada - ADC \u2013 Associaci\u00f3 de Diabetis de Catalunya\" \/>\n<meta name=\"twitter:description\" content=\"Aprendrem estrat\u00e8gies pr\u00e0ctiques per a identificar i manejar les nostres emocions de manera positiva, millorant aix\u00ed la nostra qualitat de vida i la nostra conviv\u00e8ncia amb la diabetis.\" \/>\n<meta name=\"twitter:image\" content=\"https:\/\/adc.cat\/wp-content\/uploads\/2023\/10\/anoia-nadal-1024x683.jpg\" \/>\n<meta name=\"twitter:site\" content=\"@ADC_CAT\" \/>\n<meta name=\"twitter:label1\" content=\"Tiempo de lectura\" \/>\n\t<meta name=\"twitter:data1\" content=\"2 minutos\" \/>\n<script type=\"application\/ld+json\" class=\"yoast-schema-graph\">{\"@context\":\"https:\\\/\\\/schema.org\",\"@graph\":[{\"@type\":\"WebPage\",\"@id\":\"https:\\\/\\\/adc.cat\\\/es\\\/activitat\\\/gestionamos-las-emociones-y-la-diabetes-en-igualada\\\/\",\"url\":\"https:\\\/\\\/adc.cat\\\/es\\\/activitat\\\/gestionamos-las-emociones-y-la-diabetes-en-igualada\\\/\",\"name\":\"Gestionamos las emociones y la diabetes en Igualada - ADC \u2013 Associaci\u00f3 de Diabetis de Catalunya\",\"isPartOf\":{\"@id\":\"https:\\\/\\\/adc.cat\\\/es\\\/#website\"},\"primaryImageOfPage\":{\"@id\":\"https:\\\/\\\/adc.cat\\\/es\\\/activitat\\\/gestionamos-las-emociones-y-la-diabetes-en-igualada\\\/#primaryimage\"},\"image\":{\"@id\":\"https:\\\/\\\/adc.cat\\\/es\\\/activitat\\\/gestionamos-las-emociones-y-la-diabetes-en-igualada\\\/#primaryimage\"},\"thumbnailUrl\":\"https:\\\/\\\/adc.cat\\\/wp-content\\\/uploads\\\/2024\\\/03\\\/2-scaled.jpg\",\"datePublished\":\"2024-03-01T13:02:36+00:00\",\"dateModified\":\"2024-03-05T07:55:55+00:00\",\"description\":\"Aprendrem estrat\u00e8gies pr\u00e0ctiques per a identificar i manejar les nostres emocions de manera positiva, millorant aix\u00ed la nostra qualitat de vida i la nostra conviv\u00e8ncia amb la diabetis.\",\"breadcrumb\":{\"@id\":\"https:\\\/\\\/adc.cat\\\/es\\\/activitat\\\/gestionamos-las-emociones-y-la-diabetes-en-igualada\\\/#breadcrumb\"},\"inLanguage\":\"es\",\"potentialAction\":[{\"@type\":\"ReadAction\",\"target\":[\"https:\\\/\\\/adc.cat\\\/es\\\/activitat\\\/gestionamos-las-emociones-y-la-diabetes-en-igualada\\\/\"]}]},{\"@type\":\"ImageObject\",\"inLanguage\":\"es\",\"@id\":\"https:\\\/\\\/adc.cat\\\/es\\\/activitat\\\/gestionamos-las-emociones-y-la-diabetes-en-igualada\\\/#primaryimage\",\"url\":\"https:\\\/\\\/adc.cat\\\/wp-content\\\/uploads\\\/2024\\\/03\\\/2-scaled.jpg\",\"contentUrl\":\"https:\\\/\\\/adc.cat\\\/wp-content\\\/uploads\\\/2024\\\/03\\\/2-scaled.jpg\",\"width\":2560,\"height\":1707},{\"@type\":\"BreadcrumbList\",\"@id\":\"https:\\\/\\\/adc.cat\\\/es\\\/activitat\\\/gestionamos-las-emociones-y-la-diabetes-en-igualada\\\/#breadcrumb\",\"itemListElement\":[{\"@type\":\"ListItem\",\"position\":1,\"name\":\"Portada\",\"item\":\"https:\\\/\\\/adc.cat\\\/es\\\/\"},{\"@type\":\"ListItem\",\"position\":2,\"name\":\"Eventos\",\"item\":\"https:\\\/\\\/adc.cat\\\/es\\\/activitats\\\/\"},{\"@type\":\"ListItem\",\"position\":3,\"name\":\"Gestionamos las emociones y la diabetes en Igualada\"}]},{\"@type\":\"WebSite\",\"@id\":\"https:\\\/\\\/adc.cat\\\/es\\\/#website\",\"url\":\"https:\\\/\\\/adc.cat\\\/es\\\/\",\"name\":\"ADC \u2013 Associaci\u00f3 de Diabetis de Catalunya\",\"description\":\"L&#039;ADC representa els pacients amb diabetis de Catalunya. Els nostres objectius: informar, aconsellar, ajudar i defensar les persones amb diabetis i promoure la sensibilitzaci\u00f3 de la resta de la societat\",\"publisher\":{\"@id\":\"https:\\\/\\\/adc.cat\\\/es\\\/#organization\"},\"potentialAction\":[{\"@type\":\"SearchAction\",\"target\":{\"@type\":\"EntryPoint\",\"urlTemplate\":\"https:\\\/\\\/adc.cat\\\/es\\\/?s={search_term_string}\"},\"query-input\":{\"@type\":\"PropertyValueSpecification\",\"valueRequired\":true,\"valueName\":\"search_term_string\"}}],\"inLanguage\":\"es\"},{\"@type\":\"Organization\",\"@id\":\"https:\\\/\\\/adc.cat\\\/es\\\/#organization\",\"name\":\"Associaci\u00f3 de Diabetis de Catalunya\",\"url\":\"https:\\\/\\\/adc.cat\\\/es\\\/\",\"logo\":{\"@type\":\"ImageObject\",\"inLanguage\":\"es\",\"@id\":\"https:\\\/\\\/adc.cat\\\/es\\\/#\\\/schema\\\/logo\\\/image\\\/\",\"url\":\"https:\\\/\\\/adc.cat\\\/wp-content\\\/uploads\\\/2022\\\/01\\\/associacio_de_diabetis_catalunya.png\",\"contentUrl\":\"https:\\\/\\\/adc.cat\\\/wp-content\\\/uploads\\\/2022\\\/01\\\/associacio_de_diabetis_catalunya.png\",\"width\":512,\"height\":239,\"caption\":\"Associaci\u00f3 de Diabetis de Catalunya\"},\"image\":{\"@id\":\"https:\\\/\\\/adc.cat\\\/es\\\/#\\\/schema\\\/logo\\\/image\\\/\"},\"sameAs\":[\"https:\\\/\\\/www.facebook.com\\\/ADC.CAT\\\/\",\"https:\\\/\\\/x.com\\\/ADC_CAT\",\"https:\\\/\\\/www.instagram.com\\\/adc_cat\\\/\",\"https:\\\/\\\/www.linkedin.com\\\/company\\\/associacio-de-diabetis-de-catalunya\",\"https:\\\/\\\/www.youtube.com\\\/channel\\\/UC7BiJMxG_5sHYUhMAlevAWA\"]}]}<\/script>\n<!-- \/ Yoast SEO plugin. -->","yoast_head_json":{"title":"Gestionamos las emociones y la diabetes en Igualada - ADC \u2013 Associaci\u00f3 de Diabetis de Catalunya","description":"Aprendrem estrat\u00e8gies pr\u00e0ctiques per a identificar i manejar les nostres emocions de manera positiva, millorant aix\u00ed la nostra qualitat de vida i la nostra conviv\u00e8ncia amb la diabetis.","robots":{"index":"index","follow":"follow","max-snippet":"max-snippet:-1","max-image-preview":"max-image-preview:large","max-video-preview":"max-video-preview:-1"},"canonical":"https:\/\/adc.cat\/es\/activitat\/gestionamos-las-emociones-y-la-diabetes-en-igualada\/","og_locale":"es_ES","og_type":"article","og_title":"Gestionamos las emociones y la diabetes en Igualada - ADC \u2013 Associaci\u00f3 de Diabetis de Catalunya","og_description":"Aprendrem estrat\u00e8gies pr\u00e0ctiques per a identificar i manejar les nostres emocions de manera positiva, millorant aix\u00ed la nostra qualitat de vida i la nostra conviv\u00e8ncia amb la diabetis.","og_url":"https:\/\/adc.cat\/es\/activitat\/gestionamos-las-emociones-y-la-diabetes-en-igualada\/","og_site_name":"ADC \u2013 Associaci\u00f3 de Diabetis de Catalunya","article_publisher":"https:\/\/www.facebook.com\/ADC.CAT\/","article_modified_time":"2024-03-05T07:55:55+00:00","og_image":[{"url":"https:\/\/adc.cat\/wp-content\/uploads\/2023\/10\/anoia-nadal-1024x683.jpg","type":"","width":"","height":""}],"twitter_card":"summary_large_image","twitter_title":"Gestionamos las emociones y la diabetes en Igualada - ADC \u2013 Associaci\u00f3 de Diabetis de Catalunya","twitter_description":"Aprendrem estrat\u00e8gies pr\u00e0ctiques per a identificar i manejar les nostres emocions de manera positiva, millorant aix\u00ed la nostra qualitat de vida i la nostra conviv\u00e8ncia amb la diabetis.","twitter_image":"https:\/\/adc.cat\/wp-content\/uploads\/2023\/10\/anoia-nadal-1024x683.jpg","twitter_site":"@ADC_CAT","twitter_misc":{"Tiempo de lectura":"2 minutos"},"schema":{"@context":"https:\/\/schema.org","@graph":[{"@type":"WebPage","@id":"https:\/\/adc.cat\/es\/activitat\/gestionamos-las-emociones-y-la-diabetes-en-igualada\/","url":"https:\/\/adc.cat\/es\/activitat\/gestionamos-las-emociones-y-la-diabetes-en-igualada\/","name":"Gestionamos las emociones y la diabetes en Igualada - ADC \u2013 Associaci\u00f3 de Diabetis de Catalunya","isPartOf":{"@id":"https:\/\/adc.cat\/es\/#website"},"primaryImageOfPage":{"@id":"https:\/\/adc.cat\/es\/activitat\/gestionamos-las-emociones-y-la-diabetes-en-igualada\/#primaryimage"},"image":{"@id":"https:\/\/adc.cat\/es\/activitat\/gestionamos-las-emociones-y-la-diabetes-en-igualada\/#primaryimage"},"thumbnailUrl":"https:\/\/adc.cat\/wp-content\/uploads\/2024\/03\/2-scaled.jpg","datePublished":"2024-03-01T13:02:36+00:00","dateModified":"2024-03-05T07:55:55+00:00","description":"Aprendrem estrat\u00e8gies pr\u00e0ctiques per a identificar i manejar les nostres emocions de manera positiva, millorant aix\u00ed la nostra qualitat de vida i la nostra conviv\u00e8ncia amb la diabetis.","breadcrumb":{"@id":"https:\/\/adc.cat\/es\/activitat\/gestionamos-las-emociones-y-la-diabetes-en-igualada\/#breadcrumb"},"inLanguage":"es","potentialAction":[{"@type":"ReadAction","target":["https:\/\/adc.cat\/es\/activitat\/gestionamos-las-emociones-y-la-diabetes-en-igualada\/"]}]},{"@type":"ImageObject","inLanguage":"es","@id":"https:\/\/adc.cat\/es\/activitat\/gestionamos-las-emociones-y-la-diabetes-en-igualada\/#primaryimage","url":"https:\/\/adc.cat\/wp-content\/uploads\/2024\/03\/2-scaled.jpg","contentUrl":"https:\/\/adc.cat\/wp-content\/uploads\/2024\/03\/2-scaled.jpg","width":2560,"height":1707},{"@type":"BreadcrumbList","@id":"https:\/\/adc.cat\/es\/activitat\/gestionamos-las-emociones-y-la-diabetes-en-igualada\/#breadcrumb","itemListElement":[{"@type":"ListItem","position":1,"name":"Portada","item":"https:\/\/adc.cat\/es\/"},{"@type":"ListItem","position":2,"name":"Eventos","item":"https:\/\/adc.cat\/es\/activitats\/"},{"@type":"ListItem","position":3,"name":"Gestionamos las emociones y la diabetes en Igualada"}]},{"@type":"WebSite","@id":"https:\/\/adc.cat\/es\/#website","url":"https:\/\/adc.cat\/es\/","name":"ADC \u2013 Associaci\u00f3 de Diabetis de Catalunya","description":"L&#039;ADC representa els pacients amb diabetis de Catalunya. Els nostres objectius: informar, aconsellar, ajudar i defensar les persones amb diabetis i promoure la sensibilitzaci\u00f3 de la resta de la societat","publisher":{"@id":"https:\/\/adc.cat\/es\/#organization"},"potentialAction":[{"@type":"SearchAction","target":{"@type":"EntryPoint","urlTemplate":"https:\/\/adc.cat\/es\/?s={search_term_string}"},"query-input":{"@type":"PropertyValueSpecification","valueRequired":true,"valueName":"search_term_string"}}],"inLanguage":"es"},{"@type":"Organization","@id":"https:\/\/adc.cat\/es\/#organization","name":"Associaci\u00f3 de Diabetis de Catalunya","url":"https:\/\/adc.cat\/es\/","logo":{"@type":"ImageObject","inLanguage":"es","@id":"https:\/\/adc.cat\/es\/#\/schema\/logo\/image\/","url":"https:\/\/adc.cat\/wp-content\/uploads\/2022\/01\/associacio_de_diabetis_catalunya.png","contentUrl":"https:\/\/adc.cat\/wp-content\/uploads\/2022\/01\/associacio_de_diabetis_catalunya.png","width":512,"height":239,"caption":"Associaci\u00f3 de Diabetis de Catalunya"},"image":{"@id":"https:\/\/adc.cat\/es\/#\/schema\/logo\/image\/"},"sameAs":["https:\/\/www.facebook.com\/ADC.CAT\/","https:\/\/x.com\/ADC_CAT","https:\/\/www.instagram.com\/adc_cat\/","https:\/\/www.linkedin.com\/company\/associacio-de-diabetis-de-catalunya","https:\/\/www.youtube.com\/channel\/UC7BiJMxG_5sHYUhMAlevAWA"]}]}},"_links":{"self":[{"href":"https:\/\/adc.cat\/es\/wp-json\/wp\/v2\/tribe_events\/42703","targetHints":{"allow":["GET"]}}],"collection":[{"href":"https:\/\/adc.cat\/es\/wp-json\/wp\/v2\/tribe_events"}],"about":[{"href":"https:\/\/adc.cat\/es\/wp-json\/wp\/v2\/types\/tribe_events"}],"author":[{"embeddable":true,"href":"https:\/\/adc.cat\/es\/wp-json\/wp\/v2\/users\/2"}],"version-history":[{"count":4,"href":"https:\/\/adc.cat\/es\/wp-json\/wp\/v2\/tribe_events\/42703\/revisions"}],"predecessor-version":[{"id":42710,"href":"https:\/\/adc.cat\/es\/wp-json\/wp\/v2\/tribe_events\/42703\/revisions\/42710"}],"wp:featuredmedia":[{"embeddable":true,"href":"https:\/\/adc.cat\/es\/wp-json\/wp\/v2\/media\/42705"}],"wp:attachment":[{"href":"https:\/\/adc.cat\/es\/wp-json\/wp\/v2\/media?parent=42703"}],"wp:term":[{"taxonomy":"post_tag","embeddable":true,"href":"https:\/\/adc.cat\/es\/wp-json\/wp\/v2\/tags?post=42703"},{"taxonomy":"tribe_events_cat","embeddable":true,"href":"https:\/\/adc.cat\/es\/wp-json\/wp\/v2\/tribe_events_cat?post=42703"}],"curies":[{"name":"wp","href":"https:\/\/api.w.org\/{rel}","templated":true}]}}