{"id":42714,"date":"2024-03-01T20:40:56","date_gmt":"2024-03-01T19:40:56","guid":{"rendered":"https:\/\/adc.cat\/activitat\/ponemos-en-practica-el-taller-de-gestionar-las-emociones-y-la-diabetes\/"},"modified":"2024-03-01T20:43:47","modified_gmt":"2024-03-01T19:43:47","slug":"ponemos-en-practica-el-taller-de-gestionar-las-emociones-y-la-diabetes","status":"publish","type":"tribe_events","link":"https:\/\/adc.cat\/es\/activitat\/ponemos-en-practica-el-taller-de-gestionar-las-emociones-y-la-diabetes\/","title":{"rendered":"Ponemos en pr\u00e1ctica el taller de \u00abgestionar las emociones y la diabetes\u00bb"},"content":{"rendered":"<p>[et_pb_section][et_pb_row][et_pb_column type=\u00bb4_4&#8243;][et_pb_text]<\/p>\n<div class=\"textarea-desti col-xs-12 col-sm-6\">\n<div class=\"form-control second-textarea\">\n<p>Posarem en pr\u00e0ctica alguna de les t\u00e8cniques explicades en la gesti\u00f3 de les emocions fet el dia 12 de mar\u00e7, centrat en aprendre estrat\u00e8gies pr\u00e0ctiques per a identificar i manejar les nostres emocions de manera positiva, millorant aix\u00ed la nostra qualitat de vida i la nostra conviv\u00e8ncia amb la diabetis. <img decoding=\"async\" class=\"emoji\" role=\"img\" draggable=\"false\" src=\"https:\/\/s.w.org\/images\/core\/emoji\/14.0.0\/svg\/1f308.svg\" alt=\"\ud83c\udf08\" \/><\/p>\n<p>\ud83d\udccd A on?\u00a0 Centre C\u00edvic Nord<\/p>\n<p>Carrer Sant Mart\u00ed de Tous, 6 Igualada<\/p>\n<p>\ud83d\uddd3\ufe0f Data: Dijous 28 de mar\u00e7<\/p>\n<p>\ud83d\udd56 Hora: a les 19:15h<\/p>\n<p>\ud83d\udde3\ufe0f Moderat per Esther Maldonado Formadora i agent en diabetis.<\/p>\n<\/div>\n<\/div>\n<p>&nbsp;<\/p>\n<p style=\"text-align: center;\"><a href='https:\/\/adc.playoffinformatica.com\/activitat\/353\/Possem-en-practica-el-taller-de-gestionem-les-emocions-i-la-diabetis\/' class='big-button bigblue' target=\"_blank\">Inscripci\u00f3<\/a><\/p>\n<p>&nbsp;<\/p>\n<p>En cas de voler m\u00e9s informaci\u00f3 o necessitar anular, trucar a escriure a 656 69 56 01 o b\u00e9 escriure al <a href=\"mailto:adc@adc.cat\">adcanoia@adc.cat <\/a>.<\/p>\n<p>Gr\u00e0cies! <span class=\"d2edcug0 hpfvmrgz qv66sw1b c1et5uql lr9zc1uh a8c37x1j fe6kdd0r mau55g9w c8b282yb keod5gw0 nxhoafnm aigsh9s9 d3f4x2em iv3no6db jq4qci2q a3bd9o3v b1v8xokw oo9gr5id hzawbc8m\" dir=\"auto\">Organitza <strong>ADC L&#8217; Anoia<\/strong><\/span><\/p>\n<p>[\/et_pb_text][\/et_pb_column][\/et_pb_row][\/et_pb_section]<\/p>\n","protected":false},"excerpt":{"rendered":"<p>Ponemos en pr\u00e1ctica el taller de \u00abgestionar las emociones y la diabetes\u00bb<\/p>\n","protected":false},"author":2,"featured_media":42704,"template":"","meta":{"_et_pb_use_builder":"","_et_pb_old_content":"","_et_gb_content_width":"","_tribe_events_status":"","_tribe_events_status_reason":"","footnotes":""},"tags":[],"tribe_events_cat":[107],"class_list":["post-42714","tribe_events","type-tribe_events","status-publish","has-post-thumbnail","hentry","tribe_events_cat-anoia-es","cat_anoia-es"],"yoast_head":"<!-- This site is optimized with the Yoast SEO plugin v27.4 - https:\/\/yoast.com\/product\/yoast-seo-wordpress\/ -->\n<title>Ponemos en pr\u00e1ctica el taller de &quot;gestionar las emociones y la diabetes&quot; - ADC \u2013 Associaci\u00f3 de Diabetis de Catalunya<\/title>\n<meta name=\"description\" content=\"Ponemos en pr\u00e1ctica el taller de &quot;gestionar las emociones y la diabetes&quot;\" \/>\n<meta name=\"robots\" content=\"index, follow, max-snippet:-1, max-image-preview:large, max-video-preview:-1\" \/>\n<link rel=\"canonical\" href=\"https:\/\/adc.cat\/es\/activitat\/ponemos-en-practica-el-taller-de-gestionar-las-emociones-y-la-diabetes\/\" \/>\n<meta property=\"og:locale\" content=\"es_ES\" \/>\n<meta property=\"og:type\" content=\"article\" \/>\n<meta property=\"og:title\" content=\"Ponemos en pr\u00e1ctica el taller de &quot;gestionar las emociones y la diabetes&quot; - ADC \u2013 Associaci\u00f3 de Diabetis de Catalunya\" \/>\n<meta property=\"og:description\" content=\"Ponemos en pr\u00e1ctica el taller de &quot;gestionar las emociones y la diabetes&quot;\" \/>\n<meta property=\"og:url\" content=\"https:\/\/adc.cat\/es\/activitat\/ponemos-en-practica-el-taller-de-gestionar-las-emociones-y-la-diabetes\/\" \/>\n<meta property=\"og:site_name\" content=\"ADC \u2013 Associaci\u00f3 de Diabetis de Catalunya\" \/>\n<meta property=\"article:publisher\" content=\"https:\/\/www.facebook.com\/ADC.CAT\/\" \/>\n<meta property=\"article:modified_time\" content=\"2024-03-01T19:43:47+00:00\" \/>\n<meta property=\"og:image\" content=\"https:\/\/adc.cat\/wp-content\/uploads\/2023\/10\/anoia-nadal-1024x683.jpg\" \/>\n<meta name=\"twitter:card\" content=\"summary_large_image\" \/>\n<meta name=\"twitter:title\" content=\"Ponemos en pr\u00e1ctica el taller de &quot;gestionar las emociones y la diabetes&quot; - ADC \u2013 Associaci\u00f3 de Diabetis de Catalunya\" \/>\n<meta name=\"twitter:description\" content=\"Ponemos en pr\u00e1ctica el taller de &quot;gestionar las emociones y la diabetes&quot;\" \/>\n<meta name=\"twitter:image\" content=\"https:\/\/adc.cat\/wp-content\/uploads\/2023\/10\/anoia-nadal-1024x683.jpg\" \/>\n<meta name=\"twitter:site\" content=\"@ADC_CAT\" \/>\n<meta name=\"twitter:label1\" content=\"Tiempo de lectura\" \/>\n\t<meta name=\"twitter:data1\" content=\"1 minuto\" \/>\n<script type=\"application\/ld+json\" class=\"yoast-schema-graph\">{\"@context\":\"https:\\\/\\\/schema.org\",\"@graph\":[{\"@type\":\"WebPage\",\"@id\":\"https:\\\/\\\/adc.cat\\\/es\\\/activitat\\\/ponemos-en-practica-el-taller-de-gestionar-las-emociones-y-la-diabetes\\\/\",\"url\":\"https:\\\/\\\/adc.cat\\\/es\\\/activitat\\\/ponemos-en-practica-el-taller-de-gestionar-las-emociones-y-la-diabetes\\\/\",\"name\":\"Ponemos en pr\u00e1ctica el taller de \\\"gestionar las emociones y la diabetes\\\" - ADC \u2013 Associaci\u00f3 de Diabetis de Catalunya\",\"isPartOf\":{\"@id\":\"https:\\\/\\\/adc.cat\\\/es\\\/#website\"},\"primaryImageOfPage\":{\"@id\":\"https:\\\/\\\/adc.cat\\\/es\\\/activitat\\\/ponemos-en-practica-el-taller-de-gestionar-las-emociones-y-la-diabetes\\\/#primaryimage\"},\"image\":{\"@id\":\"https:\\\/\\\/adc.cat\\\/es\\\/activitat\\\/ponemos-en-practica-el-taller-de-gestionar-las-emociones-y-la-diabetes\\\/#primaryimage\"},\"thumbnailUrl\":\"https:\\\/\\\/adc.cat\\\/wp-content\\\/uploads\\\/2024\\\/03\\\/1-scaled.jpg\",\"datePublished\":\"2024-03-01T19:40:56+00:00\",\"dateModified\":\"2024-03-01T19:43:47+00:00\",\"description\":\"Ponemos en pr\u00e1ctica el taller de \\\"gestionar las emociones y la diabetes\\\"\",\"breadcrumb\":{\"@id\":\"https:\\\/\\\/adc.cat\\\/es\\\/activitat\\\/ponemos-en-practica-el-taller-de-gestionar-las-emociones-y-la-diabetes\\\/#breadcrumb\"},\"inLanguage\":\"es\",\"potentialAction\":[{\"@type\":\"ReadAction\",\"target\":[\"https:\\\/\\\/adc.cat\\\/es\\\/activitat\\\/ponemos-en-practica-el-taller-de-gestionar-las-emociones-y-la-diabetes\\\/\"]}]},{\"@type\":\"ImageObject\",\"inLanguage\":\"es\",\"@id\":\"https:\\\/\\\/adc.cat\\\/es\\\/activitat\\\/ponemos-en-practica-el-taller-de-gestionar-las-emociones-y-la-diabetes\\\/#primaryimage\",\"url\":\"https:\\\/\\\/adc.cat\\\/wp-content\\\/uploads\\\/2024\\\/03\\\/1-scaled.jpg\",\"contentUrl\":\"https:\\\/\\\/adc.cat\\\/wp-content\\\/uploads\\\/2024\\\/03\\\/1-scaled.jpg\",\"width\":2560,\"height\":1707},{\"@type\":\"BreadcrumbList\",\"@id\":\"https:\\\/\\\/adc.cat\\\/es\\\/activitat\\\/ponemos-en-practica-el-taller-de-gestionar-las-emociones-y-la-diabetes\\\/#breadcrumb\",\"itemListElement\":[{\"@type\":\"ListItem\",\"position\":1,\"name\":\"Portada\",\"item\":\"https:\\\/\\\/adc.cat\\\/es\\\/\"},{\"@type\":\"ListItem\",\"position\":2,\"name\":\"Eventos\",\"item\":\"https:\\\/\\\/adc.cat\\\/es\\\/activitats\\\/\"},{\"@type\":\"ListItem\",\"position\":3,\"name\":\"Ponemos en pr\u00e1ctica el taller de &#8220;gestionar las emociones y la diabetes&#8221;\"}]},{\"@type\":\"WebSite\",\"@id\":\"https:\\\/\\\/adc.cat\\\/es\\\/#website\",\"url\":\"https:\\\/\\\/adc.cat\\\/es\\\/\",\"name\":\"ADC \u2013 Associaci\u00f3 de Diabetis de Catalunya\",\"description\":\"L&#039;ADC representa els pacients amb diabetis de Catalunya. Els nostres objectius: informar, aconsellar, ajudar i defensar les persones amb diabetis i promoure la sensibilitzaci\u00f3 de la resta de la societat\",\"publisher\":{\"@id\":\"https:\\\/\\\/adc.cat\\\/es\\\/#organization\"},\"potentialAction\":[{\"@type\":\"SearchAction\",\"target\":{\"@type\":\"EntryPoint\",\"urlTemplate\":\"https:\\\/\\\/adc.cat\\\/es\\\/?s={search_term_string}\"},\"query-input\":{\"@type\":\"PropertyValueSpecification\",\"valueRequired\":true,\"valueName\":\"search_term_string\"}}],\"inLanguage\":\"es\"},{\"@type\":\"Organization\",\"@id\":\"https:\\\/\\\/adc.cat\\\/es\\\/#organization\",\"name\":\"Associaci\u00f3 de Diabetis de Catalunya\",\"url\":\"https:\\\/\\\/adc.cat\\\/es\\\/\",\"logo\":{\"@type\":\"ImageObject\",\"inLanguage\":\"es\",\"@id\":\"https:\\\/\\\/adc.cat\\\/es\\\/#\\\/schema\\\/logo\\\/image\\\/\",\"url\":\"https:\\\/\\\/adc.cat\\\/wp-content\\\/uploads\\\/2022\\\/01\\\/associacio_de_diabetis_catalunya.png\",\"contentUrl\":\"https:\\\/\\\/adc.cat\\\/wp-content\\\/uploads\\\/2022\\\/01\\\/associacio_de_diabetis_catalunya.png\",\"width\":512,\"height\":239,\"caption\":\"Associaci\u00f3 de Diabetis de Catalunya\"},\"image\":{\"@id\":\"https:\\\/\\\/adc.cat\\\/es\\\/#\\\/schema\\\/logo\\\/image\\\/\"},\"sameAs\":[\"https:\\\/\\\/www.facebook.com\\\/ADC.CAT\\\/\",\"https:\\\/\\\/x.com\\\/ADC_CAT\",\"https:\\\/\\\/www.instagram.com\\\/adc_cat\\\/\",\"https:\\\/\\\/www.linkedin.com\\\/company\\\/associacio-de-diabetis-de-catalunya\",\"https:\\\/\\\/www.youtube.com\\\/channel\\\/UC7BiJMxG_5sHYUhMAlevAWA\"]}]}<\/script>\n<!-- \/ Yoast SEO plugin. -->","yoast_head_json":{"title":"Ponemos en pr\u00e1ctica el taller de \"gestionar las emociones y la diabetes\" - ADC \u2013 Associaci\u00f3 de Diabetis de Catalunya","description":"Ponemos en pr\u00e1ctica el taller de \"gestionar las emociones y la diabetes\"","robots":{"index":"index","follow":"follow","max-snippet":"max-snippet:-1","max-image-preview":"max-image-preview:large","max-video-preview":"max-video-preview:-1"},"canonical":"https:\/\/adc.cat\/es\/activitat\/ponemos-en-practica-el-taller-de-gestionar-las-emociones-y-la-diabetes\/","og_locale":"es_ES","og_type":"article","og_title":"Ponemos en pr\u00e1ctica el taller de \"gestionar las emociones y la diabetes\" - ADC \u2013 Associaci\u00f3 de Diabetis de Catalunya","og_description":"Ponemos en pr\u00e1ctica el taller de \"gestionar las emociones y la diabetes\"","og_url":"https:\/\/adc.cat\/es\/activitat\/ponemos-en-practica-el-taller-de-gestionar-las-emociones-y-la-diabetes\/","og_site_name":"ADC \u2013 Associaci\u00f3 de Diabetis de Catalunya","article_publisher":"https:\/\/www.facebook.com\/ADC.CAT\/","article_modified_time":"2024-03-01T19:43:47+00:00","og_image":[{"url":"https:\/\/adc.cat\/wp-content\/uploads\/2023\/10\/anoia-nadal-1024x683.jpg","type":"","width":"","height":""}],"twitter_card":"summary_large_image","twitter_title":"Ponemos en pr\u00e1ctica el taller de \"gestionar las emociones y la diabetes\" - ADC \u2013 Associaci\u00f3 de Diabetis de Catalunya","twitter_description":"Ponemos en pr\u00e1ctica el taller de \"gestionar las emociones y la diabetes\"","twitter_image":"https:\/\/adc.cat\/wp-content\/uploads\/2023\/10\/anoia-nadal-1024x683.jpg","twitter_site":"@ADC_CAT","twitter_misc":{"Tiempo de lectura":"1 minuto"},"schema":{"@context":"https:\/\/schema.org","@graph":[{"@type":"WebPage","@id":"https:\/\/adc.cat\/es\/activitat\/ponemos-en-practica-el-taller-de-gestionar-las-emociones-y-la-diabetes\/","url":"https:\/\/adc.cat\/es\/activitat\/ponemos-en-practica-el-taller-de-gestionar-las-emociones-y-la-diabetes\/","name":"Ponemos en pr\u00e1ctica el taller de \"gestionar las emociones y la diabetes\" - ADC \u2013 Associaci\u00f3 de Diabetis de Catalunya","isPartOf":{"@id":"https:\/\/adc.cat\/es\/#website"},"primaryImageOfPage":{"@id":"https:\/\/adc.cat\/es\/activitat\/ponemos-en-practica-el-taller-de-gestionar-las-emociones-y-la-diabetes\/#primaryimage"},"image":{"@id":"https:\/\/adc.cat\/es\/activitat\/ponemos-en-practica-el-taller-de-gestionar-las-emociones-y-la-diabetes\/#primaryimage"},"thumbnailUrl":"https:\/\/adc.cat\/wp-content\/uploads\/2024\/03\/1-scaled.jpg","datePublished":"2024-03-01T19:40:56+00:00","dateModified":"2024-03-01T19:43:47+00:00","description":"Ponemos en pr\u00e1ctica el taller de \"gestionar las emociones y la diabetes\"","breadcrumb":{"@id":"https:\/\/adc.cat\/es\/activitat\/ponemos-en-practica-el-taller-de-gestionar-las-emociones-y-la-diabetes\/#breadcrumb"},"inLanguage":"es","potentialAction":[{"@type":"ReadAction","target":["https:\/\/adc.cat\/es\/activitat\/ponemos-en-practica-el-taller-de-gestionar-las-emociones-y-la-diabetes\/"]}]},{"@type":"ImageObject","inLanguage":"es","@id":"https:\/\/adc.cat\/es\/activitat\/ponemos-en-practica-el-taller-de-gestionar-las-emociones-y-la-diabetes\/#primaryimage","url":"https:\/\/adc.cat\/wp-content\/uploads\/2024\/03\/1-scaled.jpg","contentUrl":"https:\/\/adc.cat\/wp-content\/uploads\/2024\/03\/1-scaled.jpg","width":2560,"height":1707},{"@type":"BreadcrumbList","@id":"https:\/\/adc.cat\/es\/activitat\/ponemos-en-practica-el-taller-de-gestionar-las-emociones-y-la-diabetes\/#breadcrumb","itemListElement":[{"@type":"ListItem","position":1,"name":"Portada","item":"https:\/\/adc.cat\/es\/"},{"@type":"ListItem","position":2,"name":"Eventos","item":"https:\/\/adc.cat\/es\/activitats\/"},{"@type":"ListItem","position":3,"name":"Ponemos en pr\u00e1ctica el taller de &#8220;gestionar las emociones y la diabetes&#8221;"}]},{"@type":"WebSite","@id":"https:\/\/adc.cat\/es\/#website","url":"https:\/\/adc.cat\/es\/","name":"ADC \u2013 Associaci\u00f3 de Diabetis de Catalunya","description":"L&#039;ADC representa els pacients amb diabetis de Catalunya. Els nostres objectius: informar, aconsellar, ajudar i defensar les persones amb diabetis i promoure la sensibilitzaci\u00f3 de la resta de la societat","publisher":{"@id":"https:\/\/adc.cat\/es\/#organization"},"potentialAction":[{"@type":"SearchAction","target":{"@type":"EntryPoint","urlTemplate":"https:\/\/adc.cat\/es\/?s={search_term_string}"},"query-input":{"@type":"PropertyValueSpecification","valueRequired":true,"valueName":"search_term_string"}}],"inLanguage":"es"},{"@type":"Organization","@id":"https:\/\/adc.cat\/es\/#organization","name":"Associaci\u00f3 de Diabetis de Catalunya","url":"https:\/\/adc.cat\/es\/","logo":{"@type":"ImageObject","inLanguage":"es","@id":"https:\/\/adc.cat\/es\/#\/schema\/logo\/image\/","url":"https:\/\/adc.cat\/wp-content\/uploads\/2022\/01\/associacio_de_diabetis_catalunya.png","contentUrl":"https:\/\/adc.cat\/wp-content\/uploads\/2022\/01\/associacio_de_diabetis_catalunya.png","width":512,"height":239,"caption":"Associaci\u00f3 de Diabetis de Catalunya"},"image":{"@id":"https:\/\/adc.cat\/es\/#\/schema\/logo\/image\/"},"sameAs":["https:\/\/www.facebook.com\/ADC.CAT\/","https:\/\/x.com\/ADC_CAT","https:\/\/www.instagram.com\/adc_cat\/","https:\/\/www.linkedin.com\/company\/associacio-de-diabetis-de-catalunya","https:\/\/www.youtube.com\/channel\/UC7BiJMxG_5sHYUhMAlevAWA"]}]}},"_links":{"self":[{"href":"https:\/\/adc.cat\/es\/wp-json\/wp\/v2\/tribe_events\/42714","targetHints":{"allow":["GET"]}}],"collection":[{"href":"https:\/\/adc.cat\/es\/wp-json\/wp\/v2\/tribe_events"}],"about":[{"href":"https:\/\/adc.cat\/es\/wp-json\/wp\/v2\/types\/tribe_events"}],"author":[{"embeddable":true,"href":"https:\/\/adc.cat\/es\/wp-json\/wp\/v2\/users\/2"}],"version-history":[{"count":1,"href":"https:\/\/adc.cat\/es\/wp-json\/wp\/v2\/tribe_events\/42714\/revisions"}],"predecessor-version":[{"id":42715,"href":"https:\/\/adc.cat\/es\/wp-json\/wp\/v2\/tribe_events\/42714\/revisions\/42715"}],"wp:featuredmedia":[{"embeddable":true,"href":"https:\/\/adc.cat\/es\/wp-json\/wp\/v2\/media\/42704"}],"wp:attachment":[{"href":"https:\/\/adc.cat\/es\/wp-json\/wp\/v2\/media?parent=42714"}],"wp:term":[{"taxonomy":"post_tag","embeddable":true,"href":"https:\/\/adc.cat\/es\/wp-json\/wp\/v2\/tags?post=42714"},{"taxonomy":"tribe_events_cat","embeddable":true,"href":"https:\/\/adc.cat\/es\/wp-json\/wp\/v2\/tribe_events_cat?post=42714"}],"curies":[{"name":"wp","href":"https:\/\/api.w.org\/{rel}","templated":true}]}}