{"id":43193,"date":"2024-04-02T09:46:46","date_gmt":"2024-04-02T07:46:46","guid":{"rendered":"https:\/\/adc.cat\/activitat\/simposio-psicologia-en-la-atencion-primaria\/"},"modified":"2024-04-16T10:55:28","modified_gmt":"2024-04-16T08:55:28","slug":"simposio-psicologia-en-la-atencion-primaria","status":"publish","type":"tribe_events","link":"https:\/\/adc.cat\/es\/activitat\/simposio-psicologia-en-la-atencion-primaria\/","title":{"rendered":"Lleida: Simposio, psicolog\u00eda en la Atenci\u00f3n primaria"},"content":{"rendered":"<p>[et_pb_section][et_pb_row][et_pb_column type=\u00bb4_4&#8243;][et_pb_text]<\/p>\n<p>El pr\u00f3ximo 18 de abril de 11:00h a 14:00h se celebrar\u00e1 el Simposio: Psicolog\u00eda a la Atenci\u00f3n primaria, organizado por la Delegaci\u00f3n de Lleida del Colegio Oficial de Psicolog\u00eda de Catalu\u00f1a, el Hospital Universitario de Santa Maria y la Facultad de Medicina de la Universitat de Lleida.<\/p>\n<p>Contaremos con las conferencias de Oscar Pino (Vocal, comisionado de investigaci\u00f3n y universidades del COPC) y Roger Ballesc\u00e0 (Vicesecretario y Coordinador del Comit\u00e9 de Infancia y Adolescencia del COPC) sobre la figura de los psic\u00f3logos en la atenci\u00f3n primaria y sobre como repensar la atenci\u00f3n en salud mental infantil y juvenil a la atenci\u00f3n primaria.<\/p>\n<p><strong>\ud83d\udccd \u00bfD\u00f3nde? <\/strong>Aula Magna de la Facultat de Medicina (UdL)<br \/>\n(C\/Montserrat Roig, 2, Lleida).<\/p>\n<p><strong>\ud83d\uddd3\ufe0f Fecha<\/strong>: Jueves 18 de Abril.<\/p>\n<p><strong>\ud83d\udd56 Hora<\/strong>: de las 11:00h a 14:00 horas.<\/p>\n<p>&nbsp;<\/p>\n<p><span class=\"d2edcug0 hpfvmrgz qv66sw1b c1et5uql lr9zc1uh a8c37x1j fe6kdd0r mau55g9w c8b282yb keod5gw0 nxhoafnm aigsh9s9 d3f4x2em iv3no6db jq4qci2q a3bd9o3v b1v8xokw oo9gr5id hzawbc8m\" dir=\"auto\"><span class=\"x193iq5w xeuugli x13faqbe x1vvkbs x1xmvt09 x1lliihq x1s928wv xhkezso x1gmr53x x1cpjm7i x1fgarty x1943h6x xudqn12 x3x7a5m x6prxxf xvq8zen xo1l8bm xzsf02u x1yc453h\" dir=\"auto\">Actividad gratuita abierta a todo el mundo, hace falta hacer inscripci\u00f3n previa a:<\/span><\/span><\/p>\n<p style=\"text-align: center;\"><a href='https:\/\/www.copc.cat\/event\/simposium-psicologia-a-l-atencio-primaria-2024-04-18-1578\/register' class='big-button bigblue' target=\"_blank\">Inscripci\u00f3n<\/a><\/p>\n<p>&nbsp;<\/p>\n<p>\u00a1Gracias!<\/p>\n<p>[\/et_pb_text][\/et_pb_column][\/et_pb_row][\/et_pb_section]<\/p>\n","protected":false},"excerpt":{"rendered":"<p>Simposio sobre la figura de los psic\u00f3logos en la atenci\u00f3n primaria y sobre como repensar la atenci\u00f3n en salud mental infantil y juvenil a la atenci\u00f3n primaria.<\/p>\n","protected":false},"author":2,"featured_media":43194,"template":"","meta":{"_et_pb_use_builder":"","_et_pb_old_content":"","_et_gb_content_width":"","_tribe_events_status":"","_tribe_events_status_reason":"","footnotes":""},"tags":[],"tribe_events_cat":[106],"class_list":["post-43193","tribe_events","type-tribe_events","status-publish","has-post-thumbnail","hentry","tribe_events_cat-lleida-es","cat_lleida-es"],"yoast_head":"<!-- This site is optimized with the Yoast SEO plugin v27.4 - https:\/\/yoast.com\/product\/yoast-seo-wordpress\/ -->\n<title>Lleida: Simposio, psicolog\u00eda en la Atenci\u00f3n primaria - ADC \u2013 Associaci\u00f3 de Diabetis de Catalunya<\/title>\n<meta name=\"description\" content=\"Simposio sobre la figura de los psic\u00f3logos en la atenci\u00f3n primaria y sobre como repensar la atenci\u00f3n en salud mental infantil y juvenil a la atenci\u00f3n primaria.\" \/>\n<meta name=\"robots\" content=\"index, follow, max-snippet:-1, max-image-preview:large, max-video-preview:-1\" \/>\n<link rel=\"canonical\" href=\"https:\/\/adc.cat\/es\/activitat\/simposio-psicologia-en-la-atencion-primaria\/\" \/>\n<meta property=\"og:locale\" content=\"es_ES\" \/>\n<meta property=\"og:type\" content=\"article\" \/>\n<meta property=\"og:title\" content=\"Lleida: Simposio, psicolog\u00eda en la Atenci\u00f3n primaria - ADC \u2013 Associaci\u00f3 de Diabetis de Catalunya\" \/>\n<meta property=\"og:description\" content=\"Simposio: Psicolog\u00eda a la Atenci\u00f3n primaria, organizado por la Delegaci\u00f3n de Lleida del Colegio Oficial de Psicolog\u00eda de Catalu\u00f1a, el Hospital Universitario de Santa Maria y la Facultad de Medicina de la Universitat de Lleida.\" \/>\n<meta property=\"og:url\" content=\"https:\/\/adc.cat\/es\/activitat\/simposio-psicologia-en-la-atencion-primaria\/\" \/>\n<meta property=\"og:site_name\" content=\"ADC \u2013 Associaci\u00f3 de Diabetis de Catalunya\" \/>\n<meta property=\"article:publisher\" content=\"https:\/\/www.facebook.com\/ADC.CAT\/\" \/>\n<meta property=\"article:modified_time\" content=\"2024-04-16T08:55:28+00:00\" \/>\n<meta property=\"og:image\" content=\"https:\/\/adc.cat\/wp-content\/uploads\/2024\/04\/imatge-lleida.jpg\" \/>\n<meta name=\"twitter:card\" content=\"summary_large_image\" \/>\n<meta name=\"twitter:title\" content=\"Lleida: Simposio, psicolog\u00eda en la Atenci\u00f3n primaria - ADC \u2013 Associaci\u00f3 de Diabetis de Catalunya\" \/>\n<meta name=\"twitter:description\" content=\"Simposio: Psicolog\u00eda a la Atenci\u00f3n primaria, organizado por la Delegaci\u00f3n de Lleida del Colegio Oficial de Psicolog\u00eda de Catalu\u00f1a, el Hospital Universitario de Santa Maria y la Facultad de Medicina de la Universitat de Lleida.\" \/>\n<meta name=\"twitter:image\" content=\"https:\/\/adc.cat\/wp-content\/uploads\/2024\/04\/imatge-lleida.jpg\" \/>\n<meta name=\"twitter:site\" content=\"@ADC_CAT\" \/>\n<meta name=\"twitter:label1\" content=\"Tiempo de lectura\" \/>\n\t<meta name=\"twitter:data1\" content=\"2 minutos\" \/>\n<script type=\"application\/ld+json\" class=\"yoast-schema-graph\">{\"@context\":\"https:\\\/\\\/schema.org\",\"@graph\":[{\"@type\":\"WebPage\",\"@id\":\"https:\\\/\\\/adc.cat\\\/es\\\/activitat\\\/simposio-psicologia-en-la-atencion-primaria\\\/\",\"url\":\"https:\\\/\\\/adc.cat\\\/es\\\/activitat\\\/simposio-psicologia-en-la-atencion-primaria\\\/\",\"name\":\"Lleida: Simposio, psicolog\u00eda en la Atenci\u00f3n primaria - ADC \u2013 Associaci\u00f3 de Diabetis de Catalunya\",\"isPartOf\":{\"@id\":\"https:\\\/\\\/adc.cat\\\/es\\\/#website\"},\"primaryImageOfPage\":{\"@id\":\"https:\\\/\\\/adc.cat\\\/es\\\/activitat\\\/simposio-psicologia-en-la-atencion-primaria\\\/#primaryimage\"},\"image\":{\"@id\":\"https:\\\/\\\/adc.cat\\\/es\\\/activitat\\\/simposio-psicologia-en-la-atencion-primaria\\\/#primaryimage\"},\"thumbnailUrl\":\"https:\\\/\\\/adc.cat\\\/wp-content\\\/uploads\\\/2024\\\/04\\\/imatge-lleida.jpg\",\"datePublished\":\"2024-04-02T07:46:46+00:00\",\"dateModified\":\"2024-04-16T08:55:28+00:00\",\"description\":\"Simposio sobre la figura de los psic\u00f3logos en la atenci\u00f3n primaria y sobre como repensar la atenci\u00f3n en salud mental infantil y juvenil a la atenci\u00f3n primaria.\",\"breadcrumb\":{\"@id\":\"https:\\\/\\\/adc.cat\\\/es\\\/activitat\\\/simposio-psicologia-en-la-atencion-primaria\\\/#breadcrumb\"},\"inLanguage\":\"es\",\"potentialAction\":[{\"@type\":\"ReadAction\",\"target\":[\"https:\\\/\\\/adc.cat\\\/es\\\/activitat\\\/simposio-psicologia-en-la-atencion-primaria\\\/\"]}]},{\"@type\":\"ImageObject\",\"inLanguage\":\"es\",\"@id\":\"https:\\\/\\\/adc.cat\\\/es\\\/activitat\\\/simposio-psicologia-en-la-atencion-primaria\\\/#primaryimage\",\"url\":\"https:\\\/\\\/adc.cat\\\/wp-content\\\/uploads\\\/2024\\\/04\\\/imatge-lleida.jpg\",\"contentUrl\":\"https:\\\/\\\/adc.cat\\\/wp-content\\\/uploads\\\/2024\\\/04\\\/imatge-lleida.jpg\",\"width\":642,\"height\":428},{\"@type\":\"BreadcrumbList\",\"@id\":\"https:\\\/\\\/adc.cat\\\/es\\\/activitat\\\/simposio-psicologia-en-la-atencion-primaria\\\/#breadcrumb\",\"itemListElement\":[{\"@type\":\"ListItem\",\"position\":1,\"name\":\"Portada\",\"item\":\"https:\\\/\\\/adc.cat\\\/es\\\/\"},{\"@type\":\"ListItem\",\"position\":2,\"name\":\"Eventos\",\"item\":\"https:\\\/\\\/adc.cat\\\/es\\\/activitats\\\/\"},{\"@type\":\"ListItem\",\"position\":3,\"name\":\"Lleida: Simposio, psicolog\u00eda en la Atenci\u00f3n primaria\"}]},{\"@type\":\"WebSite\",\"@id\":\"https:\\\/\\\/adc.cat\\\/es\\\/#website\",\"url\":\"https:\\\/\\\/adc.cat\\\/es\\\/\",\"name\":\"ADC \u2013 Associaci\u00f3 de Diabetis de Catalunya\",\"description\":\"L&#039;ADC representa els pacients amb diabetis de Catalunya. Els nostres objectius: informar, aconsellar, ajudar i defensar les persones amb diabetis i promoure la sensibilitzaci\u00f3 de la resta de la societat\",\"publisher\":{\"@id\":\"https:\\\/\\\/adc.cat\\\/es\\\/#organization\"},\"potentialAction\":[{\"@type\":\"SearchAction\",\"target\":{\"@type\":\"EntryPoint\",\"urlTemplate\":\"https:\\\/\\\/adc.cat\\\/es\\\/?s={search_term_string}\"},\"query-input\":{\"@type\":\"PropertyValueSpecification\",\"valueRequired\":true,\"valueName\":\"search_term_string\"}}],\"inLanguage\":\"es\"},{\"@type\":\"Organization\",\"@id\":\"https:\\\/\\\/adc.cat\\\/es\\\/#organization\",\"name\":\"Associaci\u00f3 de Diabetis de Catalunya\",\"url\":\"https:\\\/\\\/adc.cat\\\/es\\\/\",\"logo\":{\"@type\":\"ImageObject\",\"inLanguage\":\"es\",\"@id\":\"https:\\\/\\\/adc.cat\\\/es\\\/#\\\/schema\\\/logo\\\/image\\\/\",\"url\":\"https:\\\/\\\/adc.cat\\\/wp-content\\\/uploads\\\/2022\\\/01\\\/associacio_de_diabetis_catalunya.png\",\"contentUrl\":\"https:\\\/\\\/adc.cat\\\/wp-content\\\/uploads\\\/2022\\\/01\\\/associacio_de_diabetis_catalunya.png\",\"width\":512,\"height\":239,\"caption\":\"Associaci\u00f3 de Diabetis de Catalunya\"},\"image\":{\"@id\":\"https:\\\/\\\/adc.cat\\\/es\\\/#\\\/schema\\\/logo\\\/image\\\/\"},\"sameAs\":[\"https:\\\/\\\/www.facebook.com\\\/ADC.CAT\\\/\",\"https:\\\/\\\/x.com\\\/ADC_CAT\",\"https:\\\/\\\/www.instagram.com\\\/adc_cat\\\/\",\"https:\\\/\\\/www.linkedin.com\\\/company\\\/associacio-de-diabetis-de-catalunya\",\"https:\\\/\\\/www.youtube.com\\\/channel\\\/UC7BiJMxG_5sHYUhMAlevAWA\"]}]}<\/script>\n<!-- \/ Yoast SEO plugin. -->","yoast_head_json":{"title":"Lleida: Simposio, psicolog\u00eda en la Atenci\u00f3n primaria - ADC \u2013 Associaci\u00f3 de Diabetis de Catalunya","description":"Simposio sobre la figura de los psic\u00f3logos en la atenci\u00f3n primaria y sobre como repensar la atenci\u00f3n en salud mental infantil y juvenil a la atenci\u00f3n primaria.","robots":{"index":"index","follow":"follow","max-snippet":"max-snippet:-1","max-image-preview":"max-image-preview:large","max-video-preview":"max-video-preview:-1"},"canonical":"https:\/\/adc.cat\/es\/activitat\/simposio-psicologia-en-la-atencion-primaria\/","og_locale":"es_ES","og_type":"article","og_title":"Lleida: Simposio, psicolog\u00eda en la Atenci\u00f3n primaria - ADC \u2013 Associaci\u00f3 de Diabetis de Catalunya","og_description":"Simposio: Psicolog\u00eda a la Atenci\u00f3n primaria, organizado por la Delegaci\u00f3n de Lleida del Colegio Oficial de Psicolog\u00eda de Catalu\u00f1a, el Hospital Universitario de Santa Maria y la Facultad de Medicina de la Universitat de Lleida.","og_url":"https:\/\/adc.cat\/es\/activitat\/simposio-psicologia-en-la-atencion-primaria\/","og_site_name":"ADC \u2013 Associaci\u00f3 de Diabetis de Catalunya","article_publisher":"https:\/\/www.facebook.com\/ADC.CAT\/","article_modified_time":"2024-04-16T08:55:28+00:00","og_image":[{"url":"https:\/\/adc.cat\/wp-content\/uploads\/2024\/04\/imatge-lleida.jpg","type":"","width":"","height":""}],"twitter_card":"summary_large_image","twitter_title":"Lleida: Simposio, psicolog\u00eda en la Atenci\u00f3n primaria - ADC \u2013 Associaci\u00f3 de Diabetis de Catalunya","twitter_description":"Simposio: Psicolog\u00eda a la Atenci\u00f3n primaria, organizado por la Delegaci\u00f3n de Lleida del Colegio Oficial de Psicolog\u00eda de Catalu\u00f1a, el Hospital Universitario de Santa Maria y la Facultad de Medicina de la Universitat de Lleida.","twitter_image":"https:\/\/adc.cat\/wp-content\/uploads\/2024\/04\/imatge-lleida.jpg","twitter_site":"@ADC_CAT","twitter_misc":{"Tiempo de lectura":"2 minutos"},"schema":{"@context":"https:\/\/schema.org","@graph":[{"@type":"WebPage","@id":"https:\/\/adc.cat\/es\/activitat\/simposio-psicologia-en-la-atencion-primaria\/","url":"https:\/\/adc.cat\/es\/activitat\/simposio-psicologia-en-la-atencion-primaria\/","name":"Lleida: Simposio, psicolog\u00eda en la Atenci\u00f3n primaria - ADC \u2013 Associaci\u00f3 de Diabetis de Catalunya","isPartOf":{"@id":"https:\/\/adc.cat\/es\/#website"},"primaryImageOfPage":{"@id":"https:\/\/adc.cat\/es\/activitat\/simposio-psicologia-en-la-atencion-primaria\/#primaryimage"},"image":{"@id":"https:\/\/adc.cat\/es\/activitat\/simposio-psicologia-en-la-atencion-primaria\/#primaryimage"},"thumbnailUrl":"https:\/\/adc.cat\/wp-content\/uploads\/2024\/04\/imatge-lleida.jpg","datePublished":"2024-04-02T07:46:46+00:00","dateModified":"2024-04-16T08:55:28+00:00","description":"Simposio sobre la figura de los psic\u00f3logos en la atenci\u00f3n primaria y sobre como repensar la atenci\u00f3n en salud mental infantil y juvenil a la atenci\u00f3n primaria.","breadcrumb":{"@id":"https:\/\/adc.cat\/es\/activitat\/simposio-psicologia-en-la-atencion-primaria\/#breadcrumb"},"inLanguage":"es","potentialAction":[{"@type":"ReadAction","target":["https:\/\/adc.cat\/es\/activitat\/simposio-psicologia-en-la-atencion-primaria\/"]}]},{"@type":"ImageObject","inLanguage":"es","@id":"https:\/\/adc.cat\/es\/activitat\/simposio-psicologia-en-la-atencion-primaria\/#primaryimage","url":"https:\/\/adc.cat\/wp-content\/uploads\/2024\/04\/imatge-lleida.jpg","contentUrl":"https:\/\/adc.cat\/wp-content\/uploads\/2024\/04\/imatge-lleida.jpg","width":642,"height":428},{"@type":"BreadcrumbList","@id":"https:\/\/adc.cat\/es\/activitat\/simposio-psicologia-en-la-atencion-primaria\/#breadcrumb","itemListElement":[{"@type":"ListItem","position":1,"name":"Portada","item":"https:\/\/adc.cat\/es\/"},{"@type":"ListItem","position":2,"name":"Eventos","item":"https:\/\/adc.cat\/es\/activitats\/"},{"@type":"ListItem","position":3,"name":"Lleida: Simposio, psicolog\u00eda en la Atenci\u00f3n primaria"}]},{"@type":"WebSite","@id":"https:\/\/adc.cat\/es\/#website","url":"https:\/\/adc.cat\/es\/","name":"ADC \u2013 Associaci\u00f3 de Diabetis de Catalunya","description":"L&#039;ADC representa els pacients amb diabetis de Catalunya. Els nostres objectius: informar, aconsellar, ajudar i defensar les persones amb diabetis i promoure la sensibilitzaci\u00f3 de la resta de la societat","publisher":{"@id":"https:\/\/adc.cat\/es\/#organization"},"potentialAction":[{"@type":"SearchAction","target":{"@type":"EntryPoint","urlTemplate":"https:\/\/adc.cat\/es\/?s={search_term_string}"},"query-input":{"@type":"PropertyValueSpecification","valueRequired":true,"valueName":"search_term_string"}}],"inLanguage":"es"},{"@type":"Organization","@id":"https:\/\/adc.cat\/es\/#organization","name":"Associaci\u00f3 de Diabetis de Catalunya","url":"https:\/\/adc.cat\/es\/","logo":{"@type":"ImageObject","inLanguage":"es","@id":"https:\/\/adc.cat\/es\/#\/schema\/logo\/image\/","url":"https:\/\/adc.cat\/wp-content\/uploads\/2022\/01\/associacio_de_diabetis_catalunya.png","contentUrl":"https:\/\/adc.cat\/wp-content\/uploads\/2022\/01\/associacio_de_diabetis_catalunya.png","width":512,"height":239,"caption":"Associaci\u00f3 de Diabetis de Catalunya"},"image":{"@id":"https:\/\/adc.cat\/es\/#\/schema\/logo\/image\/"},"sameAs":["https:\/\/www.facebook.com\/ADC.CAT\/","https:\/\/x.com\/ADC_CAT","https:\/\/www.instagram.com\/adc_cat\/","https:\/\/www.linkedin.com\/company\/associacio-de-diabetis-de-catalunya","https:\/\/www.youtube.com\/channel\/UC7BiJMxG_5sHYUhMAlevAWA"]}]}},"_links":{"self":[{"href":"https:\/\/adc.cat\/es\/wp-json\/wp\/v2\/tribe_events\/43193","targetHints":{"allow":["GET"]}}],"collection":[{"href":"https:\/\/adc.cat\/es\/wp-json\/wp\/v2\/tribe_events"}],"about":[{"href":"https:\/\/adc.cat\/es\/wp-json\/wp\/v2\/types\/tribe_events"}],"author":[{"embeddable":true,"href":"https:\/\/adc.cat\/es\/wp-json\/wp\/v2\/users\/2"}],"version-history":[{"count":5,"href":"https:\/\/adc.cat\/es\/wp-json\/wp\/v2\/tribe_events\/43193\/revisions"}],"predecessor-version":[{"id":43454,"href":"https:\/\/adc.cat\/es\/wp-json\/wp\/v2\/tribe_events\/43193\/revisions\/43454"}],"wp:featuredmedia":[{"embeddable":true,"href":"https:\/\/adc.cat\/es\/wp-json\/wp\/v2\/media\/43194"}],"wp:attachment":[{"href":"https:\/\/adc.cat\/es\/wp-json\/wp\/v2\/media?parent=43193"}],"wp:term":[{"taxonomy":"post_tag","embeddable":true,"href":"https:\/\/adc.cat\/es\/wp-json\/wp\/v2\/tags?post=43193"},{"taxonomy":"tribe_events_cat","embeddable":true,"href":"https:\/\/adc.cat\/es\/wp-json\/wp\/v2\/tribe_events_cat?post=43193"}],"curies":[{"name":"wp","href":"https:\/\/api.w.org\/{rel}","templated":true}]}}