{"id":43665,"date":"2024-04-26T14:26:24","date_gmt":"2024-04-26T12:26:24","guid":{"rendered":"https:\/\/adc.cat\/activitat\/hospitalet-personas-mayores-con-diabetes-en-la-feria-de-la-gente-mayor\/"},"modified":"2024-04-26T14:29:52","modified_gmt":"2024-04-26T12:29:52","slug":"hospitalet-personas-mayores-con-diabetes-en-la-feria-de-la-gente-mayor","status":"publish","type":"tribe_events","link":"https:\/\/adc.cat\/es\/activitat\/hospitalet-personas-mayores-con-diabetes-en-la-feria-de-la-gente-mayor\/","title":{"rendered":"Hospitalet: Personas mayores con diabetes en la Feria de la Gente mayor"},"content":{"rendered":"<p>[et_pb_section][et_pb_row][et_pb_column type=\u00bb4_4&#8243;][et_pb_text]<\/p>\n<p>Una charla para dar una visi\u00f3n general de los diferentes \u00e1mbitos que se aconseja trabajar en caso de ser una persona grande con diabetes para conseguir una buena calidad de vida en el proceso del envejecimiento.<br \/>\u00a0\ud83d\udccd \u00bf<strong>D\u00f3nde<\/strong>? Auditorio de la Fragua de la\u00a0Hospitalet, a la Feria de la gente mayor. https:\/\/firagran.com\/\u00a0<\/p>\n<p>\ud83d\uddd3\ufe0f\u00a0<strong>Fecha<\/strong>: Jueves 31 de mayo\u00a0<\/p>\n<p>\ud83d\udd56\u00a0<strong>Hora<\/strong>: De 12:00 a 12:40 horas.\u00a0<\/p>\n<p>\ud83d\udde3\ufe0f\u00a0<strong>Ponencia<\/strong> impartida por:<\/p>\n<ul>\n<li>Gl\u00f2ria Arbon\u00e9s. Licenciada en Farmacia; M\u00e1ster en Nutrici\u00f3n y Diet\u00e9tica.<br \/>Vocal\u00eda de Alimentaci\u00f3n y Nutrici\u00f3n al\u00a0COFB\u00a0y miembro de\u00a0ACCA.<\/li>\n<\/ul>\n<p>&nbsp;<\/p>\n<ul>\n<li>Maria Assumpci\u00f3 Roset. Doctora en Farmacia; Licenciada en Ciencias Biol\u00f3gicas.<br \/>Vocal\u00eda de Alimentaci\u00f3n y Nutrici\u00f3n al\u00a0COFB\u00a0y miembro de\u00a0ACCA.<\/li>\n<\/ul>\n<p>&nbsp;<\/p>\n<ul>\n<li>Daniel Figuerola. Doctor en Medicina, especialista en Endocrinolog\u00eda y Nutrici\u00f3n.<\/li>\n<\/ul>\n<p>&nbsp;<\/p>\n<p>Sandra Canudas Maturana. Gerente de la Asociaci\u00f3n de Diabetes de Catalu\u00f1a.<br \/>Psicoterapeuta y Miembro del consejo Asesor sobre la diabetes de la Agencia de Salud P\u00fablica de Catalu\u00f1a.<\/p>\n<a href='https:\/\/adc.playoffinformatica.com\/activitat\/371\/hospitalet:-Personas-grandes-con-diabetes-a-la-Feria-de-la-Gente-Grande\/' class='big-button bigblue' target=\"_blank\">Inscripci\u00f3n<\/a>\n<p>Organiza ADC Servicios Centrales, en colaboraci\u00f3n con la Feria de la Gente mayor.<\/p>\n<p>[\/et_pb_text][\/et_pb_column][\/et_pb_row][\/et_pb_section]<\/p>\n","protected":false},"excerpt":{"rendered":"<p>Personas mayores con diabetes en la Feria de la Gente mayor<\/p>\n","protected":false},"author":2,"featured_media":43666,"template":"","meta":{"_et_pb_use_builder":"","_et_pb_old_content":"","_et_gb_content_width":"","_tribe_events_status":"","_tribe_events_status_reason":"","footnotes":""},"tags":[],"tribe_events_cat":[105],"class_list":["post-43665","tribe_events","type-tribe_events","status-publish","has-post-thumbnail","hentry","tribe_events_cat-lhospitalet-es","cat_lhospitalet-es"],"yoast_head":"<!-- This site is optimized with the Yoast SEO plugin v27.4 - https:\/\/yoast.com\/product\/yoast-seo-wordpress\/ -->\n<title>Hospitalet: Personas mayores con diabetes en la Feria de la Gente mayor - ADC \u2013 Associaci\u00f3 de Diabetis de Catalunya<\/title>\n<meta name=\"description\" content=\"Personas mayores con diabetes en la Feria de la Gente mayor\" \/>\n<meta name=\"robots\" content=\"index, follow, max-snippet:-1, max-image-preview:large, max-video-preview:-1\" \/>\n<link rel=\"canonical\" href=\"https:\/\/adc.cat\/es\/activitat\/hospitalet-personas-mayores-con-diabetes-en-la-feria-de-la-gente-mayor\/\" \/>\n<meta property=\"og:locale\" content=\"es_ES\" \/>\n<meta property=\"og:type\" content=\"article\" \/>\n<meta property=\"og:title\" content=\"Hospitalet: Personas mayores con diabetes en la Feria de la Gente mayor - ADC \u2013 Associaci\u00f3 de Diabetis de Catalunya\" \/>\n<meta property=\"og:description\" content=\"Personas mayores con diabetes en la Feria de la Gente mayor\" \/>\n<meta property=\"og:url\" content=\"https:\/\/adc.cat\/es\/activitat\/hospitalet-personas-mayores-con-diabetes-en-la-feria-de-la-gente-mayor\/\" \/>\n<meta property=\"og:site_name\" content=\"ADC \u2013 Associaci\u00f3 de Diabetis de Catalunya\" \/>\n<meta property=\"article:publisher\" content=\"https:\/\/www.facebook.com\/ADC.CAT\/\" \/>\n<meta property=\"article:modified_time\" content=\"2024-04-26T12:29:52+00:00\" \/>\n<meta property=\"og:image\" content=\"https:\/\/adc.cat\/wp-content\/uploads\/2023\/09\/web-1-1024x699.jpg\" \/>\n<meta name=\"twitter:card\" content=\"summary_large_image\" \/>\n<meta name=\"twitter:title\" content=\"Hospitalet: Personas mayores con diabetes en la Feria de la Gente mayor - ADC \u2013 Associaci\u00f3 de Diabetis de Catalunya\" \/>\n<meta name=\"twitter:description\" content=\"Personas mayores con diabetes en la Feria de la Gente mayor\" \/>\n<meta name=\"twitter:image\" content=\"https:\/\/adc.cat\/wp-content\/uploads\/2023\/09\/web-1-1024x699.jpg\" \/>\n<meta name=\"twitter:site\" content=\"@ADC_CAT\" \/>\n<meta name=\"twitter:label1\" content=\"Tiempo de lectura\" \/>\n\t<meta name=\"twitter:data1\" content=\"1 minuto\" \/>\n<script type=\"application\/ld+json\" class=\"yoast-schema-graph\">{\"@context\":\"https:\\\/\\\/schema.org\",\"@graph\":[{\"@type\":\"WebPage\",\"@id\":\"https:\\\/\\\/adc.cat\\\/es\\\/activitat\\\/hospitalet-personas-mayores-con-diabetes-en-la-feria-de-la-gente-mayor\\\/\",\"url\":\"https:\\\/\\\/adc.cat\\\/es\\\/activitat\\\/hospitalet-personas-mayores-con-diabetes-en-la-feria-de-la-gente-mayor\\\/\",\"name\":\"Hospitalet: Personas mayores con diabetes en la Feria de la Gente mayor - ADC \u2013 Associaci\u00f3 de Diabetis de Catalunya\",\"isPartOf\":{\"@id\":\"https:\\\/\\\/adc.cat\\\/es\\\/#website\"},\"primaryImageOfPage\":{\"@id\":\"https:\\\/\\\/adc.cat\\\/es\\\/activitat\\\/hospitalet-personas-mayores-con-diabetes-en-la-feria-de-la-gente-mayor\\\/#primaryimage\"},\"image\":{\"@id\":\"https:\\\/\\\/adc.cat\\\/es\\\/activitat\\\/hospitalet-personas-mayores-con-diabetes-en-la-feria-de-la-gente-mayor\\\/#primaryimage\"},\"thumbnailUrl\":\"https:\\\/\\\/adc.cat\\\/wp-content\\\/uploads\\\/2024\\\/04\\\/abus.jpg\",\"datePublished\":\"2024-04-26T12:26:24+00:00\",\"dateModified\":\"2024-04-26T12:29:52+00:00\",\"description\":\"Personas mayores con diabetes en la Feria de la Gente mayor\",\"breadcrumb\":{\"@id\":\"https:\\\/\\\/adc.cat\\\/es\\\/activitat\\\/hospitalet-personas-mayores-con-diabetes-en-la-feria-de-la-gente-mayor\\\/#breadcrumb\"},\"inLanguage\":\"es\",\"potentialAction\":[{\"@type\":\"ReadAction\",\"target\":[\"https:\\\/\\\/adc.cat\\\/es\\\/activitat\\\/hospitalet-personas-mayores-con-diabetes-en-la-feria-de-la-gente-mayor\\\/\"]}]},{\"@type\":\"ImageObject\",\"inLanguage\":\"es\",\"@id\":\"https:\\\/\\\/adc.cat\\\/es\\\/activitat\\\/hospitalet-personas-mayores-con-diabetes-en-la-feria-de-la-gente-mayor\\\/#primaryimage\",\"url\":\"https:\\\/\\\/adc.cat\\\/wp-content\\\/uploads\\\/2024\\\/04\\\/abus.jpg\",\"contentUrl\":\"https:\\\/\\\/adc.cat\\\/wp-content\\\/uploads\\\/2024\\\/04\\\/abus.jpg\",\"width\":1620,\"height\":1080},{\"@type\":\"BreadcrumbList\",\"@id\":\"https:\\\/\\\/adc.cat\\\/es\\\/activitat\\\/hospitalet-personas-mayores-con-diabetes-en-la-feria-de-la-gente-mayor\\\/#breadcrumb\",\"itemListElement\":[{\"@type\":\"ListItem\",\"position\":1,\"name\":\"Portada\",\"item\":\"https:\\\/\\\/adc.cat\\\/es\\\/\"},{\"@type\":\"ListItem\",\"position\":2,\"name\":\"Eventos\",\"item\":\"https:\\\/\\\/adc.cat\\\/es\\\/activitats\\\/\"},{\"@type\":\"ListItem\",\"position\":3,\"name\":\"Hospitalet: Personas mayores con diabetes en la Feria de la Gente mayor\"}]},{\"@type\":\"WebSite\",\"@id\":\"https:\\\/\\\/adc.cat\\\/es\\\/#website\",\"url\":\"https:\\\/\\\/adc.cat\\\/es\\\/\",\"name\":\"ADC \u2013 Associaci\u00f3 de Diabetis de Catalunya\",\"description\":\"L&#039;ADC representa els pacients amb diabetis de Catalunya. Els nostres objectius: informar, aconsellar, ajudar i defensar les persones amb diabetis i promoure la sensibilitzaci\u00f3 de la resta de la societat\",\"publisher\":{\"@id\":\"https:\\\/\\\/adc.cat\\\/es\\\/#organization\"},\"potentialAction\":[{\"@type\":\"SearchAction\",\"target\":{\"@type\":\"EntryPoint\",\"urlTemplate\":\"https:\\\/\\\/adc.cat\\\/es\\\/?s={search_term_string}\"},\"query-input\":{\"@type\":\"PropertyValueSpecification\",\"valueRequired\":true,\"valueName\":\"search_term_string\"}}],\"inLanguage\":\"es\"},{\"@type\":\"Organization\",\"@id\":\"https:\\\/\\\/adc.cat\\\/es\\\/#organization\",\"name\":\"Associaci\u00f3 de Diabetis de Catalunya\",\"url\":\"https:\\\/\\\/adc.cat\\\/es\\\/\",\"logo\":{\"@type\":\"ImageObject\",\"inLanguage\":\"es\",\"@id\":\"https:\\\/\\\/adc.cat\\\/es\\\/#\\\/schema\\\/logo\\\/image\\\/\",\"url\":\"https:\\\/\\\/adc.cat\\\/wp-content\\\/uploads\\\/2022\\\/01\\\/associacio_de_diabetis_catalunya.png\",\"contentUrl\":\"https:\\\/\\\/adc.cat\\\/wp-content\\\/uploads\\\/2022\\\/01\\\/associacio_de_diabetis_catalunya.png\",\"width\":512,\"height\":239,\"caption\":\"Associaci\u00f3 de Diabetis de Catalunya\"},\"image\":{\"@id\":\"https:\\\/\\\/adc.cat\\\/es\\\/#\\\/schema\\\/logo\\\/image\\\/\"},\"sameAs\":[\"https:\\\/\\\/www.facebook.com\\\/ADC.CAT\\\/\",\"https:\\\/\\\/x.com\\\/ADC_CAT\",\"https:\\\/\\\/www.instagram.com\\\/adc_cat\\\/\",\"https:\\\/\\\/www.linkedin.com\\\/company\\\/associacio-de-diabetis-de-catalunya\",\"https:\\\/\\\/www.youtube.com\\\/channel\\\/UC7BiJMxG_5sHYUhMAlevAWA\"]}]}<\/script>\n<!-- \/ Yoast SEO plugin. -->","yoast_head_json":{"title":"Hospitalet: Personas mayores con diabetes en la Feria de la Gente mayor - ADC \u2013 Associaci\u00f3 de Diabetis de Catalunya","description":"Personas mayores con diabetes en la Feria de la Gente mayor","robots":{"index":"index","follow":"follow","max-snippet":"max-snippet:-1","max-image-preview":"max-image-preview:large","max-video-preview":"max-video-preview:-1"},"canonical":"https:\/\/adc.cat\/es\/activitat\/hospitalet-personas-mayores-con-diabetes-en-la-feria-de-la-gente-mayor\/","og_locale":"es_ES","og_type":"article","og_title":"Hospitalet: Personas mayores con diabetes en la Feria de la Gente mayor - ADC \u2013 Associaci\u00f3 de Diabetis de Catalunya","og_description":"Personas mayores con diabetes en la Feria de la Gente mayor","og_url":"https:\/\/adc.cat\/es\/activitat\/hospitalet-personas-mayores-con-diabetes-en-la-feria-de-la-gente-mayor\/","og_site_name":"ADC \u2013 Associaci\u00f3 de Diabetis de Catalunya","article_publisher":"https:\/\/www.facebook.com\/ADC.CAT\/","article_modified_time":"2024-04-26T12:29:52+00:00","og_image":[{"url":"https:\/\/adc.cat\/wp-content\/uploads\/2023\/09\/web-1-1024x699.jpg","type":"","width":"","height":""}],"twitter_card":"summary_large_image","twitter_title":"Hospitalet: Personas mayores con diabetes en la Feria de la Gente mayor - ADC \u2013 Associaci\u00f3 de Diabetis de Catalunya","twitter_description":"Personas mayores con diabetes en la Feria de la Gente mayor","twitter_image":"https:\/\/adc.cat\/wp-content\/uploads\/2023\/09\/web-1-1024x699.jpg","twitter_site":"@ADC_CAT","twitter_misc":{"Tiempo de lectura":"1 minuto"},"schema":{"@context":"https:\/\/schema.org","@graph":[{"@type":"WebPage","@id":"https:\/\/adc.cat\/es\/activitat\/hospitalet-personas-mayores-con-diabetes-en-la-feria-de-la-gente-mayor\/","url":"https:\/\/adc.cat\/es\/activitat\/hospitalet-personas-mayores-con-diabetes-en-la-feria-de-la-gente-mayor\/","name":"Hospitalet: Personas mayores con diabetes en la Feria de la Gente mayor - ADC \u2013 Associaci\u00f3 de Diabetis de Catalunya","isPartOf":{"@id":"https:\/\/adc.cat\/es\/#website"},"primaryImageOfPage":{"@id":"https:\/\/adc.cat\/es\/activitat\/hospitalet-personas-mayores-con-diabetes-en-la-feria-de-la-gente-mayor\/#primaryimage"},"image":{"@id":"https:\/\/adc.cat\/es\/activitat\/hospitalet-personas-mayores-con-diabetes-en-la-feria-de-la-gente-mayor\/#primaryimage"},"thumbnailUrl":"https:\/\/adc.cat\/wp-content\/uploads\/2024\/04\/abus.jpg","datePublished":"2024-04-26T12:26:24+00:00","dateModified":"2024-04-26T12:29:52+00:00","description":"Personas mayores con diabetes en la Feria de la Gente mayor","breadcrumb":{"@id":"https:\/\/adc.cat\/es\/activitat\/hospitalet-personas-mayores-con-diabetes-en-la-feria-de-la-gente-mayor\/#breadcrumb"},"inLanguage":"es","potentialAction":[{"@type":"ReadAction","target":["https:\/\/adc.cat\/es\/activitat\/hospitalet-personas-mayores-con-diabetes-en-la-feria-de-la-gente-mayor\/"]}]},{"@type":"ImageObject","inLanguage":"es","@id":"https:\/\/adc.cat\/es\/activitat\/hospitalet-personas-mayores-con-diabetes-en-la-feria-de-la-gente-mayor\/#primaryimage","url":"https:\/\/adc.cat\/wp-content\/uploads\/2024\/04\/abus.jpg","contentUrl":"https:\/\/adc.cat\/wp-content\/uploads\/2024\/04\/abus.jpg","width":1620,"height":1080},{"@type":"BreadcrumbList","@id":"https:\/\/adc.cat\/es\/activitat\/hospitalet-personas-mayores-con-diabetes-en-la-feria-de-la-gente-mayor\/#breadcrumb","itemListElement":[{"@type":"ListItem","position":1,"name":"Portada","item":"https:\/\/adc.cat\/es\/"},{"@type":"ListItem","position":2,"name":"Eventos","item":"https:\/\/adc.cat\/es\/activitats\/"},{"@type":"ListItem","position":3,"name":"Hospitalet: Personas mayores con diabetes en la Feria de la Gente mayor"}]},{"@type":"WebSite","@id":"https:\/\/adc.cat\/es\/#website","url":"https:\/\/adc.cat\/es\/","name":"ADC \u2013 Associaci\u00f3 de Diabetis de Catalunya","description":"L&#039;ADC representa els pacients amb diabetis de Catalunya. Els nostres objectius: informar, aconsellar, ajudar i defensar les persones amb diabetis i promoure la sensibilitzaci\u00f3 de la resta de la societat","publisher":{"@id":"https:\/\/adc.cat\/es\/#organization"},"potentialAction":[{"@type":"SearchAction","target":{"@type":"EntryPoint","urlTemplate":"https:\/\/adc.cat\/es\/?s={search_term_string}"},"query-input":{"@type":"PropertyValueSpecification","valueRequired":true,"valueName":"search_term_string"}}],"inLanguage":"es"},{"@type":"Organization","@id":"https:\/\/adc.cat\/es\/#organization","name":"Associaci\u00f3 de Diabetis de Catalunya","url":"https:\/\/adc.cat\/es\/","logo":{"@type":"ImageObject","inLanguage":"es","@id":"https:\/\/adc.cat\/es\/#\/schema\/logo\/image\/","url":"https:\/\/adc.cat\/wp-content\/uploads\/2022\/01\/associacio_de_diabetis_catalunya.png","contentUrl":"https:\/\/adc.cat\/wp-content\/uploads\/2022\/01\/associacio_de_diabetis_catalunya.png","width":512,"height":239,"caption":"Associaci\u00f3 de Diabetis de Catalunya"},"image":{"@id":"https:\/\/adc.cat\/es\/#\/schema\/logo\/image\/"},"sameAs":["https:\/\/www.facebook.com\/ADC.CAT\/","https:\/\/x.com\/ADC_CAT","https:\/\/www.instagram.com\/adc_cat\/","https:\/\/www.linkedin.com\/company\/associacio-de-diabetis-de-catalunya","https:\/\/www.youtube.com\/channel\/UC7BiJMxG_5sHYUhMAlevAWA"]}]}},"_links":{"self":[{"href":"https:\/\/adc.cat\/es\/wp-json\/wp\/v2\/tribe_events\/43665","targetHints":{"allow":["GET"]}}],"collection":[{"href":"https:\/\/adc.cat\/es\/wp-json\/wp\/v2\/tribe_events"}],"about":[{"href":"https:\/\/adc.cat\/es\/wp-json\/wp\/v2\/types\/tribe_events"}],"author":[{"embeddable":true,"href":"https:\/\/adc.cat\/es\/wp-json\/wp\/v2\/users\/2"}],"version-history":[{"count":2,"href":"https:\/\/adc.cat\/es\/wp-json\/wp\/v2\/tribe_events\/43665\/revisions"}],"predecessor-version":[{"id":43668,"href":"https:\/\/adc.cat\/es\/wp-json\/wp\/v2\/tribe_events\/43665\/revisions\/43668"}],"wp:featuredmedia":[{"embeddable":true,"href":"https:\/\/adc.cat\/es\/wp-json\/wp\/v2\/media\/43666"}],"wp:attachment":[{"href":"https:\/\/adc.cat\/es\/wp-json\/wp\/v2\/media?parent=43665"}],"wp:term":[{"taxonomy":"post_tag","embeddable":true,"href":"https:\/\/adc.cat\/es\/wp-json\/wp\/v2\/tags?post=43665"},{"taxonomy":"tribe_events_cat","embeddable":true,"href":"https:\/\/adc.cat\/es\/wp-json\/wp\/v2\/tribe_events_cat?post=43665"}],"curies":[{"name":"wp","href":"https:\/\/api.w.org\/{rel}","templated":true}]}}