{"id":43724,"date":"2024-04-30T11:24:44","date_gmt":"2024-04-30T09:24:44","guid":{"rendered":"https:\/\/adc.cat\/activitat\/online-presentacion-del-nuevo-programa-de-voluntariado-de-la-adc\/"},"modified":"2024-04-30T11:56:48","modified_gmt":"2024-04-30T09:56:48","slug":"online-presentacion-del-nuevo-programa-de-voluntariado-de-la-adc","status":"publish","type":"tribe_events","link":"https:\/\/adc.cat\/es\/activitat\/online-presentacion-del-nuevo-programa-de-voluntariado-de-la-adc\/","title":{"rendered":"Online: Presentaci\u00f3n del nuevo programa de voluntariado de la ADC"},"content":{"rendered":"<p>[et_pb_section][et_pb_row][et_pb_column type=\u00bb4_4&#8243;][et_pb_text]<\/p>\n<div class=\"page-header\">\n<h1>Presentaci\u00f3n online del programa de voluntariado de la ADC, por una mejor calidad de vida de las personas con diabetes<\/h1>\n<div class=\"et_pb_module et_pb_text et_pb_text_1 et_pb_text_align_left et_pb_bg_layout_light\">\n<div class=\"et_pb_text_inner\">Trabajamos juntos para abordar las necesidades y hacer una diferencia positiva en la vida de las personas. La ADC est\u00e1 formada por muchas personas que, como t\u00fa, suman su esfuerzo para mejorar las condiciones de la gente con diabetes y de sus familias. \u00a1\u00danete a nuestro equipo!<\/div>\n<\/div>\n<div class=\"et_pb_module et_pb_text et_pb_text_2 et_pb_text_align_left et_pb_bg_layout_light\">\n<div><\/div>\n<div class=\"et_pb_text_inner\"><strong>Nuestro objetivo: <\/strong>Conectamos, ayudamos y defendemos las personas con diabetes en todo Catalu\u00f1a. Ya hayas acabado de debutar, haga a\u00f1os que convives con ella, o est\u00e9s acompa\u00f1ando y ayudante a una persona estimada, el camino para entender la diabetes empieza aqu\u00ed.<\/div>\n<div><\/div>\n<div class=\"et_pb_text_inner\">Toda la informaci\u00f3n del proyecto de voluntariado: <a href=\"https:\/\/adc.cat\/es\/voluntariado\/\">https:\/\/adc.cat\/es\/voluntariado\/ <\/a><\/div>\n<\/div>\n<p><img decoding=\"async\" class=\"aligncenter wp-image-43739 size-full\" src=\"https:\/\/adc.cat\/wp-content\/uploads\/2024\/04\/web-cast-1.jpg\" alt=\"\" width=\"1080\" height=\"721\" srcset=\"https:\/\/adc.cat\/wp-content\/uploads\/2024\/04\/web-cast-1.jpg 1080w, https:\/\/adc.cat\/wp-content\/uploads\/2024\/04\/web-cast-1-980x654.jpg 980w, https:\/\/adc.cat\/wp-content\/uploads\/2024\/04\/web-cast-1-480x320.jpg 480w\" sizes=\"(min-width: 0px) and (max-width: 480px) 480px, (min-width: 481px) and (max-width: 980px) 980px, (min-width: 981px) 1080px, 100vw\" \/><\/p>\n<p><strong>\ud83d\udccd \u00bfD\u00f3nde? <\/strong>En l\u00ednea. El mismo lunes, horas antes os facilitaremos el enlace de la videotrucada.<\/p>\n<p><strong>\ud83d\uddd3\ufe0f Fecha<\/strong>: Lunes 17 de junio<\/p>\n<p><strong>\ud83d\udd56 Hora<\/strong>: A las 18:00<\/p>\n<p>\ud83d\udde3\ufe0f <strong>Charla dinamizada por <\/strong>Sandra Canudas, gerente del ADC, y Iru (Irene Dom\u00ednguez), responsable de comunicaci\u00f3n de la ADC y coordinadora transversal de proyectos pedag\u00f3gicos.<\/p>\n<p>&nbsp;<\/p>\n<p style=\"text-align: center;\"><a href='https:\/\/adc.playoffinformatica.com\/activitat\/373\/online:-Presentacio-del-programa-del-voluntariado-a-l-ADC\/' class='big-button bigblue' target=\"_blank\">Inscripci\u00f3n<\/a><\/p>\n<\/div>\n<p>&nbsp;<\/p>\n<p><span class=\"d2edcug0 hpfvmrgz qv66sw1b c1et5uql lr9zc1uh a8c37x1j fe6kdd0r mau55g9w c8b282yb keod5gw0 nxhoafnm aigsh9s9 d3f4x2em iv3no6db jq4qci2q a3bd9o3v b1v8xokw oo9gr5id hzawbc8m\" dir=\"auto\">Organiza ADC Servicios Centrales. <\/span><\/p>\n<p>[\/et_pb_text][\/et_pb_column][\/et_pb_row][\/et_pb_section]<\/p>\n","protected":false},"excerpt":{"rendered":"<p>Online: Presentaci\u00f3n del nuevo programa de voluntariado de la ADC<\/p>\n","protected":false},"author":2,"featured_media":43726,"template":"","meta":{"_et_pb_use_builder":"","_et_pb_old_content":"","_et_gb_content_width":"","_tribe_events_status":"","_tribe_events_status_reason":"","footnotes":""},"tags":[],"tribe_events_cat":[69],"class_list":["post-43724","tribe_events","type-tribe_events","status-publish","has-post-thumbnail","hentry","tribe_events_cat-barcelona-es","cat_barcelona-es"],"yoast_head":"<!-- This site is optimized with the Yoast SEO plugin v27.4 - https:\/\/yoast.com\/product\/yoast-seo-wordpress\/ -->\n<title>Online: Presentaci\u00f3n del nuevo programa de voluntariado de la ADC - ADC \u2013 Associaci\u00f3 de Diabetis de Catalunya<\/title>\n<meta name=\"description\" content=\"Presentaci\u00f3n del nuevo programa de voluntariado de la ADC\" \/>\n<meta name=\"robots\" content=\"index, follow, max-snippet:-1, max-image-preview:large, max-video-preview:-1\" \/>\n<link rel=\"canonical\" href=\"https:\/\/adc.cat\/es\/activitat\/online-presentacion-del-nuevo-programa-de-voluntariado-de-la-adc\/\" \/>\n<meta property=\"og:locale\" content=\"es_ES\" \/>\n<meta property=\"og:type\" content=\"article\" \/>\n<meta property=\"og:title\" content=\"Online: Presentaci\u00f3n del nuevo programa de voluntariado de la ADC - ADC \u2013 Associaci\u00f3 de Diabetis de Catalunya\" \/>\n<meta property=\"og:description\" content=\"Online: Presentaci\u00f3n del nuevo programa de voluntariado de la ADC\" \/>\n<meta property=\"og:url\" content=\"https:\/\/adc.cat\/es\/activitat\/online-presentacion-del-nuevo-programa-de-voluntariado-de-la-adc\/\" \/>\n<meta property=\"og:site_name\" content=\"ADC \u2013 Associaci\u00f3 de Diabetis de Catalunya\" \/>\n<meta property=\"article:publisher\" content=\"https:\/\/www.facebook.com\/ADC.CAT\/\" \/>\n<meta property=\"article:modified_time\" content=\"2024-04-30T09:56:48+00:00\" \/>\n<meta property=\"og:image\" content=\"https:\/\/adc.cat\/wp-content\/uploads\/2023\/09\/web-1-1024x699.jpg\" \/>\n<meta name=\"twitter:card\" content=\"summary_large_image\" \/>\n<meta name=\"twitter:title\" content=\"Online: Presentaci\u00f3n del nuevo programa de voluntariado de la ADC - ADC \u2013 Associaci\u00f3 de Diabetis de Catalunya\" \/>\n<meta name=\"twitter:description\" content=\"Online: Presentaci\u00f3n del nuevo programa de voluntariado de la ADC\" \/>\n<meta name=\"twitter:image\" content=\"https:\/\/adc.cat\/wp-content\/uploads\/2023\/09\/web-1-1024x699.jpg\" \/>\n<meta name=\"twitter:site\" content=\"@ADC_CAT\" \/>\n<meta name=\"twitter:label1\" content=\"Tiempo de lectura\" \/>\n\t<meta name=\"twitter:data1\" content=\"2 minutos\" \/>\n<script type=\"application\/ld+json\" class=\"yoast-schema-graph\">{\"@context\":\"https:\\\/\\\/schema.org\",\"@graph\":[{\"@type\":\"WebPage\",\"@id\":\"https:\\\/\\\/adc.cat\\\/es\\\/activitat\\\/online-presentacion-del-nuevo-programa-de-voluntariado-de-la-adc\\\/\",\"url\":\"https:\\\/\\\/adc.cat\\\/es\\\/activitat\\\/online-presentacion-del-nuevo-programa-de-voluntariado-de-la-adc\\\/\",\"name\":\"Online: Presentaci\u00f3n del nuevo programa de voluntariado de la ADC - ADC \u2013 Associaci\u00f3 de Diabetis de Catalunya\",\"isPartOf\":{\"@id\":\"https:\\\/\\\/adc.cat\\\/es\\\/#website\"},\"primaryImageOfPage\":{\"@id\":\"https:\\\/\\\/adc.cat\\\/es\\\/activitat\\\/online-presentacion-del-nuevo-programa-de-voluntariado-de-la-adc\\\/#primaryimage\"},\"image\":{\"@id\":\"https:\\\/\\\/adc.cat\\\/es\\\/activitat\\\/online-presentacion-del-nuevo-programa-de-voluntariado-de-la-adc\\\/#primaryimage\"},\"thumbnailUrl\":\"https:\\\/\\\/adc.cat\\\/wp-content\\\/uploads\\\/2024\\\/04\\\/web-5-scaled.jpg\",\"datePublished\":\"2024-04-30T09:24:44+00:00\",\"dateModified\":\"2024-04-30T09:56:48+00:00\",\"description\":\"Presentaci\u00f3n del nuevo programa de voluntariado de la ADC\",\"breadcrumb\":{\"@id\":\"https:\\\/\\\/adc.cat\\\/es\\\/activitat\\\/online-presentacion-del-nuevo-programa-de-voluntariado-de-la-adc\\\/#breadcrumb\"},\"inLanguage\":\"es\",\"potentialAction\":[{\"@type\":\"ReadAction\",\"target\":[\"https:\\\/\\\/adc.cat\\\/es\\\/activitat\\\/online-presentacion-del-nuevo-programa-de-voluntariado-de-la-adc\\\/\"]}]},{\"@type\":\"ImageObject\",\"inLanguage\":\"es\",\"@id\":\"https:\\\/\\\/adc.cat\\\/es\\\/activitat\\\/online-presentacion-del-nuevo-programa-de-voluntariado-de-la-adc\\\/#primaryimage\",\"url\":\"https:\\\/\\\/adc.cat\\\/wp-content\\\/uploads\\\/2024\\\/04\\\/web-5-scaled.jpg\",\"contentUrl\":\"https:\\\/\\\/adc.cat\\\/wp-content\\\/uploads\\\/2024\\\/04\\\/web-5-scaled.jpg\",\"width\":2560,\"height\":1711},{\"@type\":\"BreadcrumbList\",\"@id\":\"https:\\\/\\\/adc.cat\\\/es\\\/activitat\\\/online-presentacion-del-nuevo-programa-de-voluntariado-de-la-adc\\\/#breadcrumb\",\"itemListElement\":[{\"@type\":\"ListItem\",\"position\":1,\"name\":\"Portada\",\"item\":\"https:\\\/\\\/adc.cat\\\/es\\\/\"},{\"@type\":\"ListItem\",\"position\":2,\"name\":\"Eventos\",\"item\":\"https:\\\/\\\/adc.cat\\\/es\\\/activitats\\\/\"},{\"@type\":\"ListItem\",\"position\":3,\"name\":\"Online: Presentaci\u00f3n del nuevo programa de voluntariado de la ADC\"}]},{\"@type\":\"WebSite\",\"@id\":\"https:\\\/\\\/adc.cat\\\/es\\\/#website\",\"url\":\"https:\\\/\\\/adc.cat\\\/es\\\/\",\"name\":\"ADC \u2013 Associaci\u00f3 de Diabetis de Catalunya\",\"description\":\"L&#039;ADC representa els pacients amb diabetis de Catalunya. Els nostres objectius: informar, aconsellar, ajudar i defensar les persones amb diabetis i promoure la sensibilitzaci\u00f3 de la resta de la societat\",\"publisher\":{\"@id\":\"https:\\\/\\\/adc.cat\\\/es\\\/#organization\"},\"potentialAction\":[{\"@type\":\"SearchAction\",\"target\":{\"@type\":\"EntryPoint\",\"urlTemplate\":\"https:\\\/\\\/adc.cat\\\/es\\\/?s={search_term_string}\"},\"query-input\":{\"@type\":\"PropertyValueSpecification\",\"valueRequired\":true,\"valueName\":\"search_term_string\"}}],\"inLanguage\":\"es\"},{\"@type\":\"Organization\",\"@id\":\"https:\\\/\\\/adc.cat\\\/es\\\/#organization\",\"name\":\"Associaci\u00f3 de Diabetis de Catalunya\",\"url\":\"https:\\\/\\\/adc.cat\\\/es\\\/\",\"logo\":{\"@type\":\"ImageObject\",\"inLanguage\":\"es\",\"@id\":\"https:\\\/\\\/adc.cat\\\/es\\\/#\\\/schema\\\/logo\\\/image\\\/\",\"url\":\"https:\\\/\\\/adc.cat\\\/wp-content\\\/uploads\\\/2022\\\/01\\\/associacio_de_diabetis_catalunya.png\",\"contentUrl\":\"https:\\\/\\\/adc.cat\\\/wp-content\\\/uploads\\\/2022\\\/01\\\/associacio_de_diabetis_catalunya.png\",\"width\":512,\"height\":239,\"caption\":\"Associaci\u00f3 de Diabetis de Catalunya\"},\"image\":{\"@id\":\"https:\\\/\\\/adc.cat\\\/es\\\/#\\\/schema\\\/logo\\\/image\\\/\"},\"sameAs\":[\"https:\\\/\\\/www.facebook.com\\\/ADC.CAT\\\/\",\"https:\\\/\\\/x.com\\\/ADC_CAT\",\"https:\\\/\\\/www.instagram.com\\\/adc_cat\\\/\",\"https:\\\/\\\/www.linkedin.com\\\/company\\\/associacio-de-diabetis-de-catalunya\",\"https:\\\/\\\/www.youtube.com\\\/channel\\\/UC7BiJMxG_5sHYUhMAlevAWA\"]}]}<\/script>\n<!-- \/ Yoast SEO plugin. -->","yoast_head_json":{"title":"Online: Presentaci\u00f3n del nuevo programa de voluntariado de la ADC - ADC \u2013 Associaci\u00f3 de Diabetis de Catalunya","description":"Presentaci\u00f3n del nuevo programa de voluntariado de la ADC","robots":{"index":"index","follow":"follow","max-snippet":"max-snippet:-1","max-image-preview":"max-image-preview:large","max-video-preview":"max-video-preview:-1"},"canonical":"https:\/\/adc.cat\/es\/activitat\/online-presentacion-del-nuevo-programa-de-voluntariado-de-la-adc\/","og_locale":"es_ES","og_type":"article","og_title":"Online: Presentaci\u00f3n del nuevo programa de voluntariado de la ADC - ADC \u2013 Associaci\u00f3 de Diabetis de Catalunya","og_description":"Online: Presentaci\u00f3n del nuevo programa de voluntariado de la ADC","og_url":"https:\/\/adc.cat\/es\/activitat\/online-presentacion-del-nuevo-programa-de-voluntariado-de-la-adc\/","og_site_name":"ADC \u2013 Associaci\u00f3 de Diabetis de Catalunya","article_publisher":"https:\/\/www.facebook.com\/ADC.CAT\/","article_modified_time":"2024-04-30T09:56:48+00:00","og_image":[{"url":"https:\/\/adc.cat\/wp-content\/uploads\/2023\/09\/web-1-1024x699.jpg","type":"","width":"","height":""}],"twitter_card":"summary_large_image","twitter_title":"Online: Presentaci\u00f3n del nuevo programa de voluntariado de la ADC - ADC \u2013 Associaci\u00f3 de Diabetis de Catalunya","twitter_description":"Online: Presentaci\u00f3n del nuevo programa de voluntariado de la ADC","twitter_image":"https:\/\/adc.cat\/wp-content\/uploads\/2023\/09\/web-1-1024x699.jpg","twitter_site":"@ADC_CAT","twitter_misc":{"Tiempo de lectura":"2 minutos"},"schema":{"@context":"https:\/\/schema.org","@graph":[{"@type":"WebPage","@id":"https:\/\/adc.cat\/es\/activitat\/online-presentacion-del-nuevo-programa-de-voluntariado-de-la-adc\/","url":"https:\/\/adc.cat\/es\/activitat\/online-presentacion-del-nuevo-programa-de-voluntariado-de-la-adc\/","name":"Online: Presentaci\u00f3n del nuevo programa de voluntariado de la ADC - ADC \u2013 Associaci\u00f3 de Diabetis de Catalunya","isPartOf":{"@id":"https:\/\/adc.cat\/es\/#website"},"primaryImageOfPage":{"@id":"https:\/\/adc.cat\/es\/activitat\/online-presentacion-del-nuevo-programa-de-voluntariado-de-la-adc\/#primaryimage"},"image":{"@id":"https:\/\/adc.cat\/es\/activitat\/online-presentacion-del-nuevo-programa-de-voluntariado-de-la-adc\/#primaryimage"},"thumbnailUrl":"https:\/\/adc.cat\/wp-content\/uploads\/2024\/04\/web-5-scaled.jpg","datePublished":"2024-04-30T09:24:44+00:00","dateModified":"2024-04-30T09:56:48+00:00","description":"Presentaci\u00f3n del nuevo programa de voluntariado de la ADC","breadcrumb":{"@id":"https:\/\/adc.cat\/es\/activitat\/online-presentacion-del-nuevo-programa-de-voluntariado-de-la-adc\/#breadcrumb"},"inLanguage":"es","potentialAction":[{"@type":"ReadAction","target":["https:\/\/adc.cat\/es\/activitat\/online-presentacion-del-nuevo-programa-de-voluntariado-de-la-adc\/"]}]},{"@type":"ImageObject","inLanguage":"es","@id":"https:\/\/adc.cat\/es\/activitat\/online-presentacion-del-nuevo-programa-de-voluntariado-de-la-adc\/#primaryimage","url":"https:\/\/adc.cat\/wp-content\/uploads\/2024\/04\/web-5-scaled.jpg","contentUrl":"https:\/\/adc.cat\/wp-content\/uploads\/2024\/04\/web-5-scaled.jpg","width":2560,"height":1711},{"@type":"BreadcrumbList","@id":"https:\/\/adc.cat\/es\/activitat\/online-presentacion-del-nuevo-programa-de-voluntariado-de-la-adc\/#breadcrumb","itemListElement":[{"@type":"ListItem","position":1,"name":"Portada","item":"https:\/\/adc.cat\/es\/"},{"@type":"ListItem","position":2,"name":"Eventos","item":"https:\/\/adc.cat\/es\/activitats\/"},{"@type":"ListItem","position":3,"name":"Online: Presentaci\u00f3n del nuevo programa de voluntariado de la ADC"}]},{"@type":"WebSite","@id":"https:\/\/adc.cat\/es\/#website","url":"https:\/\/adc.cat\/es\/","name":"ADC \u2013 Associaci\u00f3 de Diabetis de Catalunya","description":"L&#039;ADC representa els pacients amb diabetis de Catalunya. Els nostres objectius: informar, aconsellar, ajudar i defensar les persones amb diabetis i promoure la sensibilitzaci\u00f3 de la resta de la societat","publisher":{"@id":"https:\/\/adc.cat\/es\/#organization"},"potentialAction":[{"@type":"SearchAction","target":{"@type":"EntryPoint","urlTemplate":"https:\/\/adc.cat\/es\/?s={search_term_string}"},"query-input":{"@type":"PropertyValueSpecification","valueRequired":true,"valueName":"search_term_string"}}],"inLanguage":"es"},{"@type":"Organization","@id":"https:\/\/adc.cat\/es\/#organization","name":"Associaci\u00f3 de Diabetis de Catalunya","url":"https:\/\/adc.cat\/es\/","logo":{"@type":"ImageObject","inLanguage":"es","@id":"https:\/\/adc.cat\/es\/#\/schema\/logo\/image\/","url":"https:\/\/adc.cat\/wp-content\/uploads\/2022\/01\/associacio_de_diabetis_catalunya.png","contentUrl":"https:\/\/adc.cat\/wp-content\/uploads\/2022\/01\/associacio_de_diabetis_catalunya.png","width":512,"height":239,"caption":"Associaci\u00f3 de Diabetis de Catalunya"},"image":{"@id":"https:\/\/adc.cat\/es\/#\/schema\/logo\/image\/"},"sameAs":["https:\/\/www.facebook.com\/ADC.CAT\/","https:\/\/x.com\/ADC_CAT","https:\/\/www.instagram.com\/adc_cat\/","https:\/\/www.linkedin.com\/company\/associacio-de-diabetis-de-catalunya","https:\/\/www.youtube.com\/channel\/UC7BiJMxG_5sHYUhMAlevAWA"]}]}},"_links":{"self":[{"href":"https:\/\/adc.cat\/es\/wp-json\/wp\/v2\/tribe_events\/43724","targetHints":{"allow":["GET"]}}],"collection":[{"href":"https:\/\/adc.cat\/es\/wp-json\/wp\/v2\/tribe_events"}],"about":[{"href":"https:\/\/adc.cat\/es\/wp-json\/wp\/v2\/types\/tribe_events"}],"author":[{"embeddable":true,"href":"https:\/\/adc.cat\/es\/wp-json\/wp\/v2\/users\/2"}],"version-history":[{"count":5,"href":"https:\/\/adc.cat\/es\/wp-json\/wp\/v2\/tribe_events\/43724\/revisions"}],"predecessor-version":[{"id":43741,"href":"https:\/\/adc.cat\/es\/wp-json\/wp\/v2\/tribe_events\/43724\/revisions\/43741"}],"wp:featuredmedia":[{"embeddable":true,"href":"https:\/\/adc.cat\/es\/wp-json\/wp\/v2\/media\/43726"}],"wp:attachment":[{"href":"https:\/\/adc.cat\/es\/wp-json\/wp\/v2\/media?parent=43724"}],"wp:term":[{"taxonomy":"post_tag","embeddable":true,"href":"https:\/\/adc.cat\/es\/wp-json\/wp\/v2\/tags?post=43724"},{"taxonomy":"tribe_events_cat","embeddable":true,"href":"https:\/\/adc.cat\/es\/wp-json\/wp\/v2\/tribe_events_cat?post=43724"}],"curies":[{"name":"wp","href":"https:\/\/api.w.org\/{rel}","templated":true}]}}