{"id":47484,"date":"2024-10-23T10:33:17","date_gmt":"2024-10-23T08:33:17","guid":{"rendered":"https:\/\/adc.cat\/activitat\/terrassa-prevencion-del-uso-problematico-de-las-pantallas\/"},"modified":"2024-10-23T10:33:17","modified_gmt":"2024-10-23T08:33:17","slug":"terrassa-prevencion-del-uso-problematico-de-las-pantallas","status":"publish","type":"tribe_events","link":"https:\/\/adc.cat\/es\/activitat\/terrassa-prevencion-del-uso-problematico-de-las-pantallas\/","title":{"rendered":"Terrassa: Prevenci\u00f3n del uso problem\u00e1tico de las pantallas"},"content":{"rendered":"<p><strong>Anunciamos el ciclo de actividades del Programa de Salud de la Biblioteca Central de Terrassa, en colaboraci\u00f3n con el CAP Rambla de M\u00fatua Terrassa. Estas actividades son abiertas a todos y no se requiere inscripci\u00f3n previa. Os animamos a participar y a compartir esta informaci\u00f3n con quien pueda estar interesado.<\/strong><\/p>\n<p>&nbsp;<\/p>\n<p>\ud83d\udccd \u00bfD\u00f3nde? Biblioteca Central de Terrassa<br \/>\n\ud83d\uddd3\ufe0f Fecha: Lunes, 20 de enero de 2025<br \/>\n\ud83d\udd52 Hora: 18:00 a 19:30 h<br \/>\n\ud83d\udde3\ufe0f A cargo de: Cristina V. Fern\u00e1ndez, referente en Bienestar Emocional<\/p>\n<p>Descubre estrategias para prevenir el uso excesivo de pantallas y mejorar el bienestar emocional de toda la familia.<\/p>\n<p>&nbsp;<\/p>\n<p>No hace falta inscripci\u00f3n.<\/p>\n<p>Organiza: CAP Rambla &amp; M\u00fatua Terrassa<\/p>\n","protected":false},"excerpt":{"rendered":"<p>Anunciamos el ciclo de actividades del Programa de Salud de la Biblioteca Central de Terrassa, en colaboraci\u00f3n con el CAP Rambla de M\u00fatua Terrassa. Estas actividades son abiertas a todos y no se requiere inscripci\u00f3n previa. Os animamos a participar y a compartir esta informaci\u00f3n con quien pueda estar interesado.<\/p>\n","protected":false},"author":2,"featured_media":47485,"template":"","meta":{"_et_pb_use_builder":"","_et_pb_old_content":"","_et_gb_content_width":"","_tribe_events_status":"","_tribe_events_status_reason":"","footnotes":""},"tags":[],"tribe_events_cat":[99],"class_list":["post-47484","tribe_events","type-tribe_events","status-publish","has-post-thumbnail","hentry","tribe_events_cat-terrassa-es","cat_terrassa-es"],"yoast_head":"<!-- This site is optimized with the Yoast SEO plugin v27.4 - https:\/\/yoast.com\/product\/yoast-seo-wordpress\/ -->\n<title>Terrassa: Prevenci\u00f3n del uso problem\u00e1tico de las pantallas - ADC \u2013 Associaci\u00f3 de Diabetis de Catalunya<\/title>\n<meta name=\"description\" content=\"Anunciamos el ciclo de actividades del Programa de Salud de la Biblioteca Central de Terrassa, en colaboraci\u00f3n con el CAP Rambla de M\u00fatua Terrassa. Estas actividades son abiertas a todos y no se requiere inscripci\u00f3n previa. Os animamos a participar y a compartir esta informaci\u00f3n con quien pueda estar interesado.\" \/>\n<meta name=\"robots\" content=\"index, follow, max-snippet:-1, max-image-preview:large, max-video-preview:-1\" \/>\n<link rel=\"canonical\" href=\"https:\/\/adc.cat\/es\/activitat\/terrassa-prevencion-del-uso-problematico-de-las-pantallas\/\" \/>\n<meta property=\"og:locale\" content=\"es_ES\" \/>\n<meta property=\"og:type\" content=\"article\" \/>\n<meta property=\"og:title\" content=\"Terrassa: Prevenci\u00f3n del uso problem\u00e1tico de las pantallas - ADC \u2013 Associaci\u00f3 de Diabetis de Catalunya\" \/>\n<meta property=\"og:description\" content=\"Anunciamos el ciclo de actividades del Programa de Salud de la Biblioteca Central de Terrassa, en colaboraci\u00f3n con el CAP Rambla de M\u00fatua Terrassa. Estas actividades son abiertas a todos y no se requiere inscripci\u00f3n previa. Os animamos a participar y a compartir esta informaci\u00f3n con quien pueda estar interesado.\" \/>\n<meta property=\"og:url\" content=\"https:\/\/adc.cat\/es\/activitat\/terrassa-prevencion-del-uso-problematico-de-las-pantallas\/\" \/>\n<meta property=\"og:site_name\" content=\"ADC \u2013 Associaci\u00f3 de Diabetis de Catalunya\" \/>\n<meta property=\"article:publisher\" content=\"https:\/\/www.facebook.com\/ADC.CAT\/\" \/>\n<meta property=\"og:image\" content=\"https:\/\/adc.cat\/wp-content\/uploads\/2024\/10\/10.jpg\" \/>\n\t<meta property=\"og:image:width\" content=\"1080\" \/>\n\t<meta property=\"og:image:height\" content=\"720\" \/>\n\t<meta property=\"og:image:type\" content=\"image\/jpeg\" \/>\n<meta name=\"twitter:card\" content=\"summary_large_image\" \/>\n<meta name=\"twitter:site\" content=\"@ADC_CAT\" \/>\n<meta name=\"twitter:label1\" content=\"Tiempo de lectura\" \/>\n\t<meta name=\"twitter:data1\" content=\"1 minuto\" \/>\n<script type=\"application\/ld+json\" class=\"yoast-schema-graph\">{\"@context\":\"https:\\\/\\\/schema.org\",\"@graph\":[{\"@type\":\"WebPage\",\"@id\":\"https:\\\/\\\/adc.cat\\\/es\\\/activitat\\\/terrassa-prevencion-del-uso-problematico-de-las-pantallas\\\/\",\"url\":\"https:\\\/\\\/adc.cat\\\/es\\\/activitat\\\/terrassa-prevencion-del-uso-problematico-de-las-pantallas\\\/\",\"name\":\"Terrassa: Prevenci\u00f3n del uso problem\u00e1tico de las pantallas - ADC \u2013 Associaci\u00f3 de Diabetis de Catalunya\",\"isPartOf\":{\"@id\":\"https:\\\/\\\/adc.cat\\\/es\\\/#website\"},\"primaryImageOfPage\":{\"@id\":\"https:\\\/\\\/adc.cat\\\/es\\\/activitat\\\/terrassa-prevencion-del-uso-problematico-de-las-pantallas\\\/#primaryimage\"},\"image\":{\"@id\":\"https:\\\/\\\/adc.cat\\\/es\\\/activitat\\\/terrassa-prevencion-del-uso-problematico-de-las-pantallas\\\/#primaryimage\"},\"thumbnailUrl\":\"https:\\\/\\\/adc.cat\\\/wp-content\\\/uploads\\\/2024\\\/10\\\/10.jpg\",\"datePublished\":\"2024-10-23T08:33:17+00:00\",\"description\":\"Anunciamos el ciclo de actividades del Programa de Salud de la Biblioteca Central de Terrassa, en colaboraci\u00f3n con el CAP Rambla de M\u00fatua Terrassa. Estas actividades son abiertas a todos y no se requiere inscripci\u00f3n previa. Os animamos a participar y a compartir esta informaci\u00f3n con quien pueda estar interesado.\",\"breadcrumb\":{\"@id\":\"https:\\\/\\\/adc.cat\\\/es\\\/activitat\\\/terrassa-prevencion-del-uso-problematico-de-las-pantallas\\\/#breadcrumb\"},\"inLanguage\":\"es\",\"potentialAction\":[{\"@type\":\"ReadAction\",\"target\":[\"https:\\\/\\\/adc.cat\\\/es\\\/activitat\\\/terrassa-prevencion-del-uso-problematico-de-las-pantallas\\\/\"]}]},{\"@type\":\"ImageObject\",\"inLanguage\":\"es\",\"@id\":\"https:\\\/\\\/adc.cat\\\/es\\\/activitat\\\/terrassa-prevencion-del-uso-problematico-de-las-pantallas\\\/#primaryimage\",\"url\":\"https:\\\/\\\/adc.cat\\\/wp-content\\\/uploads\\\/2024\\\/10\\\/10.jpg\",\"contentUrl\":\"https:\\\/\\\/adc.cat\\\/wp-content\\\/uploads\\\/2024\\\/10\\\/10.jpg\",\"width\":1080,\"height\":720},{\"@type\":\"BreadcrumbList\",\"@id\":\"https:\\\/\\\/adc.cat\\\/es\\\/activitat\\\/terrassa-prevencion-del-uso-problematico-de-las-pantallas\\\/#breadcrumb\",\"itemListElement\":[{\"@type\":\"ListItem\",\"position\":1,\"name\":\"Portada\",\"item\":\"https:\\\/\\\/adc.cat\\\/es\\\/\"},{\"@type\":\"ListItem\",\"position\":2,\"name\":\"Eventos\",\"item\":\"https:\\\/\\\/adc.cat\\\/es\\\/activitats\\\/\"},{\"@type\":\"ListItem\",\"position\":3,\"name\":\"Terrassa: Prevenci\u00f3n del uso problem\u00e1tico de las pantallas\"}]},{\"@type\":\"WebSite\",\"@id\":\"https:\\\/\\\/adc.cat\\\/es\\\/#website\",\"url\":\"https:\\\/\\\/adc.cat\\\/es\\\/\",\"name\":\"ADC \u2013 Associaci\u00f3 de Diabetis de Catalunya\",\"description\":\"L&#039;ADC representa els pacients amb diabetis de Catalunya. Els nostres objectius: informar, aconsellar, ajudar i defensar les persones amb diabetis i promoure la sensibilitzaci\u00f3 de la resta de la societat\",\"publisher\":{\"@id\":\"https:\\\/\\\/adc.cat\\\/es\\\/#organization\"},\"potentialAction\":[{\"@type\":\"SearchAction\",\"target\":{\"@type\":\"EntryPoint\",\"urlTemplate\":\"https:\\\/\\\/adc.cat\\\/es\\\/?s={search_term_string}\"},\"query-input\":{\"@type\":\"PropertyValueSpecification\",\"valueRequired\":true,\"valueName\":\"search_term_string\"}}],\"inLanguage\":\"es\"},{\"@type\":\"Organization\",\"@id\":\"https:\\\/\\\/adc.cat\\\/es\\\/#organization\",\"name\":\"Associaci\u00f3 de Diabetis de Catalunya\",\"url\":\"https:\\\/\\\/adc.cat\\\/es\\\/\",\"logo\":{\"@type\":\"ImageObject\",\"inLanguage\":\"es\",\"@id\":\"https:\\\/\\\/adc.cat\\\/es\\\/#\\\/schema\\\/logo\\\/image\\\/\",\"url\":\"https:\\\/\\\/adc.cat\\\/wp-content\\\/uploads\\\/2022\\\/01\\\/associacio_de_diabetis_catalunya.png\",\"contentUrl\":\"https:\\\/\\\/adc.cat\\\/wp-content\\\/uploads\\\/2022\\\/01\\\/associacio_de_diabetis_catalunya.png\",\"width\":512,\"height\":239,\"caption\":\"Associaci\u00f3 de Diabetis de Catalunya\"},\"image\":{\"@id\":\"https:\\\/\\\/adc.cat\\\/es\\\/#\\\/schema\\\/logo\\\/image\\\/\"},\"sameAs\":[\"https:\\\/\\\/www.facebook.com\\\/ADC.CAT\\\/\",\"https:\\\/\\\/x.com\\\/ADC_CAT\",\"https:\\\/\\\/www.instagram.com\\\/adc_cat\\\/\",\"https:\\\/\\\/www.linkedin.com\\\/company\\\/associacio-de-diabetis-de-catalunya\",\"https:\\\/\\\/www.youtube.com\\\/channel\\\/UC7BiJMxG_5sHYUhMAlevAWA\"]}]}<\/script>\n<!-- \/ Yoast SEO plugin. -->","yoast_head_json":{"title":"Terrassa: Prevenci\u00f3n del uso problem\u00e1tico de las pantallas - ADC \u2013 Associaci\u00f3 de Diabetis de Catalunya","description":"Anunciamos el ciclo de actividades del Programa de Salud de la Biblioteca Central de Terrassa, en colaboraci\u00f3n con el CAP Rambla de M\u00fatua Terrassa. Estas actividades son abiertas a todos y no se requiere inscripci\u00f3n previa. Os animamos a participar y a compartir esta informaci\u00f3n con quien pueda estar interesado.","robots":{"index":"index","follow":"follow","max-snippet":"max-snippet:-1","max-image-preview":"max-image-preview:large","max-video-preview":"max-video-preview:-1"},"canonical":"https:\/\/adc.cat\/es\/activitat\/terrassa-prevencion-del-uso-problematico-de-las-pantallas\/","og_locale":"es_ES","og_type":"article","og_title":"Terrassa: Prevenci\u00f3n del uso problem\u00e1tico de las pantallas - ADC \u2013 Associaci\u00f3 de Diabetis de Catalunya","og_description":"Anunciamos el ciclo de actividades del Programa de Salud de la Biblioteca Central de Terrassa, en colaboraci\u00f3n con el CAP Rambla de M\u00fatua Terrassa. Estas actividades son abiertas a todos y no se requiere inscripci\u00f3n previa. Os animamos a participar y a compartir esta informaci\u00f3n con quien pueda estar interesado.","og_url":"https:\/\/adc.cat\/es\/activitat\/terrassa-prevencion-del-uso-problematico-de-las-pantallas\/","og_site_name":"ADC \u2013 Associaci\u00f3 de Diabetis de Catalunya","article_publisher":"https:\/\/www.facebook.com\/ADC.CAT\/","og_image":[{"width":1080,"height":720,"url":"https:\/\/adc.cat\/wp-content\/uploads\/2024\/10\/10.jpg","type":"image\/jpeg"}],"twitter_card":"summary_large_image","twitter_site":"@ADC_CAT","twitter_misc":{"Tiempo de lectura":"1 minuto"},"schema":{"@context":"https:\/\/schema.org","@graph":[{"@type":"WebPage","@id":"https:\/\/adc.cat\/es\/activitat\/terrassa-prevencion-del-uso-problematico-de-las-pantallas\/","url":"https:\/\/adc.cat\/es\/activitat\/terrassa-prevencion-del-uso-problematico-de-las-pantallas\/","name":"Terrassa: Prevenci\u00f3n del uso problem\u00e1tico de las pantallas - ADC \u2013 Associaci\u00f3 de Diabetis de Catalunya","isPartOf":{"@id":"https:\/\/adc.cat\/es\/#website"},"primaryImageOfPage":{"@id":"https:\/\/adc.cat\/es\/activitat\/terrassa-prevencion-del-uso-problematico-de-las-pantallas\/#primaryimage"},"image":{"@id":"https:\/\/adc.cat\/es\/activitat\/terrassa-prevencion-del-uso-problematico-de-las-pantallas\/#primaryimage"},"thumbnailUrl":"https:\/\/adc.cat\/wp-content\/uploads\/2024\/10\/10.jpg","datePublished":"2024-10-23T08:33:17+00:00","description":"Anunciamos el ciclo de actividades del Programa de Salud de la Biblioteca Central de Terrassa, en colaboraci\u00f3n con el CAP Rambla de M\u00fatua Terrassa. Estas actividades son abiertas a todos y no se requiere inscripci\u00f3n previa. Os animamos a participar y a compartir esta informaci\u00f3n con quien pueda estar interesado.","breadcrumb":{"@id":"https:\/\/adc.cat\/es\/activitat\/terrassa-prevencion-del-uso-problematico-de-las-pantallas\/#breadcrumb"},"inLanguage":"es","potentialAction":[{"@type":"ReadAction","target":["https:\/\/adc.cat\/es\/activitat\/terrassa-prevencion-del-uso-problematico-de-las-pantallas\/"]}]},{"@type":"ImageObject","inLanguage":"es","@id":"https:\/\/adc.cat\/es\/activitat\/terrassa-prevencion-del-uso-problematico-de-las-pantallas\/#primaryimage","url":"https:\/\/adc.cat\/wp-content\/uploads\/2024\/10\/10.jpg","contentUrl":"https:\/\/adc.cat\/wp-content\/uploads\/2024\/10\/10.jpg","width":1080,"height":720},{"@type":"BreadcrumbList","@id":"https:\/\/adc.cat\/es\/activitat\/terrassa-prevencion-del-uso-problematico-de-las-pantallas\/#breadcrumb","itemListElement":[{"@type":"ListItem","position":1,"name":"Portada","item":"https:\/\/adc.cat\/es\/"},{"@type":"ListItem","position":2,"name":"Eventos","item":"https:\/\/adc.cat\/es\/activitats\/"},{"@type":"ListItem","position":3,"name":"Terrassa: Prevenci\u00f3n del uso problem\u00e1tico de las pantallas"}]},{"@type":"WebSite","@id":"https:\/\/adc.cat\/es\/#website","url":"https:\/\/adc.cat\/es\/","name":"ADC \u2013 Associaci\u00f3 de Diabetis de Catalunya","description":"L&#039;ADC representa els pacients amb diabetis de Catalunya. Els nostres objectius: informar, aconsellar, ajudar i defensar les persones amb diabetis i promoure la sensibilitzaci\u00f3 de la resta de la societat","publisher":{"@id":"https:\/\/adc.cat\/es\/#organization"},"potentialAction":[{"@type":"SearchAction","target":{"@type":"EntryPoint","urlTemplate":"https:\/\/adc.cat\/es\/?s={search_term_string}"},"query-input":{"@type":"PropertyValueSpecification","valueRequired":true,"valueName":"search_term_string"}}],"inLanguage":"es"},{"@type":"Organization","@id":"https:\/\/adc.cat\/es\/#organization","name":"Associaci\u00f3 de Diabetis de Catalunya","url":"https:\/\/adc.cat\/es\/","logo":{"@type":"ImageObject","inLanguage":"es","@id":"https:\/\/adc.cat\/es\/#\/schema\/logo\/image\/","url":"https:\/\/adc.cat\/wp-content\/uploads\/2022\/01\/associacio_de_diabetis_catalunya.png","contentUrl":"https:\/\/adc.cat\/wp-content\/uploads\/2022\/01\/associacio_de_diabetis_catalunya.png","width":512,"height":239,"caption":"Associaci\u00f3 de Diabetis de Catalunya"},"image":{"@id":"https:\/\/adc.cat\/es\/#\/schema\/logo\/image\/"},"sameAs":["https:\/\/www.facebook.com\/ADC.CAT\/","https:\/\/x.com\/ADC_CAT","https:\/\/www.instagram.com\/adc_cat\/","https:\/\/www.linkedin.com\/company\/associacio-de-diabetis-de-catalunya","https:\/\/www.youtube.com\/channel\/UC7BiJMxG_5sHYUhMAlevAWA"]}]}},"_links":{"self":[{"href":"https:\/\/adc.cat\/es\/wp-json\/wp\/v2\/tribe_events\/47484","targetHints":{"allow":["GET"]}}],"collection":[{"href":"https:\/\/adc.cat\/es\/wp-json\/wp\/v2\/tribe_events"}],"about":[{"href":"https:\/\/adc.cat\/es\/wp-json\/wp\/v2\/types\/tribe_events"}],"author":[{"embeddable":true,"href":"https:\/\/adc.cat\/es\/wp-json\/wp\/v2\/users\/2"}],"version-history":[{"count":0,"href":"https:\/\/adc.cat\/es\/wp-json\/wp\/v2\/tribe_events\/47484\/revisions"}],"wp:featuredmedia":[{"embeddable":true,"href":"https:\/\/adc.cat\/es\/wp-json\/wp\/v2\/media\/47485"}],"wp:attachment":[{"href":"https:\/\/adc.cat\/es\/wp-json\/wp\/v2\/media?parent=47484"}],"wp:term":[{"taxonomy":"post_tag","embeddable":true,"href":"https:\/\/adc.cat\/es\/wp-json\/wp\/v2\/tags?post=47484"},{"taxonomy":"tribe_events_cat","embeddable":true,"href":"https:\/\/adc.cat\/es\/wp-json\/wp\/v2\/tribe_events_cat?post=47484"}],"curies":[{"name":"wp","href":"https:\/\/api.w.org\/{rel}","templated":true}]}}