{"id":47932,"date":"2024-12-09T12:36:15","date_gmt":"2024-12-09T11:36:15","guid":{"rendered":"https:\/\/adc.cat\/activitat\/igualada-charla-sobre-las-comidas-de-navidad-en-el-hospital-de-dia-sant-jordi\/"},"modified":"2024-12-09T12:42:55","modified_gmt":"2024-12-09T11:42:55","slug":"igualada-charla-sobre-las-comidas-de-navidad-en-el-hospital-de-dia-sant-jordi","status":"publish","type":"tribe_events","link":"https:\/\/adc.cat\/es\/activitat\/igualada-charla-sobre-las-comidas-de-navidad-en-el-hospital-de-dia-sant-jordi\/","title":{"rendered":"Igualada: Charla sobre las comidas de Navidad en el Hospital de d\u00eda Sant Jordi"},"content":{"rendered":"<p>Realizaci\u00f3n de una charla para familiares y usuarios del centro, centrada en las comidas de Navidad. El objetivo es ofrecer informaci\u00f3n sobre como gestionar las comidas durante las fiestas, quiz\u00e1s con un enfoque en aspectos saludables o espec\u00edficos para las personas con condiciones especiales (como la diabetes).<\/p>\n<p>La actividad est\u00e1 dirigida a familiares y usuarios del hospital de d\u00eda, una instituci\u00f3n relacionada con la salud. Esther mencion\u00f3 que te pasar\u00e1 fotos del acontecimiento despu\u00e9s de la charla.<\/p>\n<p>\ud83d\udccd \u00bf<b>Donde quedamos?<\/b> Hospital de dia de Sant Jordi<\/p>\n<p>C\/ Sant Mart\u00ed de Tous, 8<\/p>\n<p>\ud83d\uddd3\ufe0f <strong>Fecha<\/strong>: Mi\u00e9rcoles 11 de diciembre<\/p>\n<p>\ud83d\udde3\ufe0f Colabora ADC Anoia<\/p>\n<p>\u00a1Te esperamos con los brazos abiertos!<\/p>\n<p>M\u00e1s informaci\u00f3n al <a href=\"mailto:adc@adc.cat\">adcanoia@adc.cat<\/a>. Tel. 656 69 56 01<\/p>\n","protected":false},"excerpt":{"rendered":"<p>Realizaci\u00f3n de una charla para familiares y usuarios del centro, centrada en las comidas de Navidad. El objetivo es ofrecer informaci\u00f3n sobre como gestionar las comidas durante las fiestas, quiz\u00e1s con un enfoque en aspectos saludables o espec\u00edficos para las personas con condiciones especiales (como la diabetes).<\/p>\n","protected":false},"author":2,"featured_media":47860,"template":"","meta":{"_et_pb_use_builder":"","_et_pb_old_content":"","_et_gb_content_width":"","_tribe_events_status":"","_tribe_events_status_reason":"","footnotes":""},"tags":[],"tribe_events_cat":[107],"class_list":["post-47932","tribe_events","type-tribe_events","status-publish","has-post-thumbnail","hentry","tribe_events_cat-anoia-es","cat_anoia-es"],"yoast_head":"<!-- This site is optimized with the Yoast SEO plugin v27.4 - https:\/\/yoast.com\/product\/yoast-seo-wordpress\/ -->\n<title>Igualada: Charla sobre las comidas de Navidad en el Hospital de d\u00eda Sant Jordi - ADC \u2013 Associaci\u00f3 de Diabetis de Catalunya<\/title>\n<meta name=\"description\" content=\"Realizaci\u00f3n de una charla para familiares y usuarios del centro, centrada en las comidas de Navidad. El objetivo es ofrecer informaci\u00f3n sobre como gestionar las comidas durante las fiestas, quiz\u00e1s con un enfoque en aspectos saludables o espec\u00edficos para las personas con condiciones especiales (como la diabetes).\" \/>\n<meta name=\"robots\" content=\"index, follow, max-snippet:-1, max-image-preview:large, max-video-preview:-1\" \/>\n<link rel=\"canonical\" href=\"https:\/\/adc.cat\/es\/activitat\/igualada-charla-sobre-las-comidas-de-navidad-en-el-hospital-de-dia-sant-jordi\/\" \/>\n<meta property=\"og:locale\" content=\"es_ES\" \/>\n<meta property=\"og:type\" content=\"article\" \/>\n<meta property=\"og:title\" content=\"Igualada: Charla sobre las comidas de Navidad en el Hospital de d\u00eda Sant Jordi - ADC \u2013 Associaci\u00f3 de Diabetis de Catalunya\" \/>\n<meta property=\"og:description\" content=\"Realizaci\u00f3n de una charla para familiares y usuarios del centro, centrada en las comidas de Navidad. El objetivo es ofrecer informaci\u00f3n sobre como gestionar las comidas durante las fiestas, quiz\u00e1s con un enfoque en aspectos saludables o espec\u00edficos para las personas con condiciones especiales (como la diabetes).\" \/>\n<meta property=\"og:url\" content=\"https:\/\/adc.cat\/es\/activitat\/igualada-charla-sobre-las-comidas-de-navidad-en-el-hospital-de-dia-sant-jordi\/\" \/>\n<meta property=\"og:site_name\" content=\"ADC \u2013 Associaci\u00f3 de Diabetis de Catalunya\" \/>\n<meta property=\"article:publisher\" content=\"https:\/\/www.facebook.com\/ADC.CAT\/\" \/>\n<meta property=\"article:modified_time\" content=\"2024-12-09T11:42:55+00:00\" \/>\n<meta property=\"og:image\" content=\"https:\/\/adc.cat\/wp-content\/uploads\/2023\/10\/FB-1024x683.jpg\" \/>\n<meta name=\"twitter:card\" content=\"summary_large_image\" \/>\n<meta name=\"twitter:title\" content=\"Igualada: Charla sobre las comidas de Navidad en el Hospital de d\u00eda Sant Jordi - ADC \u2013 Associaci\u00f3 de Diabetis de Catalunya\" \/>\n<meta name=\"twitter:description\" content=\"Realizaci\u00f3n de una charla para familiares y usuarios del centro, centrada en las comidas de Navidad. El objetivo es ofrecer informaci\u00f3n sobre como gestionar las comidas durante las fiestas, quiz\u00e1s con un enfoque en aspectos saludables o espec\u00edficos para las personas con condiciones especiales (como la diabetes).\" \/>\n<meta name=\"twitter:image\" content=\"https:\/\/adc.cat\/wp-content\/uploads\/2023\/10\/FB-1024x683.jpg\" \/>\n<meta name=\"twitter:site\" content=\"@ADC_CAT\" \/>\n<meta name=\"twitter:label1\" content=\"Tiempo de lectura\" \/>\n\t<meta name=\"twitter:data1\" content=\"1 minuto\" \/>\n<script type=\"application\/ld+json\" class=\"yoast-schema-graph\">{\"@context\":\"https:\\\/\\\/schema.org\",\"@graph\":[{\"@type\":\"WebPage\",\"@id\":\"https:\\\/\\\/adc.cat\\\/es\\\/activitat\\\/igualada-charla-sobre-las-comidas-de-navidad-en-el-hospital-de-dia-sant-jordi\\\/\",\"url\":\"https:\\\/\\\/adc.cat\\\/es\\\/activitat\\\/igualada-charla-sobre-las-comidas-de-navidad-en-el-hospital-de-dia-sant-jordi\\\/\",\"name\":\"Igualada: Charla sobre las comidas de Navidad en el Hospital de d\u00eda Sant Jordi - ADC \u2013 Associaci\u00f3 de Diabetis de Catalunya\",\"isPartOf\":{\"@id\":\"https:\\\/\\\/adc.cat\\\/es\\\/#website\"},\"primaryImageOfPage\":{\"@id\":\"https:\\\/\\\/adc.cat\\\/es\\\/activitat\\\/igualada-charla-sobre-las-comidas-de-navidad-en-el-hospital-de-dia-sant-jordi\\\/#primaryimage\"},\"image\":{\"@id\":\"https:\\\/\\\/adc.cat\\\/es\\\/activitat\\\/igualada-charla-sobre-las-comidas-de-navidad-en-el-hospital-de-dia-sant-jordi\\\/#primaryimage\"},\"thumbnailUrl\":\"https:\\\/\\\/adc.cat\\\/wp-content\\\/uploads\\\/2024\\\/11\\\/NADAL-1.jpg\",\"datePublished\":\"2024-12-09T11:36:15+00:00\",\"dateModified\":\"2024-12-09T11:42:55+00:00\",\"description\":\"Realizaci\u00f3n de una charla para familiares y usuarios del centro, centrada en las comidas de Navidad. El objetivo es ofrecer informaci\u00f3n sobre como gestionar las comidas durante las fiestas, quiz\u00e1s con un enfoque en aspectos saludables o espec\u00edficos para las personas con condiciones especiales (como la diabetes).\",\"breadcrumb\":{\"@id\":\"https:\\\/\\\/adc.cat\\\/es\\\/activitat\\\/igualada-charla-sobre-las-comidas-de-navidad-en-el-hospital-de-dia-sant-jordi\\\/#breadcrumb\"},\"inLanguage\":\"es\",\"potentialAction\":[{\"@type\":\"ReadAction\",\"target\":[\"https:\\\/\\\/adc.cat\\\/es\\\/activitat\\\/igualada-charla-sobre-las-comidas-de-navidad-en-el-hospital-de-dia-sant-jordi\\\/\"]}]},{\"@type\":\"ImageObject\",\"inLanguage\":\"es\",\"@id\":\"https:\\\/\\\/adc.cat\\\/es\\\/activitat\\\/igualada-charla-sobre-las-comidas-de-navidad-en-el-hospital-de-dia-sant-jordi\\\/#primaryimage\",\"url\":\"https:\\\/\\\/adc.cat\\\/wp-content\\\/uploads\\\/2024\\\/11\\\/NADAL-1.jpg\",\"contentUrl\":\"https:\\\/\\\/adc.cat\\\/wp-content\\\/uploads\\\/2024\\\/11\\\/NADAL-1.jpg\",\"width\":1080,\"height\":720},{\"@type\":\"BreadcrumbList\",\"@id\":\"https:\\\/\\\/adc.cat\\\/es\\\/activitat\\\/igualada-charla-sobre-las-comidas-de-navidad-en-el-hospital-de-dia-sant-jordi\\\/#breadcrumb\",\"itemListElement\":[{\"@type\":\"ListItem\",\"position\":1,\"name\":\"Portada\",\"item\":\"https:\\\/\\\/adc.cat\\\/es\\\/\"},{\"@type\":\"ListItem\",\"position\":2,\"name\":\"Eventos\",\"item\":\"https:\\\/\\\/adc.cat\\\/es\\\/activitats\\\/\"},{\"@type\":\"ListItem\",\"position\":3,\"name\":\"Igualada: Charla sobre las comidas de Navidad en el Hospital de d\u00eda Sant Jordi\"}]},{\"@type\":\"WebSite\",\"@id\":\"https:\\\/\\\/adc.cat\\\/es\\\/#website\",\"url\":\"https:\\\/\\\/adc.cat\\\/es\\\/\",\"name\":\"ADC \u2013 Associaci\u00f3 de Diabetis de Catalunya\",\"description\":\"L&#039;ADC representa els pacients amb diabetis de Catalunya. Els nostres objectius: informar, aconsellar, ajudar i defensar les persones amb diabetis i promoure la sensibilitzaci\u00f3 de la resta de la societat\",\"publisher\":{\"@id\":\"https:\\\/\\\/adc.cat\\\/es\\\/#organization\"},\"potentialAction\":[{\"@type\":\"SearchAction\",\"target\":{\"@type\":\"EntryPoint\",\"urlTemplate\":\"https:\\\/\\\/adc.cat\\\/es\\\/?s={search_term_string}\"},\"query-input\":{\"@type\":\"PropertyValueSpecification\",\"valueRequired\":true,\"valueName\":\"search_term_string\"}}],\"inLanguage\":\"es\"},{\"@type\":\"Organization\",\"@id\":\"https:\\\/\\\/adc.cat\\\/es\\\/#organization\",\"name\":\"Associaci\u00f3 de Diabetis de Catalunya\",\"url\":\"https:\\\/\\\/adc.cat\\\/es\\\/\",\"logo\":{\"@type\":\"ImageObject\",\"inLanguage\":\"es\",\"@id\":\"https:\\\/\\\/adc.cat\\\/es\\\/#\\\/schema\\\/logo\\\/image\\\/\",\"url\":\"https:\\\/\\\/adc.cat\\\/wp-content\\\/uploads\\\/2022\\\/01\\\/associacio_de_diabetis_catalunya.png\",\"contentUrl\":\"https:\\\/\\\/adc.cat\\\/wp-content\\\/uploads\\\/2022\\\/01\\\/associacio_de_diabetis_catalunya.png\",\"width\":512,\"height\":239,\"caption\":\"Associaci\u00f3 de Diabetis de Catalunya\"},\"image\":{\"@id\":\"https:\\\/\\\/adc.cat\\\/es\\\/#\\\/schema\\\/logo\\\/image\\\/\"},\"sameAs\":[\"https:\\\/\\\/www.facebook.com\\\/ADC.CAT\\\/\",\"https:\\\/\\\/x.com\\\/ADC_CAT\",\"https:\\\/\\\/www.instagram.com\\\/adc_cat\\\/\",\"https:\\\/\\\/www.linkedin.com\\\/company\\\/associacio-de-diabetis-de-catalunya\",\"https:\\\/\\\/www.youtube.com\\\/channel\\\/UC7BiJMxG_5sHYUhMAlevAWA\"]}]}<\/script>\n<!-- \/ Yoast SEO plugin. -->","yoast_head_json":{"title":"Igualada: Charla sobre las comidas de Navidad en el Hospital de d\u00eda Sant Jordi - ADC \u2013 Associaci\u00f3 de Diabetis de Catalunya","description":"Realizaci\u00f3n de una charla para familiares y usuarios del centro, centrada en las comidas de Navidad. El objetivo es ofrecer informaci\u00f3n sobre como gestionar las comidas durante las fiestas, quiz\u00e1s con un enfoque en aspectos saludables o espec\u00edficos para las personas con condiciones especiales (como la diabetes).","robots":{"index":"index","follow":"follow","max-snippet":"max-snippet:-1","max-image-preview":"max-image-preview:large","max-video-preview":"max-video-preview:-1"},"canonical":"https:\/\/adc.cat\/es\/activitat\/igualada-charla-sobre-las-comidas-de-navidad-en-el-hospital-de-dia-sant-jordi\/","og_locale":"es_ES","og_type":"article","og_title":"Igualada: Charla sobre las comidas de Navidad en el Hospital de d\u00eda Sant Jordi - ADC \u2013 Associaci\u00f3 de Diabetis de Catalunya","og_description":"Realizaci\u00f3n de una charla para familiares y usuarios del centro, centrada en las comidas de Navidad. El objetivo es ofrecer informaci\u00f3n sobre como gestionar las comidas durante las fiestas, quiz\u00e1s con un enfoque en aspectos saludables o espec\u00edficos para las personas con condiciones especiales (como la diabetes).","og_url":"https:\/\/adc.cat\/es\/activitat\/igualada-charla-sobre-las-comidas-de-navidad-en-el-hospital-de-dia-sant-jordi\/","og_site_name":"ADC \u2013 Associaci\u00f3 de Diabetis de Catalunya","article_publisher":"https:\/\/www.facebook.com\/ADC.CAT\/","article_modified_time":"2024-12-09T11:42:55+00:00","og_image":[{"url":"https:\/\/adc.cat\/wp-content\/uploads\/2023\/10\/FB-1024x683.jpg","type":"","width":"","height":""}],"twitter_card":"summary_large_image","twitter_title":"Igualada: Charla sobre las comidas de Navidad en el Hospital de d\u00eda Sant Jordi - ADC \u2013 Associaci\u00f3 de Diabetis de Catalunya","twitter_description":"Realizaci\u00f3n de una charla para familiares y usuarios del centro, centrada en las comidas de Navidad. El objetivo es ofrecer informaci\u00f3n sobre como gestionar las comidas durante las fiestas, quiz\u00e1s con un enfoque en aspectos saludables o espec\u00edficos para las personas con condiciones especiales (como la diabetes).","twitter_image":"https:\/\/adc.cat\/wp-content\/uploads\/2023\/10\/FB-1024x683.jpg","twitter_site":"@ADC_CAT","twitter_misc":{"Tiempo de lectura":"1 minuto"},"schema":{"@context":"https:\/\/schema.org","@graph":[{"@type":"WebPage","@id":"https:\/\/adc.cat\/es\/activitat\/igualada-charla-sobre-las-comidas-de-navidad-en-el-hospital-de-dia-sant-jordi\/","url":"https:\/\/adc.cat\/es\/activitat\/igualada-charla-sobre-las-comidas-de-navidad-en-el-hospital-de-dia-sant-jordi\/","name":"Igualada: Charla sobre las comidas de Navidad en el Hospital de d\u00eda Sant Jordi - ADC \u2013 Associaci\u00f3 de Diabetis de Catalunya","isPartOf":{"@id":"https:\/\/adc.cat\/es\/#website"},"primaryImageOfPage":{"@id":"https:\/\/adc.cat\/es\/activitat\/igualada-charla-sobre-las-comidas-de-navidad-en-el-hospital-de-dia-sant-jordi\/#primaryimage"},"image":{"@id":"https:\/\/adc.cat\/es\/activitat\/igualada-charla-sobre-las-comidas-de-navidad-en-el-hospital-de-dia-sant-jordi\/#primaryimage"},"thumbnailUrl":"https:\/\/adc.cat\/wp-content\/uploads\/2024\/11\/NADAL-1.jpg","datePublished":"2024-12-09T11:36:15+00:00","dateModified":"2024-12-09T11:42:55+00:00","description":"Realizaci\u00f3n de una charla para familiares y usuarios del centro, centrada en las comidas de Navidad. El objetivo es ofrecer informaci\u00f3n sobre como gestionar las comidas durante las fiestas, quiz\u00e1s con un enfoque en aspectos saludables o espec\u00edficos para las personas con condiciones especiales (como la diabetes).","breadcrumb":{"@id":"https:\/\/adc.cat\/es\/activitat\/igualada-charla-sobre-las-comidas-de-navidad-en-el-hospital-de-dia-sant-jordi\/#breadcrumb"},"inLanguage":"es","potentialAction":[{"@type":"ReadAction","target":["https:\/\/adc.cat\/es\/activitat\/igualada-charla-sobre-las-comidas-de-navidad-en-el-hospital-de-dia-sant-jordi\/"]}]},{"@type":"ImageObject","inLanguage":"es","@id":"https:\/\/adc.cat\/es\/activitat\/igualada-charla-sobre-las-comidas-de-navidad-en-el-hospital-de-dia-sant-jordi\/#primaryimage","url":"https:\/\/adc.cat\/wp-content\/uploads\/2024\/11\/NADAL-1.jpg","contentUrl":"https:\/\/adc.cat\/wp-content\/uploads\/2024\/11\/NADAL-1.jpg","width":1080,"height":720},{"@type":"BreadcrumbList","@id":"https:\/\/adc.cat\/es\/activitat\/igualada-charla-sobre-las-comidas-de-navidad-en-el-hospital-de-dia-sant-jordi\/#breadcrumb","itemListElement":[{"@type":"ListItem","position":1,"name":"Portada","item":"https:\/\/adc.cat\/es\/"},{"@type":"ListItem","position":2,"name":"Eventos","item":"https:\/\/adc.cat\/es\/activitats\/"},{"@type":"ListItem","position":3,"name":"Igualada: Charla sobre las comidas de Navidad en el Hospital de d\u00eda Sant Jordi"}]},{"@type":"WebSite","@id":"https:\/\/adc.cat\/es\/#website","url":"https:\/\/adc.cat\/es\/","name":"ADC \u2013 Associaci\u00f3 de Diabetis de Catalunya","description":"L&#039;ADC representa els pacients amb diabetis de Catalunya. Els nostres objectius: informar, aconsellar, ajudar i defensar les persones amb diabetis i promoure la sensibilitzaci\u00f3 de la resta de la societat","publisher":{"@id":"https:\/\/adc.cat\/es\/#organization"},"potentialAction":[{"@type":"SearchAction","target":{"@type":"EntryPoint","urlTemplate":"https:\/\/adc.cat\/es\/?s={search_term_string}"},"query-input":{"@type":"PropertyValueSpecification","valueRequired":true,"valueName":"search_term_string"}}],"inLanguage":"es"},{"@type":"Organization","@id":"https:\/\/adc.cat\/es\/#organization","name":"Associaci\u00f3 de Diabetis de Catalunya","url":"https:\/\/adc.cat\/es\/","logo":{"@type":"ImageObject","inLanguage":"es","@id":"https:\/\/adc.cat\/es\/#\/schema\/logo\/image\/","url":"https:\/\/adc.cat\/wp-content\/uploads\/2022\/01\/associacio_de_diabetis_catalunya.png","contentUrl":"https:\/\/adc.cat\/wp-content\/uploads\/2022\/01\/associacio_de_diabetis_catalunya.png","width":512,"height":239,"caption":"Associaci\u00f3 de Diabetis de Catalunya"},"image":{"@id":"https:\/\/adc.cat\/es\/#\/schema\/logo\/image\/"},"sameAs":["https:\/\/www.facebook.com\/ADC.CAT\/","https:\/\/x.com\/ADC_CAT","https:\/\/www.instagram.com\/adc_cat\/","https:\/\/www.linkedin.com\/company\/associacio-de-diabetis-de-catalunya","https:\/\/www.youtube.com\/channel\/UC7BiJMxG_5sHYUhMAlevAWA"]}]}},"_links":{"self":[{"href":"https:\/\/adc.cat\/es\/wp-json\/wp\/v2\/tribe_events\/47932","targetHints":{"allow":["GET"]}}],"collection":[{"href":"https:\/\/adc.cat\/es\/wp-json\/wp\/v2\/tribe_events"}],"about":[{"href":"https:\/\/adc.cat\/es\/wp-json\/wp\/v2\/types\/tribe_events"}],"author":[{"embeddable":true,"href":"https:\/\/adc.cat\/es\/wp-json\/wp\/v2\/users\/2"}],"version-history":[{"count":2,"href":"https:\/\/adc.cat\/es\/wp-json\/wp\/v2\/tribe_events\/47932\/revisions"}],"predecessor-version":[{"id":47935,"href":"https:\/\/adc.cat\/es\/wp-json\/wp\/v2\/tribe_events\/47932\/revisions\/47935"}],"wp:featuredmedia":[{"embeddable":true,"href":"https:\/\/adc.cat\/es\/wp-json\/wp\/v2\/media\/47860"}],"wp:attachment":[{"href":"https:\/\/adc.cat\/es\/wp-json\/wp\/v2\/media?parent=47932"}],"wp:term":[{"taxonomy":"post_tag","embeddable":true,"href":"https:\/\/adc.cat\/es\/wp-json\/wp\/v2\/tags?post=47932"},{"taxonomy":"tribe_events_cat","embeddable":true,"href":"https:\/\/adc.cat\/es\/wp-json\/wp\/v2\/tribe_events_cat?post=47932"}],"curies":[{"name":"wp","href":"https:\/\/api.w.org\/{rel}","templated":true}]}}