{"id":48754,"date":"2025-03-10T12:53:28","date_gmt":"2025-03-10T11:53:28","guid":{"rendered":"https:\/\/adc.cat\/?post_type=tribe_events&#038;p=48754"},"modified":"2025-03-10T13:05:41","modified_gmt":"2025-03-10T12:05:41","slug":"tarragona-salida-de-familias-con-diabetes","status":"publish","type":"tribe_events","link":"https:\/\/adc.cat\/es\/activitat\/tarragona-salida-de-familias-con-diabetes\/","title":{"rendered":"Tarragona: Encuentro de familias Primavera 2025 ADC"},"content":{"rendered":"<p>Disfruta de un fin de semana de comuni\u00f3n entre familias con ni\u00f1os con diabetes. Casa en el coraz\u00f3n de la comarca del Baix Pened\u00e8s, en el pueblo de Calafell, est\u00e1 situada en lo alto del pueblo y rodeada de vi\u00f1as. La playa y el paseo mar\u00edtimo se encuentran a tan solo 2 Km y tambi\u00e9n la estaci\u00f3n de la Renfe. encontramos \u00a0salas de actividades, piscina, pista polideportiva, \u00e1rea de juegos, explanadas y tablas de picnic.<\/p>\n<p><strong>Precio:<\/strong><\/p>\n<p>1 noche en pensi\u00f3n entrante con la comida del s\u00e1bado y saliendo despu\u00e9s de comer del domingo:<\/p>\n<p>Adulto : 66 \u20ac<br \/>\nNi\u00f1os: 60 \u20ac<\/p>\n<p><strong>Llegada y transporte:<\/strong><\/p>\n<p>Particular por tu cuenta. Entrada del s\u00e1bado a partir de las 10 horas de la ma\u00f1ana y salida m\u00e1xima \u00a0el domingo antes de las 16.00 horas.<\/p>\n<p><strong>Plazas:<\/strong><\/p>\n<p>M\u00ednimo 8 familias m\u00e1ximo 20 familias socias de la ADC. Se dar\u00e1 prioridad a antiguos inscritos de las colonias y campamentos del ADC en caso de llegar al m\u00e1ximo de plazas.<\/p>\n<p>Se dispone de una habitaci\u00f3n por familia con ba\u00f1o. M\u00e1s informaci\u00f3n de la casa: www.peretarres.org\/arturmartorell<\/p>\n<p><strong>Actividades<\/strong>:<\/p>\n<p>Piscina*, juegos diversos, ida en la playa, ginkama y mucho m\u00e1s.<br \/>\n* se establecen turnos por uso de la piscina \u00a0puesto que habitualmente la casa se comparte con otros grupos -solo se comparten los espacios comunes de la casa, nunca las habitaciones-<\/p>\n<p>En cuanto al control de la diabetes cada familia se har\u00e1 responsable de la cura de sus hijos sin haber ning\u00fan tipo de servicio de acompa\u00f1amiento ni profesional sanitario. Sin embargo, habr\u00e1 un monitor de ocio para coordinar \u00a0un poco lo planning del grupo en general.<\/p>\n<p><strong>Inscripciones<\/strong>:<\/p>\n<p>Hay que inscribirse previamente a la actividad \u00a0incluyendo el nombre y apellidos de todos los miembros que asistir\u00e1n de cada \u00a0familia y la edad de los ni\u00f1os para poder informar en el supuesto de que no hayan otros compa\u00f1eros de su edad.<\/p>\n<p>Una vez inscritos se proceder\u00e1 a dar una fecha tope con informaci\u00f3n de la aceptaci\u00f3n de la plaza y el importe para hacer el pago.<\/p>\n<p><strong>Fechas<\/strong>:<\/p>\n<p>Inscripci\u00f3n m\u00e1xima a la actividad: hasta el 6\/04.<br \/>\nConfirmaci\u00f3n de plaza: alrededor del 11\/04 a trav\u00e9s de correo electr\u00f3nico.<br \/>\nPago en caso de confirmaci\u00f3n: hasta el 16\/04 (en caso de no recibir el pago se puede perder la reserva de plaza).<\/p>\n<p>&nbsp;<\/p>\n<p style=\"text-align: center;\"><a href='https:\/\/adc.playoffinformatica.com\/activitat\/434\/Trobada-de-families-Primavera-2025-ADC\/' class='big-button bigblue' target=\"_blank\">Inscripci\u00f3n<\/a><\/p>\n<p>&nbsp;<\/p>\n<p>Col\u00b7laboraci\u00f3n Fundaci\u00f3n Pere Tarr\u00e9s \u2013 ADC.<\/p>\n","protected":false},"excerpt":{"rendered":"<p>Disfruta de un fin de semana de comuni\u00f3n entre familias con ni\u00f1os con diabetes. Casa en el coraz\u00f3n de la comarca del Baix Pened\u00e8s, en el pueblo de Calafell, est\u00e1 [&hellip;]<\/p>\n","protected":false},"author":2,"featured_media":48756,"template":"","meta":{"_et_pb_use_builder":"","_et_pb_old_content":"","_et_gb_content_width":"","_tribe_events_status":"","_tribe_events_status_reason":"","footnotes":""},"tags":[],"tribe_events_cat":[110],"class_list":["post-48754","tribe_events","type-tribe_events","status-publish","has-post-thumbnail","hentry","tribe_events_cat-tarragona-es","cat_tarragona-es"],"yoast_head":"<!-- This site is optimized with the Yoast SEO plugin v27.4 - https:\/\/yoast.com\/product\/yoast-seo-wordpress\/ -->\n<title>Tarragona: Encuentro de familias Primavera 2025 ADC - ADC \u2013 Associaci\u00f3 de Diabetis de Catalunya<\/title>\n<meta name=\"robots\" content=\"index, follow, max-snippet:-1, max-image-preview:large, max-video-preview:-1\" \/>\n<link rel=\"canonical\" href=\"https:\/\/adc.cat\/es\/activitat\/tarragona-salida-de-familias-con-diabetes\/\" \/>\n<meta property=\"og:locale\" content=\"es_ES\" \/>\n<meta property=\"og:type\" content=\"article\" \/>\n<meta property=\"og:title\" content=\"Tarragona: Encuentro de familias Primavera 2025 ADC - ADC \u2013 Associaci\u00f3 de Diabetis de Catalunya\" \/>\n<meta property=\"og:description\" content=\"Disfruta de un fin de semana de comuni\u00f3n entre familias con ni\u00f1os con diabetes. Casa en el coraz\u00f3n de la comarca del Baix Pened\u00e8s, en el pueblo de Calafell, est\u00e1 [&hellip;]\" \/>\n<meta property=\"og:url\" content=\"https:\/\/adc.cat\/es\/activitat\/tarragona-salida-de-familias-con-diabetes\/\" \/>\n<meta property=\"og:site_name\" content=\"ADC \u2013 Associaci\u00f3 de Diabetis de Catalunya\" \/>\n<meta property=\"article:publisher\" content=\"https:\/\/www.facebook.com\/ADC.CAT\/\" \/>\n<meta property=\"article:modified_time\" content=\"2025-03-10T12:05:41+00:00\" \/>\n<meta property=\"og:image\" content=\"https:\/\/adc.cat\/wp-content\/uploads\/2025\/03\/act-imagen-web-cast.jpg\" \/>\n\t<meta property=\"og:image:width\" content=\"1080\" \/>\n\t<meta property=\"og:image:height\" content=\"720\" \/>\n\t<meta property=\"og:image:type\" content=\"image\/jpeg\" \/>\n<meta name=\"twitter:card\" content=\"summary_large_image\" \/>\n<meta name=\"twitter:site\" content=\"@ADC_CAT\" \/>\n<meta name=\"twitter:label1\" content=\"Tiempo de lectura\" \/>\n\t<meta name=\"twitter:data1\" content=\"3 minutos\" \/>\n<script type=\"application\/ld+json\" class=\"yoast-schema-graph\">{\"@context\":\"https:\\\/\\\/schema.org\",\"@graph\":[{\"@type\":\"WebPage\",\"@id\":\"https:\\\/\\\/adc.cat\\\/es\\\/activitat\\\/tarragona-salida-de-familias-con-diabetes\\\/\",\"url\":\"https:\\\/\\\/adc.cat\\\/es\\\/activitat\\\/tarragona-salida-de-familias-con-diabetes\\\/\",\"name\":\"Tarragona: Encuentro de familias Primavera 2025 ADC - ADC \u2013 Associaci\u00f3 de Diabetis de Catalunya\",\"isPartOf\":{\"@id\":\"https:\\\/\\\/adc.cat\\\/es\\\/#website\"},\"primaryImageOfPage\":{\"@id\":\"https:\\\/\\\/adc.cat\\\/es\\\/activitat\\\/tarragona-salida-de-familias-con-diabetes\\\/#primaryimage\"},\"image\":{\"@id\":\"https:\\\/\\\/adc.cat\\\/es\\\/activitat\\\/tarragona-salida-de-familias-con-diabetes\\\/#primaryimage\"},\"thumbnailUrl\":\"https:\\\/\\\/adc.cat\\\/wp-content\\\/uploads\\\/2025\\\/03\\\/act-imagen-web-cast.jpg\",\"datePublished\":\"2025-03-10T11:53:28+00:00\",\"dateModified\":\"2025-03-10T12:05:41+00:00\",\"breadcrumb\":{\"@id\":\"https:\\\/\\\/adc.cat\\\/es\\\/activitat\\\/tarragona-salida-de-familias-con-diabetes\\\/#breadcrumb\"},\"inLanguage\":\"es\",\"potentialAction\":[{\"@type\":\"ReadAction\",\"target\":[\"https:\\\/\\\/adc.cat\\\/es\\\/activitat\\\/tarragona-salida-de-familias-con-diabetes\\\/\"]}]},{\"@type\":\"ImageObject\",\"inLanguage\":\"es\",\"@id\":\"https:\\\/\\\/adc.cat\\\/es\\\/activitat\\\/tarragona-salida-de-familias-con-diabetes\\\/#primaryimage\",\"url\":\"https:\\\/\\\/adc.cat\\\/wp-content\\\/uploads\\\/2025\\\/03\\\/act-imagen-web-cast.jpg\",\"contentUrl\":\"https:\\\/\\\/adc.cat\\\/wp-content\\\/uploads\\\/2025\\\/03\\\/act-imagen-web-cast.jpg\",\"width\":1080,\"height\":720},{\"@type\":\"BreadcrumbList\",\"@id\":\"https:\\\/\\\/adc.cat\\\/es\\\/activitat\\\/tarragona-salida-de-familias-con-diabetes\\\/#breadcrumb\",\"itemListElement\":[{\"@type\":\"ListItem\",\"position\":1,\"name\":\"Portada\",\"item\":\"https:\\\/\\\/adc.cat\\\/es\\\/\"},{\"@type\":\"ListItem\",\"position\":2,\"name\":\"Eventos\",\"item\":\"https:\\\/\\\/adc.cat\\\/es\\\/activitats\\\/\"},{\"@type\":\"ListItem\",\"position\":3,\"name\":\"Tarragona: Encuentro de familias Primavera 2025 ADC\"}]},{\"@type\":\"WebSite\",\"@id\":\"https:\\\/\\\/adc.cat\\\/es\\\/#website\",\"url\":\"https:\\\/\\\/adc.cat\\\/es\\\/\",\"name\":\"ADC \u2013 Associaci\u00f3 de Diabetis de Catalunya\",\"description\":\"L&#039;ADC representa els pacients amb diabetis de Catalunya. Els nostres objectius: informar, aconsellar, ajudar i defensar les persones amb diabetis i promoure la sensibilitzaci\u00f3 de la resta de la societat\",\"publisher\":{\"@id\":\"https:\\\/\\\/adc.cat\\\/es\\\/#organization\"},\"potentialAction\":[{\"@type\":\"SearchAction\",\"target\":{\"@type\":\"EntryPoint\",\"urlTemplate\":\"https:\\\/\\\/adc.cat\\\/es\\\/?s={search_term_string}\"},\"query-input\":{\"@type\":\"PropertyValueSpecification\",\"valueRequired\":true,\"valueName\":\"search_term_string\"}}],\"inLanguage\":\"es\"},{\"@type\":\"Organization\",\"@id\":\"https:\\\/\\\/adc.cat\\\/es\\\/#organization\",\"name\":\"Associaci\u00f3 de Diabetis de Catalunya\",\"url\":\"https:\\\/\\\/adc.cat\\\/es\\\/\",\"logo\":{\"@type\":\"ImageObject\",\"inLanguage\":\"es\",\"@id\":\"https:\\\/\\\/adc.cat\\\/es\\\/#\\\/schema\\\/logo\\\/image\\\/\",\"url\":\"https:\\\/\\\/adc.cat\\\/wp-content\\\/uploads\\\/2022\\\/01\\\/associacio_de_diabetis_catalunya.png\",\"contentUrl\":\"https:\\\/\\\/adc.cat\\\/wp-content\\\/uploads\\\/2022\\\/01\\\/associacio_de_diabetis_catalunya.png\",\"width\":512,\"height\":239,\"caption\":\"Associaci\u00f3 de Diabetis de Catalunya\"},\"image\":{\"@id\":\"https:\\\/\\\/adc.cat\\\/es\\\/#\\\/schema\\\/logo\\\/image\\\/\"},\"sameAs\":[\"https:\\\/\\\/www.facebook.com\\\/ADC.CAT\\\/\",\"https:\\\/\\\/x.com\\\/ADC_CAT\",\"https:\\\/\\\/www.instagram.com\\\/adc_cat\\\/\",\"https:\\\/\\\/www.linkedin.com\\\/company\\\/associacio-de-diabetis-de-catalunya\",\"https:\\\/\\\/www.youtube.com\\\/channel\\\/UC7BiJMxG_5sHYUhMAlevAWA\"]}]}<\/script>\n<!-- \/ Yoast SEO plugin. -->","yoast_head_json":{"title":"Tarragona: Encuentro de familias Primavera 2025 ADC - ADC \u2013 Associaci\u00f3 de Diabetis de Catalunya","robots":{"index":"index","follow":"follow","max-snippet":"max-snippet:-1","max-image-preview":"max-image-preview:large","max-video-preview":"max-video-preview:-1"},"canonical":"https:\/\/adc.cat\/es\/activitat\/tarragona-salida-de-familias-con-diabetes\/","og_locale":"es_ES","og_type":"article","og_title":"Tarragona: Encuentro de familias Primavera 2025 ADC - ADC \u2013 Associaci\u00f3 de Diabetis de Catalunya","og_description":"Disfruta de un fin de semana de comuni\u00f3n entre familias con ni\u00f1os con diabetes. Casa en el coraz\u00f3n de la comarca del Baix Pened\u00e8s, en el pueblo de Calafell, est\u00e1 [&hellip;]","og_url":"https:\/\/adc.cat\/es\/activitat\/tarragona-salida-de-familias-con-diabetes\/","og_site_name":"ADC \u2013 Associaci\u00f3 de Diabetis de Catalunya","article_publisher":"https:\/\/www.facebook.com\/ADC.CAT\/","article_modified_time":"2025-03-10T12:05:41+00:00","og_image":[{"width":1080,"height":720,"url":"https:\/\/adc.cat\/wp-content\/uploads\/2025\/03\/act-imagen-web-cast.jpg","type":"image\/jpeg"}],"twitter_card":"summary_large_image","twitter_site":"@ADC_CAT","twitter_misc":{"Tiempo de lectura":"3 minutos"},"schema":{"@context":"https:\/\/schema.org","@graph":[{"@type":"WebPage","@id":"https:\/\/adc.cat\/es\/activitat\/tarragona-salida-de-familias-con-diabetes\/","url":"https:\/\/adc.cat\/es\/activitat\/tarragona-salida-de-familias-con-diabetes\/","name":"Tarragona: Encuentro de familias Primavera 2025 ADC - ADC \u2013 Associaci\u00f3 de Diabetis de Catalunya","isPartOf":{"@id":"https:\/\/adc.cat\/es\/#website"},"primaryImageOfPage":{"@id":"https:\/\/adc.cat\/es\/activitat\/tarragona-salida-de-familias-con-diabetes\/#primaryimage"},"image":{"@id":"https:\/\/adc.cat\/es\/activitat\/tarragona-salida-de-familias-con-diabetes\/#primaryimage"},"thumbnailUrl":"https:\/\/adc.cat\/wp-content\/uploads\/2025\/03\/act-imagen-web-cast.jpg","datePublished":"2025-03-10T11:53:28+00:00","dateModified":"2025-03-10T12:05:41+00:00","breadcrumb":{"@id":"https:\/\/adc.cat\/es\/activitat\/tarragona-salida-de-familias-con-diabetes\/#breadcrumb"},"inLanguage":"es","potentialAction":[{"@type":"ReadAction","target":["https:\/\/adc.cat\/es\/activitat\/tarragona-salida-de-familias-con-diabetes\/"]}]},{"@type":"ImageObject","inLanguage":"es","@id":"https:\/\/adc.cat\/es\/activitat\/tarragona-salida-de-familias-con-diabetes\/#primaryimage","url":"https:\/\/adc.cat\/wp-content\/uploads\/2025\/03\/act-imagen-web-cast.jpg","contentUrl":"https:\/\/adc.cat\/wp-content\/uploads\/2025\/03\/act-imagen-web-cast.jpg","width":1080,"height":720},{"@type":"BreadcrumbList","@id":"https:\/\/adc.cat\/es\/activitat\/tarragona-salida-de-familias-con-diabetes\/#breadcrumb","itemListElement":[{"@type":"ListItem","position":1,"name":"Portada","item":"https:\/\/adc.cat\/es\/"},{"@type":"ListItem","position":2,"name":"Eventos","item":"https:\/\/adc.cat\/es\/activitats\/"},{"@type":"ListItem","position":3,"name":"Tarragona: Encuentro de familias Primavera 2025 ADC"}]},{"@type":"WebSite","@id":"https:\/\/adc.cat\/es\/#website","url":"https:\/\/adc.cat\/es\/","name":"ADC \u2013 Associaci\u00f3 de Diabetis de Catalunya","description":"L&#039;ADC representa els pacients amb diabetis de Catalunya. Els nostres objectius: informar, aconsellar, ajudar i defensar les persones amb diabetis i promoure la sensibilitzaci\u00f3 de la resta de la societat","publisher":{"@id":"https:\/\/adc.cat\/es\/#organization"},"potentialAction":[{"@type":"SearchAction","target":{"@type":"EntryPoint","urlTemplate":"https:\/\/adc.cat\/es\/?s={search_term_string}"},"query-input":{"@type":"PropertyValueSpecification","valueRequired":true,"valueName":"search_term_string"}}],"inLanguage":"es"},{"@type":"Organization","@id":"https:\/\/adc.cat\/es\/#organization","name":"Associaci\u00f3 de Diabetis de Catalunya","url":"https:\/\/adc.cat\/es\/","logo":{"@type":"ImageObject","inLanguage":"es","@id":"https:\/\/adc.cat\/es\/#\/schema\/logo\/image\/","url":"https:\/\/adc.cat\/wp-content\/uploads\/2022\/01\/associacio_de_diabetis_catalunya.png","contentUrl":"https:\/\/adc.cat\/wp-content\/uploads\/2022\/01\/associacio_de_diabetis_catalunya.png","width":512,"height":239,"caption":"Associaci\u00f3 de Diabetis de Catalunya"},"image":{"@id":"https:\/\/adc.cat\/es\/#\/schema\/logo\/image\/"},"sameAs":["https:\/\/www.facebook.com\/ADC.CAT\/","https:\/\/x.com\/ADC_CAT","https:\/\/www.instagram.com\/adc_cat\/","https:\/\/www.linkedin.com\/company\/associacio-de-diabetis-de-catalunya","https:\/\/www.youtube.com\/channel\/UC7BiJMxG_5sHYUhMAlevAWA"]}]}},"_links":{"self":[{"href":"https:\/\/adc.cat\/es\/wp-json\/wp\/v2\/tribe_events\/48754","targetHints":{"allow":["GET"]}}],"collection":[{"href":"https:\/\/adc.cat\/es\/wp-json\/wp\/v2\/tribe_events"}],"about":[{"href":"https:\/\/adc.cat\/es\/wp-json\/wp\/v2\/types\/tribe_events"}],"author":[{"embeddable":true,"href":"https:\/\/adc.cat\/es\/wp-json\/wp\/v2\/users\/2"}],"version-history":[{"count":2,"href":"https:\/\/adc.cat\/es\/wp-json\/wp\/v2\/tribe_events\/48754\/revisions"}],"predecessor-version":[{"id":48766,"href":"https:\/\/adc.cat\/es\/wp-json\/wp\/v2\/tribe_events\/48754\/revisions\/48766"}],"wp:featuredmedia":[{"embeddable":true,"href":"https:\/\/adc.cat\/es\/wp-json\/wp\/v2\/media\/48756"}],"wp:attachment":[{"href":"https:\/\/adc.cat\/es\/wp-json\/wp\/v2\/media?parent=48754"}],"wp:term":[{"taxonomy":"post_tag","embeddable":true,"href":"https:\/\/adc.cat\/es\/wp-json\/wp\/v2\/tags?post=48754"},{"taxonomy":"tribe_events_cat","embeddable":true,"href":"https:\/\/adc.cat\/es\/wp-json\/wp\/v2\/tribe_events_cat?post=48754"}],"curies":[{"name":"wp","href":"https:\/\/api.w.org\/{rel}","templated":true}]}}