{"id":49002,"date":"2025-04-09T13:58:18","date_gmt":"2025-04-09T11:58:18","guid":{"rendered":"https:\/\/adc.cat\/activitat\/terrassa-nutricion-y-diabetes-tipo-2\/"},"modified":"2025-05-29T16:03:33","modified_gmt":"2025-05-29T14:03:33","slug":"terrassa-nutricion-y-diabetes-tipo-2","status":"publish","type":"tribe_events","link":"https:\/\/adc.cat\/es\/activitat\/terrassa-nutricion-y-diabetes-tipo-2\/","title":{"rendered":"Terrassa: Nutrici\u00f3n y Diabetes tipo 2"},"content":{"rendered":"<div class=\"flex flex-grow flex-col max-w-full gap-3 gizmo:gap-0\">\n<div class=\"min-h-[20px] text-message flex flex-col items-start gap-3 whitespace-pre-wrap break-words [.text-message+&amp;]:mt-5 overflow-x-auto\" data-message-author-role=\"assistant\" data-message-id=\"4511cf7b-1f38-48ed-89ae-8baa75f0d87d\">\n<div class=\"markdown prose w-full break-words dark:prose-invert light\"><strong>Resolvemos tus dudas sobre nutrici\u00f3n, alimentaci\u00f3n saludable y diabetes tipo 2. Compartiremos informaci\u00f3n sobre alimentos recomendados, recetas, como evitar hipoglucemias por la noche, actividad f\u00edsica con diabetes tipo 2.<\/strong><\/div>\n<\/div>\n<\/div>\n<p>\ud83d\udccd \u00bfD\u00f3nde? Casal C\u00edvic Ca N\u2019aurell, Pla\u00e7a del Tint, n\u00famero 4, 08224, Terrassa, Barcelona<\/p>\n<p>\ud83d\uddd3\ufe0f Fecha: Mi\u00e9rcoles, 18 de junio de 2025<\/p>\n<p>\ud83d\udd52 Hora: 17:00h a 18:00 h<\/p>\n<p>\ud83d\udde3\ufe0f A cargo de: ADC Terrassa, con la colaboraci\u00f3n de Marina M\u00e1rmol e Ivet Maiques nutricionistes.<\/p>\n<p>Actividad abierta a todo el mundo.<\/p>\n<a href='https:\/\/adc.playoffinformatica.com\/activitat\/439\/Terrassa:-Nutricio-i-Diabetis-tipus-2\/' class='big-button bigblue' target=\"_blank\">Inscripci\u00f3<\/a>\n<div class=\"flex flex-grow flex-col max-w-full gap-3 gizmo:gap-0\">\n<div class=\"min-h-[20px] text-message flex flex-col items-start gap-3 whitespace-pre-wrap break-words [.text-message+&amp;]:mt-5 overflow-x-auto\" data-message-author-role=\"assistant\" data-message-id=\"4511cf7b-1f38-48ed-89ae-8baa75f0d87d\">\n<div class=\"markdown prose w-full break-words dark:prose-invert light\">\n<div class=\"flex flex-grow flex-col max-w-full gap-3 gizmo:gap-0\">\n<div class=\"min-h-[20px] text-message flex flex-col items-start gap-3 whitespace-pre-wrap break-words [.text-message+&amp;]:mt-5 overflow-x-auto\" data-message-author-role=\"assistant\" data-message-id=\"4511cf7b-1f38-48ed-89ae-8baa75f0d87d\">\n<div class=\"markdown prose w-full break-words dark:prose-invert light\">Ven a descubir consejos \u00fatiles para mantener una alimentaci\u00f3n saludable y resuelve tus dudas sobre la diabetes!<\/div>\n<\/div>\n<\/div>\n<p><span class=\"d2edcug0 hpfvmrgz qv66sw1b c1et5uql lr9zc1uh a8c37x1j fe6kdd0r mau55g9w c8b282yb keod5gw0 nxhoafnm aigsh9s9 d3f4x2em iv3no6db jq4qci2q a3bd9o3v b1v8xokw oo9gr5id hzawbc8m\" dir=\"auto\">M\u00e1s informaci\u00f3n <span class=\"fe5nidar khvhiq1o r5qsrrlp i5tg98hk f9ovudaz przvwfww gx1rr48f gfz4du6o r7fjleex nz2484kf svot0ezm dcnh1tix sxl192xd t3g6t33p\"><span class=\"mpj7bzys xzlurrtv\">\ud83d\udce9<\/span><\/span> <a href=\"mailto:adcgirona@adc.cat\">adcterrassa@adc.cat<\/a>. <span class=\"fe5nidar khvhiq1o r5qsrrlp i5tg98hk f9ovudaz przvwfww gx1rr48f gfz4du6o r7fjleex nz2484kf svot0ezm dcnh1tix sxl192xd t3g6t33p\"><span class=\"mpj7bzys xzlurrtv\">\ud83d\udcde<\/span><\/span>Tel. 93 780 29 55.<\/span><\/p>\n<\/div>\n<\/div>\n<\/div>\n","protected":false},"excerpt":{"rendered":"<p>Resolvemos tus dudas sobre nutrici\u00f3n, alimentaci\u00f3n saludable y diabetes tipo 2. Compartiremos informaci\u00f3n sobre alimentos recomendados, recetas, como evitar hipoglucemias por la noche, actividad f\u00edsica con diabetes tipo 2.<\/p>\n","protected":false},"author":2,"featured_media":49003,"template":"","meta":{"_et_pb_use_builder":"","_et_pb_old_content":"","_et_gb_content_width":"","_tribe_events_status":"","_tribe_events_status_reason":"","footnotes":""},"tags":[],"tribe_events_cat":[99],"class_list":["post-49002","tribe_events","type-tribe_events","status-publish","has-post-thumbnail","hentry","tribe_events_cat-terrassa-es","cat_terrassa-es"],"yoast_head":"<!-- This site is optimized with the Yoast SEO plugin v27.4 - https:\/\/yoast.com\/product\/yoast-seo-wordpress\/ -->\n<title>Terrassa: Nutrici\u00f3n y Diabetes tipo 2 - ADC \u2013 Associaci\u00f3 de Diabetis de Catalunya<\/title>\n<meta name=\"description\" content=\"Resolvemos tus dudas sobre nutrici\u00f3n, alimentaci\u00f3n saludable y diabetes tipo 2. Compartiremos informaci\u00f3n sobre alimentos recomendados, recetas, como evitar hipoglucemias por la noche, actividad f\u00edsica con diabetes tipo 2.\" \/>\n<meta name=\"robots\" content=\"index, follow, max-snippet:-1, max-image-preview:large, max-video-preview:-1\" \/>\n<link rel=\"canonical\" href=\"https:\/\/adc.cat\/es\/activitat\/terrassa-nutricion-y-diabetes-tipo-2\/\" \/>\n<meta property=\"og:locale\" content=\"es_ES\" \/>\n<meta property=\"og:type\" content=\"article\" \/>\n<meta property=\"og:title\" content=\"Terrassa: Nutrici\u00f3n y Diabetes tipo 2 - ADC \u2013 Associaci\u00f3 de Diabetis de Catalunya\" \/>\n<meta property=\"og:description\" content=\"Resolvemos tus dudas sobre nutrici\u00f3n, alimentaci\u00f3n saludable y diabetes tipo 2. Compartiremos informaci\u00f3n sobre alimentos recomendados, recetas, como evitar hipoglucemias por la noche, actividad f\u00edsica con diabetes tipo 2.\" \/>\n<meta property=\"og:url\" content=\"https:\/\/adc.cat\/es\/activitat\/terrassa-nutricion-y-diabetes-tipo-2\/\" \/>\n<meta property=\"og:site_name\" content=\"ADC \u2013 Associaci\u00f3 de Diabetis de Catalunya\" \/>\n<meta property=\"article:publisher\" content=\"https:\/\/www.facebook.com\/ADC.CAT\/\" \/>\n<meta property=\"article:modified_time\" content=\"2025-05-29T14:03:33+00:00\" \/>\n<meta property=\"og:image\" content=\"https:\/\/adc.cat\/wp-content\/uploads\/2025\/04\/banner-terrassa-nutricio-i-dm2.jpg\" \/>\n\t<meta property=\"og:image:width\" content=\"1080\" \/>\n\t<meta property=\"og:image:height\" content=\"720\" \/>\n\t<meta property=\"og:image:type\" content=\"image\/jpeg\" \/>\n<meta name=\"twitter:card\" content=\"summary_large_image\" \/>\n<meta name=\"twitter:site\" content=\"@ADC_CAT\" \/>\n<meta name=\"twitter:label1\" content=\"Tiempo de lectura\" \/>\n\t<meta name=\"twitter:data1\" content=\"1 minuto\" \/>\n<script type=\"application\/ld+json\" class=\"yoast-schema-graph\">{\"@context\":\"https:\\\/\\\/schema.org\",\"@graph\":[{\"@type\":\"WebPage\",\"@id\":\"https:\\\/\\\/adc.cat\\\/es\\\/activitat\\\/terrassa-nutricion-y-diabetes-tipo-2\\\/\",\"url\":\"https:\\\/\\\/adc.cat\\\/es\\\/activitat\\\/terrassa-nutricion-y-diabetes-tipo-2\\\/\",\"name\":\"Terrassa: Nutrici\u00f3n y Diabetes tipo 2 - ADC \u2013 Associaci\u00f3 de Diabetis de Catalunya\",\"isPartOf\":{\"@id\":\"https:\\\/\\\/adc.cat\\\/es\\\/#website\"},\"primaryImageOfPage\":{\"@id\":\"https:\\\/\\\/adc.cat\\\/es\\\/activitat\\\/terrassa-nutricion-y-diabetes-tipo-2\\\/#primaryimage\"},\"image\":{\"@id\":\"https:\\\/\\\/adc.cat\\\/es\\\/activitat\\\/terrassa-nutricion-y-diabetes-tipo-2\\\/#primaryimage\"},\"thumbnailUrl\":\"https:\\\/\\\/adc.cat\\\/wp-content\\\/uploads\\\/2025\\\/04\\\/banner-terrassa-nutricio-i-dm2.jpg\",\"datePublished\":\"2025-04-09T11:58:18+00:00\",\"dateModified\":\"2025-05-29T14:03:33+00:00\",\"description\":\"Resolvemos tus dudas sobre nutrici\u00f3n, alimentaci\u00f3n saludable y diabetes tipo 2. Compartiremos informaci\u00f3n sobre alimentos recomendados, recetas, como evitar hipoglucemias por la noche, actividad f\u00edsica con diabetes tipo 2.\",\"breadcrumb\":{\"@id\":\"https:\\\/\\\/adc.cat\\\/es\\\/activitat\\\/terrassa-nutricion-y-diabetes-tipo-2\\\/#breadcrumb\"},\"inLanguage\":\"es\",\"potentialAction\":[{\"@type\":\"ReadAction\",\"target\":[\"https:\\\/\\\/adc.cat\\\/es\\\/activitat\\\/terrassa-nutricion-y-diabetes-tipo-2\\\/\"]}]},{\"@type\":\"ImageObject\",\"inLanguage\":\"es\",\"@id\":\"https:\\\/\\\/adc.cat\\\/es\\\/activitat\\\/terrassa-nutricion-y-diabetes-tipo-2\\\/#primaryimage\",\"url\":\"https:\\\/\\\/adc.cat\\\/wp-content\\\/uploads\\\/2025\\\/04\\\/banner-terrassa-nutricio-i-dm2.jpg\",\"contentUrl\":\"https:\\\/\\\/adc.cat\\\/wp-content\\\/uploads\\\/2025\\\/04\\\/banner-terrassa-nutricio-i-dm2.jpg\",\"width\":1080,\"height\":720},{\"@type\":\"BreadcrumbList\",\"@id\":\"https:\\\/\\\/adc.cat\\\/es\\\/activitat\\\/terrassa-nutricion-y-diabetes-tipo-2\\\/#breadcrumb\",\"itemListElement\":[{\"@type\":\"ListItem\",\"position\":1,\"name\":\"Portada\",\"item\":\"https:\\\/\\\/adc.cat\\\/es\\\/\"},{\"@type\":\"ListItem\",\"position\":2,\"name\":\"Eventos\",\"item\":\"https:\\\/\\\/adc.cat\\\/es\\\/activitats\\\/\"},{\"@type\":\"ListItem\",\"position\":3,\"name\":\"Terrassa: Nutrici\u00f3n y Diabetes tipo 2\"}]},{\"@type\":\"WebSite\",\"@id\":\"https:\\\/\\\/adc.cat\\\/es\\\/#website\",\"url\":\"https:\\\/\\\/adc.cat\\\/es\\\/\",\"name\":\"ADC \u2013 Associaci\u00f3 de Diabetis de Catalunya\",\"description\":\"L&#039;ADC representa els pacients amb diabetis de Catalunya. Els nostres objectius: informar, aconsellar, ajudar i defensar les persones amb diabetis i promoure la sensibilitzaci\u00f3 de la resta de la societat\",\"publisher\":{\"@id\":\"https:\\\/\\\/adc.cat\\\/es\\\/#organization\"},\"potentialAction\":[{\"@type\":\"SearchAction\",\"target\":{\"@type\":\"EntryPoint\",\"urlTemplate\":\"https:\\\/\\\/adc.cat\\\/es\\\/?s={search_term_string}\"},\"query-input\":{\"@type\":\"PropertyValueSpecification\",\"valueRequired\":true,\"valueName\":\"search_term_string\"}}],\"inLanguage\":\"es\"},{\"@type\":\"Organization\",\"@id\":\"https:\\\/\\\/adc.cat\\\/es\\\/#organization\",\"name\":\"Associaci\u00f3 de Diabetis de Catalunya\",\"url\":\"https:\\\/\\\/adc.cat\\\/es\\\/\",\"logo\":{\"@type\":\"ImageObject\",\"inLanguage\":\"es\",\"@id\":\"https:\\\/\\\/adc.cat\\\/es\\\/#\\\/schema\\\/logo\\\/image\\\/\",\"url\":\"https:\\\/\\\/adc.cat\\\/wp-content\\\/uploads\\\/2022\\\/01\\\/associacio_de_diabetis_catalunya.png\",\"contentUrl\":\"https:\\\/\\\/adc.cat\\\/wp-content\\\/uploads\\\/2022\\\/01\\\/associacio_de_diabetis_catalunya.png\",\"width\":512,\"height\":239,\"caption\":\"Associaci\u00f3 de Diabetis de Catalunya\"},\"image\":{\"@id\":\"https:\\\/\\\/adc.cat\\\/es\\\/#\\\/schema\\\/logo\\\/image\\\/\"},\"sameAs\":[\"https:\\\/\\\/www.facebook.com\\\/ADC.CAT\\\/\",\"https:\\\/\\\/x.com\\\/ADC_CAT\",\"https:\\\/\\\/www.instagram.com\\\/adc_cat\\\/\",\"https:\\\/\\\/www.linkedin.com\\\/company\\\/associacio-de-diabetis-de-catalunya\",\"https:\\\/\\\/www.youtube.com\\\/channel\\\/UC7BiJMxG_5sHYUhMAlevAWA\"]}]}<\/script>\n<!-- \/ Yoast SEO plugin. -->","yoast_head_json":{"title":"Terrassa: Nutrici\u00f3n y Diabetes tipo 2 - ADC \u2013 Associaci\u00f3 de Diabetis de Catalunya","description":"Resolvemos tus dudas sobre nutrici\u00f3n, alimentaci\u00f3n saludable y diabetes tipo 2. Compartiremos informaci\u00f3n sobre alimentos recomendados, recetas, como evitar hipoglucemias por la noche, actividad f\u00edsica con diabetes tipo 2.","robots":{"index":"index","follow":"follow","max-snippet":"max-snippet:-1","max-image-preview":"max-image-preview:large","max-video-preview":"max-video-preview:-1"},"canonical":"https:\/\/adc.cat\/es\/activitat\/terrassa-nutricion-y-diabetes-tipo-2\/","og_locale":"es_ES","og_type":"article","og_title":"Terrassa: Nutrici\u00f3n y Diabetes tipo 2 - ADC \u2013 Associaci\u00f3 de Diabetis de Catalunya","og_description":"Resolvemos tus dudas sobre nutrici\u00f3n, alimentaci\u00f3n saludable y diabetes tipo 2. Compartiremos informaci\u00f3n sobre alimentos recomendados, recetas, como evitar hipoglucemias por la noche, actividad f\u00edsica con diabetes tipo 2.","og_url":"https:\/\/adc.cat\/es\/activitat\/terrassa-nutricion-y-diabetes-tipo-2\/","og_site_name":"ADC \u2013 Associaci\u00f3 de Diabetis de Catalunya","article_publisher":"https:\/\/www.facebook.com\/ADC.CAT\/","article_modified_time":"2025-05-29T14:03:33+00:00","og_image":[{"width":1080,"height":720,"url":"https:\/\/adc.cat\/wp-content\/uploads\/2025\/04\/banner-terrassa-nutricio-i-dm2.jpg","type":"image\/jpeg"}],"twitter_card":"summary_large_image","twitter_site":"@ADC_CAT","twitter_misc":{"Tiempo de lectura":"1 minuto"},"schema":{"@context":"https:\/\/schema.org","@graph":[{"@type":"WebPage","@id":"https:\/\/adc.cat\/es\/activitat\/terrassa-nutricion-y-diabetes-tipo-2\/","url":"https:\/\/adc.cat\/es\/activitat\/terrassa-nutricion-y-diabetes-tipo-2\/","name":"Terrassa: Nutrici\u00f3n y Diabetes tipo 2 - ADC \u2013 Associaci\u00f3 de Diabetis de Catalunya","isPartOf":{"@id":"https:\/\/adc.cat\/es\/#website"},"primaryImageOfPage":{"@id":"https:\/\/adc.cat\/es\/activitat\/terrassa-nutricion-y-diabetes-tipo-2\/#primaryimage"},"image":{"@id":"https:\/\/adc.cat\/es\/activitat\/terrassa-nutricion-y-diabetes-tipo-2\/#primaryimage"},"thumbnailUrl":"https:\/\/adc.cat\/wp-content\/uploads\/2025\/04\/banner-terrassa-nutricio-i-dm2.jpg","datePublished":"2025-04-09T11:58:18+00:00","dateModified":"2025-05-29T14:03:33+00:00","description":"Resolvemos tus dudas sobre nutrici\u00f3n, alimentaci\u00f3n saludable y diabetes tipo 2. Compartiremos informaci\u00f3n sobre alimentos recomendados, recetas, como evitar hipoglucemias por la noche, actividad f\u00edsica con diabetes tipo 2.","breadcrumb":{"@id":"https:\/\/adc.cat\/es\/activitat\/terrassa-nutricion-y-diabetes-tipo-2\/#breadcrumb"},"inLanguage":"es","potentialAction":[{"@type":"ReadAction","target":["https:\/\/adc.cat\/es\/activitat\/terrassa-nutricion-y-diabetes-tipo-2\/"]}]},{"@type":"ImageObject","inLanguage":"es","@id":"https:\/\/adc.cat\/es\/activitat\/terrassa-nutricion-y-diabetes-tipo-2\/#primaryimage","url":"https:\/\/adc.cat\/wp-content\/uploads\/2025\/04\/banner-terrassa-nutricio-i-dm2.jpg","contentUrl":"https:\/\/adc.cat\/wp-content\/uploads\/2025\/04\/banner-terrassa-nutricio-i-dm2.jpg","width":1080,"height":720},{"@type":"BreadcrumbList","@id":"https:\/\/adc.cat\/es\/activitat\/terrassa-nutricion-y-diabetes-tipo-2\/#breadcrumb","itemListElement":[{"@type":"ListItem","position":1,"name":"Portada","item":"https:\/\/adc.cat\/es\/"},{"@type":"ListItem","position":2,"name":"Eventos","item":"https:\/\/adc.cat\/es\/activitats\/"},{"@type":"ListItem","position":3,"name":"Terrassa: Nutrici\u00f3n y Diabetes tipo 2"}]},{"@type":"WebSite","@id":"https:\/\/adc.cat\/es\/#website","url":"https:\/\/adc.cat\/es\/","name":"ADC \u2013 Associaci\u00f3 de Diabetis de Catalunya","description":"L&#039;ADC representa els pacients amb diabetis de Catalunya. Els nostres objectius: informar, aconsellar, ajudar i defensar les persones amb diabetis i promoure la sensibilitzaci\u00f3 de la resta de la societat","publisher":{"@id":"https:\/\/adc.cat\/es\/#organization"},"potentialAction":[{"@type":"SearchAction","target":{"@type":"EntryPoint","urlTemplate":"https:\/\/adc.cat\/es\/?s={search_term_string}"},"query-input":{"@type":"PropertyValueSpecification","valueRequired":true,"valueName":"search_term_string"}}],"inLanguage":"es"},{"@type":"Organization","@id":"https:\/\/adc.cat\/es\/#organization","name":"Associaci\u00f3 de Diabetis de Catalunya","url":"https:\/\/adc.cat\/es\/","logo":{"@type":"ImageObject","inLanguage":"es","@id":"https:\/\/adc.cat\/es\/#\/schema\/logo\/image\/","url":"https:\/\/adc.cat\/wp-content\/uploads\/2022\/01\/associacio_de_diabetis_catalunya.png","contentUrl":"https:\/\/adc.cat\/wp-content\/uploads\/2022\/01\/associacio_de_diabetis_catalunya.png","width":512,"height":239,"caption":"Associaci\u00f3 de Diabetis de Catalunya"},"image":{"@id":"https:\/\/adc.cat\/es\/#\/schema\/logo\/image\/"},"sameAs":["https:\/\/www.facebook.com\/ADC.CAT\/","https:\/\/x.com\/ADC_CAT","https:\/\/www.instagram.com\/adc_cat\/","https:\/\/www.linkedin.com\/company\/associacio-de-diabetis-de-catalunya","https:\/\/www.youtube.com\/channel\/UC7BiJMxG_5sHYUhMAlevAWA"]}]}},"_links":{"self":[{"href":"https:\/\/adc.cat\/es\/wp-json\/wp\/v2\/tribe_events\/49002","targetHints":{"allow":["GET"]}}],"collection":[{"href":"https:\/\/adc.cat\/es\/wp-json\/wp\/v2\/tribe_events"}],"about":[{"href":"https:\/\/adc.cat\/es\/wp-json\/wp\/v2\/types\/tribe_events"}],"author":[{"embeddable":true,"href":"https:\/\/adc.cat\/es\/wp-json\/wp\/v2\/users\/2"}],"version-history":[{"count":2,"href":"https:\/\/adc.cat\/es\/wp-json\/wp\/v2\/tribe_events\/49002\/revisions"}],"predecessor-version":[{"id":49300,"href":"https:\/\/adc.cat\/es\/wp-json\/wp\/v2\/tribe_events\/49002\/revisions\/49300"}],"wp:featuredmedia":[{"embeddable":true,"href":"https:\/\/adc.cat\/es\/wp-json\/wp\/v2\/media\/49003"}],"wp:attachment":[{"href":"https:\/\/adc.cat\/es\/wp-json\/wp\/v2\/media?parent=49002"}],"wp:term":[{"taxonomy":"post_tag","embeddable":true,"href":"https:\/\/adc.cat\/es\/wp-json\/wp\/v2\/tags?post=49002"},{"taxonomy":"tribe_events_cat","embeddable":true,"href":"https:\/\/adc.cat\/es\/wp-json\/wp\/v2\/tribe_events_cat?post=49002"}],"curies":[{"name":"wp","href":"https:\/\/api.w.org\/{rel}","templated":true}]}}