{"id":49061,"date":"2025-04-10T13:38:12","date_gmt":"2025-04-10T11:38:12","guid":{"rendered":"https:\/\/adc.cat\/activitat\/girona-alimentate-de-forma-saludable-y-controla-la-diabetes-este-verano\/"},"modified":"2025-04-10T15:51:10","modified_gmt":"2025-04-10T13:51:10","slug":"girona-alimentate-de-forma-saludable-y-controla-la-diabetes-este-verano","status":"publish","type":"tribe_events","link":"https:\/\/adc.cat\/es\/activitat\/girona-alimentate-de-forma-saludable-y-controla-la-diabetes-este-verano\/","title":{"rendered":"Girona: Alim\u00e9ntate de forma saludable y controla la diabetes este verano"},"content":{"rendered":"<p data-start=\"915\" data-end=\"1190\">Este verano, cu\u00eddate. Descubre consejos pr\u00e1cticos para mantener <strong>una alimentaci\u00f3n equilibrada y adaptada a sus necesidades.<\/strong> Aprender\u00e1s t\u00e9cnicas que te ayudar\u00e1n a controlar tu diabetes empezando por la alimentaci\u00f3n. Ven y disfruta del verano con energ\u00eda y bienestar.<\/p>\n<p data-start=\"1192\" data-end=\"1430\">\ud83d\udccd <strong>\u00bfD\u00f3nde<\/strong><strong data-start=\"1195\" data-end=\"1204\">? <\/strong>Hotel d\u2019Entitats, Carrer Rutlla, 20-22, Girona<strong data-start=\"1195\" data-end=\"1204\"><br data-start=\"1251\" data-end=\"1254\" \/>\ud83d\uddd3\ufe0f Fecha: <\/strong>Mi\u00e9rcoles, 28 de maig<strong data-start=\"1195\" data-end=\"1204\"><br data-start=\"1288\" data-end=\"1291\" \/>\ud83d\udd56 Hora: <\/strong>18:30h<strong data-start=\"1195\" data-end=\"1204\"><br data-start=\"1310\" data-end=\"1313\" \/>\ud83d\udde3\ufe0f A cargo de: <\/strong>N\u00faria Artalejo, dietista-nutricionista experta en diabetes, del Hospital Josep Trueta.<\/p>\n<p data-start=\"1192\" data-end=\"1430\"><strong>Actividad abierta a todo el mundo<\/strong><\/p>\n<p data-start=\"1192\" data-end=\"1430\"><a href='https:\/\/adc.playoffinformatica.com\/activitat\/440\/Girona:-Alimenta-t-de-manera-saludable-i-controla-la-diabetis-aquest-estiu\/' class='big-button bigblue' target=\"_blank\">Inscripci\u00f3n<\/a><\/p>\n<p>&nbsp;<\/p>\n<p>M\u00e1s informaci\u00f3n en <a href=\"mailto:adcgirona@adc.cat\">adcgirona@adc.cat<\/a>. Tel. 972205020 \/ 670105230.<\/p>\n<p>\u00a1Te esperamos! <span class=\"d2edcug0 hpfvmrgz qv66sw1b c1et5uql lr9zc1uh a8c37x1j fe6kdd0r mau55g9w c8b282yb keod5gw0 nxhoafnm aigsh9s9 d3f4x2em iv3no6db jq4qci2q a3bd9o3v b1v8xokw oo9gr5id hzawbc8m\" dir=\"auto\">Organiza: ADC Girona<\/span><\/p>\n","protected":false},"excerpt":{"rendered":"<p>Este verano, cu\u00eddate. Descubre consejos pr\u00e1cticos para mantener una alimentaci\u00f3n equilibrada y adaptada a sus necesidades.<\/p>\n","protected":false},"author":2,"featured_media":49062,"template":"","meta":{"_et_pb_use_builder":"","_et_pb_old_content":"","_et_gb_content_width":"","_tribe_events_status":"","_tribe_events_status_reason":"","footnotes":""},"tags":[],"tribe_events_cat":[101],"class_list":["post-49061","tribe_events","type-tribe_events","status-publish","has-post-thumbnail","hentry","tribe_events_cat-comarques-gironines-es","cat_comarques-gironines-es"],"yoast_head":"<!-- This site is optimized with the Yoast SEO plugin v27.4 - https:\/\/yoast.com\/product\/yoast-seo-wordpress\/ -->\n<title>Girona: Alim\u00e9ntate de forma saludable y controla la diabetes este verano - ADC \u2013 Associaci\u00f3 de Diabetis de Catalunya<\/title>\n<meta name=\"description\" content=\"Este verano, cu\u00eddate. Descubre consejos pr\u00e1cticos para mantener una alimentaci\u00f3n equilibrada y adaptada a sus necesidades.\" \/>\n<meta name=\"robots\" content=\"index, follow, max-snippet:-1, max-image-preview:large, max-video-preview:-1\" \/>\n<link rel=\"canonical\" href=\"https:\/\/adc.cat\/es\/activitat\/girona-alimentate-de-forma-saludable-y-controla-la-diabetes-este-verano\/\" \/>\n<meta property=\"og:locale\" content=\"es_ES\" \/>\n<meta property=\"og:type\" content=\"article\" \/>\n<meta property=\"og:title\" content=\"Girona: Alim\u00e9ntate de forma saludable y controla la diabetes este verano - ADC \u2013 Associaci\u00f3 de Diabetis de Catalunya\" \/>\n<meta property=\"og:description\" content=\"Este verano, cu\u00eddate. Descubre consejos pr\u00e1cticos para mantener una alimentaci\u00f3n equilibrada y adaptada a sus necesidades.\" \/>\n<meta property=\"og:url\" content=\"https:\/\/adc.cat\/es\/activitat\/girona-alimentate-de-forma-saludable-y-controla-la-diabetes-este-verano\/\" \/>\n<meta property=\"og:site_name\" content=\"ADC \u2013 Associaci\u00f3 de Diabetis de Catalunya\" \/>\n<meta property=\"article:publisher\" content=\"https:\/\/www.facebook.com\/ADC.CAT\/\" \/>\n<meta property=\"article:modified_time\" content=\"2025-04-10T13:51:10+00:00\" \/>\n<meta property=\"og:image\" content=\"https:\/\/adc.cat\/wp-content\/uploads\/2025\/04\/banner-girona-nutricio-i-diabetis.jpg\" \/>\n\t<meta property=\"og:image:width\" content=\"1080\" \/>\n\t<meta property=\"og:image:height\" content=\"720\" \/>\n\t<meta property=\"og:image:type\" content=\"image\/jpeg\" \/>\n<meta name=\"twitter:card\" content=\"summary_large_image\" \/>\n<meta name=\"twitter:site\" content=\"@ADC_CAT\" \/>\n<meta name=\"twitter:label1\" content=\"Tiempo de lectura\" \/>\n\t<meta name=\"twitter:data1\" content=\"1 minuto\" \/>\n<script type=\"application\/ld+json\" class=\"yoast-schema-graph\">{\"@context\":\"https:\\\/\\\/schema.org\",\"@graph\":[{\"@type\":\"WebPage\",\"@id\":\"https:\\\/\\\/adc.cat\\\/es\\\/activitat\\\/girona-alimentate-de-forma-saludable-y-controla-la-diabetes-este-verano\\\/\",\"url\":\"https:\\\/\\\/adc.cat\\\/es\\\/activitat\\\/girona-alimentate-de-forma-saludable-y-controla-la-diabetes-este-verano\\\/\",\"name\":\"Girona: Alim\u00e9ntate de forma saludable y controla la diabetes este verano - ADC \u2013 Associaci\u00f3 de Diabetis de Catalunya\",\"isPartOf\":{\"@id\":\"https:\\\/\\\/adc.cat\\\/es\\\/#website\"},\"primaryImageOfPage\":{\"@id\":\"https:\\\/\\\/adc.cat\\\/es\\\/activitat\\\/girona-alimentate-de-forma-saludable-y-controla-la-diabetes-este-verano\\\/#primaryimage\"},\"image\":{\"@id\":\"https:\\\/\\\/adc.cat\\\/es\\\/activitat\\\/girona-alimentate-de-forma-saludable-y-controla-la-diabetes-este-verano\\\/#primaryimage\"},\"thumbnailUrl\":\"https:\\\/\\\/adc.cat\\\/wp-content\\\/uploads\\\/2025\\\/04\\\/banner-girona-nutricio-i-diabetis.jpg\",\"datePublished\":\"2025-04-10T11:38:12+00:00\",\"dateModified\":\"2025-04-10T13:51:10+00:00\",\"description\":\"Este verano, cu\u00eddate. Descubre consejos pr\u00e1cticos para mantener una alimentaci\u00f3n equilibrada y adaptada a sus necesidades.\",\"breadcrumb\":{\"@id\":\"https:\\\/\\\/adc.cat\\\/es\\\/activitat\\\/girona-alimentate-de-forma-saludable-y-controla-la-diabetes-este-verano\\\/#breadcrumb\"},\"inLanguage\":\"es\",\"potentialAction\":[{\"@type\":\"ReadAction\",\"target\":[\"https:\\\/\\\/adc.cat\\\/es\\\/activitat\\\/girona-alimentate-de-forma-saludable-y-controla-la-diabetes-este-verano\\\/\"]}]},{\"@type\":\"ImageObject\",\"inLanguage\":\"es\",\"@id\":\"https:\\\/\\\/adc.cat\\\/es\\\/activitat\\\/girona-alimentate-de-forma-saludable-y-controla-la-diabetes-este-verano\\\/#primaryimage\",\"url\":\"https:\\\/\\\/adc.cat\\\/wp-content\\\/uploads\\\/2025\\\/04\\\/banner-girona-nutricio-i-diabetis.jpg\",\"contentUrl\":\"https:\\\/\\\/adc.cat\\\/wp-content\\\/uploads\\\/2025\\\/04\\\/banner-girona-nutricio-i-diabetis.jpg\",\"width\":1080,\"height\":720},{\"@type\":\"BreadcrumbList\",\"@id\":\"https:\\\/\\\/adc.cat\\\/es\\\/activitat\\\/girona-alimentate-de-forma-saludable-y-controla-la-diabetes-este-verano\\\/#breadcrumb\",\"itemListElement\":[{\"@type\":\"ListItem\",\"position\":1,\"name\":\"Portada\",\"item\":\"https:\\\/\\\/adc.cat\\\/es\\\/\"},{\"@type\":\"ListItem\",\"position\":2,\"name\":\"Eventos\",\"item\":\"https:\\\/\\\/adc.cat\\\/es\\\/activitats\\\/\"},{\"@type\":\"ListItem\",\"position\":3,\"name\":\"Girona: Alim\u00e9ntate de forma saludable y controla la diabetes este verano\"}]},{\"@type\":\"WebSite\",\"@id\":\"https:\\\/\\\/adc.cat\\\/es\\\/#website\",\"url\":\"https:\\\/\\\/adc.cat\\\/es\\\/\",\"name\":\"ADC \u2013 Associaci\u00f3 de Diabetis de Catalunya\",\"description\":\"L&#039;ADC representa els pacients amb diabetis de Catalunya. Els nostres objectius: informar, aconsellar, ajudar i defensar les persones amb diabetis i promoure la sensibilitzaci\u00f3 de la resta de la societat\",\"publisher\":{\"@id\":\"https:\\\/\\\/adc.cat\\\/es\\\/#organization\"},\"potentialAction\":[{\"@type\":\"SearchAction\",\"target\":{\"@type\":\"EntryPoint\",\"urlTemplate\":\"https:\\\/\\\/adc.cat\\\/es\\\/?s={search_term_string}\"},\"query-input\":{\"@type\":\"PropertyValueSpecification\",\"valueRequired\":true,\"valueName\":\"search_term_string\"}}],\"inLanguage\":\"es\"},{\"@type\":\"Organization\",\"@id\":\"https:\\\/\\\/adc.cat\\\/es\\\/#organization\",\"name\":\"Associaci\u00f3 de Diabetis de Catalunya\",\"url\":\"https:\\\/\\\/adc.cat\\\/es\\\/\",\"logo\":{\"@type\":\"ImageObject\",\"inLanguage\":\"es\",\"@id\":\"https:\\\/\\\/adc.cat\\\/es\\\/#\\\/schema\\\/logo\\\/image\\\/\",\"url\":\"https:\\\/\\\/adc.cat\\\/wp-content\\\/uploads\\\/2022\\\/01\\\/associacio_de_diabetis_catalunya.png\",\"contentUrl\":\"https:\\\/\\\/adc.cat\\\/wp-content\\\/uploads\\\/2022\\\/01\\\/associacio_de_diabetis_catalunya.png\",\"width\":512,\"height\":239,\"caption\":\"Associaci\u00f3 de Diabetis de Catalunya\"},\"image\":{\"@id\":\"https:\\\/\\\/adc.cat\\\/es\\\/#\\\/schema\\\/logo\\\/image\\\/\"},\"sameAs\":[\"https:\\\/\\\/www.facebook.com\\\/ADC.CAT\\\/\",\"https:\\\/\\\/x.com\\\/ADC_CAT\",\"https:\\\/\\\/www.instagram.com\\\/adc_cat\\\/\",\"https:\\\/\\\/www.linkedin.com\\\/company\\\/associacio-de-diabetis-de-catalunya\",\"https:\\\/\\\/www.youtube.com\\\/channel\\\/UC7BiJMxG_5sHYUhMAlevAWA\"]}]}<\/script>\n<!-- \/ Yoast SEO plugin. -->","yoast_head_json":{"title":"Girona: Alim\u00e9ntate de forma saludable y controla la diabetes este verano - ADC \u2013 Associaci\u00f3 de Diabetis de Catalunya","description":"Este verano, cu\u00eddate. Descubre consejos pr\u00e1cticos para mantener una alimentaci\u00f3n equilibrada y adaptada a sus necesidades.","robots":{"index":"index","follow":"follow","max-snippet":"max-snippet:-1","max-image-preview":"max-image-preview:large","max-video-preview":"max-video-preview:-1"},"canonical":"https:\/\/adc.cat\/es\/activitat\/girona-alimentate-de-forma-saludable-y-controla-la-diabetes-este-verano\/","og_locale":"es_ES","og_type":"article","og_title":"Girona: Alim\u00e9ntate de forma saludable y controla la diabetes este verano - ADC \u2013 Associaci\u00f3 de Diabetis de Catalunya","og_description":"Este verano, cu\u00eddate. Descubre consejos pr\u00e1cticos para mantener una alimentaci\u00f3n equilibrada y adaptada a sus necesidades.","og_url":"https:\/\/adc.cat\/es\/activitat\/girona-alimentate-de-forma-saludable-y-controla-la-diabetes-este-verano\/","og_site_name":"ADC \u2013 Associaci\u00f3 de Diabetis de Catalunya","article_publisher":"https:\/\/www.facebook.com\/ADC.CAT\/","article_modified_time":"2025-04-10T13:51:10+00:00","og_image":[{"width":1080,"height":720,"url":"https:\/\/adc.cat\/wp-content\/uploads\/2025\/04\/banner-girona-nutricio-i-diabetis.jpg","type":"image\/jpeg"}],"twitter_card":"summary_large_image","twitter_site":"@ADC_CAT","twitter_misc":{"Tiempo de lectura":"1 minuto"},"schema":{"@context":"https:\/\/schema.org","@graph":[{"@type":"WebPage","@id":"https:\/\/adc.cat\/es\/activitat\/girona-alimentate-de-forma-saludable-y-controla-la-diabetes-este-verano\/","url":"https:\/\/adc.cat\/es\/activitat\/girona-alimentate-de-forma-saludable-y-controla-la-diabetes-este-verano\/","name":"Girona: Alim\u00e9ntate de forma saludable y controla la diabetes este verano - ADC \u2013 Associaci\u00f3 de Diabetis de Catalunya","isPartOf":{"@id":"https:\/\/adc.cat\/es\/#website"},"primaryImageOfPage":{"@id":"https:\/\/adc.cat\/es\/activitat\/girona-alimentate-de-forma-saludable-y-controla-la-diabetes-este-verano\/#primaryimage"},"image":{"@id":"https:\/\/adc.cat\/es\/activitat\/girona-alimentate-de-forma-saludable-y-controla-la-diabetes-este-verano\/#primaryimage"},"thumbnailUrl":"https:\/\/adc.cat\/wp-content\/uploads\/2025\/04\/banner-girona-nutricio-i-diabetis.jpg","datePublished":"2025-04-10T11:38:12+00:00","dateModified":"2025-04-10T13:51:10+00:00","description":"Este verano, cu\u00eddate. Descubre consejos pr\u00e1cticos para mantener una alimentaci\u00f3n equilibrada y adaptada a sus necesidades.","breadcrumb":{"@id":"https:\/\/adc.cat\/es\/activitat\/girona-alimentate-de-forma-saludable-y-controla-la-diabetes-este-verano\/#breadcrumb"},"inLanguage":"es","potentialAction":[{"@type":"ReadAction","target":["https:\/\/adc.cat\/es\/activitat\/girona-alimentate-de-forma-saludable-y-controla-la-diabetes-este-verano\/"]}]},{"@type":"ImageObject","inLanguage":"es","@id":"https:\/\/adc.cat\/es\/activitat\/girona-alimentate-de-forma-saludable-y-controla-la-diabetes-este-verano\/#primaryimage","url":"https:\/\/adc.cat\/wp-content\/uploads\/2025\/04\/banner-girona-nutricio-i-diabetis.jpg","contentUrl":"https:\/\/adc.cat\/wp-content\/uploads\/2025\/04\/banner-girona-nutricio-i-diabetis.jpg","width":1080,"height":720},{"@type":"BreadcrumbList","@id":"https:\/\/adc.cat\/es\/activitat\/girona-alimentate-de-forma-saludable-y-controla-la-diabetes-este-verano\/#breadcrumb","itemListElement":[{"@type":"ListItem","position":1,"name":"Portada","item":"https:\/\/adc.cat\/es\/"},{"@type":"ListItem","position":2,"name":"Eventos","item":"https:\/\/adc.cat\/es\/activitats\/"},{"@type":"ListItem","position":3,"name":"Girona: Alim\u00e9ntate de forma saludable y controla la diabetes este verano"}]},{"@type":"WebSite","@id":"https:\/\/adc.cat\/es\/#website","url":"https:\/\/adc.cat\/es\/","name":"ADC \u2013 Associaci\u00f3 de Diabetis de Catalunya","description":"L&#039;ADC representa els pacients amb diabetis de Catalunya. Els nostres objectius: informar, aconsellar, ajudar i defensar les persones amb diabetis i promoure la sensibilitzaci\u00f3 de la resta de la societat","publisher":{"@id":"https:\/\/adc.cat\/es\/#organization"},"potentialAction":[{"@type":"SearchAction","target":{"@type":"EntryPoint","urlTemplate":"https:\/\/adc.cat\/es\/?s={search_term_string}"},"query-input":{"@type":"PropertyValueSpecification","valueRequired":true,"valueName":"search_term_string"}}],"inLanguage":"es"},{"@type":"Organization","@id":"https:\/\/adc.cat\/es\/#organization","name":"Associaci\u00f3 de Diabetis de Catalunya","url":"https:\/\/adc.cat\/es\/","logo":{"@type":"ImageObject","inLanguage":"es","@id":"https:\/\/adc.cat\/es\/#\/schema\/logo\/image\/","url":"https:\/\/adc.cat\/wp-content\/uploads\/2022\/01\/associacio_de_diabetis_catalunya.png","contentUrl":"https:\/\/adc.cat\/wp-content\/uploads\/2022\/01\/associacio_de_diabetis_catalunya.png","width":512,"height":239,"caption":"Associaci\u00f3 de Diabetis de Catalunya"},"image":{"@id":"https:\/\/adc.cat\/es\/#\/schema\/logo\/image\/"},"sameAs":["https:\/\/www.facebook.com\/ADC.CAT\/","https:\/\/x.com\/ADC_CAT","https:\/\/www.instagram.com\/adc_cat\/","https:\/\/www.linkedin.com\/company\/associacio-de-diabetis-de-catalunya","https:\/\/www.youtube.com\/channel\/UC7BiJMxG_5sHYUhMAlevAWA"]}]}},"_links":{"self":[{"href":"https:\/\/adc.cat\/es\/wp-json\/wp\/v2\/tribe_events\/49061","targetHints":{"allow":["GET"]}}],"collection":[{"href":"https:\/\/adc.cat\/es\/wp-json\/wp\/v2\/tribe_events"}],"about":[{"href":"https:\/\/adc.cat\/es\/wp-json\/wp\/v2\/types\/tribe_events"}],"author":[{"embeddable":true,"href":"https:\/\/adc.cat\/es\/wp-json\/wp\/v2\/users\/2"}],"version-history":[{"count":2,"href":"https:\/\/adc.cat\/es\/wp-json\/wp\/v2\/tribe_events\/49061\/revisions"}],"predecessor-version":[{"id":49064,"href":"https:\/\/adc.cat\/es\/wp-json\/wp\/v2\/tribe_events\/49061\/revisions\/49064"}],"wp:featuredmedia":[{"embeddable":true,"href":"https:\/\/adc.cat\/es\/wp-json\/wp\/v2\/media\/49062"}],"wp:attachment":[{"href":"https:\/\/adc.cat\/es\/wp-json\/wp\/v2\/media?parent=49061"}],"wp:term":[{"taxonomy":"post_tag","embeddable":true,"href":"https:\/\/adc.cat\/es\/wp-json\/wp\/v2\/tags?post=49061"},{"taxonomy":"tribe_events_cat","embeddable":true,"href":"https:\/\/adc.cat\/es\/wp-json\/wp\/v2\/tribe_events_cat?post=49061"}],"curies":[{"name":"wp","href":"https:\/\/api.w.org\/{rel}","templated":true}]}}