{"id":49120,"date":"2025-04-14T12:02:46","date_gmt":"2025-04-14T10:02:46","guid":{"rendered":"https:\/\/adc.cat\/activitat\/igualada-taller-informativo-viajar-con-diabetes\/"},"modified":"2025-04-14T12:32:52","modified_gmt":"2025-04-14T10:32:52","slug":"igualada-taller-informativo-viajar-con-diabetes","status":"publish","type":"tribe_events","link":"https:\/\/adc.cat\/es\/activitat\/igualada-taller-informativo-viajar-con-diabetes\/","title":{"rendered":"Igualada: Taller informativo: viajar con diabetes"},"content":{"rendered":"<div class=\"textarea-desti col-xs-12 col-sm-6\">\n<div class=\"form-control second-textarea\">\n<p>Irse de viaje es siempre una aventura, pero cuando convives con la diabetes, es necesario hacerlo con un poco m\u00e1s de planificaci\u00f3n. En este taller hablaremos de todo lo que hay que tener en cuenta cuando haces las maletas: desde la preparaci\u00f3n del material m\u00e9dico, consejos pr\u00e1cticos para viajar con seguridad y comodidad, hasta trucos para gestionar diversas situaciones que puedan surgir.<\/p>\n<p>\u00a1Ven y aprende c\u00f3mo disfrutar de tu viaje con tranquilidad y confianza!<\/p>\n<\/div>\n<\/div>\n<p><strong>Datos del taller:<\/strong><\/p>\n<ul>\n<li><b>\ud83d\udccd \u00bfD\u00f3nde?\u00a0<\/b> En la delegaci\u00f3n ADC Anoia: Centre Civic Nord Igualada<br \/>\nC\/ Sant Mart\u00ed de Tous, 8<\/li>\n<li><b>\ud83d\uddd3\ufe0f Fecha<\/b>: Jueves 26 de junio<\/li>\n<li><b>\ud83d\udd56 Hora<\/b>: a las 18:00h<\/li>\n<li><b>\ud83d\udde3\ufe0f Organiza<\/b>: Esther Maldonado, agent i formadora en diabetes.<\/li>\n<\/ul>\n<p><span class=\"d2edcug0 hpfvmrgz qv66sw1b c1et5uql lr9zc1uh a8c37x1j fe6kdd0r mau55g9w c8b282yb keod5gw0 nxhoafnm aigsh9s9 d3f4x2em iv3no6db jq4qci2q a3bd9o3v b1v8xokw oo9gr5id hzawbc8m\" dir=\"auto\"><span class=\"x193iq5w xeuugli x13faqbe x1vvkbs x1xmvt09 x1lliihq x1s928wv xhkezso x1gmr53x x1cpjm7i x1fgarty x1943h6x xudqn12 x3x7a5m x6prxxf xvq8zen xo1l8bm xzsf02u x1yc453h\" dir=\"auto\">Actividad abierta a todo el mundo<\/span>.<\/span><\/p>\n<p>&nbsp;<\/p>\n<p style=\"text-align: center;\"><a href='https:\/\/adc.playoffinformatica.com\/activitat\/445\/Igualada:-Taller-informatiu:-viatjar-amb-diabetis\/' class='big-button bigblue' target=\"_blank\">Inscripci\u00f3n<\/a><\/p>\n<p>&nbsp;<\/p>\n<p>Para m\u00e1s informaci\u00f3n o anulaciones, llamen al 656 69 56 01 o escriban a <a href=\"mailto:adc@adc.cat\">adcanoia@adc.cat <\/a>.<\/p>\n<p><span class=\"d2edcug0 hpfvmrgz qv66sw1b c1et5uql lr9zc1uh a8c37x1j fe6kdd0r mau55g9w c8b282yb keod5gw0 nxhoafnm aigsh9s9 d3f4x2em iv3no6db jq4qci2q a3bd9o3v b1v8xokw oo9gr5id hzawbc8m\" dir=\"auto\">Organiza <strong>ADC L\u2019 Anoia<\/strong><\/span><\/p>\n","protected":false},"excerpt":{"rendered":"<p>Irse de viaje es siempre una aventura, pero cuando convives con la diabetes, es necesario hacerlo con un poco m\u00e1s de planificaci\u00f3n. En este taller hablaremos de todo lo que hay que tener en cuenta cuando haces las maletas.<\/p>\n","protected":false},"author":2,"featured_media":49106,"template":"","meta":{"_et_pb_use_builder":"","_et_pb_old_content":"","_et_gb_content_width":"","_tribe_events_status":"","_tribe_events_status_reason":"","footnotes":""},"tags":[],"tribe_events_cat":[107],"class_list":["post-49120","tribe_events","type-tribe_events","status-publish","has-post-thumbnail","hentry","tribe_events_cat-anoia-es","cat_anoia-es"],"yoast_head":"<!-- This site is optimized with the Yoast SEO plugin v27.4 - https:\/\/yoast.com\/product\/yoast-seo-wordpress\/ -->\n<title>Igualada: Taller informativo: viajar con diabetes - ADC \u2013 Associaci\u00f3 de Diabetis de Catalunya<\/title>\n<meta name=\"description\" content=\"Irse de viaje es siempre una aventura, pero cuando convives con la diabetes, es necesario hacerlo con un poco m\u00e1s de planificaci\u00f3n. En este taller hablaremos de todo lo que hay que tener en cuenta cuando haces las maletas.\" \/>\n<meta name=\"robots\" content=\"index, follow, max-snippet:-1, max-image-preview:large, max-video-preview:-1\" \/>\n<link rel=\"canonical\" href=\"https:\/\/adc.cat\/es\/activitat\/igualada-taller-informativo-viajar-con-diabetes\/\" \/>\n<meta property=\"og:locale\" content=\"es_ES\" \/>\n<meta property=\"og:type\" content=\"article\" \/>\n<meta property=\"og:title\" content=\"Igualada: Taller informativo: viajar con diabetes - ADC \u2013 Associaci\u00f3 de Diabetis de Catalunya\" \/>\n<meta property=\"og:description\" content=\"Irse de viaje es siempre una aventura, pero cuando convives con la diabetes, es necesario hacerlo con un poco m\u00e1s de planificaci\u00f3n. En este taller hablaremos de todo lo que hay que tener en cuenta cuando haces las maletas.\" \/>\n<meta property=\"og:url\" content=\"https:\/\/adc.cat\/es\/activitat\/igualada-taller-informativo-viajar-con-diabetes\/\" \/>\n<meta property=\"og:site_name\" content=\"ADC \u2013 Associaci\u00f3 de Diabetis de Catalunya\" \/>\n<meta property=\"article:publisher\" content=\"https:\/\/www.facebook.com\/ADC.CAT\/\" \/>\n<meta property=\"article:modified_time\" content=\"2025-04-14T10:32:52+00:00\" \/>\n<meta property=\"og:image\" content=\"https:\/\/adc.cat\/wp-content\/uploads\/2025\/04\/banner-igualada-grup-de-suport-1.jpg\" \/>\n\t<meta property=\"og:image:width\" content=\"1080\" \/>\n\t<meta property=\"og:image:height\" content=\"720\" \/>\n\t<meta property=\"og:image:type\" content=\"image\/jpeg\" \/>\n<meta name=\"twitter:card\" content=\"summary_large_image\" \/>\n<meta name=\"twitter:site\" content=\"@ADC_CAT\" \/>\n<meta name=\"twitter:label1\" content=\"Tiempo de lectura\" \/>\n\t<meta name=\"twitter:data1\" content=\"1 minuto\" \/>\n<script type=\"application\/ld+json\" class=\"yoast-schema-graph\">{\"@context\":\"https:\\\/\\\/schema.org\",\"@graph\":[{\"@type\":\"WebPage\",\"@id\":\"https:\\\/\\\/adc.cat\\\/es\\\/activitat\\\/igualada-taller-informativo-viajar-con-diabetes\\\/\",\"url\":\"https:\\\/\\\/adc.cat\\\/es\\\/activitat\\\/igualada-taller-informativo-viajar-con-diabetes\\\/\",\"name\":\"Igualada: Taller informativo: viajar con diabetes - ADC \u2013 Associaci\u00f3 de Diabetis de Catalunya\",\"isPartOf\":{\"@id\":\"https:\\\/\\\/adc.cat\\\/es\\\/#website\"},\"primaryImageOfPage\":{\"@id\":\"https:\\\/\\\/adc.cat\\\/es\\\/activitat\\\/igualada-taller-informativo-viajar-con-diabetes\\\/#primaryimage\"},\"image\":{\"@id\":\"https:\\\/\\\/adc.cat\\\/es\\\/activitat\\\/igualada-taller-informativo-viajar-con-diabetes\\\/#primaryimage\"},\"thumbnailUrl\":\"https:\\\/\\\/adc.cat\\\/wp-content\\\/uploads\\\/2025\\\/04\\\/banner-igualada-grup-de-suport-1.jpg\",\"datePublished\":\"2025-04-14T10:02:46+00:00\",\"dateModified\":\"2025-04-14T10:32:52+00:00\",\"description\":\"Irse de viaje es siempre una aventura, pero cuando convives con la diabetes, es necesario hacerlo con un poco m\u00e1s de planificaci\u00f3n. En este taller hablaremos de todo lo que hay que tener en cuenta cuando haces las maletas.\",\"breadcrumb\":{\"@id\":\"https:\\\/\\\/adc.cat\\\/es\\\/activitat\\\/igualada-taller-informativo-viajar-con-diabetes\\\/#breadcrumb\"},\"inLanguage\":\"es\",\"potentialAction\":[{\"@type\":\"ReadAction\",\"target\":[\"https:\\\/\\\/adc.cat\\\/es\\\/activitat\\\/igualada-taller-informativo-viajar-con-diabetes\\\/\"]}]},{\"@type\":\"ImageObject\",\"inLanguage\":\"es\",\"@id\":\"https:\\\/\\\/adc.cat\\\/es\\\/activitat\\\/igualada-taller-informativo-viajar-con-diabetes\\\/#primaryimage\",\"url\":\"https:\\\/\\\/adc.cat\\\/wp-content\\\/uploads\\\/2025\\\/04\\\/banner-igualada-grup-de-suport-1.jpg\",\"contentUrl\":\"https:\\\/\\\/adc.cat\\\/wp-content\\\/uploads\\\/2025\\\/04\\\/banner-igualada-grup-de-suport-1.jpg\",\"width\":1080,\"height\":720},{\"@type\":\"BreadcrumbList\",\"@id\":\"https:\\\/\\\/adc.cat\\\/es\\\/activitat\\\/igualada-taller-informativo-viajar-con-diabetes\\\/#breadcrumb\",\"itemListElement\":[{\"@type\":\"ListItem\",\"position\":1,\"name\":\"Portada\",\"item\":\"https:\\\/\\\/adc.cat\\\/es\\\/\"},{\"@type\":\"ListItem\",\"position\":2,\"name\":\"Eventos\",\"item\":\"https:\\\/\\\/adc.cat\\\/es\\\/activitats\\\/\"},{\"@type\":\"ListItem\",\"position\":3,\"name\":\"Igualada: Taller informativo: viajar con diabetes\"}]},{\"@type\":\"WebSite\",\"@id\":\"https:\\\/\\\/adc.cat\\\/es\\\/#website\",\"url\":\"https:\\\/\\\/adc.cat\\\/es\\\/\",\"name\":\"ADC \u2013 Associaci\u00f3 de Diabetis de Catalunya\",\"description\":\"L&#039;ADC representa els pacients amb diabetis de Catalunya. Els nostres objectius: informar, aconsellar, ajudar i defensar les persones amb diabetis i promoure la sensibilitzaci\u00f3 de la resta de la societat\",\"publisher\":{\"@id\":\"https:\\\/\\\/adc.cat\\\/es\\\/#organization\"},\"potentialAction\":[{\"@type\":\"SearchAction\",\"target\":{\"@type\":\"EntryPoint\",\"urlTemplate\":\"https:\\\/\\\/adc.cat\\\/es\\\/?s={search_term_string}\"},\"query-input\":{\"@type\":\"PropertyValueSpecification\",\"valueRequired\":true,\"valueName\":\"search_term_string\"}}],\"inLanguage\":\"es\"},{\"@type\":\"Organization\",\"@id\":\"https:\\\/\\\/adc.cat\\\/es\\\/#organization\",\"name\":\"Associaci\u00f3 de Diabetis de Catalunya\",\"url\":\"https:\\\/\\\/adc.cat\\\/es\\\/\",\"logo\":{\"@type\":\"ImageObject\",\"inLanguage\":\"es\",\"@id\":\"https:\\\/\\\/adc.cat\\\/es\\\/#\\\/schema\\\/logo\\\/image\\\/\",\"url\":\"https:\\\/\\\/adc.cat\\\/wp-content\\\/uploads\\\/2022\\\/01\\\/associacio_de_diabetis_catalunya.png\",\"contentUrl\":\"https:\\\/\\\/adc.cat\\\/wp-content\\\/uploads\\\/2022\\\/01\\\/associacio_de_diabetis_catalunya.png\",\"width\":512,\"height\":239,\"caption\":\"Associaci\u00f3 de Diabetis de Catalunya\"},\"image\":{\"@id\":\"https:\\\/\\\/adc.cat\\\/es\\\/#\\\/schema\\\/logo\\\/image\\\/\"},\"sameAs\":[\"https:\\\/\\\/www.facebook.com\\\/ADC.CAT\\\/\",\"https:\\\/\\\/x.com\\\/ADC_CAT\",\"https:\\\/\\\/www.instagram.com\\\/adc_cat\\\/\",\"https:\\\/\\\/www.linkedin.com\\\/company\\\/associacio-de-diabetis-de-catalunya\",\"https:\\\/\\\/www.youtube.com\\\/channel\\\/UC7BiJMxG_5sHYUhMAlevAWA\"]}]}<\/script>\n<!-- \/ Yoast SEO plugin. -->","yoast_head_json":{"title":"Igualada: Taller informativo: viajar con diabetes - ADC \u2013 Associaci\u00f3 de Diabetis de Catalunya","description":"Irse de viaje es siempre una aventura, pero cuando convives con la diabetes, es necesario hacerlo con un poco m\u00e1s de planificaci\u00f3n. En este taller hablaremos de todo lo que hay que tener en cuenta cuando haces las maletas.","robots":{"index":"index","follow":"follow","max-snippet":"max-snippet:-1","max-image-preview":"max-image-preview:large","max-video-preview":"max-video-preview:-1"},"canonical":"https:\/\/adc.cat\/es\/activitat\/igualada-taller-informativo-viajar-con-diabetes\/","og_locale":"es_ES","og_type":"article","og_title":"Igualada: Taller informativo: viajar con diabetes - ADC \u2013 Associaci\u00f3 de Diabetis de Catalunya","og_description":"Irse de viaje es siempre una aventura, pero cuando convives con la diabetes, es necesario hacerlo con un poco m\u00e1s de planificaci\u00f3n. En este taller hablaremos de todo lo que hay que tener en cuenta cuando haces las maletas.","og_url":"https:\/\/adc.cat\/es\/activitat\/igualada-taller-informativo-viajar-con-diabetes\/","og_site_name":"ADC \u2013 Associaci\u00f3 de Diabetis de Catalunya","article_publisher":"https:\/\/www.facebook.com\/ADC.CAT\/","article_modified_time":"2025-04-14T10:32:52+00:00","og_image":[{"width":1080,"height":720,"url":"https:\/\/adc.cat\/wp-content\/uploads\/2025\/04\/banner-igualada-grup-de-suport-1.jpg","type":"image\/jpeg"}],"twitter_card":"summary_large_image","twitter_site":"@ADC_CAT","twitter_misc":{"Tiempo de lectura":"1 minuto"},"schema":{"@context":"https:\/\/schema.org","@graph":[{"@type":"WebPage","@id":"https:\/\/adc.cat\/es\/activitat\/igualada-taller-informativo-viajar-con-diabetes\/","url":"https:\/\/adc.cat\/es\/activitat\/igualada-taller-informativo-viajar-con-diabetes\/","name":"Igualada: Taller informativo: viajar con diabetes - ADC \u2013 Associaci\u00f3 de Diabetis de Catalunya","isPartOf":{"@id":"https:\/\/adc.cat\/es\/#website"},"primaryImageOfPage":{"@id":"https:\/\/adc.cat\/es\/activitat\/igualada-taller-informativo-viajar-con-diabetes\/#primaryimage"},"image":{"@id":"https:\/\/adc.cat\/es\/activitat\/igualada-taller-informativo-viajar-con-diabetes\/#primaryimage"},"thumbnailUrl":"https:\/\/adc.cat\/wp-content\/uploads\/2025\/04\/banner-igualada-grup-de-suport-1.jpg","datePublished":"2025-04-14T10:02:46+00:00","dateModified":"2025-04-14T10:32:52+00:00","description":"Irse de viaje es siempre una aventura, pero cuando convives con la diabetes, es necesario hacerlo con un poco m\u00e1s de planificaci\u00f3n. En este taller hablaremos de todo lo que hay que tener en cuenta cuando haces las maletas.","breadcrumb":{"@id":"https:\/\/adc.cat\/es\/activitat\/igualada-taller-informativo-viajar-con-diabetes\/#breadcrumb"},"inLanguage":"es","potentialAction":[{"@type":"ReadAction","target":["https:\/\/adc.cat\/es\/activitat\/igualada-taller-informativo-viajar-con-diabetes\/"]}]},{"@type":"ImageObject","inLanguage":"es","@id":"https:\/\/adc.cat\/es\/activitat\/igualada-taller-informativo-viajar-con-diabetes\/#primaryimage","url":"https:\/\/adc.cat\/wp-content\/uploads\/2025\/04\/banner-igualada-grup-de-suport-1.jpg","contentUrl":"https:\/\/adc.cat\/wp-content\/uploads\/2025\/04\/banner-igualada-grup-de-suport-1.jpg","width":1080,"height":720},{"@type":"BreadcrumbList","@id":"https:\/\/adc.cat\/es\/activitat\/igualada-taller-informativo-viajar-con-diabetes\/#breadcrumb","itemListElement":[{"@type":"ListItem","position":1,"name":"Portada","item":"https:\/\/adc.cat\/es\/"},{"@type":"ListItem","position":2,"name":"Eventos","item":"https:\/\/adc.cat\/es\/activitats\/"},{"@type":"ListItem","position":3,"name":"Igualada: Taller informativo: viajar con diabetes"}]},{"@type":"WebSite","@id":"https:\/\/adc.cat\/es\/#website","url":"https:\/\/adc.cat\/es\/","name":"ADC \u2013 Associaci\u00f3 de Diabetis de Catalunya","description":"L&#039;ADC representa els pacients amb diabetis de Catalunya. Els nostres objectius: informar, aconsellar, ajudar i defensar les persones amb diabetis i promoure la sensibilitzaci\u00f3 de la resta de la societat","publisher":{"@id":"https:\/\/adc.cat\/es\/#organization"},"potentialAction":[{"@type":"SearchAction","target":{"@type":"EntryPoint","urlTemplate":"https:\/\/adc.cat\/es\/?s={search_term_string}"},"query-input":{"@type":"PropertyValueSpecification","valueRequired":true,"valueName":"search_term_string"}}],"inLanguage":"es"},{"@type":"Organization","@id":"https:\/\/adc.cat\/es\/#organization","name":"Associaci\u00f3 de Diabetis de Catalunya","url":"https:\/\/adc.cat\/es\/","logo":{"@type":"ImageObject","inLanguage":"es","@id":"https:\/\/adc.cat\/es\/#\/schema\/logo\/image\/","url":"https:\/\/adc.cat\/wp-content\/uploads\/2022\/01\/associacio_de_diabetis_catalunya.png","contentUrl":"https:\/\/adc.cat\/wp-content\/uploads\/2022\/01\/associacio_de_diabetis_catalunya.png","width":512,"height":239,"caption":"Associaci\u00f3 de Diabetis de Catalunya"},"image":{"@id":"https:\/\/adc.cat\/es\/#\/schema\/logo\/image\/"},"sameAs":["https:\/\/www.facebook.com\/ADC.CAT\/","https:\/\/x.com\/ADC_CAT","https:\/\/www.instagram.com\/adc_cat\/","https:\/\/www.linkedin.com\/company\/associacio-de-diabetis-de-catalunya","https:\/\/www.youtube.com\/channel\/UC7BiJMxG_5sHYUhMAlevAWA"]}]}},"_links":{"self":[{"href":"https:\/\/adc.cat\/es\/wp-json\/wp\/v2\/tribe_events\/49120","targetHints":{"allow":["GET"]}}],"collection":[{"href":"https:\/\/adc.cat\/es\/wp-json\/wp\/v2\/tribe_events"}],"about":[{"href":"https:\/\/adc.cat\/es\/wp-json\/wp\/v2\/types\/tribe_events"}],"author":[{"embeddable":true,"href":"https:\/\/adc.cat\/es\/wp-json\/wp\/v2\/users\/2"}],"version-history":[{"count":3,"href":"https:\/\/adc.cat\/es\/wp-json\/wp\/v2\/tribe_events\/49120\/revisions"}],"predecessor-version":[{"id":49133,"href":"https:\/\/adc.cat\/es\/wp-json\/wp\/v2\/tribe_events\/49120\/revisions\/49133"}],"wp:featuredmedia":[{"embeddable":true,"href":"https:\/\/adc.cat\/es\/wp-json\/wp\/v2\/media\/49106"}],"wp:attachment":[{"href":"https:\/\/adc.cat\/es\/wp-json\/wp\/v2\/media?parent=49120"}],"wp:term":[{"taxonomy":"post_tag","embeddable":true,"href":"https:\/\/adc.cat\/es\/wp-json\/wp\/v2\/tags?post=49120"},{"taxonomy":"tribe_events_cat","embeddable":true,"href":"https:\/\/adc.cat\/es\/wp-json\/wp\/v2\/tribe_events_cat?post=49120"}],"curies":[{"name":"wp","href":"https:\/\/api.w.org\/{rel}","templated":true}]}}