{"id":49994,"date":"2025-07-18T10:24:41","date_gmt":"2025-07-18T08:24:41","guid":{"rendered":"https:\/\/adc.cat\/activitat\/terrassa-almuerzo-de-luto\/"},"modified":"2025-07-18T10:24:41","modified_gmt":"2025-07-18T08:24:41","slug":"terrassa-almuerzo-de-luto","status":"publish","type":"tribe_events","link":"https:\/\/adc.cat\/es\/activitat\/terrassa-almuerzo-de-luto\/","title":{"rendered":"Terrassa: Almuerzo de Luto"},"content":{"rendered":"<p>Un Almuerzo de Luto es un encuentro de apoyo emocional y social que ayuda las personas a transitar la p\u00e9rdida de un ser querido, ofreciendo un espacio para la conexi\u00f3n, el recuerdo y el inicio del proceso de sanaci\u00f3n. Es una oportunidad para compartir recuerdos, expresar sentimientos y empezar a procesar la p\u00e9rdida.\u00a0 La comida puede ser un veh\u00edculo para la conexi\u00f3n, la conversaci\u00f3n y el apoyo emocional.<\/p>\n<p>Espacio seguro por habla sobre la p\u00e9rdida y expresar emociones, cosa que es fundamental para el proceso de luto.<\/p>\n<p><img decoding=\"async\" class=\"emoji\" role=\"img\" draggable=\"false\" src=\"https:\/\/s.w.org\/images\/core\/emoji\/14.0.0\/svg\/1f4c6.svg\" alt=\"\ud83d\udcc6\" \/> S\u00e1bado, 19 de Julio a las 10:30h<\/p>\n<p><img decoding=\"async\" class=\"emoji\" role=\"img\" draggable=\"false\" src=\"https:\/\/s.w.org\/images\/core\/emoji\/14.0.0\/svg\/1f3af.svg\" alt=\"\ud83c\udfaf\" \/> Casal C\u00edvico Can Aurell Plaza del Tinte, 4 (08224 Terrassa)<\/p>\n<p>ORGANIZA: Associaci\u00f3 dels Dols\u00a0<\/p>\n<p><img decoding=\"async\" class=\"emoji\" role=\"img\" draggable=\"false\" src=\"https:\/\/s.w.org\/images\/core\/emoji\/14.0.0\/svg\/1f4cc.svg\" alt=\"\ud83d\udccc\" \/> Aportaci\u00f3n: 5 \u20ac (por el almuerzo)<\/p>\n<p><strong>M\u00e1s informaci\u00f3n e inscripci\u00f3n previa al emails kandy@elsdols.org<\/strong><\/p>\n","protected":false},"excerpt":{"rendered":"<p>Un Almuerzo de Luto es un encuentro de apoyo emocional y social que ayuda las personas a transitar la p\u00e9rdida de un ser querido, ofreciendo un espacio para la conexi\u00f3n, el recuerdo y el inicio del proceso de sanaci\u00f3n. Es una oportunidad para compartir recuerdos, expresar sentimientos y empezar a procesar la p\u00e9rdida. <\/p>\n","protected":false},"author":2,"featured_media":0,"template":"","meta":{"_et_pb_use_builder":"off","_et_pb_old_content":"","_et_gb_content_width":"","_tribe_events_status":"","_tribe_events_status_reason":"","footnotes":""},"tags":[],"tribe_events_cat":[99],"class_list":["post-49994","tribe_events","type-tribe_events","status-publish","hentry","tribe_events_cat-terrassa-es","cat_terrassa-es"],"yoast_head":"<!-- This site is optimized with the Yoast SEO plugin v27.4 - https:\/\/yoast.com\/product\/yoast-seo-wordpress\/ -->\n<title>Terrassa: Almuerzo de Luto - ADC \u2013 Associaci\u00f3 de Diabetis de Catalunya<\/title>\n<meta name=\"description\" content=\"Un Almuerzo de Luto es un encuentro de apoyo emocional y social que ayuda las personas a transitar la p\u00e9rdida de un ser querido, ofreciendo un espacio para la conexi\u00f3n, el recuerdo y el inicio del proceso de sanaci\u00f3n. Es una oportunidad para compartir recuerdos, expresar sentimientos y empezar a procesar la p\u00e9rdida.\" \/>\n<meta name=\"robots\" content=\"index, follow, max-snippet:-1, max-image-preview:large, max-video-preview:-1\" \/>\n<link rel=\"canonical\" href=\"https:\/\/adc.cat\/es\/activitat\/terrassa-almuerzo-de-luto\/\" \/>\n<meta property=\"og:locale\" content=\"es_ES\" \/>\n<meta property=\"og:type\" content=\"article\" \/>\n<meta property=\"og:title\" content=\"Terrassa: Almuerzo de Luto - ADC \u2013 Associaci\u00f3 de Diabetis de Catalunya\" \/>\n<meta property=\"og:description\" content=\"Un Almuerzo de Luto es un encuentro de apoyo emocional y social que ayuda las personas a transitar la p\u00e9rdida de un ser querido, ofreciendo un espacio para la conexi\u00f3n, el recuerdo y el inicio del proceso de sanaci\u00f3n. Es una oportunidad para compartir recuerdos, expresar sentimientos y empezar a procesar la p\u00e9rdida.\" \/>\n<meta property=\"og:url\" content=\"https:\/\/adc.cat\/es\/activitat\/terrassa-almuerzo-de-luto\/\" \/>\n<meta property=\"og:site_name\" content=\"ADC \u2013 Associaci\u00f3 de Diabetis de Catalunya\" \/>\n<meta property=\"article:publisher\" content=\"https:\/\/www.facebook.com\/ADC.CAT\/\" \/>\n<meta property=\"og:image\" content=\"https:\/\/adc.cat\/wp-content\/uploads\/2025\/07\/banner-cafe-dels-dols.jpg\" \/>\n\t<meta property=\"og:image:width\" content=\"1080\" \/>\n\t<meta property=\"og:image:height\" content=\"720\" \/>\n\t<meta property=\"og:image:type\" content=\"image\/jpeg\" \/>\n<meta name=\"twitter:card\" content=\"summary_large_image\" \/>\n<meta name=\"twitter:site\" content=\"@ADC_CAT\" \/>\n<meta name=\"twitter:label1\" content=\"Tiempo de lectura\" \/>\n\t<meta name=\"twitter:data1\" content=\"1 minuto\" \/>\n<script type=\"application\/ld+json\" class=\"yoast-schema-graph\">{\"@context\":\"https:\\\/\\\/schema.org\",\"@graph\":[{\"@type\":\"WebPage\",\"@id\":\"https:\\\/\\\/adc.cat\\\/es\\\/activitat\\\/terrassa-almuerzo-de-luto\\\/\",\"url\":\"https:\\\/\\\/adc.cat\\\/es\\\/activitat\\\/terrassa-almuerzo-de-luto\\\/\",\"name\":\"Terrassa: Almuerzo de Luto - ADC \u2013 Associaci\u00f3 de Diabetis de Catalunya\",\"isPartOf\":{\"@id\":\"https:\\\/\\\/adc.cat\\\/es\\\/#website\"},\"primaryImageOfPage\":{\"@id\":\"https:\\\/\\\/adc.cat\\\/es\\\/activitat\\\/terrassa-almuerzo-de-luto\\\/#primaryimage\"},\"image\":{\"@id\":\"https:\\\/\\\/adc.cat\\\/es\\\/activitat\\\/terrassa-almuerzo-de-luto\\\/#primaryimage\"},\"thumbnailUrl\":\"https:\\\/\\\/s.w.org\\\/images\\\/core\\\/emoji\\\/14.0.0\\\/svg\\\/1f4c6.svg\",\"datePublished\":\"2025-07-18T08:24:41+00:00\",\"description\":\"Un Almuerzo de Luto es un encuentro de apoyo emocional y social que ayuda las personas a transitar la p\u00e9rdida de un ser querido, ofreciendo un espacio para la conexi\u00f3n, el recuerdo y el inicio del proceso de sanaci\u00f3n. Es una oportunidad para compartir recuerdos, expresar sentimientos y empezar a procesar la p\u00e9rdida.\",\"breadcrumb\":{\"@id\":\"https:\\\/\\\/adc.cat\\\/es\\\/activitat\\\/terrassa-almuerzo-de-luto\\\/#breadcrumb\"},\"inLanguage\":\"es\",\"potentialAction\":[{\"@type\":\"ReadAction\",\"target\":[\"https:\\\/\\\/adc.cat\\\/es\\\/activitat\\\/terrassa-almuerzo-de-luto\\\/\"]}]},{\"@type\":\"ImageObject\",\"inLanguage\":\"es\",\"@id\":\"https:\\\/\\\/adc.cat\\\/es\\\/activitat\\\/terrassa-almuerzo-de-luto\\\/#primaryimage\",\"url\":\"https:\\\/\\\/s.w.org\\\/images\\\/core\\\/emoji\\\/14.0.0\\\/svg\\\/1f4c6.svg\",\"contentUrl\":\"https:\\\/\\\/s.w.org\\\/images\\\/core\\\/emoji\\\/14.0.0\\\/svg\\\/1f4c6.svg\"},{\"@type\":\"BreadcrumbList\",\"@id\":\"https:\\\/\\\/adc.cat\\\/es\\\/activitat\\\/terrassa-almuerzo-de-luto\\\/#breadcrumb\",\"itemListElement\":[{\"@type\":\"ListItem\",\"position\":1,\"name\":\"Portada\",\"item\":\"https:\\\/\\\/adc.cat\\\/es\\\/\"},{\"@type\":\"ListItem\",\"position\":2,\"name\":\"Eventos\",\"item\":\"https:\\\/\\\/adc.cat\\\/es\\\/activitats\\\/\"},{\"@type\":\"ListItem\",\"position\":3,\"name\":\"Terrassa: Almuerzo de Luto\"}]},{\"@type\":\"WebSite\",\"@id\":\"https:\\\/\\\/adc.cat\\\/es\\\/#website\",\"url\":\"https:\\\/\\\/adc.cat\\\/es\\\/\",\"name\":\"ADC \u2013 Associaci\u00f3 de Diabetis de Catalunya\",\"description\":\"L&#039;ADC representa els pacients amb diabetis de Catalunya. Els nostres objectius: informar, aconsellar, ajudar i defensar les persones amb diabetis i promoure la sensibilitzaci\u00f3 de la resta de la societat\",\"publisher\":{\"@id\":\"https:\\\/\\\/adc.cat\\\/es\\\/#organization\"},\"potentialAction\":[{\"@type\":\"SearchAction\",\"target\":{\"@type\":\"EntryPoint\",\"urlTemplate\":\"https:\\\/\\\/adc.cat\\\/es\\\/?s={search_term_string}\"},\"query-input\":{\"@type\":\"PropertyValueSpecification\",\"valueRequired\":true,\"valueName\":\"search_term_string\"}}],\"inLanguage\":\"es\"},{\"@type\":\"Organization\",\"@id\":\"https:\\\/\\\/adc.cat\\\/es\\\/#organization\",\"name\":\"Associaci\u00f3 de Diabetis de Catalunya\",\"url\":\"https:\\\/\\\/adc.cat\\\/es\\\/\",\"logo\":{\"@type\":\"ImageObject\",\"inLanguage\":\"es\",\"@id\":\"https:\\\/\\\/adc.cat\\\/es\\\/#\\\/schema\\\/logo\\\/image\\\/\",\"url\":\"https:\\\/\\\/adc.cat\\\/wp-content\\\/uploads\\\/2022\\\/01\\\/associacio_de_diabetis_catalunya.png\",\"contentUrl\":\"https:\\\/\\\/adc.cat\\\/wp-content\\\/uploads\\\/2022\\\/01\\\/associacio_de_diabetis_catalunya.png\",\"width\":512,\"height\":239,\"caption\":\"Associaci\u00f3 de Diabetis de Catalunya\"},\"image\":{\"@id\":\"https:\\\/\\\/adc.cat\\\/es\\\/#\\\/schema\\\/logo\\\/image\\\/\"},\"sameAs\":[\"https:\\\/\\\/www.facebook.com\\\/ADC.CAT\\\/\",\"https:\\\/\\\/x.com\\\/ADC_CAT\",\"https:\\\/\\\/www.instagram.com\\\/adc_cat\\\/\",\"https:\\\/\\\/www.linkedin.com\\\/company\\\/associacio-de-diabetis-de-catalunya\",\"https:\\\/\\\/www.youtube.com\\\/channel\\\/UC7BiJMxG_5sHYUhMAlevAWA\"]}]}<\/script>\n<!-- \/ Yoast SEO plugin. -->","yoast_head_json":{"title":"Terrassa: Almuerzo de Luto - ADC \u2013 Associaci\u00f3 de Diabetis de Catalunya","description":"Un Almuerzo de Luto es un encuentro de apoyo emocional y social que ayuda las personas a transitar la p\u00e9rdida de un ser querido, ofreciendo un espacio para la conexi\u00f3n, el recuerdo y el inicio del proceso de sanaci\u00f3n. Es una oportunidad para compartir recuerdos, expresar sentimientos y empezar a procesar la p\u00e9rdida.","robots":{"index":"index","follow":"follow","max-snippet":"max-snippet:-1","max-image-preview":"max-image-preview:large","max-video-preview":"max-video-preview:-1"},"canonical":"https:\/\/adc.cat\/es\/activitat\/terrassa-almuerzo-de-luto\/","og_locale":"es_ES","og_type":"article","og_title":"Terrassa: Almuerzo de Luto - ADC \u2013 Associaci\u00f3 de Diabetis de Catalunya","og_description":"Un Almuerzo de Luto es un encuentro de apoyo emocional y social que ayuda las personas a transitar la p\u00e9rdida de un ser querido, ofreciendo un espacio para la conexi\u00f3n, el recuerdo y el inicio del proceso de sanaci\u00f3n. Es una oportunidad para compartir recuerdos, expresar sentimientos y empezar a procesar la p\u00e9rdida.","og_url":"https:\/\/adc.cat\/es\/activitat\/terrassa-almuerzo-de-luto\/","og_site_name":"ADC \u2013 Associaci\u00f3 de Diabetis de Catalunya","article_publisher":"https:\/\/www.facebook.com\/ADC.CAT\/","og_image":[{"width":1080,"height":720,"url":"https:\/\/adc.cat\/wp-content\/uploads\/2025\/07\/banner-cafe-dels-dols.jpg","type":"image\/jpeg"}],"twitter_card":"summary_large_image","twitter_site":"@ADC_CAT","twitter_misc":{"Tiempo de lectura":"1 minuto"},"schema":{"@context":"https:\/\/schema.org","@graph":[{"@type":"WebPage","@id":"https:\/\/adc.cat\/es\/activitat\/terrassa-almuerzo-de-luto\/","url":"https:\/\/adc.cat\/es\/activitat\/terrassa-almuerzo-de-luto\/","name":"Terrassa: Almuerzo de Luto - ADC \u2013 Associaci\u00f3 de Diabetis de Catalunya","isPartOf":{"@id":"https:\/\/adc.cat\/es\/#website"},"primaryImageOfPage":{"@id":"https:\/\/adc.cat\/es\/activitat\/terrassa-almuerzo-de-luto\/#primaryimage"},"image":{"@id":"https:\/\/adc.cat\/es\/activitat\/terrassa-almuerzo-de-luto\/#primaryimage"},"thumbnailUrl":"https:\/\/s.w.org\/images\/core\/emoji\/14.0.0\/svg\/1f4c6.svg","datePublished":"2025-07-18T08:24:41+00:00","description":"Un Almuerzo de Luto es un encuentro de apoyo emocional y social que ayuda las personas a transitar la p\u00e9rdida de un ser querido, ofreciendo un espacio para la conexi\u00f3n, el recuerdo y el inicio del proceso de sanaci\u00f3n. Es una oportunidad para compartir recuerdos, expresar sentimientos y empezar a procesar la p\u00e9rdida.","breadcrumb":{"@id":"https:\/\/adc.cat\/es\/activitat\/terrassa-almuerzo-de-luto\/#breadcrumb"},"inLanguage":"es","potentialAction":[{"@type":"ReadAction","target":["https:\/\/adc.cat\/es\/activitat\/terrassa-almuerzo-de-luto\/"]}]},{"@type":"ImageObject","inLanguage":"es","@id":"https:\/\/adc.cat\/es\/activitat\/terrassa-almuerzo-de-luto\/#primaryimage","url":"https:\/\/s.w.org\/images\/core\/emoji\/14.0.0\/svg\/1f4c6.svg","contentUrl":"https:\/\/s.w.org\/images\/core\/emoji\/14.0.0\/svg\/1f4c6.svg"},{"@type":"BreadcrumbList","@id":"https:\/\/adc.cat\/es\/activitat\/terrassa-almuerzo-de-luto\/#breadcrumb","itemListElement":[{"@type":"ListItem","position":1,"name":"Portada","item":"https:\/\/adc.cat\/es\/"},{"@type":"ListItem","position":2,"name":"Eventos","item":"https:\/\/adc.cat\/es\/activitats\/"},{"@type":"ListItem","position":3,"name":"Terrassa: Almuerzo de Luto"}]},{"@type":"WebSite","@id":"https:\/\/adc.cat\/es\/#website","url":"https:\/\/adc.cat\/es\/","name":"ADC \u2013 Associaci\u00f3 de Diabetis de Catalunya","description":"L&#039;ADC representa els pacients amb diabetis de Catalunya. Els nostres objectius: informar, aconsellar, ajudar i defensar les persones amb diabetis i promoure la sensibilitzaci\u00f3 de la resta de la societat","publisher":{"@id":"https:\/\/adc.cat\/es\/#organization"},"potentialAction":[{"@type":"SearchAction","target":{"@type":"EntryPoint","urlTemplate":"https:\/\/adc.cat\/es\/?s={search_term_string}"},"query-input":{"@type":"PropertyValueSpecification","valueRequired":true,"valueName":"search_term_string"}}],"inLanguage":"es"},{"@type":"Organization","@id":"https:\/\/adc.cat\/es\/#organization","name":"Associaci\u00f3 de Diabetis de Catalunya","url":"https:\/\/adc.cat\/es\/","logo":{"@type":"ImageObject","inLanguage":"es","@id":"https:\/\/adc.cat\/es\/#\/schema\/logo\/image\/","url":"https:\/\/adc.cat\/wp-content\/uploads\/2022\/01\/associacio_de_diabetis_catalunya.png","contentUrl":"https:\/\/adc.cat\/wp-content\/uploads\/2022\/01\/associacio_de_diabetis_catalunya.png","width":512,"height":239,"caption":"Associaci\u00f3 de Diabetis de Catalunya"},"image":{"@id":"https:\/\/adc.cat\/es\/#\/schema\/logo\/image\/"},"sameAs":["https:\/\/www.facebook.com\/ADC.CAT\/","https:\/\/x.com\/ADC_CAT","https:\/\/www.instagram.com\/adc_cat\/","https:\/\/www.linkedin.com\/company\/associacio-de-diabetis-de-catalunya","https:\/\/www.youtube.com\/channel\/UC7BiJMxG_5sHYUhMAlevAWA"]}]}},"_links":{"self":[{"href":"https:\/\/adc.cat\/es\/wp-json\/wp\/v2\/tribe_events\/49994","targetHints":{"allow":["GET"]}}],"collection":[{"href":"https:\/\/adc.cat\/es\/wp-json\/wp\/v2\/tribe_events"}],"about":[{"href":"https:\/\/adc.cat\/es\/wp-json\/wp\/v2\/types\/tribe_events"}],"author":[{"embeddable":true,"href":"https:\/\/adc.cat\/es\/wp-json\/wp\/v2\/users\/2"}],"version-history":[{"count":0,"href":"https:\/\/adc.cat\/es\/wp-json\/wp\/v2\/tribe_events\/49994\/revisions"}],"wp:attachment":[{"href":"https:\/\/adc.cat\/es\/wp-json\/wp\/v2\/media?parent=49994"}],"wp:term":[{"taxonomy":"post_tag","embeddable":true,"href":"https:\/\/adc.cat\/es\/wp-json\/wp\/v2\/tags?post=49994"},{"taxonomy":"tribe_events_cat","embeddable":true,"href":"https:\/\/adc.cat\/es\/wp-json\/wp\/v2\/tribe_events_cat?post=49994"}],"curies":[{"name":"wp","href":"https:\/\/api.w.org\/{rel}","templated":true}]}}