{"id":51185,"date":"2025-09-25T10:05:41","date_gmt":"2025-09-25T08:05:41","guid":{"rendered":"https:\/\/adc.cat\/activitat\/igualada-conocimientos-basicos-para-el-control-de-la-glucemia\/"},"modified":"2025-09-25T10:05:41","modified_gmt":"2025-09-25T08:05:41","slug":"igualada-conocimientos-basicos-para-el-control-de-la-glucemia","status":"publish","type":"tribe_events","link":"https:\/\/adc.cat\/es\/activitat\/igualada-conocimientos-basicos-para-el-control-de-la-glucemia\/","title":{"rendered":"Igualada: Conocimientos b\u00e1sicos para el control de la glucemia"},"content":{"rendered":"<div class=\"textarea-desti col-xs-12 col-sm-6\">\n<div class=\"form-control second-textarea\">\n<p data-start=\"113\" data-end=\"474\">Aquesta xerrada t&#8217;introduir\u00e0 als conceptes essencials per controlar la gluc\u00e8mia de manera efica\u00e7. Parlarem sobre com calcular el factor de sensibilitat, la r\u00e0tio insulina\/carbohidrat i com interpretar els resultats dels sensors de glucosa per ajustar millor les dosis d\u2019insulina i millorar el control diari.<\/p>\n<p data-start=\"113\" data-end=\"474\">T&#8217;hi esperem!<\/p>\n<p data-start=\"113\" data-end=\"474\">\n<\/div>\n<\/div>\n<p><strong>Dades del taller:<\/strong><\/p>\n<ul>\n<li><b>\ud83d\udccd On?\u00a0<\/b> A la delegaci\u00f3 ADC Anoia: Centre Civic Nord Igualada<br \/>\nC\/ Sant Mart\u00ed de Tous, 8<\/li>\n<li><b>\ud83d\uddd3\ufe0f Data<\/b>: Dijous 30 d&#8217;octubre<\/li>\n<li><b>\ud83d\udd56 Hora<\/b>: a les 18:00h<\/li>\n<li><b>\ud83d\udde3\ufe0f Organitza<\/b>: Esther Maldonado, agent i formadora en diabetis.<\/li>\n<\/ul>\n<p><span class=\"d2edcug0 hpfvmrgz qv66sw1b c1et5uql lr9zc1uh a8c37x1j fe6kdd0r mau55g9w c8b282yb keod5gw0 nxhoafnm aigsh9s9 d3f4x2em iv3no6db jq4qci2q a3bd9o3v b1v8xokw oo9gr5id hzawbc8m\" dir=\"auto\"><span class=\"x193iq5w xeuugli x13faqbe x1vvkbs x1xmvt09 x1lliihq x1s928wv xhkezso x1gmr53x x1cpjm7i x1fgarty x1943h6x xudqn12 x3x7a5m x6prxxf xvq8zen xo1l8bm xzsf02u x1yc453h\" dir=\"auto\">Activitat oberta a tothom<\/span>.<\/span><\/p>\n<p>&nbsp;<\/p>\n<p style=\"text-align: center;\"><a href='https:\/\/adc.playoffinformatica.com\/activitat\/470\/Igualada:-Coneixements-basics-per-al-control-de-la-glucemia\/' class='big-button bigblue' target=\"_blank\">Inscripci\u00f3<\/a><\/p>\n<p>&nbsp;<\/p>\n<p>Per a m\u00e9s informaci\u00f3 o anul\u00b7lacions, truqueu al 656 69 56 01 o b\u00e9 escriviu a <a href=\"mailto:adc@adc.cat\">adcanoia@adc.cat<\/a>.<\/p>\n<p><span class=\"d2edcug0 hpfvmrgz qv66sw1b c1et5uql lr9zc1uh a8c37x1j fe6kdd0r mau55g9w c8b282yb keod5gw0 nxhoafnm aigsh9s9 d3f4x2em iv3no6db jq4qci2q a3bd9o3v b1v8xokw oo9gr5id hzawbc8m\" dir=\"auto\">Organitza <strong>ADC Anoia<\/strong><\/span><\/p>\n","protected":false},"excerpt":{"rendered":"<p>Esta charla te introducir\u00e1 a los conceptos esenciales para controlar la glucemia de forma eficaz. Hablaremos sobre c\u00f3mo calcular el factor de sensibilidad, la r\u00e1tio de insulina\/carbohidratos y c\u00f3mo interpretat los resultados de los sensores de glucosa. <\/p>\n","protected":false},"author":2,"featured_media":51186,"template":"","meta":{"_et_pb_use_builder":"","_et_pb_old_content":"","_et_gb_content_width":"","_tribe_events_status":"","_tribe_events_status_reason":"","footnotes":""},"tags":[],"tribe_events_cat":[107],"class_list":["post-51185","tribe_events","type-tribe_events","status-publish","has-post-thumbnail","hentry","tribe_events_cat-anoia-es","cat_anoia-es"],"yoast_head":"<!-- This site is optimized with the Yoast SEO plugin v27.4 - https:\/\/yoast.com\/product\/yoast-seo-wordpress\/ -->\n<title>Igualada: Conocimientos b\u00e1sicos para el control de la glucemia - ADC \u2013 Associaci\u00f3 de Diabetis de Catalunya<\/title>\n<meta name=\"description\" content=\"Esta charla te introducir\u00e1 a los conceptos esenciales para controlar la glucemia de forma eficaz. Hablaremos sobre c\u00f3mo calcular el factor de sensibilidad, la r\u00e1tio de insulina\/carbohidratos y c\u00f3mo interpretat los resultados de los sensores de glucosa.\" \/>\n<meta name=\"robots\" content=\"index, follow, max-snippet:-1, max-image-preview:large, max-video-preview:-1\" \/>\n<link rel=\"canonical\" href=\"https:\/\/adc.cat\/es\/activitat\/igualada-conocimientos-basicos-para-el-control-de-la-glucemia\/\" \/>\n<meta property=\"og:locale\" content=\"es_ES\" \/>\n<meta property=\"og:type\" content=\"article\" \/>\n<meta property=\"og:title\" content=\"Igualada: Conocimientos b\u00e1sicos para el control de la glucemia - ADC \u2013 Associaci\u00f3 de Diabetis de Catalunya\" \/>\n<meta property=\"og:description\" content=\"Esta charla te introducir\u00e1 a los conceptos esenciales para controlar la glucemia de forma eficaz. Hablaremos sobre c\u00f3mo calcular el factor de sensibilidad, la r\u00e1tio de insulina\/carbohidratos y c\u00f3mo interpretat los resultados de los sensores de glucosa.\" \/>\n<meta property=\"og:url\" content=\"https:\/\/adc.cat\/es\/activitat\/igualada-conocimientos-basicos-para-el-control-de-la-glucemia\/\" \/>\n<meta property=\"og:site_name\" content=\"ADC \u2013 Associaci\u00f3 de Diabetis de Catalunya\" \/>\n<meta property=\"article:publisher\" content=\"https:\/\/www.facebook.com\/ADC.CAT\/\" \/>\n<meta property=\"og:image\" content=\"https:\/\/adc.cat\/wp-content\/uploads\/2025\/09\/anoia-control-glucosa-octubre.jpg\" \/>\n\t<meta property=\"og:image:width\" content=\"1080\" \/>\n\t<meta property=\"og:image:height\" content=\"720\" \/>\n\t<meta property=\"og:image:type\" content=\"image\/jpeg\" \/>\n<meta name=\"twitter:card\" content=\"summary_large_image\" \/>\n<meta name=\"twitter:site\" content=\"@ADC_CAT\" \/>\n<meta name=\"twitter:label1\" content=\"Tiempo de lectura\" \/>\n\t<meta name=\"twitter:data1\" content=\"1 minuto\" \/>\n<script type=\"application\/ld+json\" class=\"yoast-schema-graph\">{\"@context\":\"https:\\\/\\\/schema.org\",\"@graph\":[{\"@type\":\"WebPage\",\"@id\":\"https:\\\/\\\/adc.cat\\\/es\\\/activitat\\\/igualada-conocimientos-basicos-para-el-control-de-la-glucemia\\\/\",\"url\":\"https:\\\/\\\/adc.cat\\\/es\\\/activitat\\\/igualada-conocimientos-basicos-para-el-control-de-la-glucemia\\\/\",\"name\":\"Igualada: Conocimientos b\u00e1sicos para el control de la glucemia - ADC \u2013 Associaci\u00f3 de Diabetis de Catalunya\",\"isPartOf\":{\"@id\":\"https:\\\/\\\/adc.cat\\\/es\\\/#website\"},\"primaryImageOfPage\":{\"@id\":\"https:\\\/\\\/adc.cat\\\/es\\\/activitat\\\/igualada-conocimientos-basicos-para-el-control-de-la-glucemia\\\/#primaryimage\"},\"image\":{\"@id\":\"https:\\\/\\\/adc.cat\\\/es\\\/activitat\\\/igualada-conocimientos-basicos-para-el-control-de-la-glucemia\\\/#primaryimage\"},\"thumbnailUrl\":\"https:\\\/\\\/adc.cat\\\/wp-content\\\/uploads\\\/2025\\\/09\\\/anoia-control-glucosa-octubre.jpg\",\"datePublished\":\"2025-09-25T08:05:41+00:00\",\"description\":\"Esta charla te introducir\u00e1 a los conceptos esenciales para controlar la glucemia de forma eficaz. Hablaremos sobre c\u00f3mo calcular el factor de sensibilidad, la r\u00e1tio de insulina\\\/carbohidratos y c\u00f3mo interpretat los resultados de los sensores de glucosa.\",\"breadcrumb\":{\"@id\":\"https:\\\/\\\/adc.cat\\\/es\\\/activitat\\\/igualada-conocimientos-basicos-para-el-control-de-la-glucemia\\\/#breadcrumb\"},\"inLanguage\":\"es\",\"potentialAction\":[{\"@type\":\"ReadAction\",\"target\":[\"https:\\\/\\\/adc.cat\\\/es\\\/activitat\\\/igualada-conocimientos-basicos-para-el-control-de-la-glucemia\\\/\"]}]},{\"@type\":\"ImageObject\",\"inLanguage\":\"es\",\"@id\":\"https:\\\/\\\/adc.cat\\\/es\\\/activitat\\\/igualada-conocimientos-basicos-para-el-control-de-la-glucemia\\\/#primaryimage\",\"url\":\"https:\\\/\\\/adc.cat\\\/wp-content\\\/uploads\\\/2025\\\/09\\\/anoia-control-glucosa-octubre.jpg\",\"contentUrl\":\"https:\\\/\\\/adc.cat\\\/wp-content\\\/uploads\\\/2025\\\/09\\\/anoia-control-glucosa-octubre.jpg\",\"width\":1080,\"height\":720},{\"@type\":\"BreadcrumbList\",\"@id\":\"https:\\\/\\\/adc.cat\\\/es\\\/activitat\\\/igualada-conocimientos-basicos-para-el-control-de-la-glucemia\\\/#breadcrumb\",\"itemListElement\":[{\"@type\":\"ListItem\",\"position\":1,\"name\":\"Portada\",\"item\":\"https:\\\/\\\/adc.cat\\\/es\\\/\"},{\"@type\":\"ListItem\",\"position\":2,\"name\":\"Eventos\",\"item\":\"https:\\\/\\\/adc.cat\\\/es\\\/activitats\\\/\"},{\"@type\":\"ListItem\",\"position\":3,\"name\":\"Igualada: Conocimientos b\u00e1sicos para el control de la glucemia\"}]},{\"@type\":\"WebSite\",\"@id\":\"https:\\\/\\\/adc.cat\\\/es\\\/#website\",\"url\":\"https:\\\/\\\/adc.cat\\\/es\\\/\",\"name\":\"ADC \u2013 Associaci\u00f3 de Diabetis de Catalunya\",\"description\":\"L&#039;ADC representa els pacients amb diabetis de Catalunya. Els nostres objectius: informar, aconsellar, ajudar i defensar les persones amb diabetis i promoure la sensibilitzaci\u00f3 de la resta de la societat\",\"publisher\":{\"@id\":\"https:\\\/\\\/adc.cat\\\/es\\\/#organization\"},\"potentialAction\":[{\"@type\":\"SearchAction\",\"target\":{\"@type\":\"EntryPoint\",\"urlTemplate\":\"https:\\\/\\\/adc.cat\\\/es\\\/?s={search_term_string}\"},\"query-input\":{\"@type\":\"PropertyValueSpecification\",\"valueRequired\":true,\"valueName\":\"search_term_string\"}}],\"inLanguage\":\"es\"},{\"@type\":\"Organization\",\"@id\":\"https:\\\/\\\/adc.cat\\\/es\\\/#organization\",\"name\":\"Associaci\u00f3 de Diabetis de Catalunya\",\"url\":\"https:\\\/\\\/adc.cat\\\/es\\\/\",\"logo\":{\"@type\":\"ImageObject\",\"inLanguage\":\"es\",\"@id\":\"https:\\\/\\\/adc.cat\\\/es\\\/#\\\/schema\\\/logo\\\/image\\\/\",\"url\":\"https:\\\/\\\/adc.cat\\\/wp-content\\\/uploads\\\/2022\\\/01\\\/associacio_de_diabetis_catalunya.png\",\"contentUrl\":\"https:\\\/\\\/adc.cat\\\/wp-content\\\/uploads\\\/2022\\\/01\\\/associacio_de_diabetis_catalunya.png\",\"width\":512,\"height\":239,\"caption\":\"Associaci\u00f3 de Diabetis de Catalunya\"},\"image\":{\"@id\":\"https:\\\/\\\/adc.cat\\\/es\\\/#\\\/schema\\\/logo\\\/image\\\/\"},\"sameAs\":[\"https:\\\/\\\/www.facebook.com\\\/ADC.CAT\\\/\",\"https:\\\/\\\/x.com\\\/ADC_CAT\",\"https:\\\/\\\/www.instagram.com\\\/adc_cat\\\/\",\"https:\\\/\\\/www.linkedin.com\\\/company\\\/associacio-de-diabetis-de-catalunya\",\"https:\\\/\\\/www.youtube.com\\\/channel\\\/UC7BiJMxG_5sHYUhMAlevAWA\"]}]}<\/script>\n<!-- \/ Yoast SEO plugin. -->","yoast_head_json":{"title":"Igualada: Conocimientos b\u00e1sicos para el control de la glucemia - ADC \u2013 Associaci\u00f3 de Diabetis de Catalunya","description":"Esta charla te introducir\u00e1 a los conceptos esenciales para controlar la glucemia de forma eficaz. Hablaremos sobre c\u00f3mo calcular el factor de sensibilidad, la r\u00e1tio de insulina\/carbohidratos y c\u00f3mo interpretat los resultados de los sensores de glucosa.","robots":{"index":"index","follow":"follow","max-snippet":"max-snippet:-1","max-image-preview":"max-image-preview:large","max-video-preview":"max-video-preview:-1"},"canonical":"https:\/\/adc.cat\/es\/activitat\/igualada-conocimientos-basicos-para-el-control-de-la-glucemia\/","og_locale":"es_ES","og_type":"article","og_title":"Igualada: Conocimientos b\u00e1sicos para el control de la glucemia - ADC \u2013 Associaci\u00f3 de Diabetis de Catalunya","og_description":"Esta charla te introducir\u00e1 a los conceptos esenciales para controlar la glucemia de forma eficaz. Hablaremos sobre c\u00f3mo calcular el factor de sensibilidad, la r\u00e1tio de insulina\/carbohidratos y c\u00f3mo interpretat los resultados de los sensores de glucosa.","og_url":"https:\/\/adc.cat\/es\/activitat\/igualada-conocimientos-basicos-para-el-control-de-la-glucemia\/","og_site_name":"ADC \u2013 Associaci\u00f3 de Diabetis de Catalunya","article_publisher":"https:\/\/www.facebook.com\/ADC.CAT\/","og_image":[{"width":1080,"height":720,"url":"https:\/\/adc.cat\/wp-content\/uploads\/2025\/09\/anoia-control-glucosa-octubre.jpg","type":"image\/jpeg"}],"twitter_card":"summary_large_image","twitter_site":"@ADC_CAT","twitter_misc":{"Tiempo de lectura":"1 minuto"},"schema":{"@context":"https:\/\/schema.org","@graph":[{"@type":"WebPage","@id":"https:\/\/adc.cat\/es\/activitat\/igualada-conocimientos-basicos-para-el-control-de-la-glucemia\/","url":"https:\/\/adc.cat\/es\/activitat\/igualada-conocimientos-basicos-para-el-control-de-la-glucemia\/","name":"Igualada: Conocimientos b\u00e1sicos para el control de la glucemia - ADC \u2013 Associaci\u00f3 de Diabetis de Catalunya","isPartOf":{"@id":"https:\/\/adc.cat\/es\/#website"},"primaryImageOfPage":{"@id":"https:\/\/adc.cat\/es\/activitat\/igualada-conocimientos-basicos-para-el-control-de-la-glucemia\/#primaryimage"},"image":{"@id":"https:\/\/adc.cat\/es\/activitat\/igualada-conocimientos-basicos-para-el-control-de-la-glucemia\/#primaryimage"},"thumbnailUrl":"https:\/\/adc.cat\/wp-content\/uploads\/2025\/09\/anoia-control-glucosa-octubre.jpg","datePublished":"2025-09-25T08:05:41+00:00","description":"Esta charla te introducir\u00e1 a los conceptos esenciales para controlar la glucemia de forma eficaz. Hablaremos sobre c\u00f3mo calcular el factor de sensibilidad, la r\u00e1tio de insulina\/carbohidratos y c\u00f3mo interpretat los resultados de los sensores de glucosa.","breadcrumb":{"@id":"https:\/\/adc.cat\/es\/activitat\/igualada-conocimientos-basicos-para-el-control-de-la-glucemia\/#breadcrumb"},"inLanguage":"es","potentialAction":[{"@type":"ReadAction","target":["https:\/\/adc.cat\/es\/activitat\/igualada-conocimientos-basicos-para-el-control-de-la-glucemia\/"]}]},{"@type":"ImageObject","inLanguage":"es","@id":"https:\/\/adc.cat\/es\/activitat\/igualada-conocimientos-basicos-para-el-control-de-la-glucemia\/#primaryimage","url":"https:\/\/adc.cat\/wp-content\/uploads\/2025\/09\/anoia-control-glucosa-octubre.jpg","contentUrl":"https:\/\/adc.cat\/wp-content\/uploads\/2025\/09\/anoia-control-glucosa-octubre.jpg","width":1080,"height":720},{"@type":"BreadcrumbList","@id":"https:\/\/adc.cat\/es\/activitat\/igualada-conocimientos-basicos-para-el-control-de-la-glucemia\/#breadcrumb","itemListElement":[{"@type":"ListItem","position":1,"name":"Portada","item":"https:\/\/adc.cat\/es\/"},{"@type":"ListItem","position":2,"name":"Eventos","item":"https:\/\/adc.cat\/es\/activitats\/"},{"@type":"ListItem","position":3,"name":"Igualada: Conocimientos b\u00e1sicos para el control de la glucemia"}]},{"@type":"WebSite","@id":"https:\/\/adc.cat\/es\/#website","url":"https:\/\/adc.cat\/es\/","name":"ADC \u2013 Associaci\u00f3 de Diabetis de Catalunya","description":"L&#039;ADC representa els pacients amb diabetis de Catalunya. Els nostres objectius: informar, aconsellar, ajudar i defensar les persones amb diabetis i promoure la sensibilitzaci\u00f3 de la resta de la societat","publisher":{"@id":"https:\/\/adc.cat\/es\/#organization"},"potentialAction":[{"@type":"SearchAction","target":{"@type":"EntryPoint","urlTemplate":"https:\/\/adc.cat\/es\/?s={search_term_string}"},"query-input":{"@type":"PropertyValueSpecification","valueRequired":true,"valueName":"search_term_string"}}],"inLanguage":"es"},{"@type":"Organization","@id":"https:\/\/adc.cat\/es\/#organization","name":"Associaci\u00f3 de Diabetis de Catalunya","url":"https:\/\/adc.cat\/es\/","logo":{"@type":"ImageObject","inLanguage":"es","@id":"https:\/\/adc.cat\/es\/#\/schema\/logo\/image\/","url":"https:\/\/adc.cat\/wp-content\/uploads\/2022\/01\/associacio_de_diabetis_catalunya.png","contentUrl":"https:\/\/adc.cat\/wp-content\/uploads\/2022\/01\/associacio_de_diabetis_catalunya.png","width":512,"height":239,"caption":"Associaci\u00f3 de Diabetis de Catalunya"},"image":{"@id":"https:\/\/adc.cat\/es\/#\/schema\/logo\/image\/"},"sameAs":["https:\/\/www.facebook.com\/ADC.CAT\/","https:\/\/x.com\/ADC_CAT","https:\/\/www.instagram.com\/adc_cat\/","https:\/\/www.linkedin.com\/company\/associacio-de-diabetis-de-catalunya","https:\/\/www.youtube.com\/channel\/UC7BiJMxG_5sHYUhMAlevAWA"]}]}},"_links":{"self":[{"href":"https:\/\/adc.cat\/es\/wp-json\/wp\/v2\/tribe_events\/51185","targetHints":{"allow":["GET"]}}],"collection":[{"href":"https:\/\/adc.cat\/es\/wp-json\/wp\/v2\/tribe_events"}],"about":[{"href":"https:\/\/adc.cat\/es\/wp-json\/wp\/v2\/types\/tribe_events"}],"author":[{"embeddable":true,"href":"https:\/\/adc.cat\/es\/wp-json\/wp\/v2\/users\/2"}],"version-history":[{"count":0,"href":"https:\/\/adc.cat\/es\/wp-json\/wp\/v2\/tribe_events\/51185\/revisions"}],"wp:featuredmedia":[{"embeddable":true,"href":"https:\/\/adc.cat\/es\/wp-json\/wp\/v2\/media\/51186"}],"wp:attachment":[{"href":"https:\/\/adc.cat\/es\/wp-json\/wp\/v2\/media?parent=51185"}],"wp:term":[{"taxonomy":"post_tag","embeddable":true,"href":"https:\/\/adc.cat\/es\/wp-json\/wp\/v2\/tags?post=51185"},{"taxonomy":"tribe_events_cat","embeddable":true,"href":"https:\/\/adc.cat\/es\/wp-json\/wp\/v2\/tribe_events_cat?post=51185"}],"curies":[{"name":"wp","href":"https:\/\/api.w.org\/{rel}","templated":true}]}}