{"id":51313,"date":"2025-10-14T10:58:49","date_gmt":"2025-10-14T08:58:49","guid":{"rendered":"https:\/\/adc.cat\/?post_type=tribe_events&#038;p=51313"},"modified":"2025-11-03T09:57:35","modified_gmt":"2025-11-03T08:57:35","slug":"girona-muevete-por-la-diabetes-salida-al-espacio-natural-del-estanque-de-sils","status":"publish","type":"tribe_events","link":"https:\/\/adc.cat\/es\/activitat\/girona-muevete-por-la-diabetes-salida-al-espacio-natural-del-estanque-de-sils\/","title":{"rendered":"Girona: \u00a1Mu\u00e9vete por la diabetes! Salida al espacio natural del Estanque de Sils"},"content":{"rendered":"<p>\u00a1Ven a disfrutar de una salida familiar para celebrar el D\u00eda Mundial de la Diabetes en comunidad! Descubriremos el entorno natural del Estanque de Sils, uno de los m\u00e1s importantes de Catalunya, con una visita guiada. Visitaremos gran variedad de h\u00e1bitats como zonas h\u00famedas, prados inundables y bosques de ribera, descubriremos su fauna y flora, disfrutando de este bonito paisaje en comunidad.<\/p>\n<p><strong>Necesario traer: Buen calzado, almuerzo, agua y, si ten\u00e9is prism\u00e1ticos, tambi\u00e9n pueden ayudaros a observar la fauna. Y, sobre todo, \u00a1ganas de disfrutar y pasarlo bien!\u00a0<\/strong><\/p>\n<p><strong>\ud83d\udccd<em> \u00bfD\u00f3nde? <\/em><\/strong>Punto de encuentro: Pla\u00e7a de l&#8217;Estaci\u00f3 1, 17410, Sils, Girona.<br \/>\n<em><strong>\ud83d\uddd3\ufe0f Fecha:<\/strong><\/em> Domingo, 16 de noviembre de 2025<br \/>\n<strong>\ud83d\udd56 <\/strong><em><strong>Hora: <\/strong><\/em>A las 9:30h<br \/>\n<strong><em>\ud83d\udcb6 Precio:<\/em><\/strong>\u00a0 Esta actividad tiene un coste entre <strong data-start=\"144\" data-end=\"155\">0\u20ac y 5\u20ac<\/strong>, seg\u00fan si eres socio\/a o no, familiar de socio o por franja de edad. <strong data-start=\"214\" data-end=\"300\">Una vez inscritos, os infromaremos de la tarifa correspondiente y del m\u00e9todo de pago. Si necesit\u00e1is m\u00e1s informaci\u00f3n de las tarifas, llamad al 972205020.<\/strong><br \/>\n<strong>\ud83d\udde3\ufe0f <em>Coordinado por:<\/em> <\/strong>ADC Comarques Gironines.<\/p>\n<p>&nbsp;<\/p>\n<p style=\"text-align: center;\"><a href='https:\/\/adc.playoffinformatica.com\/activitat\/476\/Girona:-Mou-te-per-la-diabetis-Sortida-a-l-Espai-natural-de-l-Estany-de-Sils\/' class='big-button bigblue' target=\"_blank\">Inscripci\u00f3n<\/a><\/p>\n<p>Para m\u00e1s informaci\u00f3n, escribid a <a href=\"mailto:adcgirona@adc.cat\">adcgirona@adc.cat<\/a>. Tel. 972 205 020 \/ 670 105 230. \u00a1Os esperamos!<\/p>\n<p><span class=\"d2edcug0 hpfvmrgz qv66sw1b c1et5uql lr9zc1uh a8c37x1j fe6kdd0r mau55g9w c8b282yb keod5gw0 nxhoafnm aigsh9s9 d3f4x2em iv3no6db jq4qci2q a3bd9o3v b1v8xokw oo9gr5id hzawbc8m\" dir=\"auto\"><strong>Organiza:<\/strong> ADC Comarques Gironines<\/span><\/p>\n<p>Colaboran: Glucody, Bicentury, Gullon, Girona Fruits, Sucralin.<\/p>\n","protected":false},"excerpt":{"rendered":"<p>Ven a disfrutar de una salida familiar para celebrar el D\u00eda Mundial de la Diabetes en comunidad! Descubriremos el entorno natural del Estanque de Sils, uno de los m\u00e1s importantes de Catalunya, con una visita guiada.<\/p>\n","protected":false},"author":2,"featured_media":51613,"template":"","meta":{"_et_pb_use_builder":"off","_et_pb_old_content":"","_et_gb_content_width":"","_tribe_events_status":"","_tribe_events_status_reason":"","footnotes":""},"tags":[],"tribe_events_cat":[101],"class_list":["post-51313","tribe_events","type-tribe_events","status-publish","has-post-thumbnail","hentry","tribe_events_cat-comarques-gironines-es","cat_comarques-gironines-es"],"yoast_head":"<!-- This site is optimized with the Yoast SEO plugin v27.4 - https:\/\/yoast.com\/product\/yoast-seo-wordpress\/ -->\n<title>Girona: \u00a1Mu\u00e9vete por la diabetes! Salida al espacio natural del Estanque de Sils - ADC \u2013 Associaci\u00f3 de Diabetis de Catalunya<\/title>\n<meta name=\"description\" content=\"Ven a disfrutar de una salida familiar para celebrar el D\u00eda Mundial de la Diabetes en comunidad! Descubriremos el entorno natural del Estanque de Sils, uno de los m\u00e1s importantes de Catalunya, con una visita guiada.\" \/>\n<meta name=\"robots\" content=\"index, follow, max-snippet:-1, max-image-preview:large, max-video-preview:-1\" \/>\n<link rel=\"canonical\" href=\"https:\/\/adc.cat\/es\/activitat\/girona-muevete-por-la-diabetes-salida-al-espacio-natural-del-estanque-de-sils\/\" \/>\n<meta property=\"og:locale\" content=\"es_ES\" \/>\n<meta property=\"og:type\" content=\"article\" \/>\n<meta property=\"og:title\" content=\"Girona: \u00a1Mu\u00e9vete por la diabetes! Salida al espacio natural del Estanque de Sils - ADC \u2013 Associaci\u00f3 de Diabetis de Catalunya\" \/>\n<meta property=\"og:description\" content=\"Ven a disfrutar de una salida familiar para celebrar el D\u00eda Mundial de la Diabetes en comunidad! Descubriremos el entorno natural del Estanque de Sils, uno de los m\u00e1s importantes de Catalunya, con una visita guiada.\" \/>\n<meta property=\"og:url\" content=\"https:\/\/adc.cat\/es\/activitat\/girona-muevete-por-la-diabetes-salida-al-espacio-natural-del-estanque-de-sils\/\" \/>\n<meta property=\"og:site_name\" content=\"ADC \u2013 Associaci\u00f3 de Diabetis de Catalunya\" \/>\n<meta property=\"article:publisher\" content=\"https:\/\/www.facebook.com\/ADC.CAT\/\" \/>\n<meta property=\"article:modified_time\" content=\"2025-11-03T08:57:35+00:00\" \/>\n<meta property=\"og:image\" content=\"https:\/\/adc.cat\/wp-content\/uploads\/2025\/10\/sils-dmd.jpg\" \/>\n\t<meta property=\"og:image:width\" content=\"1080\" \/>\n\t<meta property=\"og:image:height\" content=\"720\" \/>\n\t<meta property=\"og:image:type\" content=\"image\/jpeg\" \/>\n<meta name=\"twitter:card\" content=\"summary_large_image\" \/>\n<meta name=\"twitter:site\" content=\"@ADC_CAT\" \/>\n<meta name=\"twitter:label1\" content=\"Tiempo de lectura\" \/>\n\t<meta name=\"twitter:data1\" content=\"2 minutos\" \/>\n<script type=\"application\/ld+json\" class=\"yoast-schema-graph\">{\"@context\":\"https:\\\/\\\/schema.org\",\"@graph\":[{\"@type\":\"WebPage\",\"@id\":\"https:\\\/\\\/adc.cat\\\/es\\\/activitat\\\/girona-muevete-por-la-diabetes-salida-al-espacio-natural-del-estanque-de-sils\\\/\",\"url\":\"https:\\\/\\\/adc.cat\\\/es\\\/activitat\\\/girona-muevete-por-la-diabetes-salida-al-espacio-natural-del-estanque-de-sils\\\/\",\"name\":\"Girona: \u00a1Mu\u00e9vete por la diabetes! Salida al espacio natural del Estanque de Sils - ADC \u2013 Associaci\u00f3 de Diabetis de Catalunya\",\"isPartOf\":{\"@id\":\"https:\\\/\\\/adc.cat\\\/es\\\/#website\"},\"primaryImageOfPage\":{\"@id\":\"https:\\\/\\\/adc.cat\\\/es\\\/activitat\\\/girona-muevete-por-la-diabetes-salida-al-espacio-natural-del-estanque-de-sils\\\/#primaryimage\"},\"image\":{\"@id\":\"https:\\\/\\\/adc.cat\\\/es\\\/activitat\\\/girona-muevete-por-la-diabetes-salida-al-espacio-natural-del-estanque-de-sils\\\/#primaryimage\"},\"thumbnailUrl\":\"https:\\\/\\\/adc.cat\\\/wp-content\\\/uploads\\\/2025\\\/10\\\/sils-dmd.jpg\",\"datePublished\":\"2025-10-14T08:58:49+00:00\",\"dateModified\":\"2025-11-03T08:57:35+00:00\",\"description\":\"Ven a disfrutar de una salida familiar para celebrar el D\u00eda Mundial de la Diabetes en comunidad! Descubriremos el entorno natural del Estanque de Sils, uno de los m\u00e1s importantes de Catalunya, con una visita guiada.\",\"breadcrumb\":{\"@id\":\"https:\\\/\\\/adc.cat\\\/es\\\/activitat\\\/girona-muevete-por-la-diabetes-salida-al-espacio-natural-del-estanque-de-sils\\\/#breadcrumb\"},\"inLanguage\":\"es\",\"potentialAction\":[{\"@type\":\"ReadAction\",\"target\":[\"https:\\\/\\\/adc.cat\\\/es\\\/activitat\\\/girona-muevete-por-la-diabetes-salida-al-espacio-natural-del-estanque-de-sils\\\/\"]}]},{\"@type\":\"ImageObject\",\"inLanguage\":\"es\",\"@id\":\"https:\\\/\\\/adc.cat\\\/es\\\/activitat\\\/girona-muevete-por-la-diabetes-salida-al-espacio-natural-del-estanque-de-sils\\\/#primaryimage\",\"url\":\"https:\\\/\\\/adc.cat\\\/wp-content\\\/uploads\\\/2025\\\/10\\\/sils-dmd.jpg\",\"contentUrl\":\"https:\\\/\\\/adc.cat\\\/wp-content\\\/uploads\\\/2025\\\/10\\\/sils-dmd.jpg\",\"width\":1080,\"height\":720},{\"@type\":\"BreadcrumbList\",\"@id\":\"https:\\\/\\\/adc.cat\\\/es\\\/activitat\\\/girona-muevete-por-la-diabetes-salida-al-espacio-natural-del-estanque-de-sils\\\/#breadcrumb\",\"itemListElement\":[{\"@type\":\"ListItem\",\"position\":1,\"name\":\"Portada\",\"item\":\"https:\\\/\\\/adc.cat\\\/es\\\/\"},{\"@type\":\"ListItem\",\"position\":2,\"name\":\"Eventos\",\"item\":\"https:\\\/\\\/adc.cat\\\/es\\\/activitats\\\/\"},{\"@type\":\"ListItem\",\"position\":3,\"name\":\"Girona: \u00a1Mu\u00e9vete por la diabetes! Salida al espacio natural del Estanque de Sils\"}]},{\"@type\":\"WebSite\",\"@id\":\"https:\\\/\\\/adc.cat\\\/es\\\/#website\",\"url\":\"https:\\\/\\\/adc.cat\\\/es\\\/\",\"name\":\"ADC \u2013 Associaci\u00f3 de Diabetis de Catalunya\",\"description\":\"L&#039;ADC representa els pacients amb diabetis de Catalunya. Els nostres objectius: informar, aconsellar, ajudar i defensar les persones amb diabetis i promoure la sensibilitzaci\u00f3 de la resta de la societat\",\"publisher\":{\"@id\":\"https:\\\/\\\/adc.cat\\\/es\\\/#organization\"},\"potentialAction\":[{\"@type\":\"SearchAction\",\"target\":{\"@type\":\"EntryPoint\",\"urlTemplate\":\"https:\\\/\\\/adc.cat\\\/es\\\/?s={search_term_string}\"},\"query-input\":{\"@type\":\"PropertyValueSpecification\",\"valueRequired\":true,\"valueName\":\"search_term_string\"}}],\"inLanguage\":\"es\"},{\"@type\":\"Organization\",\"@id\":\"https:\\\/\\\/adc.cat\\\/es\\\/#organization\",\"name\":\"Associaci\u00f3 de Diabetis de Catalunya\",\"url\":\"https:\\\/\\\/adc.cat\\\/es\\\/\",\"logo\":{\"@type\":\"ImageObject\",\"inLanguage\":\"es\",\"@id\":\"https:\\\/\\\/adc.cat\\\/es\\\/#\\\/schema\\\/logo\\\/image\\\/\",\"url\":\"https:\\\/\\\/adc.cat\\\/wp-content\\\/uploads\\\/2022\\\/01\\\/associacio_de_diabetis_catalunya.png\",\"contentUrl\":\"https:\\\/\\\/adc.cat\\\/wp-content\\\/uploads\\\/2022\\\/01\\\/associacio_de_diabetis_catalunya.png\",\"width\":512,\"height\":239,\"caption\":\"Associaci\u00f3 de Diabetis de Catalunya\"},\"image\":{\"@id\":\"https:\\\/\\\/adc.cat\\\/es\\\/#\\\/schema\\\/logo\\\/image\\\/\"},\"sameAs\":[\"https:\\\/\\\/www.facebook.com\\\/ADC.CAT\\\/\",\"https:\\\/\\\/x.com\\\/ADC_CAT\",\"https:\\\/\\\/www.instagram.com\\\/adc_cat\\\/\",\"https:\\\/\\\/www.linkedin.com\\\/company\\\/associacio-de-diabetis-de-catalunya\",\"https:\\\/\\\/www.youtube.com\\\/channel\\\/UC7BiJMxG_5sHYUhMAlevAWA\"]}]}<\/script>\n<!-- \/ Yoast SEO plugin. -->","yoast_head_json":{"title":"Girona: \u00a1Mu\u00e9vete por la diabetes! Salida al espacio natural del Estanque de Sils - ADC \u2013 Associaci\u00f3 de Diabetis de Catalunya","description":"Ven a disfrutar de una salida familiar para celebrar el D\u00eda Mundial de la Diabetes en comunidad! Descubriremos el entorno natural del Estanque de Sils, uno de los m\u00e1s importantes de Catalunya, con una visita guiada.","robots":{"index":"index","follow":"follow","max-snippet":"max-snippet:-1","max-image-preview":"max-image-preview:large","max-video-preview":"max-video-preview:-1"},"canonical":"https:\/\/adc.cat\/es\/activitat\/girona-muevete-por-la-diabetes-salida-al-espacio-natural-del-estanque-de-sils\/","og_locale":"es_ES","og_type":"article","og_title":"Girona: \u00a1Mu\u00e9vete por la diabetes! Salida al espacio natural del Estanque de Sils - ADC \u2013 Associaci\u00f3 de Diabetis de Catalunya","og_description":"Ven a disfrutar de una salida familiar para celebrar el D\u00eda Mundial de la Diabetes en comunidad! Descubriremos el entorno natural del Estanque de Sils, uno de los m\u00e1s importantes de Catalunya, con una visita guiada.","og_url":"https:\/\/adc.cat\/es\/activitat\/girona-muevete-por-la-diabetes-salida-al-espacio-natural-del-estanque-de-sils\/","og_site_name":"ADC \u2013 Associaci\u00f3 de Diabetis de Catalunya","article_publisher":"https:\/\/www.facebook.com\/ADC.CAT\/","article_modified_time":"2025-11-03T08:57:35+00:00","og_image":[{"width":1080,"height":720,"url":"https:\/\/adc.cat\/wp-content\/uploads\/2025\/10\/sils-dmd.jpg","type":"image\/jpeg"}],"twitter_card":"summary_large_image","twitter_site":"@ADC_CAT","twitter_misc":{"Tiempo de lectura":"2 minutos"},"schema":{"@context":"https:\/\/schema.org","@graph":[{"@type":"WebPage","@id":"https:\/\/adc.cat\/es\/activitat\/girona-muevete-por-la-diabetes-salida-al-espacio-natural-del-estanque-de-sils\/","url":"https:\/\/adc.cat\/es\/activitat\/girona-muevete-por-la-diabetes-salida-al-espacio-natural-del-estanque-de-sils\/","name":"Girona: \u00a1Mu\u00e9vete por la diabetes! Salida al espacio natural del Estanque de Sils - ADC \u2013 Associaci\u00f3 de Diabetis de Catalunya","isPartOf":{"@id":"https:\/\/adc.cat\/es\/#website"},"primaryImageOfPage":{"@id":"https:\/\/adc.cat\/es\/activitat\/girona-muevete-por-la-diabetes-salida-al-espacio-natural-del-estanque-de-sils\/#primaryimage"},"image":{"@id":"https:\/\/adc.cat\/es\/activitat\/girona-muevete-por-la-diabetes-salida-al-espacio-natural-del-estanque-de-sils\/#primaryimage"},"thumbnailUrl":"https:\/\/adc.cat\/wp-content\/uploads\/2025\/10\/sils-dmd.jpg","datePublished":"2025-10-14T08:58:49+00:00","dateModified":"2025-11-03T08:57:35+00:00","description":"Ven a disfrutar de una salida familiar para celebrar el D\u00eda Mundial de la Diabetes en comunidad! Descubriremos el entorno natural del Estanque de Sils, uno de los m\u00e1s importantes de Catalunya, con una visita guiada.","breadcrumb":{"@id":"https:\/\/adc.cat\/es\/activitat\/girona-muevete-por-la-diabetes-salida-al-espacio-natural-del-estanque-de-sils\/#breadcrumb"},"inLanguage":"es","potentialAction":[{"@type":"ReadAction","target":["https:\/\/adc.cat\/es\/activitat\/girona-muevete-por-la-diabetes-salida-al-espacio-natural-del-estanque-de-sils\/"]}]},{"@type":"ImageObject","inLanguage":"es","@id":"https:\/\/adc.cat\/es\/activitat\/girona-muevete-por-la-diabetes-salida-al-espacio-natural-del-estanque-de-sils\/#primaryimage","url":"https:\/\/adc.cat\/wp-content\/uploads\/2025\/10\/sils-dmd.jpg","contentUrl":"https:\/\/adc.cat\/wp-content\/uploads\/2025\/10\/sils-dmd.jpg","width":1080,"height":720},{"@type":"BreadcrumbList","@id":"https:\/\/adc.cat\/es\/activitat\/girona-muevete-por-la-diabetes-salida-al-espacio-natural-del-estanque-de-sils\/#breadcrumb","itemListElement":[{"@type":"ListItem","position":1,"name":"Portada","item":"https:\/\/adc.cat\/es\/"},{"@type":"ListItem","position":2,"name":"Eventos","item":"https:\/\/adc.cat\/es\/activitats\/"},{"@type":"ListItem","position":3,"name":"Girona: \u00a1Mu\u00e9vete por la diabetes! Salida al espacio natural del Estanque de Sils"}]},{"@type":"WebSite","@id":"https:\/\/adc.cat\/es\/#website","url":"https:\/\/adc.cat\/es\/","name":"ADC \u2013 Associaci\u00f3 de Diabetis de Catalunya","description":"L&#039;ADC representa els pacients amb diabetis de Catalunya. Els nostres objectius: informar, aconsellar, ajudar i defensar les persones amb diabetis i promoure la sensibilitzaci\u00f3 de la resta de la societat","publisher":{"@id":"https:\/\/adc.cat\/es\/#organization"},"potentialAction":[{"@type":"SearchAction","target":{"@type":"EntryPoint","urlTemplate":"https:\/\/adc.cat\/es\/?s={search_term_string}"},"query-input":{"@type":"PropertyValueSpecification","valueRequired":true,"valueName":"search_term_string"}}],"inLanguage":"es"},{"@type":"Organization","@id":"https:\/\/adc.cat\/es\/#organization","name":"Associaci\u00f3 de Diabetis de Catalunya","url":"https:\/\/adc.cat\/es\/","logo":{"@type":"ImageObject","inLanguage":"es","@id":"https:\/\/adc.cat\/es\/#\/schema\/logo\/image\/","url":"https:\/\/adc.cat\/wp-content\/uploads\/2022\/01\/associacio_de_diabetis_catalunya.png","contentUrl":"https:\/\/adc.cat\/wp-content\/uploads\/2022\/01\/associacio_de_diabetis_catalunya.png","width":512,"height":239,"caption":"Associaci\u00f3 de Diabetis de Catalunya"},"image":{"@id":"https:\/\/adc.cat\/es\/#\/schema\/logo\/image\/"},"sameAs":["https:\/\/www.facebook.com\/ADC.CAT\/","https:\/\/x.com\/ADC_CAT","https:\/\/www.instagram.com\/adc_cat\/","https:\/\/www.linkedin.com\/company\/associacio-de-diabetis-de-catalunya","https:\/\/www.youtube.com\/channel\/UC7BiJMxG_5sHYUhMAlevAWA"]}]}},"_links":{"self":[{"href":"https:\/\/adc.cat\/es\/wp-json\/wp\/v2\/tribe_events\/51313","targetHints":{"allow":["GET"]}}],"collection":[{"href":"https:\/\/adc.cat\/es\/wp-json\/wp\/v2\/tribe_events"}],"about":[{"href":"https:\/\/adc.cat\/es\/wp-json\/wp\/v2\/types\/tribe_events"}],"author":[{"embeddable":true,"href":"https:\/\/adc.cat\/es\/wp-json\/wp\/v2\/users\/2"}],"version-history":[{"count":4,"href":"https:\/\/adc.cat\/es\/wp-json\/wp\/v2\/tribe_events\/51313\/revisions"}],"predecessor-version":[{"id":51761,"href":"https:\/\/adc.cat\/es\/wp-json\/wp\/v2\/tribe_events\/51313\/revisions\/51761"}],"wp:featuredmedia":[{"embeddable":true,"href":"https:\/\/adc.cat\/es\/wp-json\/wp\/v2\/media\/51613"}],"wp:attachment":[{"href":"https:\/\/adc.cat\/es\/wp-json\/wp\/v2\/media?parent=51313"}],"wp:term":[{"taxonomy":"post_tag","embeddable":true,"href":"https:\/\/adc.cat\/es\/wp-json\/wp\/v2\/tags?post=51313"},{"taxonomy":"tribe_events_cat","embeddable":true,"href":"https:\/\/adc.cat\/es\/wp-json\/wp\/v2\/tribe_events_cat?post=51313"}],"curies":[{"name":"wp","href":"https:\/\/api.w.org\/{rel}","templated":true}]}}