{"id":51706,"date":"2025-10-28T15:02:09","date_gmt":"2025-10-28T14:02:09","guid":{"rendered":"https:\/\/adc.cat\/activitat\/barcelona-celebra-el-dia-mundial-de-la-diabetes-con-nosotros\/"},"modified":"2025-10-28T15:34:40","modified_gmt":"2025-10-28T14:34:40","slug":"barcelona-celebra-el-dia-mundial-de-la-diabetes-con-nosotros","status":"publish","type":"tribe_events","link":"https:\/\/adc.cat\/es\/activitat\/barcelona-celebra-el-dia-mundial-de-la-diabetes-con-nosotros\/","title":{"rendered":"Barcelona: \u00a1Celebra el D\u00eda Mundial de la Diabetes con nosotros!"},"content":{"rendered":"<div class=\"et_pb_module et_pb_text et_pb_text_5 et_pb_text_align_left et_pb_bg_layout_light\">\n<div class=\"et_pb_text_inner\">El D\u00eda Mundial de la Diabetes, celebrado cada a\u00f1o el 14 de noviembre, es una jornada dedicada a aumentar la consciencia sobre la diabetes, sus efectos y la importancia de su prevenci\u00f3n y control. \u00a1Este a\u00f1o os invitamos a ser parte activa de esta celebraci\u00f3n! Ven a descubrir c\u00f3mo una alimentaci\u00f3n saludable, el ejercicio y un diagn\u00f3stico precoz pueden mejorar la vida de las personas con diabetes. Disfruta de talleres de alimentaci\u00f3n saludable, ponencias, bailes en l\u00ednea y una zona de \u00abcitas\u00bb r\u00e1pidas para hacer amigos\/as con diabetes.<\/div>\n<div class=\"et_pb_text_inner\">\n\ud83d\udccd <strong>\u00bfD\u00f3nde?<\/strong> Maremagnum Barcelona. En la Plaza de la Odissea, 08039.<\/div>\n<div class=\"et_pb_text_inner\">\ud83d\uddd3\ufe0f <strong>Fecha:<\/strong> S\u00e1bado 15 de noviembre.<\/div>\n<div class=\"et_pb_text_inner\">\ud83d\udd56 <strong>Hora:<\/strong> De 10:00h a 13h<\/div>\n<div class=\"et_pb_text_inner\">\ud83d\udde3\ufe0f <strong>Organiza: <\/strong>ADC Servicios Centrales<\/div>\n<\/div>\n<p style=\"text-align: center;\"><a href='https:\/\/adc.cat\/es\/celebra-el-dia-mundial-de-la-diabetes\/' class='big-button bigblue' target=\"_blank\">Consulta el programa completo<\/a><\/p>\n<p>\u00a0 En caso de requerir m\u00e1s informaci\u00f3n o necesitar anular vuestra inscripci\u00f3n, escribe a <a href=\"mailto:adc@adc.cat\">adcbarcelona@adc.cat<\/a>. \u00a1Gracias!<\/p>\n","protected":false},"excerpt":{"rendered":"<p>El D\u00eda Mundial de la Diabetes, celebrado cada a\u00f1o el 14 de noviembre, es una jornada dedicada a aumentar la consciencia sobre la diabetes, sus efectos y la importancia de su prevenci\u00f3n y control.<\/p>\n","protected":false},"author":2,"featured_media":51707,"template":"","meta":{"_et_pb_use_builder":"","_et_pb_old_content":"","_et_gb_content_width":"","_tribe_events_status":"","_tribe_events_status_reason":"","footnotes":""},"tags":[],"tribe_events_cat":[69],"class_list":["post-51706","tribe_events","type-tribe_events","status-publish","has-post-thumbnail","hentry","tribe_events_cat-barcelona-es","cat_barcelona-es"],"yoast_head":"<!-- This site is optimized with the Yoast SEO plugin v27.4 - https:\/\/yoast.com\/product\/yoast-seo-wordpress\/ -->\n<title>Barcelona: \u00a1Celebra el D\u00eda Mundial de la Diabetes con nosotros! - ADC \u2013 Associaci\u00f3 de Diabetis de Catalunya<\/title>\n<meta name=\"description\" content=\"El D\u00eda Mundial de la Diabetes, celebrado cada a\u00f1o el 14 de noviembre, es una jornada dedicada a aumentar la consciencia sobre la diabetes, sus efectos y la importancia de su prevenci\u00f3n y control.\" \/>\n<meta name=\"robots\" content=\"index, follow, max-snippet:-1, max-image-preview:large, max-video-preview:-1\" \/>\n<link rel=\"canonical\" href=\"https:\/\/adc.cat\/es\/activitat\/barcelona-celebra-el-dia-mundial-de-la-diabetes-con-nosotros\/\" \/>\n<meta property=\"og:locale\" content=\"es_ES\" \/>\n<meta property=\"og:type\" content=\"article\" \/>\n<meta property=\"og:title\" content=\"Barcelona: \u00a1Celebra el D\u00eda Mundial de la Diabetes con nosotros! - ADC \u2013 Associaci\u00f3 de Diabetis de Catalunya\" \/>\n<meta property=\"og:description\" content=\"El D\u00eda Mundial de la Diabetes, celebrado cada a\u00f1o el 14 de noviembre, es una jornada dedicada a aumentar la consciencia sobre la diabetes, sus efectos y la importancia de su prevenci\u00f3n y control.\" \/>\n<meta property=\"og:url\" content=\"https:\/\/adc.cat\/es\/activitat\/barcelona-celebra-el-dia-mundial-de-la-diabetes-con-nosotros\/\" \/>\n<meta property=\"og:site_name\" content=\"ADC \u2013 Associaci\u00f3 de Diabetis de Catalunya\" \/>\n<meta property=\"article:publisher\" content=\"https:\/\/www.facebook.com\/ADC.CAT\/\" \/>\n<meta property=\"article:modified_time\" content=\"2025-10-28T14:34:40+00:00\" \/>\n<meta property=\"og:image\" content=\"https:\/\/adc.cat\/wp-content\/uploads\/2023\/09\/web-1-1024x699.jpg\" \/>\n<meta name=\"twitter:card\" content=\"summary_large_image\" \/>\n<meta name=\"twitter:title\" content=\"Barcelona: \u00a1Celebra el D\u00eda Mundial de la Diabetes con nosotros! - ADC \u2013 Associaci\u00f3 de Diabetis de Catalunya\" \/>\n<meta name=\"twitter:image\" content=\"https:\/\/adc.cat\/wp-content\/uploads\/2023\/09\/web-1-1024x699.jpg\" \/>\n<meta name=\"twitter:site\" content=\"@ADC_CAT\" \/>\n<meta name=\"twitter:label1\" content=\"Tiempo de lectura\" \/>\n\t<meta name=\"twitter:data1\" content=\"1 minuto\" \/>\n<script type=\"application\/ld+json\" class=\"yoast-schema-graph\">{\"@context\":\"https:\\\/\\\/schema.org\",\"@graph\":[{\"@type\":\"WebPage\",\"@id\":\"https:\\\/\\\/adc.cat\\\/es\\\/activitat\\\/barcelona-celebra-el-dia-mundial-de-la-diabetes-con-nosotros\\\/\",\"url\":\"https:\\\/\\\/adc.cat\\\/es\\\/activitat\\\/barcelona-celebra-el-dia-mundial-de-la-diabetes-con-nosotros\\\/\",\"name\":\"Barcelona: \u00a1Celebra el D\u00eda Mundial de la Diabetes con nosotros! - ADC \u2013 Associaci\u00f3 de Diabetis de Catalunya\",\"isPartOf\":{\"@id\":\"https:\\\/\\\/adc.cat\\\/es\\\/#website\"},\"primaryImageOfPage\":{\"@id\":\"https:\\\/\\\/adc.cat\\\/es\\\/activitat\\\/barcelona-celebra-el-dia-mundial-de-la-diabetes-con-nosotros\\\/#primaryimage\"},\"image\":{\"@id\":\"https:\\\/\\\/adc.cat\\\/es\\\/activitat\\\/barcelona-celebra-el-dia-mundial-de-la-diabetes-con-nosotros\\\/#primaryimage\"},\"thumbnailUrl\":\"https:\\\/\\\/adc.cat\\\/wp-content\\\/uploads\\\/2025\\\/10\\\/dmd-maremagnum-highlighted.jpg\",\"datePublished\":\"2025-10-28T14:02:09+00:00\",\"dateModified\":\"2025-10-28T14:34:40+00:00\",\"description\":\"El D\u00eda Mundial de la Diabetes, celebrado cada a\u00f1o el 14 de noviembre, es una jornada dedicada a aumentar la consciencia sobre la diabetes, sus efectos y la importancia de su prevenci\u00f3n y control.\",\"breadcrumb\":{\"@id\":\"https:\\\/\\\/adc.cat\\\/es\\\/activitat\\\/barcelona-celebra-el-dia-mundial-de-la-diabetes-con-nosotros\\\/#breadcrumb\"},\"inLanguage\":\"es\",\"potentialAction\":[{\"@type\":\"ReadAction\",\"target\":[\"https:\\\/\\\/adc.cat\\\/es\\\/activitat\\\/barcelona-celebra-el-dia-mundial-de-la-diabetes-con-nosotros\\\/\"]}]},{\"@type\":\"ImageObject\",\"inLanguage\":\"es\",\"@id\":\"https:\\\/\\\/adc.cat\\\/es\\\/activitat\\\/barcelona-celebra-el-dia-mundial-de-la-diabetes-con-nosotros\\\/#primaryimage\",\"url\":\"https:\\\/\\\/adc.cat\\\/wp-content\\\/uploads\\\/2025\\\/10\\\/dmd-maremagnum-highlighted.jpg\",\"contentUrl\":\"https:\\\/\\\/adc.cat\\\/wp-content\\\/uploads\\\/2025\\\/10\\\/dmd-maremagnum-highlighted.jpg\",\"width\":1080,\"height\":720},{\"@type\":\"BreadcrumbList\",\"@id\":\"https:\\\/\\\/adc.cat\\\/es\\\/activitat\\\/barcelona-celebra-el-dia-mundial-de-la-diabetes-con-nosotros\\\/#breadcrumb\",\"itemListElement\":[{\"@type\":\"ListItem\",\"position\":1,\"name\":\"Portada\",\"item\":\"https:\\\/\\\/adc.cat\\\/es\\\/\"},{\"@type\":\"ListItem\",\"position\":2,\"name\":\"Eventos\",\"item\":\"https:\\\/\\\/adc.cat\\\/es\\\/activitats\\\/\"},{\"@type\":\"ListItem\",\"position\":3,\"name\":\"Barcelona: \u00a1Celebra el D\u00eda Mundial de la Diabetes con nosotros!\"}]},{\"@type\":\"WebSite\",\"@id\":\"https:\\\/\\\/adc.cat\\\/es\\\/#website\",\"url\":\"https:\\\/\\\/adc.cat\\\/es\\\/\",\"name\":\"ADC \u2013 Associaci\u00f3 de Diabetis de Catalunya\",\"description\":\"L&#039;ADC representa els pacients amb diabetis de Catalunya. Els nostres objectius: informar, aconsellar, ajudar i defensar les persones amb diabetis i promoure la sensibilitzaci\u00f3 de la resta de la societat\",\"publisher\":{\"@id\":\"https:\\\/\\\/adc.cat\\\/es\\\/#organization\"},\"potentialAction\":[{\"@type\":\"SearchAction\",\"target\":{\"@type\":\"EntryPoint\",\"urlTemplate\":\"https:\\\/\\\/adc.cat\\\/es\\\/?s={search_term_string}\"},\"query-input\":{\"@type\":\"PropertyValueSpecification\",\"valueRequired\":true,\"valueName\":\"search_term_string\"}}],\"inLanguage\":\"es\"},{\"@type\":\"Organization\",\"@id\":\"https:\\\/\\\/adc.cat\\\/es\\\/#organization\",\"name\":\"Associaci\u00f3 de Diabetis de Catalunya\",\"url\":\"https:\\\/\\\/adc.cat\\\/es\\\/\",\"logo\":{\"@type\":\"ImageObject\",\"inLanguage\":\"es\",\"@id\":\"https:\\\/\\\/adc.cat\\\/es\\\/#\\\/schema\\\/logo\\\/image\\\/\",\"url\":\"https:\\\/\\\/adc.cat\\\/wp-content\\\/uploads\\\/2022\\\/01\\\/associacio_de_diabetis_catalunya.png\",\"contentUrl\":\"https:\\\/\\\/adc.cat\\\/wp-content\\\/uploads\\\/2022\\\/01\\\/associacio_de_diabetis_catalunya.png\",\"width\":512,\"height\":239,\"caption\":\"Associaci\u00f3 de Diabetis de Catalunya\"},\"image\":{\"@id\":\"https:\\\/\\\/adc.cat\\\/es\\\/#\\\/schema\\\/logo\\\/image\\\/\"},\"sameAs\":[\"https:\\\/\\\/www.facebook.com\\\/ADC.CAT\\\/\",\"https:\\\/\\\/x.com\\\/ADC_CAT\",\"https:\\\/\\\/www.instagram.com\\\/adc_cat\\\/\",\"https:\\\/\\\/www.linkedin.com\\\/company\\\/associacio-de-diabetis-de-catalunya\",\"https:\\\/\\\/www.youtube.com\\\/channel\\\/UC7BiJMxG_5sHYUhMAlevAWA\"]}]}<\/script>\n<!-- \/ Yoast SEO plugin. -->","yoast_head_json":{"title":"Barcelona: \u00a1Celebra el D\u00eda Mundial de la Diabetes con nosotros! - ADC \u2013 Associaci\u00f3 de Diabetis de Catalunya","description":"El D\u00eda Mundial de la Diabetes, celebrado cada a\u00f1o el 14 de noviembre, es una jornada dedicada a aumentar la consciencia sobre la diabetes, sus efectos y la importancia de su prevenci\u00f3n y control.","robots":{"index":"index","follow":"follow","max-snippet":"max-snippet:-1","max-image-preview":"max-image-preview:large","max-video-preview":"max-video-preview:-1"},"canonical":"https:\/\/adc.cat\/es\/activitat\/barcelona-celebra-el-dia-mundial-de-la-diabetes-con-nosotros\/","og_locale":"es_ES","og_type":"article","og_title":"Barcelona: \u00a1Celebra el D\u00eda Mundial de la Diabetes con nosotros! - ADC \u2013 Associaci\u00f3 de Diabetis de Catalunya","og_description":"El D\u00eda Mundial de la Diabetes, celebrado cada a\u00f1o el 14 de noviembre, es una jornada dedicada a aumentar la consciencia sobre la diabetes, sus efectos y la importancia de su prevenci\u00f3n y control.","og_url":"https:\/\/adc.cat\/es\/activitat\/barcelona-celebra-el-dia-mundial-de-la-diabetes-con-nosotros\/","og_site_name":"ADC \u2013 Associaci\u00f3 de Diabetis de Catalunya","article_publisher":"https:\/\/www.facebook.com\/ADC.CAT\/","article_modified_time":"2025-10-28T14:34:40+00:00","og_image":[{"url":"https:\/\/adc.cat\/wp-content\/uploads\/2023\/09\/web-1-1024x699.jpg","type":"","width":"","height":""}],"twitter_card":"summary_large_image","twitter_title":"Barcelona: \u00a1Celebra el D\u00eda Mundial de la Diabetes con nosotros! - ADC \u2013 Associaci\u00f3 de Diabetis de Catalunya","twitter_image":"https:\/\/adc.cat\/wp-content\/uploads\/2023\/09\/web-1-1024x699.jpg","twitter_site":"@ADC_CAT","twitter_misc":{"Tiempo de lectura":"1 minuto"},"schema":{"@context":"https:\/\/schema.org","@graph":[{"@type":"WebPage","@id":"https:\/\/adc.cat\/es\/activitat\/barcelona-celebra-el-dia-mundial-de-la-diabetes-con-nosotros\/","url":"https:\/\/adc.cat\/es\/activitat\/barcelona-celebra-el-dia-mundial-de-la-diabetes-con-nosotros\/","name":"Barcelona: \u00a1Celebra el D\u00eda Mundial de la Diabetes con nosotros! - ADC \u2013 Associaci\u00f3 de Diabetis de Catalunya","isPartOf":{"@id":"https:\/\/adc.cat\/es\/#website"},"primaryImageOfPage":{"@id":"https:\/\/adc.cat\/es\/activitat\/barcelona-celebra-el-dia-mundial-de-la-diabetes-con-nosotros\/#primaryimage"},"image":{"@id":"https:\/\/adc.cat\/es\/activitat\/barcelona-celebra-el-dia-mundial-de-la-diabetes-con-nosotros\/#primaryimage"},"thumbnailUrl":"https:\/\/adc.cat\/wp-content\/uploads\/2025\/10\/dmd-maremagnum-highlighted.jpg","datePublished":"2025-10-28T14:02:09+00:00","dateModified":"2025-10-28T14:34:40+00:00","description":"El D\u00eda Mundial de la Diabetes, celebrado cada a\u00f1o el 14 de noviembre, es una jornada dedicada a aumentar la consciencia sobre la diabetes, sus efectos y la importancia de su prevenci\u00f3n y control.","breadcrumb":{"@id":"https:\/\/adc.cat\/es\/activitat\/barcelona-celebra-el-dia-mundial-de-la-diabetes-con-nosotros\/#breadcrumb"},"inLanguage":"es","potentialAction":[{"@type":"ReadAction","target":["https:\/\/adc.cat\/es\/activitat\/barcelona-celebra-el-dia-mundial-de-la-diabetes-con-nosotros\/"]}]},{"@type":"ImageObject","inLanguage":"es","@id":"https:\/\/adc.cat\/es\/activitat\/barcelona-celebra-el-dia-mundial-de-la-diabetes-con-nosotros\/#primaryimage","url":"https:\/\/adc.cat\/wp-content\/uploads\/2025\/10\/dmd-maremagnum-highlighted.jpg","contentUrl":"https:\/\/adc.cat\/wp-content\/uploads\/2025\/10\/dmd-maremagnum-highlighted.jpg","width":1080,"height":720},{"@type":"BreadcrumbList","@id":"https:\/\/adc.cat\/es\/activitat\/barcelona-celebra-el-dia-mundial-de-la-diabetes-con-nosotros\/#breadcrumb","itemListElement":[{"@type":"ListItem","position":1,"name":"Portada","item":"https:\/\/adc.cat\/es\/"},{"@type":"ListItem","position":2,"name":"Eventos","item":"https:\/\/adc.cat\/es\/activitats\/"},{"@type":"ListItem","position":3,"name":"Barcelona: \u00a1Celebra el D\u00eda Mundial de la Diabetes con nosotros!"}]},{"@type":"WebSite","@id":"https:\/\/adc.cat\/es\/#website","url":"https:\/\/adc.cat\/es\/","name":"ADC \u2013 Associaci\u00f3 de Diabetis de Catalunya","description":"L&#039;ADC representa els pacients amb diabetis de Catalunya. Els nostres objectius: informar, aconsellar, ajudar i defensar les persones amb diabetis i promoure la sensibilitzaci\u00f3 de la resta de la societat","publisher":{"@id":"https:\/\/adc.cat\/es\/#organization"},"potentialAction":[{"@type":"SearchAction","target":{"@type":"EntryPoint","urlTemplate":"https:\/\/adc.cat\/es\/?s={search_term_string}"},"query-input":{"@type":"PropertyValueSpecification","valueRequired":true,"valueName":"search_term_string"}}],"inLanguage":"es"},{"@type":"Organization","@id":"https:\/\/adc.cat\/es\/#organization","name":"Associaci\u00f3 de Diabetis de Catalunya","url":"https:\/\/adc.cat\/es\/","logo":{"@type":"ImageObject","inLanguage":"es","@id":"https:\/\/adc.cat\/es\/#\/schema\/logo\/image\/","url":"https:\/\/adc.cat\/wp-content\/uploads\/2022\/01\/associacio_de_diabetis_catalunya.png","contentUrl":"https:\/\/adc.cat\/wp-content\/uploads\/2022\/01\/associacio_de_diabetis_catalunya.png","width":512,"height":239,"caption":"Associaci\u00f3 de Diabetis de Catalunya"},"image":{"@id":"https:\/\/adc.cat\/es\/#\/schema\/logo\/image\/"},"sameAs":["https:\/\/www.facebook.com\/ADC.CAT\/","https:\/\/x.com\/ADC_CAT","https:\/\/www.instagram.com\/adc_cat\/","https:\/\/www.linkedin.com\/company\/associacio-de-diabetis-de-catalunya","https:\/\/www.youtube.com\/channel\/UC7BiJMxG_5sHYUhMAlevAWA"]}]}},"_links":{"self":[{"href":"https:\/\/adc.cat\/es\/wp-json\/wp\/v2\/tribe_events\/51706","targetHints":{"allow":["GET"]}}],"collection":[{"href":"https:\/\/adc.cat\/es\/wp-json\/wp\/v2\/tribe_events"}],"about":[{"href":"https:\/\/adc.cat\/es\/wp-json\/wp\/v2\/types\/tribe_events"}],"author":[{"embeddable":true,"href":"https:\/\/adc.cat\/es\/wp-json\/wp\/v2\/users\/2"}],"version-history":[{"count":3,"href":"https:\/\/adc.cat\/es\/wp-json\/wp\/v2\/tribe_events\/51706\/revisions"}],"predecessor-version":[{"id":51722,"href":"https:\/\/adc.cat\/es\/wp-json\/wp\/v2\/tribe_events\/51706\/revisions\/51722"}],"wp:featuredmedia":[{"embeddable":true,"href":"https:\/\/adc.cat\/es\/wp-json\/wp\/v2\/media\/51707"}],"wp:attachment":[{"href":"https:\/\/adc.cat\/es\/wp-json\/wp\/v2\/media?parent=51706"}],"wp:term":[{"taxonomy":"post_tag","embeddable":true,"href":"https:\/\/adc.cat\/es\/wp-json\/wp\/v2\/tags?post=51706"},{"taxonomy":"tribe_events_cat","embeddable":true,"href":"https:\/\/adc.cat\/es\/wp-json\/wp\/v2\/tribe_events_cat?post=51706"}],"curies":[{"name":"wp","href":"https:\/\/api.w.org\/{rel}","templated":true}]}}