{"id":53622,"date":"2026-04-30T17:48:03","date_gmt":"2026-04-30T15:48:03","guid":{"rendered":"https:\/\/adc.cat\/activitat\/barcelona-clinic-obert-vive-la-salud-en-la-calle\/"},"modified":"2026-04-30T17:48:03","modified_gmt":"2026-04-30T15:48:03","slug":"barcelona-clinic-obert-vive-la-salud-en-la-calle","status":"publish","type":"tribe_events","link":"https:\/\/adc.cat\/es\/activitat\/barcelona-clinic-obert-vive-la-salud-en-la-calle\/","title":{"rendered":"Barcelona: Cl\u00ednic Obert \u00a1Vive la salud en la calle!"},"content":{"rendered":"<p>El pr\u00f3ximo <strong>s\u00e1bado 9 de mayo de 2026<\/strong> se celebra la segunda edici\u00f3n del Cl\u00ednic Obert. Un d\u00eda en el que se abren las puertas del Campus para conectar con la ciudadan\u00eda, mostrando lo que hacen en el Cl\u00ednic, promoviendo h\u00e1bitos saludables y haciendo prevenci\u00f3n de la salud, en una jornada que queremos que sea festiva y participativa.<\/p>\n<p>Toda una ma\u00f1ana de talleres, charlas, puntos informativos, actividades deportivas (zumba, clases de swing, pilates, yoga&#8230;), musicales, l\u00fadicas y familiares, furgonetas de comida saludable, talleres de cocina en directo&#8230; en la calle Casanova entre Proven\u00e7a y Par\u00eds. Y tambi\u00e9n en su Maternidad.<\/p>\n<p>\ud83d\udcc6 S\u00e1bado, 9 de mayo de 9:30 a 16h.<\/p>\n<p>\ud83c\udfaf Campus Cl\u00ednic (Calle de Casanova entre Provenza y Par\u00eds)<\/p>\n<p style=\"text-align: center;\"><a href='https:\/\/www.clinicbarcelona.org\/uploads\/media\/default\/0022\/78\/6927989a8e87dc649e8525734b25d5100fa79599.pdf' class='big-button bigblue' target=\"_blank\">Mas informaci\u00f3n<\/a><\/p>\n<p>ORGANIZA: <a href=\"https:\/\/www.clinicbarcelona.org\/ca\/asistencia\/clinic-obert?utm_source=newsletter&amp;utm_medium=banner&amp;utm_campaign=clinicobert\">Campus Cl\u00ednic<\/a><\/p>\n","protected":false},"excerpt":{"rendered":"<p>El pr\u00f3ximo s\u00e1bado 9 de mayo de 2026 se celebra la segunda edici\u00f3n del Cl\u00ednic Obert. Un d\u00eda en el que se abren las puertas del Campus para conectar con la ciudadan\u00eda, mostrando lo que hacen en el Cl\u00ednic, promoviendo h\u00e1bitos saludables y haciendo prevenci\u00f3n de la salud, en una jornada que queremos que sea festiva y participativa.<\/p>\n","protected":false},"author":2,"featured_media":53623,"template":"","meta":{"_et_pb_use_builder":"off","_et_pb_old_content":"","_et_gb_content_width":"","_tribe_events_status":"","_tribe_events_status_reason":"","footnotes":""},"tags":[],"tribe_events_cat":[69],"class_list":["post-53622","tribe_events","type-tribe_events","status-publish","has-post-thumbnail","hentry","tribe_events_cat-barcelona-es","cat_barcelona-es"],"yoast_head":"<!-- This site is optimized with the Yoast SEO plugin v27.4 - https:\/\/yoast.com\/product\/yoast-seo-wordpress\/ -->\n<title>Barcelona: Cl\u00ednic Obert \u00a1Vive la salud en la calle! - ADC \u2013 Associaci\u00f3 de Diabetis de Catalunya<\/title>\n<meta name=\"description\" content=\"El pr\u00f3ximo s\u00e1bado 9 de mayo de 2026 se celebra la segunda edici\u00f3n del Cl\u00ednic Obert. Un d\u00eda en el que se abren las puertas del Campus para conectar con la ciudadan\u00eda, mostrando lo que hacen en el Cl\u00ednic, promoviendo h\u00e1bitos saludables y haciendo prevenci\u00f3n de la salud, en una jornada que queremos que sea festiva y participativa.\" \/>\n<meta name=\"robots\" content=\"index, follow, max-snippet:-1, max-image-preview:large, max-video-preview:-1\" \/>\n<link rel=\"canonical\" href=\"https:\/\/adc.cat\/es\/activitat\/barcelona-clinic-obert-vive-la-salud-en-la-calle\/\" \/>\n<meta property=\"og:locale\" content=\"es_ES\" \/>\n<meta property=\"og:type\" content=\"article\" \/>\n<meta property=\"og:title\" content=\"Barcelona: Cl\u00ednic Obert \u00a1Vive la salud en la calle! - ADC \u2013 Associaci\u00f3 de Diabetis de Catalunya\" \/>\n<meta property=\"og:description\" content=\"El pr\u00f3ximo s\u00e1bado 9 de mayo de 2026 se celebra la segunda edici\u00f3n del Cl\u00ednic Obert. Un d\u00eda en el que se abren las puertas del Campus para conectar con la ciudadan\u00eda, mostrando lo que hacen en el Cl\u00ednic, promoviendo h\u00e1bitos saludables y haciendo prevenci\u00f3n de la salud, en una jornada que queremos que sea festiva y participativa.\" \/>\n<meta property=\"og:url\" content=\"https:\/\/adc.cat\/es\/activitat\/barcelona-clinic-obert-vive-la-salud-en-la-calle\/\" \/>\n<meta property=\"og:site_name\" content=\"ADC \u2013 Associaci\u00f3 de Diabetis de Catalunya\" \/>\n<meta property=\"article:publisher\" content=\"https:\/\/www.facebook.com\/ADC.CAT\/\" \/>\n<meta property=\"og:image\" content=\"https:\/\/adc.cat\/wp-content\/uploads\/2026\/04\/Captura-de-pantalla-2026-04-30-174735.png\" \/>\n\t<meta property=\"og:image:width\" content=\"563\" \/>\n\t<meta property=\"og:image:height\" content=\"353\" \/>\n\t<meta property=\"og:image:type\" content=\"image\/png\" \/>\n<meta name=\"twitter:card\" content=\"summary_large_image\" \/>\n<meta name=\"twitter:site\" content=\"@ADC_CAT\" \/>\n<meta name=\"twitter:label1\" content=\"Tiempo de lectura\" \/>\n\t<meta name=\"twitter:data1\" content=\"1 minuto\" \/>\n<script type=\"application\/ld+json\" class=\"yoast-schema-graph\">{\"@context\":\"https:\\\/\\\/schema.org\",\"@graph\":[{\"@type\":\"WebPage\",\"@id\":\"https:\\\/\\\/adc.cat\\\/es\\\/activitat\\\/barcelona-clinic-obert-vive-la-salud-en-la-calle\\\/\",\"url\":\"https:\\\/\\\/adc.cat\\\/es\\\/activitat\\\/barcelona-clinic-obert-vive-la-salud-en-la-calle\\\/\",\"name\":\"Barcelona: Cl\u00ednic Obert \u00a1Vive la salud en la calle! - ADC \u2013 Associaci\u00f3 de Diabetis de Catalunya\",\"isPartOf\":{\"@id\":\"https:\\\/\\\/adc.cat\\\/es\\\/#website\"},\"primaryImageOfPage\":{\"@id\":\"https:\\\/\\\/adc.cat\\\/es\\\/activitat\\\/barcelona-clinic-obert-vive-la-salud-en-la-calle\\\/#primaryimage\"},\"image\":{\"@id\":\"https:\\\/\\\/adc.cat\\\/es\\\/activitat\\\/barcelona-clinic-obert-vive-la-salud-en-la-calle\\\/#primaryimage\"},\"thumbnailUrl\":\"https:\\\/\\\/adc.cat\\\/wp-content\\\/uploads\\\/2026\\\/04\\\/Captura-de-pantalla-2026-04-30-174735.png\",\"datePublished\":\"2026-04-30T15:48:03+00:00\",\"description\":\"El pr\u00f3ximo s\u00e1bado 9 de mayo de 2026 se celebra la segunda edici\u00f3n del Cl\u00ednic Obert. Un d\u00eda en el que se abren las puertas del Campus para conectar con la ciudadan\u00eda, mostrando lo que hacen en el Cl\u00ednic, promoviendo h\u00e1bitos saludables y haciendo prevenci\u00f3n de la salud, en una jornada que queremos que sea festiva y participativa.\",\"breadcrumb\":{\"@id\":\"https:\\\/\\\/adc.cat\\\/es\\\/activitat\\\/barcelona-clinic-obert-vive-la-salud-en-la-calle\\\/#breadcrumb\"},\"inLanguage\":\"es\",\"potentialAction\":[{\"@type\":\"ReadAction\",\"target\":[\"https:\\\/\\\/adc.cat\\\/es\\\/activitat\\\/barcelona-clinic-obert-vive-la-salud-en-la-calle\\\/\"]}]},{\"@type\":\"ImageObject\",\"inLanguage\":\"es\",\"@id\":\"https:\\\/\\\/adc.cat\\\/es\\\/activitat\\\/barcelona-clinic-obert-vive-la-salud-en-la-calle\\\/#primaryimage\",\"url\":\"https:\\\/\\\/adc.cat\\\/wp-content\\\/uploads\\\/2026\\\/04\\\/Captura-de-pantalla-2026-04-30-174735.png\",\"contentUrl\":\"https:\\\/\\\/adc.cat\\\/wp-content\\\/uploads\\\/2026\\\/04\\\/Captura-de-pantalla-2026-04-30-174735.png\",\"width\":563,\"height\":353},{\"@type\":\"BreadcrumbList\",\"@id\":\"https:\\\/\\\/adc.cat\\\/es\\\/activitat\\\/barcelona-clinic-obert-vive-la-salud-en-la-calle\\\/#breadcrumb\",\"itemListElement\":[{\"@type\":\"ListItem\",\"position\":1,\"name\":\"Portada\",\"item\":\"https:\\\/\\\/adc.cat\\\/es\\\/\"},{\"@type\":\"ListItem\",\"position\":2,\"name\":\"Eventos\",\"item\":\"https:\\\/\\\/adc.cat\\\/es\\\/activitats\\\/\"},{\"@type\":\"ListItem\",\"position\":3,\"name\":\"Barcelona: Cl\u00ednic Obert \u00a1Vive la salud en la calle!\"}]},{\"@type\":\"WebSite\",\"@id\":\"https:\\\/\\\/adc.cat\\\/es\\\/#website\",\"url\":\"https:\\\/\\\/adc.cat\\\/es\\\/\",\"name\":\"ADC \u2013 Associaci\u00f3 de Diabetis de Catalunya\",\"description\":\"L&#039;ADC representa els pacients amb diabetis de Catalunya. Els nostres objectius: informar, aconsellar, ajudar i defensar les persones amb diabetis i promoure la sensibilitzaci\u00f3 de la resta de la societat\",\"publisher\":{\"@id\":\"https:\\\/\\\/adc.cat\\\/es\\\/#organization\"},\"potentialAction\":[{\"@type\":\"SearchAction\",\"target\":{\"@type\":\"EntryPoint\",\"urlTemplate\":\"https:\\\/\\\/adc.cat\\\/es\\\/?s={search_term_string}\"},\"query-input\":{\"@type\":\"PropertyValueSpecification\",\"valueRequired\":true,\"valueName\":\"search_term_string\"}}],\"inLanguage\":\"es\"},{\"@type\":\"Organization\",\"@id\":\"https:\\\/\\\/adc.cat\\\/es\\\/#organization\",\"name\":\"Associaci\u00f3 de Diabetis de Catalunya\",\"url\":\"https:\\\/\\\/adc.cat\\\/es\\\/\",\"logo\":{\"@type\":\"ImageObject\",\"inLanguage\":\"es\",\"@id\":\"https:\\\/\\\/adc.cat\\\/es\\\/#\\\/schema\\\/logo\\\/image\\\/\",\"url\":\"https:\\\/\\\/adc.cat\\\/wp-content\\\/uploads\\\/2022\\\/01\\\/associacio_de_diabetis_catalunya.png\",\"contentUrl\":\"https:\\\/\\\/adc.cat\\\/wp-content\\\/uploads\\\/2022\\\/01\\\/associacio_de_diabetis_catalunya.png\",\"width\":512,\"height\":239,\"caption\":\"Associaci\u00f3 de Diabetis de Catalunya\"},\"image\":{\"@id\":\"https:\\\/\\\/adc.cat\\\/es\\\/#\\\/schema\\\/logo\\\/image\\\/\"},\"sameAs\":[\"https:\\\/\\\/www.facebook.com\\\/ADC.CAT\\\/\",\"https:\\\/\\\/x.com\\\/ADC_CAT\",\"https:\\\/\\\/www.instagram.com\\\/adc_cat\\\/\",\"https:\\\/\\\/www.linkedin.com\\\/company\\\/associacio-de-diabetis-de-catalunya\",\"https:\\\/\\\/www.youtube.com\\\/channel\\\/UC7BiJMxG_5sHYUhMAlevAWA\"]}]}<\/script>\n<!-- \/ Yoast SEO plugin. -->","yoast_head_json":{"title":"Barcelona: Cl\u00ednic Obert \u00a1Vive la salud en la calle! - ADC \u2013 Associaci\u00f3 de Diabetis de Catalunya","description":"El pr\u00f3ximo s\u00e1bado 9 de mayo de 2026 se celebra la segunda edici\u00f3n del Cl\u00ednic Obert. Un d\u00eda en el que se abren las puertas del Campus para conectar con la ciudadan\u00eda, mostrando lo que hacen en el Cl\u00ednic, promoviendo h\u00e1bitos saludables y haciendo prevenci\u00f3n de la salud, en una jornada que queremos que sea festiva y participativa.","robots":{"index":"index","follow":"follow","max-snippet":"max-snippet:-1","max-image-preview":"max-image-preview:large","max-video-preview":"max-video-preview:-1"},"canonical":"https:\/\/adc.cat\/es\/activitat\/barcelona-clinic-obert-vive-la-salud-en-la-calle\/","og_locale":"es_ES","og_type":"article","og_title":"Barcelona: Cl\u00ednic Obert \u00a1Vive la salud en la calle! - ADC \u2013 Associaci\u00f3 de Diabetis de Catalunya","og_description":"El pr\u00f3ximo s\u00e1bado 9 de mayo de 2026 se celebra la segunda edici\u00f3n del Cl\u00ednic Obert. Un d\u00eda en el que se abren las puertas del Campus para conectar con la ciudadan\u00eda, mostrando lo que hacen en el Cl\u00ednic, promoviendo h\u00e1bitos saludables y haciendo prevenci\u00f3n de la salud, en una jornada que queremos que sea festiva y participativa.","og_url":"https:\/\/adc.cat\/es\/activitat\/barcelona-clinic-obert-vive-la-salud-en-la-calle\/","og_site_name":"ADC \u2013 Associaci\u00f3 de Diabetis de Catalunya","article_publisher":"https:\/\/www.facebook.com\/ADC.CAT\/","og_image":[{"width":563,"height":353,"url":"https:\/\/adc.cat\/wp-content\/uploads\/2026\/04\/Captura-de-pantalla-2026-04-30-174735.png","type":"image\/png"}],"twitter_card":"summary_large_image","twitter_site":"@ADC_CAT","twitter_misc":{"Tiempo de lectura":"1 minuto"},"schema":{"@context":"https:\/\/schema.org","@graph":[{"@type":"WebPage","@id":"https:\/\/adc.cat\/es\/activitat\/barcelona-clinic-obert-vive-la-salud-en-la-calle\/","url":"https:\/\/adc.cat\/es\/activitat\/barcelona-clinic-obert-vive-la-salud-en-la-calle\/","name":"Barcelona: Cl\u00ednic Obert \u00a1Vive la salud en la calle! - ADC \u2013 Associaci\u00f3 de Diabetis de Catalunya","isPartOf":{"@id":"https:\/\/adc.cat\/es\/#website"},"primaryImageOfPage":{"@id":"https:\/\/adc.cat\/es\/activitat\/barcelona-clinic-obert-vive-la-salud-en-la-calle\/#primaryimage"},"image":{"@id":"https:\/\/adc.cat\/es\/activitat\/barcelona-clinic-obert-vive-la-salud-en-la-calle\/#primaryimage"},"thumbnailUrl":"https:\/\/adc.cat\/wp-content\/uploads\/2026\/04\/Captura-de-pantalla-2026-04-30-174735.png","datePublished":"2026-04-30T15:48:03+00:00","description":"El pr\u00f3ximo s\u00e1bado 9 de mayo de 2026 se celebra la segunda edici\u00f3n del Cl\u00ednic Obert. Un d\u00eda en el que se abren las puertas del Campus para conectar con la ciudadan\u00eda, mostrando lo que hacen en el Cl\u00ednic, promoviendo h\u00e1bitos saludables y haciendo prevenci\u00f3n de la salud, en una jornada que queremos que sea festiva y participativa.","breadcrumb":{"@id":"https:\/\/adc.cat\/es\/activitat\/barcelona-clinic-obert-vive-la-salud-en-la-calle\/#breadcrumb"},"inLanguage":"es","potentialAction":[{"@type":"ReadAction","target":["https:\/\/adc.cat\/es\/activitat\/barcelona-clinic-obert-vive-la-salud-en-la-calle\/"]}]},{"@type":"ImageObject","inLanguage":"es","@id":"https:\/\/adc.cat\/es\/activitat\/barcelona-clinic-obert-vive-la-salud-en-la-calle\/#primaryimage","url":"https:\/\/adc.cat\/wp-content\/uploads\/2026\/04\/Captura-de-pantalla-2026-04-30-174735.png","contentUrl":"https:\/\/adc.cat\/wp-content\/uploads\/2026\/04\/Captura-de-pantalla-2026-04-30-174735.png","width":563,"height":353},{"@type":"BreadcrumbList","@id":"https:\/\/adc.cat\/es\/activitat\/barcelona-clinic-obert-vive-la-salud-en-la-calle\/#breadcrumb","itemListElement":[{"@type":"ListItem","position":1,"name":"Portada","item":"https:\/\/adc.cat\/es\/"},{"@type":"ListItem","position":2,"name":"Eventos","item":"https:\/\/adc.cat\/es\/activitats\/"},{"@type":"ListItem","position":3,"name":"Barcelona: Cl\u00ednic Obert \u00a1Vive la salud en la calle!"}]},{"@type":"WebSite","@id":"https:\/\/adc.cat\/es\/#website","url":"https:\/\/adc.cat\/es\/","name":"ADC \u2013 Associaci\u00f3 de Diabetis de Catalunya","description":"L&#039;ADC representa els pacients amb diabetis de Catalunya. Els nostres objectius: informar, aconsellar, ajudar i defensar les persones amb diabetis i promoure la sensibilitzaci\u00f3 de la resta de la societat","publisher":{"@id":"https:\/\/adc.cat\/es\/#organization"},"potentialAction":[{"@type":"SearchAction","target":{"@type":"EntryPoint","urlTemplate":"https:\/\/adc.cat\/es\/?s={search_term_string}"},"query-input":{"@type":"PropertyValueSpecification","valueRequired":true,"valueName":"search_term_string"}}],"inLanguage":"es"},{"@type":"Organization","@id":"https:\/\/adc.cat\/es\/#organization","name":"Associaci\u00f3 de Diabetis de Catalunya","url":"https:\/\/adc.cat\/es\/","logo":{"@type":"ImageObject","inLanguage":"es","@id":"https:\/\/adc.cat\/es\/#\/schema\/logo\/image\/","url":"https:\/\/adc.cat\/wp-content\/uploads\/2022\/01\/associacio_de_diabetis_catalunya.png","contentUrl":"https:\/\/adc.cat\/wp-content\/uploads\/2022\/01\/associacio_de_diabetis_catalunya.png","width":512,"height":239,"caption":"Associaci\u00f3 de Diabetis de Catalunya"},"image":{"@id":"https:\/\/adc.cat\/es\/#\/schema\/logo\/image\/"},"sameAs":["https:\/\/www.facebook.com\/ADC.CAT\/","https:\/\/x.com\/ADC_CAT","https:\/\/www.instagram.com\/adc_cat\/","https:\/\/www.linkedin.com\/company\/associacio-de-diabetis-de-catalunya","https:\/\/www.youtube.com\/channel\/UC7BiJMxG_5sHYUhMAlevAWA"]}]}},"_links":{"self":[{"href":"https:\/\/adc.cat\/es\/wp-json\/wp\/v2\/tribe_events\/53622","targetHints":{"allow":["GET"]}}],"collection":[{"href":"https:\/\/adc.cat\/es\/wp-json\/wp\/v2\/tribe_events"}],"about":[{"href":"https:\/\/adc.cat\/es\/wp-json\/wp\/v2\/types\/tribe_events"}],"author":[{"embeddable":true,"href":"https:\/\/adc.cat\/es\/wp-json\/wp\/v2\/users\/2"}],"version-history":[{"count":0,"href":"https:\/\/adc.cat\/es\/wp-json\/wp\/v2\/tribe_events\/53622\/revisions"}],"wp:featuredmedia":[{"embeddable":true,"href":"https:\/\/adc.cat\/es\/wp-json\/wp\/v2\/media\/53623"}],"wp:attachment":[{"href":"https:\/\/adc.cat\/es\/wp-json\/wp\/v2\/media?parent=53622"}],"wp:term":[{"taxonomy":"post_tag","embeddable":true,"href":"https:\/\/adc.cat\/es\/wp-json\/wp\/v2\/tags?post=53622"},{"taxonomy":"tribe_events_cat","embeddable":true,"href":"https:\/\/adc.cat\/es\/wp-json\/wp\/v2\/tribe_events_cat?post=53622"}],"curies":[{"name":"wp","href":"https:\/\/api.w.org\/{rel}","templated":true}]}}